{"id":3454,"date":"2023-11-15T08:39:14","date_gmt":"2023-11-15T07:39:14","guid":{"rendered":"https:\/\/www.praxisklinik-goethe10.de\/?page_id=3454"},"modified":"2025-07-01T09:11:20","modified_gmt":"2025-07-01T07:11:20","slug":"%d9%81%d8%ad%d8%b5-%d8%a7%d9%86%d9%82%d8%b7%d8%a7%d8%b9-%d8%a7%d9%84%d9%86%d9%81%d8%b3-%d8%a3%d8%ab%d9%86%d8%a7%d8%a1-%d8%a7%d9%84%d9%86%d9%88%d9%85-%d9%81%d9%8a-%d9%81%d8%b1%d8%a7%d9%86%d9%83%d9%81","status":"publish","type":"page","link":"https:\/\/www.praxisklinik-goethe10.de\/ar\/%d9%81%d8%ad%d8%b5-%d8%a7%d9%86%d9%82%d8%b7%d8%a7%d8%b9-%d8%a7%d9%84%d9%86%d9%81%d8%b3-%d8%a3%d8%ab%d9%86%d8%a7%d8%a1-%d8%a7%d9%84%d9%86%d9%88%d9%85-%d9%81%d9%8a-%d9%81%d8%b1%d8%a7%d9%86%d9%83%d9%81\/","title":{"rendered":"\u0641\u062d\u0635 \u062a\u0648\u0642\u0641 \u0627\u0644\u062a\u0646\u0641\u0633 \u0623\u062b\u0646\u0627\u0621 \u0627\u0644\u0646\u0648\u0645"},"content":{"rendered":"<div      class=\"vc_row wpb_row section vc_row-fluid \" style=' text-align:left;'><div class=\" full_section_inner clearfix\"><div class=\"wpb_column vc_column_container vc_col-sm-12\"><div class=\"vc_column-inner\"><div class=\"wpb_wrapper\">\r\n\t<div class=\"wpb_single_image wpb_content_element vc_align_left\">\r\n\t\t<div class=\"wpb_wrapper\">\r\n\t\t\t\r\n\t\t\t<div class=\"vc_single_image-wrapper   vc_box_border_grey\"><img loading=\"lazy\" decoding=\"async\" class=\"vc_single_image-img \" src=\"https:\/\/www.praxisklinik-goethe10.de\/wp-content\/uploads\/2018\/04\/dr-fischer-frankfurt-hno-dr-fischer-1920x430.jpg\" width=\"1920\" height=\"430\" alt=\"HNO Arzt Frankfurt\" title=\"\" \/><\/div>\r\n\t\t<\/div>\r\n\t<\/div>\r\n<\/div><\/div><\/div><\/div><\/div><div      class=\"vc_row wpb_row section vc_row-fluid  vc_custom_1524653687403 grid_section\" style=' text-align:left;'><div class=\" section_inner clearfix\"><div class='section_inner_margin clearfix'><div class=\"wpb_column vc_column_container vc_col-sm-12 vc_col-lg-offset-0 vc_col-lg-12 vc_col-md-offset-0 vc_col-sm-offset-0\"><div class=\"vc_column-inner vc_custom_1524655072852\"><div class=\"wpb_wrapper\">\n\t<div class=\"wpb_text_column wpb_content_element \">\n\t\t<div class=\"wpb_wrapper\">\n\t\t\t<h1 style=\"text-align: center;\">Schlafapnoe Screening Frankfurt<\/h1>\n\n\t\t<\/div> \n\t<\/div> \t<div class=\"vc_empty_space\"  style=\"height: 20px\" ><span\r\n\t\t\tclass=\"vc_empty_space_inner\">\r\n\t\t\t<span class=\"empty_space_image\"  ><\/span>\r\n\t\t<\/span><\/div>\r\n\n\n\t<div class=\"wpb_text_column wpb_content_element \">\n\t\t<div class=\"wpb_wrapper\">\n\t\t\t<h6 style=\"text-align: center;\">Untersuchung von Schnarchen und Atemaussetzern mit dem Ger\u00e4t WachtPAT<\/h6>\n\n\t\t<\/div> \n\t<\/div> <div      class=\"vc_row wpb_row section vc_row-fluid vc_inner  vc_custom_1522053955096 grid_section\" style=' text-align:left;'><div class=\" section_inner clearfix\"><div class='section_inner_margin clearfix'><div class=\"wpb_column vc_column_container vc_col-sm-6\"><div class=\"vc_column-inner\"><div class=\"wpb_wrapper\">\n\t<div class=\"wpb_text_column wpb_content_element \">\n\t\t<div class=\"wpb_wrapper\">\n\t\t\t<h3>Schlafmedizin in Frankfurt<\/h3>\n<p>Ein erholsamer Schlaf ist nicht nur eine Pause von den Anforderungen Ihres Alltags, sondern auch eine Grundvoraussetzung f\u00fcr Ihr k\u00f6rperliches und geistiges Wohlbefinden. Diese erholsamen Eigenschaften des Schlafes bleiben vielen Patienten leider vorenthalten. H\u00e4ufige Ursache f\u00fcr eine verminderte Schlafqualit\u00e4t ist Schnarchen (Rhonchopathie) oder Atemaussetzer im Schlaf (Schlafapnoe).<\/p>\n<p>Bei einer Schlafapnoe kommt es w\u00e4hrend des Schlafens zu wiederholten Atemaussetzern. Hierbei sinkt der Blutsauerstoffgehalt kurzzeitig ab. Es folgt eine Aufwachphase (Arrousal), welche mit einer Steigerung der Herzfrequenz und des Blutdrucks einhergeht. Schlafapnoe vermindert die Schlafqualit\u00e4t erheblich und f\u00fchrt zum einen zu Tagesm\u00fcdigkeit, Konzentrationsschwierigkeiten, Gereiztheit und zum anderen beg\u00fcnstigt sie das Auftreten anderer Erkrankungen wie Bluthochdruck, Herzinsuffizienz und \u00dcbergewicht. Es gibt zwei Hauptarten von Schlafapnoe:<\/p>\n<h5>Obstruktive Schlafapnoe (OSA)<\/h5>\n<p>Hierbei handelt es sich um die h\u00e4ufigste Form der Schlafapnoe. Bei OSA blockieren erschlaffte Muskeln im Rachen w\u00e4hrend des Schlafens die Atemwege, was Atemaussetzer f\u00f6rdert. Ihr K\u00f6rper l\u00e4sst Sie kurz aufwachen, um die Atemwege wieder zu \u00f6ffnen. Das st\u00f6rt den Schlafzyklus.<\/p>\n<h5>Zentrale Schlafapnoe<\/h5>\n<p>Diese Form tritt auf, wenn das Gehirn die Signale zur Atemmuskulatur nicht richtig sendet. Die Atempausen sind hier nicht auf eine Blockade der Atemwege zur\u00fcckzuf\u00fchren. Zentrale Schlafapnoe ist weniger h\u00e4ufig als OSA.<\/p>\n\n\t\t<\/div> \n\t<\/div> \t<div class=\"vc_empty_space\"  style=\"height: 40px\" ><span\r\n\t\t\tclass=\"vc_empty_space_inner\">\r\n\t\t\t<span class=\"empty_space_image\"  ><\/span>\r\n\t\t<\/span><\/div>\r\n\n<\/div><\/div><\/div><div class=\"wpb_column vc_column_container vc_col-sm-6\"><div class=\"vc_column-inner\"><div class=\"wpb_wrapper\">\r\n\t<div class=\"wpb_single_image wpb_content_element vc_align_center\">\r\n\t\t<div class=\"wpb_wrapper\">\r\n\t\t\t\r\n\t\t\t<a class=\"qode-prettyphoto qode-single-image-pretty-photo\" data-rel=\"prettyPhoto[rel-3454-725087334]\" href=\"https:\/\/www.praxisklinik-goethe10.de\/wp-content\/uploads\/2025\/07\/0148_Schlafapnoe-Schnarchen_01.jpg\" target=\"_self\"><div class=\"vc_single_image-wrapper   vc_box_border_grey\"><img loading=\"lazy\" decoding=\"async\" width=\"1000\" height=\"750\" src=\"https:\/\/www.praxisklinik-goethe10.de\/wp-content\/uploads\/2025\/07\/0148_Schlafapnoe-Schnarchen_01.jpg\" class=\"vc_single_image-img attachment-full\" alt=\"Schlafapnoe Frankfurt\" srcset=\"https:\/\/www.praxisklinik-goethe10.de\/wp-content\/uploads\/2025\/07\/0148_Schlafapnoe-Schnarchen_01.jpg 1000w, https:\/\/www.praxisklinik-goethe10.de\/wp-content\/uploads\/2025\/07\/0148_Schlafapnoe-Schnarchen_01-300x225.jpg 300w, https:\/\/www.praxisklinik-goethe10.de\/wp-content\/uploads\/2025\/07\/0148_Schlafapnoe-Schnarchen_01-768x576.jpg 768w, https:\/\/www.praxisklinik-goethe10.de\/wp-content\/uploads\/2025\/07\/0148_Schlafapnoe-Schnarchen_01-16x12.jpg 16w, https:\/\/www.praxisklinik-goethe10.de\/wp-content\/uploads\/2025\/07\/0148_Schlafapnoe-Schnarchen_01-800x600.jpg 800w, https:\/\/www.praxisklinik-goethe10.de\/wp-content\/uploads\/2025\/07\/0148_Schlafapnoe-Schnarchen_01-700x525.jpg 700w\" sizes=\"auto, (max-width: 1000px) 100vw, 1000px\" \/><\/div><\/a>\r\n\t\t<\/div>\r\n\t<\/div>\r\n\t<div class=\"vc_empty_space\"  style=\"height: 20px\" ><span\r\n\t\t\tclass=\"vc_empty_space_inner\">\r\n\t\t\t<span class=\"empty_space_image\"  ><\/span>\r\n\t\t<\/span><\/div>\r\n\n\n\t<div class=\"wpb_text_column wpb_content_element \">\n\t\t<div class=\"wpb_wrapper\">\n\t\t\t<h5>Symptome der Schlafapnoe<\/h5>\n<p>Typische Anzeichen daf\u00fcr, dass Sie an Schlafapnoe leiden k\u00f6nnten, sind:<\/p>\n<ul>\n<li>Lautstarkes Schnarchen<\/li>\n<li>Wiederholte Atemaussetzer, die von abruptem Erwachen begleitet sein k\u00f6nnen<\/li>\n<li>Tagesm\u00fcdigkeit<\/li>\n<li>Kopfschmerzen am Morgen<\/li>\n<li>Trockener Mund und\/oder Halsschmerzen am Morgen<\/li>\n<li>Konzentrationsschwierigkeiten<\/li>\n<li>Gereiztheit<\/li>\n<li>Verminderter sexueller Antrieb<\/li>\n<li>Bei M\u00e4nnern: Erektionsst\u00f6rungen<\/li>\n<\/ul>\n\n\t\t<\/div> \n\t<\/div> \t<div class=\"vc_empty_space\"  style=\"height: 40px\" ><span\r\n\t\t\tclass=\"vc_empty_space_inner\">\r\n\t\t\t<span class=\"empty_space_image\"  ><\/span>\r\n\t\t<\/span><\/div>\r\n\n<\/div><\/div><\/div><div class=\"wpb_column vc_column_container vc_col-sm-12\"><div class=\"vc_column-inner\"><div class=\"wpb_wrapper\"><div class=\"separator  normal   \" style=\"\"><\/div>\n<\/div><\/div><\/div><\/div><\/div><\/div><div      class=\"vc_row wpb_row section vc_row-fluid vc_inner \" style=' text-align:left;'><div class=\" full_section_inner clearfix\"><div class=\"wpb_column vc_column_container vc_col-sm-6\"><div class=\"vc_column-inner\"><div class=\"wpb_wrapper\">\r\n\t<div class=\"wpb_single_image wpb_content_element vc_align_center\">\r\n\t\t<div class=\"wpb_wrapper\">\r\n\t\t\t\r\n\t\t\t<div class=\"vc_single_image-wrapper   vc_box_border_grey\"><img loading=\"lazy\" decoding=\"async\" width=\"1000\" height=\"750\" src=\"https:\/\/www.praxisklinik-goethe10.de\/wp-content\/uploads\/2025\/07\/0148_Schlafapnoe-Folgen_01.jpg\" class=\"vc_single_image-img attachment-full\" alt=\"Schlafapnoe Screening Frankfurt\" srcset=\"https:\/\/www.praxisklinik-goethe10.de\/wp-content\/uploads\/2025\/07\/0148_Schlafapnoe-Folgen_01.jpg 1000w, https:\/\/www.praxisklinik-goethe10.de\/wp-content\/uploads\/2025\/07\/0148_Schlafapnoe-Folgen_01-300x225.jpg 300w, https:\/\/www.praxisklinik-goethe10.de\/wp-content\/uploads\/2025\/07\/0148_Schlafapnoe-Folgen_01-768x576.jpg 768w, https:\/\/www.praxisklinik-goethe10.de\/wp-content\/uploads\/2025\/07\/0148_Schlafapnoe-Folgen_01-16x12.jpg 16w, https:\/\/www.praxisklinik-goethe10.de\/wp-content\/uploads\/2025\/07\/0148_Schlafapnoe-Folgen_01-800x600.jpg 800w, https:\/\/www.praxisklinik-goethe10.de\/wp-content\/uploads\/2025\/07\/0148_Schlafapnoe-Folgen_01-700x525.jpg 700w\" sizes=\"auto, (max-width: 1000px) 100vw, 1000px\" \/><\/div>\r\n\t\t<\/div>\r\n\t<\/div>\r\n\t<div class=\"vc_empty_space\"  style=\"height: 20px\" ><span\r\n\t\t\tclass=\"vc_empty_space_inner\">\r\n\t\t\t<span class=\"empty_space_image\"  ><\/span>\r\n\t\t<\/span><\/div>\r\n\n\n\t<div class=\"wpb_text_column wpb_content_element \">\n\t\t<div class=\"wpb_wrapper\">\n\t\t\t<h3>Folgen von Schlafapnoe<\/h3>\n<p>Atemaussetzer im Schlaf k\u00f6nnen nicht nur die oben genannten Symptome zur Folge haben, sondern mit bisweilen sogar gravierenden gesundheitlichen Problemen einhergehen \u2013 wenn die Schlafapnoe nicht behandelt wird. H\u00e4ufige Folgen der Schlafapnoe sind:<\/p>\n<h5>Tagesm\u00fcdigkeit und kognitive Beeintr\u00e4chtigungen<\/h5>\n<p>Betroffene leiden oft unter schwerer Tagesm\u00fcdigkeit aufgrund der wiederholten n\u00e4chtlichen Atemaussetzer. Diese M\u00fcdigkeit kann die Ged\u00e4chtnisleistung, Konzentrationsf\u00e4higkeit und die Leistungsf\u00e4higkeit im Alltag erheblich beeintr\u00e4chtigen.<\/p>\n<h5>Herz-Kreislauf-Erkrankungen<\/h5>\n<p>Die Atempausen und die daraus resultierende Sauerstoffunterversorgung k\u00f6nnen das Herz-Kreislaufsystem belasten. Daher ist Schlafapnoe mit einem erh\u00f6hten Risiko f\u00fcr Bluthochdruck, Herzinfarkt, Herzrhythmusst\u00f6rungen und Schlaganf\u00e4lle verbunden.<\/p>\n<h5>Diabetes<\/h5>\n<p>Menschen mit unbehandelter Schlafapnoe haben ein h\u00f6heres Risiko, an Typ-2-Diabetes zu erkranken oder bestehenden Diabetes schwerer zu kontrollieren.<\/p>\n<h5>Verschlechterte Lebensqualit\u00e4t<\/h5>\n<p>Schlafapnoe kann die Lebensqualit\u00e4t erheblich beeintr\u00e4chtigen. Die Symptome k\u00f6nnen auch emotionale Probleme wie eine verminderte Lebensfreude bis hin zu Depressionen hervorrufen.<\/p>\n\n\t\t<\/div> \n\t<\/div> \t<div class=\"vc_empty_space\"  style=\"height: 40px\" ><span\r\n\t\t\tclass=\"vc_empty_space_inner\">\r\n\t\t\t<span class=\"empty_space_image\"  ><\/span>\r\n\t\t<\/span><\/div>\r\n\n<\/div><\/div><\/div><div class=\"wpb_column vc_column_container vc_col-sm-6\"><div class=\"vc_column-inner\"><div class=\"wpb_wrapper\">\n\t<div class=\"wpb_text_column wpb_content_element \">\n\t\t<div class=\"wpb_wrapper\">\n\t\t\t<h3>Schlafapnoe Screening Frankfurt mit dem Ger\u00e4t WatchPAT<\/h3>\n<h5>Testen Sie, ob Sie an schlafbezogenen Atemst\u00f6rungen leiden<\/h5>\n<p>Ob Sie an OSA leiden, k\u00f6nnen wir mit dem speziellen Schlafapnoe Screening in unserer <a href=\"https:\/\/www.praxisklinik-goethe10.de\/\">HNO-Praxisklinik in Frankfurt<\/a> herausfinden.<\/p>\n<p>Dazu nutzen wir das modernes Untersuchungssystem WatchPAT, das bereits geringste Ver\u00e4nderungen der Gef\u00e4\u00dfspannung und der Sauerstoffs\u00e4ttigung in Ihrem Blut feststellen kann. Das System besteht aus einem kleinen Sensor, einer Fingersonde und einem Armband.<\/p>\n<p>Das Screening selbst f\u00fchren Sie bei sich zuhause \u2013 also in Ihrem ganz normalen, gewohnten Umfeld \u2013 durch. F\u00fcr die Untersuchung erhalten Sie von uns die oben genannte Ausr\u00fcstung (keine Sorge \u2013 wir geben Ihnen noch eine separate Einf\u00fchrung in das Handling!).<\/p>\n<p>Vor dem Einschlafen bringen Sie den Sensor auf Ihrer Brust an und stecken die Fingersonde auf Ihren Finger. Das Armband legen Sie wie eine Uhr an Ihrem Handgelenk an. Dann versuchen Sie Ihrer normalen Schlafroutine nachzugehen.<\/p>\n<p>W\u00e4hrend Sie schlafen, speichert das WatchPAT alle ben\u00f6tigten Informationen im System. Am Morgen nehmen Sie das Schlafapnoe Screening-Ger\u00e4t ab und bringen es zu uns in die Praxisklinik, wo wir die gesammelten Daten auswerten.<\/p>\n\n\t\t<\/div> \n\t<\/div> \t<div class=\"vc_empty_space\"  style=\"height: 20px\" ><span\r\n\t\t\tclass=\"vc_empty_space_inner\">\r\n\t\t\t<span class=\"empty_space_image\"  ><\/span>\r\n\t\t<\/span><\/div>\r\n\n\r\n\t<div class=\"wpb_single_image wpb_content_element vc_align_center\">\r\n\t\t<div class=\"wpb_wrapper\">\r\n\t\t\t\r\n\t\t\t<div class=\"vc_single_image-wrapper   vc_box_border_grey\"><img loading=\"lazy\" decoding=\"async\" width=\"1024\" height=\"500\" src=\"https:\/\/www.praxisklinik-goethe10.de\/wp-content\/uploads\/2023\/11\/hno-frankfurt-fischer-spektrum-schlafapnoe-screening_02.jpg\" class=\"vc_single_image-img attachment-full\" alt=\"Schlafapnoe Screening Frankfurt\" srcset=\"https:\/\/www.praxisklinik-goethe10.de\/wp-content\/uploads\/2023\/11\/hno-frankfurt-fischer-spektrum-schlafapnoe-screening_02.jpg 1024w, https:\/\/www.praxisklinik-goethe10.de\/wp-content\/uploads\/2023\/11\/hno-frankfurt-fischer-spektrum-schlafapnoe-screening_02-300x146.jpg 300w, https:\/\/www.praxisklinik-goethe10.de\/wp-content\/uploads\/2023\/11\/hno-frankfurt-fischer-spektrum-schlafapnoe-screening_02-768x375.jpg 768w, https:\/\/www.praxisklinik-goethe10.de\/wp-content\/uploads\/2023\/11\/hno-frankfurt-fischer-spektrum-schlafapnoe-screening_02-700x342.jpg 700w\" sizes=\"auto, (max-width: 1024px) 100vw, 1024px\" \/><\/div>\r\n\t\t<\/div>\r\n\t<\/div>\r\n\t<div class=\"vc_empty_space\"  style=\"height: 40px\" ><span\r\n\t\t\tclass=\"vc_empty_space_inner\">\r\n\t\t\t<span class=\"empty_space_image\"  ><\/span>\r\n\t\t<\/span><\/div>\r\n\n<\/div><\/div><\/div><\/div><\/div><div class=\"separator  normal   \" style=\"\"><\/div>\n<div      class=\"vc_row wpb_row section vc_row-fluid vc_inner \" style=' text-align:left;'><div class=\" full_section_inner clearfix\"><div class=\"wpb_column vc_column_container vc_col-sm-6\"><div class=\"vc_column-inner\"><div class=\"wpb_wrapper\">\n\t<div class=\"wpb_text_column wpb_content_element \">\n\t\t<div class=\"wpb_wrapper\">\n\t\t\t<h3>Was l\u00e4sst sich mit dem Schlafapnoe Screening mit dem WatchPAT herausfinden?<\/h3>\n<h5>Aussetzerindex<\/h5>\n<p>Der Aussetzerindex wird auch als Apnoe-Hypopnoe-Index oder AHI bezeichnet. Er gibt an, wie viele Atempausen (Apnoen) und verminderte Atembewegungen (Hypopnoen) pro Stunde w\u00e4hrend Ihres Schlafs auftreten. Das macht ihn zu einer wichtigen Messgr\u00f6\u00dfe bei einem Schlafapnoe Screening.<\/p>\n<p>Bei Apnoen handelt es sich um vollst\u00e4ndige Atempausen, die mindestens 10 Sekunden andauern. W\u00e4hrend einer Apnoe gibt es keine erkennbare Atmung. Eine Hypopnoe hingegen ist eine verminderte Atembewegung, die mit einer signifikanten Sauerstoffs\u00e4ttigungsabnahme oder Erwachen einhergeht.<\/p>\n<p>Der Aussetzerindex (AHI) ergibt sich aus der Summe der Apnoen und Hypopnoen pro Stunde Schlaf. Ein h\u00f6herer AHI-Wert deutet auf eine schwerere Form von Schlafapnoe hin. Die Schweregrade der Schlafapnoe lassen wich wie folgt einteilen:<\/p>\n<ul>\n<li>AHI unter 5: Normaler Schlaf<\/li>\n<li>AHI von 5 bis 15: Leichte Schlafapnoe<\/li>\n<li>AHI von 15 bis 30: Mittelschwere Schlafapnoe<\/li>\n<li>AHI \u00fcber 30: Schwere Schlafapnoe<\/li>\n<\/ul>\n<h5>Schlafstadien einschl. REM-Schlafanteil<\/h5>\n<p>W\u00e4hrend Sie schlafen, durchlaufen Sie verschiedene Schlafstadien, die in zwei Hauptkategorien unterteilt sind: den Non-REM-Schlaf (NREM) und den REM-Schlaf. Diese Schlafstadien werden in der Schlafmedizin oft als Schlafzyklen bezeichnet. Da sie eine wichtige Rolle bei der Diagnose und dem Verst\u00e4ndnis von Schlafapnoe spielen, werden auch die beim Schlafapnoe Screening in unserer Praxisklinik in Frankfurt untersucht. Das zeigen uns Ihre Schlafstadien in Bezug auf Schlafapnoe:<\/p>\n<h5>Non-REM-Schlaf (NREM)<\/h5>\n<ul>\n<li><strong>Stadium 1 (N1)<\/strong><br \/>\nDies ist der \u00dcbergang vom Wachzustand zum Schlaf. In diesem Stadium ist die Muskelaktivit\u00e4t reduziert, und die Atmung verlangsamt sich leicht.<\/li>\n<li><strong>Stadium 2 (N2)<\/strong><br \/>\nIn N2-Schlaf befinden Sie sich in einem leichteren Schlaf. Schlafapnoe kann in diesem Stadium auftreten, aber sie ist normalerweise weniger schwerwiegend als i sp\u00e4teren Stadien.<\/li>\n<li><strong>Stadium 3 (N3) <\/strong><br \/>\nIn diesem Stadium schlafen Sie am tiefsten und Ihr K\u00f6rper und Geist erholen sich. Es ist schwer, aufzuwachen. W\u00e4hrend des Tiefschlafs ist die Atmung normalerweise stabil und Schlafapnoe tritt selten auf.<\/li>\n<\/ul>\n\n\t\t<\/div> \n\t<\/div> <\/div><\/div><\/div><div class=\"wpb_column vc_column_container vc_col-sm-6\"><div class=\"vc_column-inner\"><div class=\"wpb_wrapper\">\n\t<div class=\"wpb_text_column wpb_content_element \">\n\t\t<div class=\"wpb_wrapper\">\n\t\t\t<h5>REM-Schlaf (Rapid Eye Movement)<\/h5>\n<p>Dies ist der Schlaf mit schnellen Augenbewegungen, der oft mit lebhaften Tr\u00e4umen in Verbindung gebracht wird. In diesem Stadium ist die Muskelaktivit\u00e4t stark unterdr\u00fcckt, und die Atmung kann flach oder unregelm\u00e4\u00dfig sein. Schlafapnoe tritt h\u00e4ufiger w\u00e4hrend des REM-Schlafs auf.<\/p>\n<p>Die Anzahl und die L\u00e4ngen dieser Parameter zeichnet das WatchPAT im Rahmen des Schlafapnoe Screenings auf, sodass wir diese Werte f\u00fcr die Auswertung der Untersuchung heranziehen k\u00f6nnen.<\/p>\n\n\t\t<\/div> \n\t<\/div> \t<div class=\"vc_empty_space\"  style=\"height: 40px\" ><span\r\n\t\t\tclass=\"vc_empty_space_inner\">\r\n\t\t\t<span class=\"empty_space_image\"  ><\/span>\r\n\t\t<\/span><\/div>\r\n\n\r\n\t<div class=\"wpb_single_image wpb_content_element vc_align_center\">\r\n\t\t<div class=\"wpb_wrapper\">\r\n\t\t\t\r\n\t\t\t<div class=\"vc_single_image-wrapper   vc_box_border_grey\"><img loading=\"lazy\" decoding=\"async\" width=\"1024\" height=\"1024\" src=\"https:\/\/www.praxisklinik-goethe10.de\/wp-content\/uploads\/2023\/11\/hno-frankfurt-fischer-spektrum-schlafapnoe-screening_01.jpg\" class=\"vc_single_image-img attachment-full\" alt=\"Schlafapnoe Screening Frankfurt\" srcset=\"https:\/\/www.praxisklinik-goethe10.de\/wp-content\/uploads\/2023\/11\/hno-frankfurt-fischer-spektrum-schlafapnoe-screening_01.jpg 1024w, https:\/\/www.praxisklinik-goethe10.de\/wp-content\/uploads\/2023\/11\/hno-frankfurt-fischer-spektrum-schlafapnoe-screening_01-300x300.jpg 300w, https:\/\/www.praxisklinik-goethe10.de\/wp-content\/uploads\/2023\/11\/hno-frankfurt-fischer-spektrum-schlafapnoe-screening_01-150x150.jpg 150w, https:\/\/www.praxisklinik-goethe10.de\/wp-content\/uploads\/2023\/11\/hno-frankfurt-fischer-spektrum-schlafapnoe-screening_01-768x768.jpg 768w, https:\/\/www.praxisklinik-goethe10.de\/wp-content\/uploads\/2023\/11\/hno-frankfurt-fischer-spektrum-schlafapnoe-screening_01-570x570.jpg 570w, https:\/\/www.praxisklinik-goethe10.de\/wp-content\/uploads\/2023\/11\/hno-frankfurt-fischer-spektrum-schlafapnoe-screening_01-500x500.jpg 500w, https:\/\/www.praxisklinik-goethe10.de\/wp-content\/uploads\/2023\/11\/hno-frankfurt-fischer-spektrum-schlafapnoe-screening_01-1000x1000.jpg 1000w, https:\/\/www.praxisklinik-goethe10.de\/wp-content\/uploads\/2023\/11\/hno-frankfurt-fischer-spektrum-schlafapnoe-screening_01-700x700.jpg 700w\" sizes=\"auto, (max-width: 1024px) 100vw, 1024px\" \/><\/div>\r\n\t\t<\/div>\r\n\t<\/div>\r\n\t<div class=\"vc_empty_space\"  style=\"height: 30px\" ><span\r\n\t\t\tclass=\"vc_empty_space_inner\">\r\n\t\t\t<span class=\"empty_space_image\"  ><\/span>\r\n\t\t<\/span><\/div>\r\n\n\n\t<div class=\"wpb_text_column wpb_content_element \">\n\t\t<div class=\"wpb_wrapper\">\n\t\t\t<h3>Schlafapnoe Screening Frankfurt<\/h3>\n<h5>Atemst\u00f6rungen festgestellt \u2013 und nun?<\/h5>\n<p>Wenn wir bei Ihnen Schlafapnoe diagnostiziert haben, ist es wichtig, geeignete Schritte zur Behandlung Ihrer Erkrankung einzuleiten. M\u00f6glich ist z. B. die CPAP-Therapie (Continuous Positive Airway Pressure). Dabei kommt ein Ger\u00e4t zum Einsatz, das einen konstanten Luftdruck bei Ihnen aufrechterh\u00e4lt, um Ihre Atemwege w\u00e4hrend des Schlafs offen zu halten.<\/p>\n<p>Manchmal reicht auch eine spezielle <a href=\"https:\/\/www.ergo.de\/de\/Ratgeber\/zahngesundheit\/zahnkorrektur-erwachsene\/schnarchschiene\" target=\"_blank\" rel=\"noopener\">Schnarchschiene<\/a>\u00a0aus. Auch Sie selbst k\u00f6nnen etwas zur Verbesserung der Schlafapnoe tun: Sollte \u00dcbergewicht bestehen, kann es helfen, abzunehmen.<\/p>\n<p>In einigen F\u00e4llen kann eine Operation in unserer Praxisklinik in Frankfurt sinnvoll sein, um anatomische Probleme zu korrigieren, die zur Schlafapnoe beitragen. Hierzu z\u00e4hlen die Verbesserung der Nasenatmung, die Korrektur eines erschlafften Gaumensegels (sog. Webbing) und die Korrektur eines erschlafften und verl\u00e4ngerten Z\u00e4pfchens.<\/p>\n\n\t\t<\/div> \n\t<\/div> \t<div class=\"vc_empty_space\"  style=\"height: 40px\" ><span\r\n\t\t\tclass=\"vc_empty_space_inner\">\r\n\t\t\t<span class=\"empty_space_image\"  ><\/span>\r\n\t\t<\/span><\/div>\r\n\n<\/div><\/div><\/div><\/div><\/div><\/div><\/div><\/div><\/div><\/div><\/div><div      class=\"vc_row wpb_row section vc_row-fluid  vc_custom_1525333561083 grid_section disable_negative_margin\" style=' text-align:center;'><div class=\" section_inner clearfix\"><div class='section_inner_margin clearfix'><div class=\"wpb_column vc_column_container vc_col-sm-12\"><div class=\"vc_column-inner\"><div class=\"wpb_wrapper\">\t<div class=\"vc_empty_space\"  style=\"height: 40px\" ><span\r\n\t\t\tclass=\"vc_empty_space_inner\">\r\n\t\t\t<span class=\"empty_space_image\"  ><\/span>\r\n\t\t<\/span><\/div>\r\n\n\n\t<div class=\"wpb_text_column wpb_content_element \">\n\t\t<div class=\"wpb_wrapper\">\n\t\t\t<h3 style=\"text-align: center;\"><span style=\"color: #ffffff;\">Haben Sie Fragen zum Schlafapnoe Screening oder m\u00f6chten einen Beratungstermin vereinbaren?<\/span><\/h3>\n\n\t\t<\/div> \n\t<\/div> \t<div class=\"vc_empty_space\"  style=\"height: 20px\" ><span\r\n\t\t\tclass=\"vc_empty_space_inner\">\r\n\t\t\t<span class=\"empty_space_image\"  ><\/span>\r\n\t\t<\/span><\/div>\r\n\n<a  itemprop=\"url\" href=\"https:\/\/www.doctolib.de\/praxis\/frankfurt-am-main\/praxisklinik-goethe10\" target=\"_blank\"  class=\"qbutton  medium default\" style=\"\">Jetzt Termin buchen!<i class=\"qode_icon_font_awesome fa fa-angle-double-right qode_button_icon_element\" style=\"\" ><\/i><\/a>\t<div class=\"vc_empty_space\"  style=\"height: 40px\" ><span\r\n\t\t\tclass=\"vc_empty_space_inner\">\r\n\t\t\t<span class=\"empty_space_image\"  ><\/span>\r\n\t\t<\/span><\/div>\r\n\n<\/div><\/div><\/div><\/div><\/div><\/div><div      class=\"vc_row wpb_row section vc_row-fluid  grid_section\" style=' padding-top:90px; padding-bottom:90px; text-align:left;'><div class=\" section_inner clearfix\"><div class='section_inner_margin clearfix'><div class=\"wpb_column vc_column_container vc_col-sm-12\"><div class=\"vc_column-inner\"><div class=\"wpb_wrapper\"><div class=\"qode-blog-carousel-titled\" data-posts-shown=\"3\">\r\n\t<div class=\"qode-bct-title-holder\" style=\"background-color:#ffffff;color:#1c1919\">\r\n\t\t<a class=\"qode-bct-caroufredsel-prev\" href=\"#\">\r\n\t\t\t<span class=\"qode-bct-caroufredsel-nav-inner\">\r\n\t\t\t\t<span class=\"qode-bct-caroufredsel-nav-icon-holder\">\r\n\t\t\t\t\t<span class=\"arrow_carrot-left\"><\/span>\r\n\t\t\t\t<\/span>\r\n\t\t\t<\/span>\r\n\t\t<\/a>\r\n\t\t\t\t\t\t\t\t<h2>\r\n\t\t\t\t\t\tWeiteres zum Thema\t\t\t\t\t<\/h2>\r\n\t\t\t\t<a class=\"qode-bct-caroufredsel-next\" href=\"#\">\r\n\t\t<span class=\"qode-bct-caroufredsel-nav-inner\">\r\n\t\t\t<span class=\"qode-bct-caroufredsel-nav-icon-holder\">\r\n\t\t\t\t<span class=\"arrow_carrot-right\"><\/span>\r\n\t\t\t<\/span>\r\n\t\t<\/span>\r\n\t<\/a>\r\n\t<\/div>\r\n\t\t\t<div class=\"qode-bct-posts-holder\">\r\n\t\t<div class=\"qode-bct-posts\">\r\n\t\t\t\t\t\t\t\t\t\t\t\t<div class=\"qode-bct-post\">\r\n\t\t\t\t\t\t\t\t\t\t\t\t\t<div class=\"qode-bct-post-image\">\r\n\t\t\t\t\t\t\t\t<a href=\"https:\/\/www.praxisklinik-goethe10.de\/ar\/%d8%aa%d8%b4%d8%ae%d9%8a%d8%b5-%d8%aa%d9%88%d9%82%d9%81-%d8%a7%d9%84%d8%aa%d9%86%d9%81%d8%b3-%d8%a3%d8%ab%d9%86%d8%a7%d8%a1-%d8%a7%d9%84%d9%86%d9%88%d9%85-%d8%a8%d8%af%d9%88%d9%86-%d9%85%d8%ae%d8%aa\/\" itemprop=\"url\">\r\n\t\t\t\t\t\t\t\t\t<img loading=\"lazy\" decoding=\"async\" width=\"1000\" height=\"500\" src=\"https:\/\/www.praxisklinik-goethe10.de\/wp-content\/uploads\/2025\/08\/0148_Blog_Schlafapnoe-Diagnose-ohne-Schlaflabor_01.jpg\" class=\"attachment-full size-full wp-post-image\" alt=\"Schlafapnoe Diagnose ohne Schlaflabor\" srcset=\"https:\/\/www.praxisklinik-goethe10.de\/wp-content\/uploads\/2025\/08\/0148_Blog_Schlafapnoe-Diagnose-ohne-Schlaflabor_01.jpg 1000w, https:\/\/www.praxisklinik-goethe10.de\/wp-content\/uploads\/2025\/08\/0148_Blog_Schlafapnoe-Diagnose-ohne-Schlaflabor_01-300x150.jpg 300w, https:\/\/www.praxisklinik-goethe10.de\/wp-content\/uploads\/2025\/08\/0148_Blog_Schlafapnoe-Diagnose-ohne-Schlaflabor_01-768x384.jpg 768w, https:\/\/www.praxisklinik-goethe10.de\/wp-content\/uploads\/2025\/08\/0148_Blog_Schlafapnoe-Diagnose-ohne-Schlaflabor_01-18x9.jpg 18w, https:\/\/www.praxisklinik-goethe10.de\/wp-content\/uploads\/2025\/08\/0148_Blog_Schlafapnoe-Diagnose-ohne-Schlaflabor_01-700x350.jpg 700w\" sizes=\"auto, (max-width: 1000px) 100vw, 1000px\" \/>\t\t\t\t\t\t\t\t<\/a>\r\n\t\t\t\t\t\t\t<\/div>\r\n\t\t\t\t\t\t\t\t\t\t\t\t<div class=\"qode-bct-post-text\">\r\n\t\t\t\t\t\t\t<h5 class=\"qode-bct-post-title entry_title\" itemprop=\"name\">\r\n\t\t\t\t\t\t\t\t<a href=\"https:\/\/www.praxisklinik-goethe10.de\/ar\/%d8%aa%d8%b4%d8%ae%d9%8a%d8%b5-%d8%aa%d9%88%d9%82%d9%81-%d8%a7%d9%84%d8%aa%d9%86%d9%81%d8%b3-%d8%a3%d8%ab%d9%86%d8%a7%d8%a1-%d8%a7%d9%84%d9%86%d9%88%d9%85-%d8%a8%d8%af%d9%88%d9%86-%d9%85%d8%ae%d8%aa\/\" itemprop=\"url\">Schlafapnoe Diagnose ohne Schlaflabor: Ist das m\u00f6glich?<\/a>\r\n\t\t\t\t\t\t\t<\/h5>\r\n\t\t\t\t\t\t\t\t\t\t\t\t\t\t<p itemprop=\"description\" class = \"qode-bct-post-excerpt\"> Wer regelm\u00e4\u00dfig schnarcht, morgens ersch\u00f6pft ist und tags\u00fcber unter Konzentrationsproblemen leidet, sollte an eine m\u00f6gliche Schlafapnoe denken. Der klassische Weg zur Diagnose f\u00fchrt ins Schlaflabor. Eine fundierte Abkl\u00e4rung ist mittlerweile auch mobil m\u00f6glich.<\/p>\r\n\t\t\t\t\t\t\t<div class=\"qode-bct-post-date entry_date updated\" itemprop=\"dateCreated\">\r\n\t\t\t\t\t\t\t\t1. \u0623\u063a\u0633\u0637\u0633 2025\t\t\t\t\t\t\t\t<meta itemprop=\"interactionCount\" content=\"UserComments: 0\"\/>\r\n\t\t\t\t\t\t\t<\/div>\r\n\t\t\t\t\t\t<\/div>\r\n\t\t\t\t\t<\/div>\r\n\t\t\t\t\t\t\t\t\t\t\t\t<div class=\"qode-bct-post\">\r\n\t\t\t\t\t\t\t\t\t\t\t\t\t<div class=\"qode-bct-post-image\">\r\n\t\t\t\t\t\t\t\t<a href=\"https:\/\/www.praxisklinik-goethe10.de\/ar\/%d8%a7%d9%84%d8%aa%d9%86%d9%81%d8%b3-%d8%a7%d9%84%d9%85%d8%aa%d9%82%d8%b7%d8%b9-%d8%a3%d8%ab%d9%86%d8%a7%d8%a1-%d8%a7%d9%84%d9%86%d9%88%d9%85\/\" itemprop=\"url\">\r\n\t\t\t\t\t\t\t\t\t<img loading=\"lazy\" decoding=\"async\" width=\"1000\" height=\"500\" src=\"https:\/\/www.praxisklinik-goethe10.de\/wp-content\/uploads\/2025\/06\/0148_Blog_Atemaussetzer-im-Schlaf_01.jpg\" class=\"attachment-full size-full wp-post-image\" alt=\"Atemaussetzer im Schlaf\" srcset=\"https:\/\/www.praxisklinik-goethe10.de\/wp-content\/uploads\/2025\/06\/0148_Blog_Atemaussetzer-im-Schlaf_01.jpg 1000w, https:\/\/www.praxisklinik-goethe10.de\/wp-content\/uploads\/2025\/06\/0148_Blog_Atemaussetzer-im-Schlaf_01-300x150.jpg 300w, https:\/\/www.praxisklinik-goethe10.de\/wp-content\/uploads\/2025\/06\/0148_Blog_Atemaussetzer-im-Schlaf_01-768x384.jpg 768w, https:\/\/www.praxisklinik-goethe10.de\/wp-content\/uploads\/2025\/06\/0148_Blog_Atemaussetzer-im-Schlaf_01-18x9.jpg 18w, https:\/\/www.praxisklinik-goethe10.de\/wp-content\/uploads\/2025\/06\/0148_Blog_Atemaussetzer-im-Schlaf_01-700x350.jpg 700w\" sizes=\"auto, (max-width: 1000px) 100vw, 1000px\" \/>\t\t\t\t\t\t\t\t<\/a>\r\n\t\t\t\t\t\t\t<\/div>\r\n\t\t\t\t\t\t\t\t\t\t\t\t<div class=\"qode-bct-post-text\">\r\n\t\t\t\t\t\t\t<h5 class=\"qode-bct-post-title entry_title\" itemprop=\"name\">\r\n\t\t\t\t\t\t\t\t<a href=\"https:\/\/www.praxisklinik-goethe10.de\/ar\/%d8%a7%d9%84%d8%aa%d9%86%d9%81%d8%b3-%d8%a7%d9%84%d9%85%d8%aa%d9%82%d8%b7%d8%b9-%d8%a3%d8%ab%d9%86%d8%a7%d8%a1-%d8%a7%d9%84%d9%86%d9%88%d9%85\/\" itemprop=\"url\">Atemaussetzer im Schlaf: Wie gef\u00e4hrlich sind sie wirklich?<\/a>\r\n\t\t\t\t\t\t\t<\/h5>\r\n\t\t\t\t\t\t\t\t\t\t\t\t\t\t<p itemprop=\"description\" class = \"qode-bct-post-excerpt\"> Unruhiger Schlaf, st\u00e4ndige M\u00fcdigkeit am Tag und das Gef\u00fchl, nie richtig ausgeruht zu sein \u2013 viele Menschen nehmen diese Beschwerden hin, ohne die Ursache zu kennen. Dabei steckt nicht selten ein ernstzunehmendes Ph\u00e4nomen dahinter: n\u00e4chtliche Atempausen.<\/p>\r\n\t\t\t\t\t\t\t<div class=\"qode-bct-post-date entry_date updated\" itemprop=\"dateCreated\">\r\n\t\t\t\t\t\t\t\t24. \u064a\u0648\u0646\u064a\u0648 2025\t\t\t\t\t\t\t\t<meta itemprop=\"interactionCount\" content=\"UserComments: 0\"\/>\r\n\t\t\t\t\t\t\t<\/div>\r\n\t\t\t\t\t\t<\/div>\r\n\t\t\t\t\t<\/div>\r\n\t\t\t\t\t\t\t\t\t\t\t\t<div class=\"qode-bct-post\">\r\n\t\t\t\t\t\t\t\t\t\t\t\t\t<div class=\"qode-bct-post-image\">\r\n\t\t\t\t\t\t\t\t<a href=\"https:\/\/www.praxisklinik-goethe10.de\/ar\/%d8%b9%d9%86%d8%af%d9%85%d8%a7-%d9%84%d8%a7-%d9%8a%d8%b9%d9%85%d9%84-%d8%a8%d8%ae%d8%a7%d8%ae-%d8%a7%d9%84%d8%a3%d9%86%d9%81\/\" itemprop=\"url\">\r\n\t\t\t\t\t\t\t\t\t<img loading=\"lazy\" decoding=\"async\" width=\"1000\" height=\"500\" src=\"https:\/\/www.praxisklinik-goethe10.de\/wp-content\/uploads\/2025\/02\/0148_Blog_Wenn-Nasenspray-nicht-wirkt_01.jpg\" class=\"attachment-full size-full wp-post-image\" alt=\"Wenn Nasenspray nicht wirkt\" srcset=\"https:\/\/www.praxisklinik-goethe10.de\/wp-content\/uploads\/2025\/02\/0148_Blog_Wenn-Nasenspray-nicht-wirkt_01.jpg 1000w, https:\/\/www.praxisklinik-goethe10.de\/wp-content\/uploads\/2025\/02\/0148_Blog_Wenn-Nasenspray-nicht-wirkt_01-300x150.jpg 300w, https:\/\/www.praxisklinik-goethe10.de\/wp-content\/uploads\/2025\/02\/0148_Blog_Wenn-Nasenspray-nicht-wirkt_01-768x384.jpg 768w, https:\/\/www.praxisklinik-goethe10.de\/wp-content\/uploads\/2025\/02\/0148_Blog_Wenn-Nasenspray-nicht-wirkt_01-700x350.jpg 700w\" sizes=\"auto, (max-width: 1000px) 100vw, 1000px\" \/>\t\t\t\t\t\t\t\t<\/a>\r\n\t\t\t\t\t\t\t<\/div>\r\n\t\t\t\t\t\t\t\t\t\t\t\t<div class=\"qode-bct-post-text\">\r\n\t\t\t\t\t\t\t<h5 class=\"qode-bct-post-title entry_title\" itemprop=\"name\">\r\n\t\t\t\t\t\t\t\t<a href=\"https:\/\/www.praxisklinik-goethe10.de\/ar\/%d8%b9%d9%86%d8%af%d9%85%d8%a7-%d9%84%d8%a7-%d9%8a%d8%b9%d9%85%d9%84-%d8%a8%d8%ae%d8%a7%d8%ae-%d8%a7%d9%84%d8%a3%d9%86%d9%81\/\" itemprop=\"url\">Wenn Nasenspray nicht wirkt: Was tun?<\/a>\r\n\t\t\t\t\t\t\t<\/h5>\r\n\t\t\t\t\t\t\t\t\t\t\t\t\t\t<p itemprop=\"description\" class = \"qode-bct-post-excerpt\"> Eine verstopfte Nase kann den Alltag erheblich beeintr\u00e4chtigen. Viele greifen dann zu Nasensprays, die schnell Erleichterung verschaffen k\u00f6nnen. Doch was, wenn das Medikament nicht wirkt? Dahinter k\u00f6nnen verschiedene Ursachen stecken.<\/p>\r\n\t\t\t\t\t\t\t<div class=\"qode-bct-post-date entry_date updated\" itemprop=\"dateCreated\">\r\n\t\t\t\t\t\t\t\t10. \u0641\u0628\u0631\u0627\u064a\u0631 2025\t\t\t\t\t\t\t\t<meta itemprop=\"interactionCount\" content=\"UserComments: 0\"\/>\r\n\t\t\t\t\t\t\t<\/div>\r\n\t\t\t\t\t\t<\/div>\r\n\t\t\t\t\t<\/div>\r\n\t\t\t\t\t\t\t\t\t\t\t\t<div class=\"qode-bct-post\">\r\n\t\t\t\t\t\t\t\t\t\t\t\t\t<div class=\"qode-bct-post-image\">\r\n\t\t\t\t\t\t\t\t<a href=\"https:\/\/www.praxisklinik-goethe10.de\/ar\/%d8%a7%d9%84%d8%aa%d8%b9%d8%b1%d9%81-%d8%b9%d9%84%d9%89-%d8%aa%d9%88%d9%82%d9%81-%d8%a7%d9%84%d8%aa%d9%86%d9%81%d8%b3-%d8%a3%d8%ab%d9%86%d8%a7%d8%a1-%d8%a7%d9%84%d9%86%d9%88%d9%85\/\" itemprop=\"url\">\r\n\t\t\t\t\t\t\t\t\t<img loading=\"lazy\" decoding=\"async\" width=\"1000\" height=\"500\" src=\"https:\/\/www.praxisklinik-goethe10.de\/wp-content\/uploads\/2024\/08\/0148_Blog_Schlafapnoe-erkennen_01.jpg\" class=\"attachment-full size-full wp-post-image\" alt=\"Schlafapnoe erkennen\" srcset=\"https:\/\/www.praxisklinik-goethe10.de\/wp-content\/uploads\/2024\/08\/0148_Blog_Schlafapnoe-erkennen_01.jpg 1000w, https:\/\/www.praxisklinik-goethe10.de\/wp-content\/uploads\/2024\/08\/0148_Blog_Schlafapnoe-erkennen_01-300x150.jpg 300w, https:\/\/www.praxisklinik-goethe10.de\/wp-content\/uploads\/2024\/08\/0148_Blog_Schlafapnoe-erkennen_01-768x384.jpg 768w, https:\/\/www.praxisklinik-goethe10.de\/wp-content\/uploads\/2024\/08\/0148_Blog_Schlafapnoe-erkennen_01-700x350.jpg 700w\" sizes=\"auto, (max-width: 1000px) 100vw, 1000px\" \/>\t\t\t\t\t\t\t\t<\/a>\r\n\t\t\t\t\t\t\t<\/div>\r\n\t\t\t\t\t\t\t\t\t\t\t\t<div class=\"qode-bct-post-text\">\r\n\t\t\t\t\t\t\t<h5 class=\"qode-bct-post-title entry_title\" itemprop=\"name\">\r\n\t\t\t\t\t\t\t\t<a href=\"https:\/\/www.praxisklinik-goethe10.de\/ar\/%d8%a7%d9%84%d8%aa%d8%b9%d8%b1%d9%81-%d8%b9%d9%84%d9%89-%d8%aa%d9%88%d9%82%d9%81-%d8%a7%d9%84%d8%aa%d9%86%d9%81%d8%b3-%d8%a3%d8%ab%d9%86%d8%a7%d8%a1-%d8%a7%d9%84%d9%86%d9%88%d9%85\/\" itemprop=\"url\">Schlafapnoe erkennen: So decken wir Atemaussetzer bei Ihnen auf<\/a>\r\n\t\t\t\t\t\t\t<\/h5>\r\n\t\t\t\t\t\t\t\t\t\t\t\t\t\t<p itemprop=\"description\" class = \"qode-bct-post-excerpt\"> Atemaussetzer w\u00e4hrend des Schlafs sind eine ernstzunehmende Erkrankung, die oft unerkannt bleibt. Schlafapnoe kann die Lebensqualit\u00e4t erheblich beeintr\u00e4chtigen und langfristig zu gesundheitlichen Problemen f\u00fchren. Es ist wichtig, die Anzeichen fr\u00fchzeitig zu erkennen und entsprechende Ma\u00dfnahmen zu ergreifen.<\/p>\r\n\t\t\t\t\t\t\t<div class=\"qode-bct-post-date entry_date updated\" itemprop=\"dateCreated\">\r\n\t\t\t\t\t\t\t\t21. \u0623\u063a\u0633\u0637\u0633 2024\t\t\t\t\t\t\t\t<meta itemprop=\"interactionCount\" content=\"UserComments: 0\"\/>\r\n\t\t\t\t\t\t\t<\/div>\r\n\t\t\t\t\t\t<\/div>\r\n\t\t\t\t\t<\/div>\r\n\t\t\t\t\t\t\t\t\t\t\t\t<div class=\"qode-bct-post\">\r\n\t\t\t\t\t\t\t\t\t\t\t\t\t<div class=\"qode-bct-post-image\">\r\n\t\t\t\t\t\t\t\t<a href=\"https:\/\/www.praxisklinik-goethe10.de\/ar\/%d9%84%d9%8a%d8%b2%d8%b1-%d8%a7%d9%84%d8%a3%d9%86%d9%81\/\" itemprop=\"url\">\r\n\t\t\t\t\t\t\t\t\t<img loading=\"lazy\" decoding=\"async\" width=\"1000\" height=\"500\" src=\"https:\/\/www.praxisklinik-goethe10.de\/wp-content\/uploads\/2023\/12\/0148_Blog_Nase-lasern_01a.jpg\" class=\"attachment-full size-full wp-post-image\" alt=\"Nase lasern\" srcset=\"https:\/\/www.praxisklinik-goethe10.de\/wp-content\/uploads\/2023\/12\/0148_Blog_Nase-lasern_01a.jpg 1000w, https:\/\/www.praxisklinik-goethe10.de\/wp-content\/uploads\/2023\/12\/0148_Blog_Nase-lasern_01a-300x150.jpg 300w, https:\/\/www.praxisklinik-goethe10.de\/wp-content\/uploads\/2023\/12\/0148_Blog_Nase-lasern_01a-768x384.jpg 768w, https:\/\/www.praxisklinik-goethe10.de\/wp-content\/uploads\/2023\/12\/0148_Blog_Nase-lasern_01a-18x9.jpg 18w, https:\/\/www.praxisklinik-goethe10.de\/wp-content\/uploads\/2023\/12\/0148_Blog_Nase-lasern_01a-700x350.jpg 700w\" sizes=\"auto, (max-width: 1000px) 100vw, 1000px\" \/>\t\t\t\t\t\t\t\t<\/a>\r\n\t\t\t\t\t\t\t<\/div>\r\n\t\t\t\t\t\t\t\t\t\t\t\t<div class=\"qode-bct-post-text\">\r\n\t\t\t\t\t\t\t<h5 class=\"qode-bct-post-title entry_title\" itemprop=\"name\">\r\n\t\t\t\t\t\t\t\t<a href=\"https:\/\/www.praxisklinik-goethe10.de\/ar\/%d9%84%d9%8a%d8%b2%d8%b1-%d8%a7%d9%84%d8%a3%d9%86%d9%81\/\" itemprop=\"url\">Nase lasern: Wann eine Laserconchotomie sinnvoll ist<\/a>\r\n\t\t\t\t\t\t\t<\/h5>\r\n\t\t\t\t\t\t\t\t\t\t\t\t\t\t<p itemprop=\"description\" class = \"qode-bct-post-excerpt\"> Manche Personen leiden immer wieder oder sogar dauerhaft unter dem Gef\u00fchl einer verstopften Nase. Es kann sein, dass in diesem Fall vergr\u00f6\u00dferte Nasenmuscheln vorliegen. Im Rahmen der Laserconchotomie k\u00f6nnen wir das Innere Ihrer Nase lasern und Ihnen unbeschwertes Atmen erm\u00f6glichen.  <\/p>\r\n\t\t\t\t\t\t\t<div class=\"qode-bct-post-date entry_date updated\" itemprop=\"dateCreated\">\r\n\t\t\t\t\t\t\t\t15. \u0646\u0648\u0641\u0645\u0628\u0631 2023\t\t\t\t\t\t\t\t<meta itemprop=\"interactionCount\" content=\"UserComments: 0\"\/>\r\n\t\t\t\t\t\t\t<\/div>\r\n\t\t\t\t\t\t<\/div>\r\n\t\t\t\t\t<\/div>\r\n\t\t\t\t\t\t\t\t\t\t\t\t<div class=\"qode-bct-post\">\r\n\t\t\t\t\t\t\t\t\t\t\t\t\t<div class=\"qode-bct-post-image\">\r\n\t\t\t\t\t\t\t\t<a href=\"https:\/\/www.praxisklinik-goethe10.de\/ar\/%d8%b9%d9%85%d9%84%d9%8a%d8%a9-%d8%a7%d9%84%d8%b4%d8%ae%d9%8a%d8%b1-%d9%81%d9%8a-%d9%81%d8%b1%d8%a7%d9%86%d9%83%d9%81%d9%88%d8%b1%d8%aa\/\" itemprop=\"url\">\r\n\t\t\t\t\t\t\t\t\t<img loading=\"lazy\" decoding=\"async\" width=\"1000\" height=\"500\" src=\"https:\/\/www.praxisklinik-goethe10.de\/wp-content\/uploads\/2023\/12\/0148_Blog_Schnarchoperation-Frankfurt_01a.jpg\" class=\"attachment-full size-full wp-post-image\" alt=\"Schnarchoperation\" srcset=\"https:\/\/www.praxisklinik-goethe10.de\/wp-content\/uploads\/2023\/12\/0148_Blog_Schnarchoperation-Frankfurt_01a.jpg 1000w, https:\/\/www.praxisklinik-goethe10.de\/wp-content\/uploads\/2023\/12\/0148_Blog_Schnarchoperation-Frankfurt_01a-300x150.jpg 300w, https:\/\/www.praxisklinik-goethe10.de\/wp-content\/uploads\/2023\/12\/0148_Blog_Schnarchoperation-Frankfurt_01a-768x384.jpg 768w, https:\/\/www.praxisklinik-goethe10.de\/wp-content\/uploads\/2023\/12\/0148_Blog_Schnarchoperation-Frankfurt_01a-18x9.jpg 18w, https:\/\/www.praxisklinik-goethe10.de\/wp-content\/uploads\/2023\/12\/0148_Blog_Schnarchoperation-Frankfurt_01a-700x350.jpg 700w\" sizes=\"auto, (max-width: 1000px) 100vw, 1000px\" \/>\t\t\t\t\t\t\t\t<\/a>\r\n\t\t\t\t\t\t\t<\/div>\r\n\t\t\t\t\t\t\t\t\t\t\t\t<div class=\"qode-bct-post-text\">\r\n\t\t\t\t\t\t\t<h5 class=\"qode-bct-post-title entry_title\" itemprop=\"name\">\r\n\t\t\t\t\t\t\t\t<a href=\"https:\/\/www.praxisklinik-goethe10.de\/ar\/%d8%b9%d9%85%d9%84%d9%8a%d8%a9-%d8%a7%d9%84%d8%b4%d8%ae%d9%8a%d8%b1-%d9%81%d9%8a-%d9%81%d8%b1%d8%a7%d9%86%d9%83%d9%81%d9%88%d8%b1%d8%aa\/\" itemprop=\"url\">Schnarchoperation: Endlich wieder ruhig schlafen<\/a>\r\n\t\t\t\t\t\t\t<\/h5>\r\n\t\t\t\t\t\t\t\t\t\t\t\t\t\t<p itemprop=\"description\" class = \"qode-bct-post-excerpt\"> Lautes Schnarchen kann den Schlaf zur Qual machen. Und das nicht nur f\u00fcr den Betroffenen selbst, sondern auch f\u00fcr die Partnerin oder den Partner.In einigen F\u00e4llen kann eine Schnarchoperation die L\u00f6sung sein, damit Sie wieder ruhig schlafen k\u00f6nnen. In unserer HNO-Praxisklinik in Frankfurt bieten wir Ihnen diese Form der Schnarchtherapie an. <\/p>\r\n\t\t\t\t\t\t\t<div class=\"qode-bct-post-date entry_date updated\" itemprop=\"dateCreated\">\r\n\t\t\t\t\t\t\t\t5. \u0623\u0643\u062a\u0648\u0628\u0631 2023\t\t\t\t\t\t\t\t<meta itemprop=\"interactionCount\" content=\"UserComments: 0\"\/>\r\n\t\t\t\t\t\t\t<\/div>\r\n\t\t\t\t\t\t<\/div>\r\n\t\t\t\t\t<\/div>\r\n\t\t\t\t\t\t\t\t\t\t\t\t<div class=\"qode-bct-post\">\r\n\t\t\t\t\t\t\t\t\t\t\t\t\t<div class=\"qode-bct-post-image\">\r\n\t\t\t\t\t\t\t\t<a href=\"https:\/\/www.praxisklinik-goethe10.de\/ar\/%d8%aa%d8%b6%d8%ae%d9%85-%d8%a7%d9%84%d9%85%d8%ad%d8%a7%d8%b1%d8%a9\/\" itemprop=\"url\">\r\n\t\t\t\t\t\t\t\t\t<img loading=\"lazy\" decoding=\"async\" width=\"1000\" height=\"500\" src=\"https:\/\/www.praxisklinik-goethe10.de\/wp-content\/uploads\/2022\/11\/0148_Blog_Nasenmuschelhyperplasie_01a.jpg\" class=\"attachment-full size-full wp-post-image\" alt=\"Nasenmuschelhyperplasie\" srcset=\"https:\/\/www.praxisklinik-goethe10.de\/wp-content\/uploads\/2022\/11\/0148_Blog_Nasenmuschelhyperplasie_01a.jpg 1000w, https:\/\/www.praxisklinik-goethe10.de\/wp-content\/uploads\/2022\/11\/0148_Blog_Nasenmuschelhyperplasie_01a-300x150.jpg 300w, https:\/\/www.praxisklinik-goethe10.de\/wp-content\/uploads\/2022\/11\/0148_Blog_Nasenmuschelhyperplasie_01a-768x384.jpg 768w, https:\/\/www.praxisklinik-goethe10.de\/wp-content\/uploads\/2022\/11\/0148_Blog_Nasenmuschelhyperplasie_01a-18x9.jpg 18w, https:\/\/www.praxisklinik-goethe10.de\/wp-content\/uploads\/2022\/11\/0148_Blog_Nasenmuschelhyperplasie_01a-700x350.jpg 700w\" sizes=\"auto, (max-width: 1000px) 100vw, 1000px\" \/>\t\t\t\t\t\t\t\t<\/a>\r\n\t\t\t\t\t\t\t<\/div>\r\n\t\t\t\t\t\t\t\t\t\t\t\t<div class=\"qode-bct-post-text\">\r\n\t\t\t\t\t\t\t<h5 class=\"qode-bct-post-title entry_title\" itemprop=\"name\">\r\n\t\t\t\t\t\t\t\t<a href=\"https:\/\/www.praxisklinik-goethe10.de\/ar\/%d8%aa%d8%b6%d8%ae%d9%85-%d8%a7%d9%84%d9%85%d8%ad%d8%a7%d8%b1%d8%a9\/\" itemprop=\"url\">Nasenmuschel&shy;hyperplasie: Beeintr\u00e4chtigte Nasenatmung durch vergr\u00f6\u00dferte Nasenmuscheln<\/a>\r\n\t\t\t\t\t\t\t<\/h5>\r\n\t\t\t\t\t\t\t\t\t\t\t\t\t\t<p itemprop=\"description\" class = \"qode-bct-post-excerpt\"> In der Nasenh\u00f6hle befinden sich an der seitlichen Wand jeweils eine untere, eine mittlere und eine obere Nasenmuschel. Schwellen sie an und vergr\u00f6\u00dfern sich dauerhaft, sprechen wir HNO-\u00c4rzte von einer Nasenmuschelhyperplasie. Was das bedeutet und wie wir Ihnen helfen k\u00f6nnen, erfahren Sie hier. <\/p>\r\n\t\t\t\t\t\t\t<div class=\"qode-bct-post-date entry_date updated\" itemprop=\"dateCreated\">\r\n\t\t\t\t\t\t\t\t9. \u0641\u0628\u0631\u0627\u064a\u0631 2022\t\t\t\t\t\t\t\t<meta itemprop=\"interactionCount\" content=\"UserComments: 0\"\/>\r\n\t\t\t\t\t\t\t<\/div>\r\n\t\t\t\t\t\t<\/div>\r\n\t\t\t\t\t<\/div>\r\n\t\t\t\t\t\t\t\t\t\t\t\t<div class=\"qode-bct-post\">\r\n\t\t\t\t\t\t\t\t\t\t\t\t\t<div class=\"qode-bct-post-image\">\r\n\t\t\t\t\t\t\t\t<a href=\"https:\/\/www.praxisklinik-goethe10.de\/ar\/%d8%b9%d9%85%d9%84%d9%8a%d8%a9-%d8%a7%d9%84%d8%b4%d8%ae%d9%8a%d8%b1\/\" itemprop=\"url\">\r\n\t\t\t\t\t\t\t\t\t<img loading=\"lazy\" decoding=\"async\" width=\"1000\" height=\"500\" src=\"https:\/\/www.praxisklinik-goethe10.de\/wp-content\/uploads\/2022\/11\/0148_Blog_Schnarchen-Operation-Frankfurt_01a.jpg\" class=\"attachment-full size-full wp-post-image\" alt=\"Schnarchen Operation\" srcset=\"https:\/\/www.praxisklinik-goethe10.de\/wp-content\/uploads\/2022\/11\/0148_Blog_Schnarchen-Operation-Frankfurt_01a.jpg 1000w, https:\/\/www.praxisklinik-goethe10.de\/wp-content\/uploads\/2022\/11\/0148_Blog_Schnarchen-Operation-Frankfurt_01a-300x150.jpg 300w, https:\/\/www.praxisklinik-goethe10.de\/wp-content\/uploads\/2022\/11\/0148_Blog_Schnarchen-Operation-Frankfurt_01a-768x384.jpg 768w, https:\/\/www.praxisklinik-goethe10.de\/wp-content\/uploads\/2022\/11\/0148_Blog_Schnarchen-Operation-Frankfurt_01a-18x9.jpg 18w, https:\/\/www.praxisklinik-goethe10.de\/wp-content\/uploads\/2022\/11\/0148_Blog_Schnarchen-Operation-Frankfurt_01a-700x350.jpg 700w\" sizes=\"auto, (max-width: 1000px) 100vw, 1000px\" \/>\t\t\t\t\t\t\t\t<\/a>\r\n\t\t\t\t\t\t\t<\/div>\r\n\t\t\t\t\t\t\t\t\t\t\t\t<div class=\"qode-bct-post-text\">\r\n\t\t\t\t\t\t\t<h5 class=\"qode-bct-post-title entry_title\" itemprop=\"name\">\r\n\t\t\t\t\t\t\t\t<a href=\"https:\/\/www.praxisklinik-goethe10.de\/ar\/%d8%b9%d9%85%d9%84%d9%8a%d8%a9-%d8%a7%d9%84%d8%b4%d8%ae%d9%8a%d8%b1\/\" itemprop=\"url\">Schnarchen Operation: Wie die Schnarchtherapie Ihnen helfen kann<\/a>\r\n\t\t\t\t\t\t\t<\/h5>\r\n\t\t\t\t\t\t\t\t\t\t\t\t\t\t<p itemprop=\"description\" class = \"qode-bct-post-excerpt\"> Schnarchen kann Ihre Gesundheit beeintr\u00e4chtigen, sich aber auch auf den gesunden Schlaf der Partnerin oder des Partners auswirken. Daher sollten Sie pr\u00fcfen lassen, warum Sie schnarchen. Welche Behandlung m\u00f6glich ist und wann Sie eine Operation gegen das Schnarchen brauchen, erkl\u00e4ren wir Ihnen in diesem Beitrag. <\/p>\r\n\t\t\t\t\t\t\t<div class=\"qode-bct-post-date entry_date updated\" itemprop=\"dateCreated\">\r\n\t\t\t\t\t\t\t\t31. \u064a\u0646\u0627\u064a\u0631 2022\t\t\t\t\t\t\t\t<meta itemprop=\"interactionCount\" content=\"UserComments: 0\"\/>\r\n\t\t\t\t\t\t\t<\/div>\r\n\t\t\t\t\t\t<\/div>\r\n\t\t\t\t\t<\/div>\r\n\t\t\t\t\t\t\t\t\t\t\t\t<div class=\"qode-bct-post\">\r\n\t\t\t\t\t\t\t\t\t\t\t\t\t<div class=\"qode-bct-post-image\">\r\n\t\t\t\t\t\t\t\t<a href=\"https:\/\/www.praxisklinik-goethe10.de\/ar\/%d8%a5%d9%85%d9%83%d8%a7%d9%86%d9%8a%d8%a7%d8%aa-%d8%b9%d9%84%d8%a7%d8%ac-%d8%a7%d9%84%d8%b4%d8%ae%d9%8a%d8%b1\/\" itemprop=\"url\">\r\n\t\t\t\t\t\t\t\t\t<img loading=\"lazy\" decoding=\"async\" width=\"1000\" height=\"500\" src=\"https:\/\/www.praxisklinik-goethe10.de\/wp-content\/uploads\/2018\/01\/0148_Blog_Moeglichkeiten-Schnarchtherapie_01a.jpg\" class=\"attachment-full size-full wp-post-image\" alt=\"M\u00f6glichkeiten Schnarchtherapie\" srcset=\"https:\/\/www.praxisklinik-goethe10.de\/wp-content\/uploads\/2018\/01\/0148_Blog_Moeglichkeiten-Schnarchtherapie_01a.jpg 1000w, https:\/\/www.praxisklinik-goethe10.de\/wp-content\/uploads\/2018\/01\/0148_Blog_Moeglichkeiten-Schnarchtherapie_01a-300x150.jpg 300w, https:\/\/www.praxisklinik-goethe10.de\/wp-content\/uploads\/2018\/01\/0148_Blog_Moeglichkeiten-Schnarchtherapie_01a-768x384.jpg 768w, https:\/\/www.praxisklinik-goethe10.de\/wp-content\/uploads\/2018\/01\/0148_Blog_Moeglichkeiten-Schnarchtherapie_01a-18x9.jpg 18w, https:\/\/www.praxisklinik-goethe10.de\/wp-content\/uploads\/2018\/01\/0148_Blog_Moeglichkeiten-Schnarchtherapie_01a-700x350.jpg 700w\" sizes=\"auto, (max-width: 1000px) 100vw, 1000px\" \/>\t\t\t\t\t\t\t\t<\/a>\r\n\t\t\t\t\t\t\t<\/div>\r\n\t\t\t\t\t\t\t\t\t\t\t\t<div class=\"qode-bct-post-text\">\r\n\t\t\t\t\t\t\t<h5 class=\"qode-bct-post-title entry_title\" itemprop=\"name\">\r\n\t\t\t\t\t\t\t\t<a href=\"https:\/\/www.praxisklinik-goethe10.de\/ar\/%d8%a5%d9%85%d9%83%d8%a7%d9%86%d9%8a%d8%a7%d8%aa-%d8%b9%d9%84%d8%a7%d8%ac-%d8%a7%d9%84%d8%b4%d8%ae%d9%8a%d8%b1\/\" itemprop=\"url\">M\u00f6glichkeiten der Schnarch-Therapie: Was man gegen Schnarchen tun kann<\/a>\r\n\t\t\t\t\t\t\t<\/h5>\r\n\t\t\t\t\t\t\t\t\t\t\t\t\t\t<p itemprop=\"description\" class = \"qode-bct-post-excerpt\"> Haben Sie sich auch schon mal gefragt, warum die Person, die schnarcht, immer als Erstes einschl\u00e4ft? Das \u201eB\u00e4ume-Abs\u00e4gen\u201c kann ernste Auswirkungen auf eine Partnerschaft haben. Wenn eine Person dauerhaft schnarcht, droht eine unromantische Konsequenz: getrennte Betten.<\/p>\r\n\t\t\t\t\t\t\t<div class=\"qode-bct-post-date entry_date updated\" itemprop=\"dateCreated\">\r\n\t\t\t\t\t\t\t\t18. \u064a\u0646\u0627\u064a\u0631 2018\t\t\t\t\t\t\t\t<meta itemprop=\"interactionCount\" content=\"UserComments: 0\"\/>\r\n\t\t\t\t\t\t\t<\/div>\r\n\t\t\t\t\t\t<\/div>\r\n\t\t\t\t\t<\/div>\r\n\t\t\t\t\t<\/div>\r\n\t\t<\/div>\r\n\t<\/div><\/div><\/div><\/div><\/div><\/div><\/div>\n","protected":false},"excerpt":{"rendered":"\u0647\u0644 \u062a\u0633\u0627\u0621\u0644\u062a \u064a\u0648\u0645\u064b\u0627 \u0644\u0645\u0627\u0630\u0627 \u064a\u0643\u0648\u0646 \u0627\u0644\u0634\u062e\u0635 \u0627\u0644\u0630\u064a \u064a\u0634\u062e\u0631 \u0647\u0648 \u0623\u0648\u0644 \u0645\u0646 \u064a\u0646\u0627\u0645 \u062f\u0627\u0626\u0645\u064b\u0627\u061f \u064a\u0645\u0643\u0646 \u0623\u0646 \u064a\u0643\u0648\u0646 \u0644\u0647\u0630\u0627 \"\u0627\u0644\u0634\u062e\u064a\u0631 \u0639\u0648\u0627\u0642\u0628 \u0648\u062e\u064a\u0645\u0629 \u0639\u0644\u0649 \u0627\u0644\u0634\u0631\u0627\u0643\u0629. \u0625\u0630\u0627 \u0643\u0627\u0646 \u0623\u062d\u062f \u0627\u0644\u0632\u0648\u062c\u064a\u0646 \u064a\u0634\u062e\u0631 \u0628\u0627\u0633\u062a\u0645\u0631\u0627\u0631 \u0648\u064a\u0632\u0639\u062c \u0627\u0644\u0622\u062e\u0631 \u0628\u0633\u0628\u0628 \u0634\u062e\u064a\u0631\u0647 \u0644\u064a\u0644\u0629 \u0628\u0639\u062f \u0644\u064a\u0644\u0629\u060c \u0641\u0625\u0646 \u0627\u0644\u0646\u062a\u064a\u062c\u0629 \u063a\u064a\u0631 \u0627\u0644\u0631\u0648\u0645\u0627\u0646\u0633\u064a\u0629 \u0648\u0634\u064a\u0643\u0629: \u0623\u0633\u0631\u0629 \u0645\u0646\u0641\u0635\u0644\u0629....","protected":false},"author":6,"featured_media":3460,"parent":0,"menu_order":0,"comment_status":"closed","ping_status":"closed","template":"full_width.php","meta":{"footnotes":""},"class_list":["post-3454","page","type-page","status-publish","has-post-thumbnail","hentry"],"yoast_head":"<!-- This site is optimized with the Yoast SEO plugin v27.3 - https:\/\/yoast.com\/product\/yoast-seo-wordpress\/ -->\n<title>Schlafapnoe Screening Frankfurt | HNO-Arzt Dr. Linke<\/title>\n<meta name=\"description\" content=\"Schlafapnoe Screening Frankfurt \u2713 Testen Sie in Ihrem ganz normalen, gewohnten Umfeld, ob Sie an schlafbezogenen Atemst\u00f6rungen leiden!\" \/>\n<meta name=\"robots\" content=\"index, follow, max-snippet:-1, max-image-preview:large, max-video-preview:-1\" \/>\n<link rel=\"canonical\" href=\"https:\/\/www.praxisklinik-goethe10.de\/ar\/\u0641\u062d\u0635-\u0627\u0646\u0642\u0637\u0627\u0639-\u0627\u0644\u0646\u0641\u0633-\u0623\u062b\u0646\u0627\u0621-\u0627\u0644\u0646\u0648\u0645-\u0641\u064a-\u0641\u0631\u0627\u0646\u0643\u0641\/\" \/>\n<meta property=\"og:locale\" content=\"ar_AR\" \/>\n<meta property=\"og:type\" content=\"article\" \/>\n<meta property=\"og:title\" content=\"Schlafapnoe Screening Frankfurt | HNO-Arzt Dr. Linke\" \/>\n<meta property=\"og:description\" content=\"Schlafapnoe Screening Frankfurt \u2713 Testen Sie in Ihrem ganz normalen, gewohnten Umfeld, ob Sie an schlafbezogenen Atemst\u00f6rungen leiden!\" \/>\n<meta property=\"og:url\" content=\"https:\/\/www.praxisklinik-goethe10.de\/ar\/\u0641\u062d\u0635-\u0627\u0646\u0642\u0637\u0627\u0639-\u0627\u0644\u0646\u0641\u0633-\u0623\u062b\u0646\u0627\u0621-\u0627\u0644\u0646\u0648\u0645-\u0641\u064a-\u0641\u0631\u0627\u0646\u0643\u0641\/\" \/>\n<meta property=\"og:site_name\" content=\"HNO Frankfurt | Dr. Thomas Fischer\" \/>\n<meta property=\"article:modified_time\" content=\"2025-07-01T07:11:20+00:00\" \/>\n<meta property=\"og:image\" content=\"https:\/\/www.praxisklinik-goethe10.de\/wp-content\/uploads\/2023\/11\/hno-frankfurt-fischer-spektrum-schlafapnoe-screening_01.jpg\" \/>\n\t<meta property=\"og:image:width\" content=\"1024\" \/>\n\t<meta property=\"og:image:height\" content=\"1024\" \/>\n\t<meta property=\"og:image:type\" content=\"image\/jpeg\" \/>\n<meta name=\"twitter:card\" content=\"summary_large_image\" \/>\n<meta name=\"twitter:label1\" content=\"\u0648\u0642\u062a \u0627\u0644\u0642\u0631\u0627\u0621\u0629 \u0627\u0644\u0645\u064f\u0642\u062f\u0651\u0631\" \/>\n\t<meta name=\"twitter:data1\" content=\"7 \u062f\u0642\u0627\u0626\u0642\" \/>\n<script type=\"application\/ld+json\" class=\"yoast-schema-graph\">{\"@context\":\"https:\\\/\\\/schema.org\",\"@graph\":[{\"@type\":\"WebPage\",\"@id\":\"https:\\\/\\\/www.praxisklinik-goethe10.de\\\/schlafapnoe-screening-frankfurt\\\/\",\"url\":\"https:\\\/\\\/www.praxisklinik-goethe10.de\\\/schlafapnoe-screening-frankfurt\\\/\",\"name\":\"Schlafapnoe Screening Frankfurt | HNO-Arzt Dr. Linke\",\"isPartOf\":{\"@id\":\"https:\\\/\\\/www.praxisklinik-goethe10.de\\\/#website\"},\"primaryImageOfPage\":{\"@id\":\"https:\\\/\\\/www.praxisklinik-goethe10.de\\\/schlafapnoe-screening-frankfurt\\\/#primaryimage\"},\"image\":{\"@id\":\"https:\\\/\\\/www.praxisklinik-goethe10.de\\\/schlafapnoe-screening-frankfurt\\\/#primaryimage\"},\"thumbnailUrl\":\"https:\\\/\\\/www.praxisklinik-goethe10.de\\\/wp-content\\\/uploads\\\/2023\\\/11\\\/hno-frankfurt-fischer-spektrum-schlafapnoe-screening_01.jpg\",\"datePublished\":\"2023-11-15T07:39:14+00:00\",\"dateModified\":\"2025-07-01T07:11:20+00:00\",\"description\":\"Schlafapnoe Screening Frankfurt \u2713 Testen Sie in Ihrem ganz normalen, gewohnten Umfeld, ob Sie an schlafbezogenen Atemst\u00f6rungen leiden!\",\"breadcrumb\":{\"@id\":\"https:\\\/\\\/www.praxisklinik-goethe10.de\\\/schlafapnoe-screening-frankfurt\\\/#breadcrumb\"},\"inLanguage\":\"ar\",\"potentialAction\":[{\"@type\":\"ReadAction\",\"target\":[\"https:\\\/\\\/www.praxisklinik-goethe10.de\\\/schlafapnoe-screening-frankfurt\\\/\"]}]},{\"@type\":\"ImageObject\",\"inLanguage\":\"ar\",\"@id\":\"https:\\\/\\\/www.praxisklinik-goethe10.de\\\/schlafapnoe-screening-frankfurt\\\/#primaryimage\",\"url\":\"https:\\\/\\\/www.praxisklinik-goethe10.de\\\/wp-content\\\/uploads\\\/2023\\\/11\\\/hno-frankfurt-fischer-spektrum-schlafapnoe-screening_01.jpg\",\"contentUrl\":\"https:\\\/\\\/www.praxisklinik-goethe10.de\\\/wp-content\\\/uploads\\\/2023\\\/11\\\/hno-frankfurt-fischer-spektrum-schlafapnoe-screening_01.jpg\",\"width\":1024,\"height\":1024,\"caption\":\"Schlafapnoe Screening Frankfurt\"},{\"@type\":\"BreadcrumbList\",\"@id\":\"https:\\\/\\\/www.praxisklinik-goethe10.de\\\/schlafapnoe-screening-frankfurt\\\/#breadcrumb\",\"itemListElement\":[{\"@type\":\"ListItem\",\"position\":1,\"name\":\"Startseite\",\"item\":\"https:\\\/\\\/www.praxisklinik-goethe10.de\\\/\"},{\"@type\":\"ListItem\",\"position\":2,\"name\":\"Schlafapnoe Screening\"}]},{\"@type\":\"WebSite\",\"@id\":\"https:\\\/\\\/www.praxisklinik-goethe10.de\\\/#website\",\"url\":\"https:\\\/\\\/www.praxisklinik-goethe10.de\\\/\",\"name\":\"HNO Frankfurt | Dr. Thomas Fischer\",\"description\":\"HNO Arzt Frankfurt\",\"publisher\":{\"@id\":\"https:\\\/\\\/www.praxisklinik-goethe10.de\\\/#organization\"},\"potentialAction\":[{\"@type\":\"SearchAction\",\"target\":{\"@type\":\"EntryPoint\",\"urlTemplate\":\"https:\\\/\\\/www.praxisklinik-goethe10.de\\\/?s={search_term_string}\"},\"query-input\":{\"@type\":\"PropertyValueSpecification\",\"valueRequired\":true,\"valueName\":\"search_term_string\"}}],\"inLanguage\":\"ar\"},{\"@type\":\"Organization\",\"@id\":\"https:\\\/\\\/www.praxisklinik-goethe10.de\\\/#organization\",\"name\":\"Praxisklinik Goethe 10\",\"url\":\"https:\\\/\\\/www.praxisklinik-goethe10.de\\\/\",\"logo\":{\"@type\":\"ImageObject\",\"inLanguage\":\"ar\",\"@id\":\"https:\\\/\\\/www.praxisklinik-goethe10.de\\\/#\\\/schema\\\/logo\\\/image\\\/\",\"url\":\"https:\\\/\\\/www.praxisklinik-goethe10.de\\\/wp-content\\\/uploads\\\/2018\\\/03\\\/dr-fischer-hno-frankfurt-slider.png\",\"contentUrl\":\"https:\\\/\\\/www.praxisklinik-goethe10.de\\\/wp-content\\\/uploads\\\/2018\\\/03\\\/dr-fischer-hno-frankfurt-slider.png\",\"width\":400,\"height\":200,\"caption\":\"Praxisklinik Goethe 10\"},\"image\":{\"@id\":\"https:\\\/\\\/www.praxisklinik-goethe10.de\\\/#\\\/schema\\\/logo\\\/image\\\/\"}}]}<\/script>\n<!-- \/ Yoast SEO plugin. -->","yoast_head_json":{"title":"\u0641\u062d\u0635 \u0627\u0646\u0642\u0637\u0627\u0639 \u0627\u0644\u062a\u0646\u0641\u0633 \u0623\u062b\u0646\u0627\u0621 \u0627\u0644\u0646\u0648\u0645 \u0641\u064a \u0641\u0631\u0627\u0646\u0643\u0641\u0648\u0631\u062a |\u0623\u062e\u0635\u0627\u0626\u064a \u0627\u0644\u0623\u0646\u0641 \u0648\u0627\u0644\u0623\u0630\u0646 \u0648\u0627\u0644\u062d\u0646\u062c\u0631\u0629 \u0627\u0644\u062f\u0643\u062a\u0648\u0631 \u0644\u064a\u0646\u0643\u0647","description":"\u0641\u062d\u0635 \u062a\u0648\u0642\u0641 \u0627\u0644\u062a\u0646\u0641\u0633 \u0623\u062b\u0646\u0627\u0621 \u0627\u0644\u0646\u0648\u0645 \u0641\u064a \u0641\u0631\u0627\u0646\u0643\u0641\u0648\u0631\u062a \u2713 \u0627\u062e\u062a\u0628\u0631 \u0645\u0627 \u0625\u0630\u0627 \u0643\u0646\u062a \u062a\u0639\u0627\u0646\u064a \u0645\u0646 \u0627\u0636\u0637\u0631\u0627\u0628\u0627\u062a \u0627\u0644\u062a\u0646\u0641\u0633 \u0627\u0644\u0645\u0631\u062a\u0628\u0637\u0629 \u0628\u0627\u0644\u0646\u0648\u0645 \u0641\u064a \u0628\u064a\u0626\u062a\u0643 \u0627\u0644\u0637\u0628\u064a\u0639\u064a\u0629 \u0627\u0644\u0645\u0623\u0644\u0648\u0641\u0629!","robots":{"index":"index","follow":"follow","max-snippet":"max-snippet:-1","max-image-preview":"max-image-preview:large","max-video-preview":"max-video-preview:-1"},"canonical":"https:\/\/www.praxisklinik-goethe10.de\/ar\/\u0641\u062d\u0635-\u0627\u0646\u0642\u0637\u0627\u0639-\u0627\u0644\u0646\u0641\u0633-\u0623\u062b\u0646\u0627\u0621-\u0627\u0644\u0646\u0648\u0645-\u0641\u064a-\u0641\u0631\u0627\u0646\u0643\u0641\/","og_locale":"ar_AR","og_type":"article","og_title":"Schlafapnoe Screening Frankfurt | HNO-Arzt Dr. Linke","og_description":"Schlafapnoe Screening Frankfurt \u2713 Testen Sie in Ihrem ganz normalen, gewohnten Umfeld, ob Sie an schlafbezogenen Atemst\u00f6rungen leiden!","og_url":"https:\/\/www.praxisklinik-goethe10.de\/ar\/\u0641\u062d\u0635-\u0627\u0646\u0642\u0637\u0627\u0639-\u0627\u0644\u0646\u0641\u0633-\u0623\u062b\u0646\u0627\u0621-\u0627\u0644\u0646\u0648\u0645-\u0641\u064a-\u0641\u0631\u0627\u0646\u0643\u0641\/","og_site_name":"HNO Frankfurt | Dr. Thomas Fischer","article_modified_time":"2025-07-01T07:11:20+00:00","og_image":[{"width":1024,"height":1024,"url":"https:\/\/www.praxisklinik-goethe10.de\/wp-content\/uploads\/2023\/11\/hno-frankfurt-fischer-spektrum-schlafapnoe-screening_01.jpg","type":"image\/jpeg"}],"twitter_card":"summary_large_image","twitter_misc":{"\u0648\u0642\u062a \u0627\u0644\u0642\u0631\u0627\u0621\u0629 \u0627\u0644\u0645\u064f\u0642\u062f\u0651\u0631":"7 \u062f\u0642\u0627\u0626\u0642"},"schema":{"@context":"https:\/\/schema.org","@graph":[{"@type":"WebPage","@id":"https:\/\/www.praxisklinik-goethe10.de\/schlafapnoe-screening-frankfurt\/","url":"https:\/\/www.praxisklinik-goethe10.de\/schlafapnoe-screening-frankfurt\/","name":"\u0641\u062d\u0635 \u0627\u0646\u0642\u0637\u0627\u0639 \u0627\u0644\u062a\u0646\u0641\u0633 \u0623\u062b\u0646\u0627\u0621 \u0627\u0644\u0646\u0648\u0645 \u0641\u064a \u0641\u0631\u0627\u0646\u0643\u0641\u0648\u0631\u062a |\u0623\u062e\u0635\u0627\u0626\u064a \u0627\u0644\u0623\u0646\u0641 \u0648\u0627\u0644\u0623\u0630\u0646 \u0648\u0627\u0644\u062d\u0646\u062c\u0631\u0629 \u0627\u0644\u062f\u0643\u062a\u0648\u0631 \u0644\u064a\u0646\u0643\u0647","isPartOf":{"@id":"https:\/\/www.praxisklinik-goethe10.de\/#website"},"primaryImageOfPage":{"@id":"https:\/\/www.praxisklinik-goethe10.de\/schlafapnoe-screening-frankfurt\/#primaryimage"},"image":{"@id":"https:\/\/www.praxisklinik-goethe10.de\/schlafapnoe-screening-frankfurt\/#primaryimage"},"thumbnailUrl":"https:\/\/www.praxisklinik-goethe10.de\/wp-content\/uploads\/2023\/11\/hno-frankfurt-fischer-spektrum-schlafapnoe-screening_01.jpg","datePublished":"2023-11-15T07:39:14+00:00","dateModified":"2025-07-01T07:11:20+00:00","description":"\u0641\u062d\u0635 \u062a\u0648\u0642\u0641 \u0627\u0644\u062a\u0646\u0641\u0633 \u0623\u062b\u0646\u0627\u0621 \u0627\u0644\u0646\u0648\u0645 \u0641\u064a \u0641\u0631\u0627\u0646\u0643\u0641\u0648\u0631\u062a \u2713 \u0627\u062e\u062a\u0628\u0631 \u0645\u0627 \u0625\u0630\u0627 \u0643\u0646\u062a \u062a\u0639\u0627\u0646\u064a \u0645\u0646 \u0627\u0636\u0637\u0631\u0627\u0628\u0627\u062a \u0627\u0644\u062a\u0646\u0641\u0633 \u0627\u0644\u0645\u0631\u062a\u0628\u0637\u0629 \u0628\u0627\u0644\u0646\u0648\u0645 \u0641\u064a \u0628\u064a\u0626\u062a\u0643 \u0627\u0644\u0637\u0628\u064a\u0639\u064a\u0629 \u0627\u0644\u0645\u0623\u0644\u0648\u0641\u0629!","breadcrumb":{"@id":"https:\/\/www.praxisklinik-goethe10.de\/schlafapnoe-screening-frankfurt\/#breadcrumb"},"inLanguage":"ar","potentialAction":[{"@type":"ReadAction","target":["https:\/\/www.praxisklinik-goethe10.de\/schlafapnoe-screening-frankfurt\/"]}]},{"@type":"ImageObject","inLanguage":"ar","@id":"https:\/\/www.praxisklinik-goethe10.de\/schlafapnoe-screening-frankfurt\/#primaryimage","url":"https:\/\/www.praxisklinik-goethe10.de\/wp-content\/uploads\/2023\/11\/hno-frankfurt-fischer-spektrum-schlafapnoe-screening_01.jpg","contentUrl":"https:\/\/www.praxisklinik-goethe10.de\/wp-content\/uploads\/2023\/11\/hno-frankfurt-fischer-spektrum-schlafapnoe-screening_01.jpg","width":1024,"height":1024,"caption":"Schlafapnoe Screening Frankfurt"},{"@type":"BreadcrumbList","@id":"https:\/\/www.praxisklinik-goethe10.de\/schlafapnoe-screening-frankfurt\/#breadcrumb","itemListElement":[{"@type":"ListItem","position":1,"name":"Startseite","item":"https:\/\/www.praxisklinik-goethe10.de\/"},{"@type":"ListItem","position":2,"name":"Schlafapnoe Screening"}]},{"@type":"WebSite","@id":"https:\/\/www.praxisklinik-goethe10.de\/#website","url":"https:\/\/www.praxisklinik-goethe10.de\/","name":"\u0627\u0644\u0623\u0646\u0641 \u0648\u0627\u0644\u0623\u0630\u0646 \u0648\u0627\u0644\u062d\u0646\u062c\u0631\u0629 \u0641\u064a \u0641\u0631\u0627\u0646\u0643\u0641\u0648\u0631\u062a | \u062f. \u062a\u0648\u0645\u0627\u0633 \u0641\u064a\u0634\u0631","description":"\u0637\u0628\u064a\u0628 \u0627\u0644\u0623\u0646\u0641 \u0648\u0627\u0644\u0623\u0630\u0646 \u0648\u0627\u0644\u062d\u0646\u062c\u0631\u0629 \u0641\u0631\u0627\u0646\u0643\u0641\u0648\u0631\u062a","publisher":{"@id":"https:\/\/www.praxisklinik-goethe10.de\/#organization"},"potentialAction":[{"@type":"SearchAction","target":{"@type":"EntryPoint","urlTemplate":"https:\/\/www.praxisklinik-goethe10.de\/?s={search_term_string}"},"query-input":{"@type":"PropertyValueSpecification","valueRequired":true,"valueName":"search_term_string"}}],"inLanguage":"ar"},{"@type":"Organization","@id":"https:\/\/www.praxisklinik-goethe10.de\/#organization","name":"\u0639\u064a\u0627\u062f\u0629 \u062c\u0648\u062a\u0647 10","url":"https:\/\/www.praxisklinik-goethe10.de\/","logo":{"@type":"ImageObject","inLanguage":"ar","@id":"https:\/\/www.praxisklinik-goethe10.de\/#\/schema\/logo\/image\/","url":"https:\/\/www.praxisklinik-goethe10.de\/wp-content\/uploads\/2018\/03\/dr-fischer-hno-frankfurt-slider.png","contentUrl":"https:\/\/www.praxisklinik-goethe10.de\/wp-content\/uploads\/2018\/03\/dr-fischer-hno-frankfurt-slider.png","width":400,"height":200,"caption":"Praxisklinik Goethe 10"},"image":{"@id":"https:\/\/www.praxisklinik-goethe10.de\/#\/schema\/logo\/image\/"}}]}},"_links":{"self":[{"href":"https:\/\/www.praxisklinik-goethe10.de\/ar\/wp-json\/wp\/v2\/pages\/3454","targetHints":{"allow":["GET"]}}],"collection":[{"href":"https:\/\/www.praxisklinik-goethe10.de\/ar\/wp-json\/wp\/v2\/pages"}],"about":[{"href":"https:\/\/www.praxisklinik-goethe10.de\/ar\/wp-json\/wp\/v2\/types\/page"}],"author":[{"embeddable":true,"href":"https:\/\/www.praxisklinik-goethe10.de\/ar\/wp-json\/wp\/v2\/users\/6"}],"replies":[{"embeddable":true,"href":"https:\/\/www.praxisklinik-goethe10.de\/ar\/wp-json\/wp\/v2\/comments?post=3454"}],"version-history":[{"count":28,"href":"https:\/\/www.praxisklinik-goethe10.de\/ar\/wp-json\/wp\/v2\/pages\/3454\/revisions"}],"predecessor-version":[{"id":4232,"href":"https:\/\/www.praxisklinik-goethe10.de\/ar\/wp-json\/wp\/v2\/pages\/3454\/revisions\/4232"}],"wp:featuredmedia":[{"embeddable":true,"href":"https:\/\/www.praxisklinik-goethe10.de\/ar\/wp-json\/wp\/v2\/media\/3460"}],"wp:attachment":[{"href":"https:\/\/www.praxisklinik-goethe10.de\/ar\/wp-json\/wp\/v2\/media?parent=3454"}],"curies":[{"name":"\u062f\u0628\u0644\u064a\u0648 \u0628\u064a","href":"https:\/\/api.w.org\/{rel}","templated":true}]}}