{"id":782,"date":"2018-03-28T09:37:03","date_gmt":"2018-03-28T07:37:03","guid":{"rendered":"https:\/\/praxisklinik-goethe10.de\/?page_id=782"},"modified":"2023-06-16T08:03:10","modified_gmt":"2023-06-16T06:03:10","slug":"%d8%a3%d8%ae%d8%b5%d8%a7%d8%a6%d9%8a-%d8%a3%d9%86%d9%81-%d9%88%d8%a3%d8%b0%d9%86-%d9%88%d8%ad%d9%86%d8%ac%d8%b1%d8%a9-%d9%81%d8%b1%d8%a7%d9%86%d9%83%d9%81%d9%88%d8%b1%d8%aa","status":"publish","type":"page","link":"https:\/\/www.praxisklinik-goethe10.de\/ar\/%d8%a3%d8%ae%d8%b5%d8%a7%d8%a6%d9%8a-%d8%a3%d9%86%d9%81-%d9%88%d8%a3%d8%b0%d9%86-%d9%88%d8%ad%d9%86%d8%ac%d8%b1%d8%a9-%d9%81%d8%b1%d8%a7%d9%86%d9%83%d9%81%d9%88%d8%b1%d8%aa\/","title":{"rendered":"\u0646\u0628\u0630\u0629 \u0639\u0646\u0627"},"content":{"rendered":"<div      class=\"vc_row wpb_row section vc_row-fluid \" style=' text-align:left;'><div class=\" full_section_inner clearfix\"><div class=\"wpb_column vc_column_container vc_col-sm-12\"><div class=\"vc_column-inner\"><div class=\"wpb_wrapper\">\r\n\t<div class=\"wpb_single_image wpb_content_element vc_align_left\">\r\n\t\t<div class=\"wpb_wrapper\">\r\n\t\t\t\r\n\t\t\t<div class=\"vc_single_image-wrapper   vc_box_border_grey\"><img loading=\"lazy\" decoding=\"async\" class=\"vc_single_image-img \" src=\"https:\/\/www.praxisklinik-goethe10.de\/wp-content\/uploads\/2018\/04\/dr-fischer-frankfurt-news-1920x430.jpg\" width=\"1920\" height=\"430\" alt=\"HNO Arzt Frankfurt\" title=\"\" \/><\/div>\r\n\t\t<\/div>\r\n\t<\/div>\r\n<\/div><\/div><\/div><\/div><\/div><div      class=\"vc_row wpb_row section vc_row-fluid  vc_custom_1522162784595 grid_section\" style=' text-align:center;'><div class=\" section_inner clearfix\"><div class='section_inner_margin clearfix'><div class=\"wpb_column vc_column_container vc_col-sm-12 vc_col-lg-12\"><div class=\"vc_column-inner\"><div class=\"wpb_wrapper\">\n\t<div class=\"wpb_text_column wpb_content_element \">\n\t\t<div class=\"wpb_wrapper\">\n\t\t\t<h1>\u00dcber uns<\/h1>\n\n\t\t<\/div> \n\t<\/div> \t<div class=\"vc_empty_space\"  style=\"height: 20px\" ><span\r\n\t\t\tclass=\"vc_empty_space_inner\">\r\n\t\t\t<span class=\"empty_space_image\"  ><\/span>\r\n\t\t<\/span><\/div>\r\n\n\n\t<div class=\"wpb_text_column wpb_content_element \">\n\t\t<div class=\"wpb_wrapper\">\n\t\t\t<h6>HNO-Arzt Frankfurt<\/h6>\n\n\t\t<\/div> \n\t<\/div> <\/div><\/div><\/div><\/div><\/div><\/div><div      class=\"vc_row wpb_row section vc_row-fluid  vc_custom_1652795709733 grid_section\" style=' text-align:left;'><div class=\" section_inner clearfix\"><div class='section_inner_margin clearfix'><div class=\"wpb_column vc_column_container vc_col-sm-12\"><div class=\"vc_column-inner\"><div class=\"wpb_wrapper\"><div      class=\"vc_row wpb_row section vc_row-fluid vc_inner  grid_section\" style=' text-align:left;'><div class=\" section_inner clearfix\"><div class='section_inner_margin clearfix'><div class=\"wpb_column vc_column_container vc_col-sm-6\"><div class=\"vc_column-inner\"><div class=\"wpb_wrapper\">\n\t<div class=\"wpb_text_column wpb_content_element \">\n\t\t<div class=\"wpb_wrapper\">\n\t\t\t<h3>Dr. med. Thomas Fischer<\/h3>\n\n\t\t<\/div> \n\t<\/div> \n\t<div class=\"wpb_text_column wpb_content_element \">\n\t\t<div class=\"wpb_wrapper\">\n\t\t\t<p><a href=\"\/dr-fischer\/\">HNO-Arzt<\/a> und Gr\u00fcnder der PRAXISKLINIK GOETHE10 \u2013 verbindet durch seinen beruflichen Werdegang die Bereiche Gesundheit und \u00c4sthetik. Neben seiner umfangreichen Ausbildung in der Hals-Nasen-Ohren-Heilkunde begann er fr\u00fch seine Spezialisierung auf dem Gebiet der plastischen und funktionell-plastischen Chirurgie der Nase und des Gesichts.<\/p>\n<p>Als ehemaliger kommissarischer Leiter einer Klinik f\u00fcr HNO-Krankheiten und Plastische Gesichtschirurgie wei\u00df er um die Notwendigkeit eines interdisziplin\u00e4ren Zusammenarbeitens zur Erlangung eines optimalen Behandlungsergebnisses.<\/p>\n\n\t\t<\/div> \n\t<\/div> \t<div class=\"vc_empty_space\"  style=\"height: 40px\" ><span\r\n\t\t\tclass=\"vc_empty_space_inner\">\r\n\t\t\t<span class=\"empty_space_image\"  ><\/span>\r\n\t\t<\/span><\/div>\r\n\n<\/div><\/div><\/div><div class=\"wpb_column vc_column_container vc_col-sm-6\"><div class=\"vc_column-inner\"><div class=\"wpb_wrapper\">\n\t<div class=\"wpb_text_column wpb_content_element \">\n\t\t<div class=\"wpb_wrapper\">\n\t\t\t<p>Diese Zusammenarbeit mit speziell f\u00fcr Ihr jeweiliges Bed\u00fcrfnis ausgew\u00e4hlten \u00e4sthetisch-dermatologisch sowie\u00a0\u00e4sthetisch-chirurgisch t\u00e4tigen Kollegen gew\u00e4hrt den gew\u00fcnschten hohen\u00a0Behandlungsanspruch.<\/p>\n<p>Die \u00dcberg\u00e4nge zwischen kosmetischen und medizinischen Behandlungen sind heutzutage fast flie\u00dfend. Innovativ kosmetische Produkte und Behandlungsverfahren erlauben au\u00dfergew\u00f6hnliche Effekte.<\/p>\n<p>Als ideal hat sich eine Kombination von sanften Korrekturen und\u00a0<a href=\"\/kosmetik-behandlung\/\">kosmetischen Behandlungen<\/a>\u00a0herausgestellt. Operative Ergebnisse und Heilungsprozesse werden durch kosmetische Behandlungen optimiert und beschleunigt.<\/p>\n\n\t\t<\/div> \n\t<\/div> \t<div class=\"vc_empty_space\"  style=\"height: 40px\" ><span\r\n\t\t\tclass=\"vc_empty_space_inner\">\r\n\t\t\t<span class=\"empty_space_image\"  ><\/span>\r\n\t\t<\/span><\/div>\r\n\n<\/div><\/div><\/div><\/div><\/div><\/div><\/div><\/div><\/div><\/div><\/div><\/div><div      class=\"vc_row wpb_row section vc_row-fluid  vc_custom_1652795716145\" style=' text-align:left;'><div class=\" full_section_inner clearfix\"><div class=\"wpb_column vc_column_container vc_col-sm-12\"><div class=\"vc_column-inner\"><div class=\"wpb_wrapper\"><div      class=\"vc_row wpb_row section vc_row-fluid vc_inner  grid_section\" style=' text-align:left;'><div class=\" section_inner clearfix\"><div class='section_inner_margin clearfix'><div class=\"wpb_column vc_column_container vc_col-sm-6\"><div class=\"vc_column-inner\"><div class=\"wpb_wrapper\">\n\t<div class=\"wpb_text_column wpb_content_element \">\n\t\t<div class=\"wpb_wrapper\">\n\t\t\t<h3>Unsere Praxis in der sch\u00f6nen Goethestra\u00dfe<\/h3>\n<p>Die Goethestra\u00dfe verl\u00e4uft vom Goetheplatz im Osten bis zum Opernplatz im Westen Frankfurts, parallel zur Neuen Rothofstra\u00dfe und der beliebten Fre\u00dfgass\u2018 (Gro\u00dfe Bockenheimer Stra\u00dfe), die mit ihren Delikatessen L\u00e4den, Restaurants und Caf\u00e9s begeistert.<\/p>\n<p>Grunds\u00e4tzlich gilt die Goethestra\u00dfe als erste Adresse f\u00fcr ein luxuri\u00f6ses Shopping-Erlebnis in Frankfurt. In der Einkaufsmeile finden sich exklusive Boutiquen, die die Trends von den Laufstegen der Welt in ihre L\u00e4den holen. In der Goethestra\u00dfe sind bekannte Labels wie Chanel, Louis Vuitton, Gucci, Herm\u00e8s oder Tiffany ans\u00e4ssig.<\/p>\n<p>Ein Blickfang ist der Eingang zur Goethestra\u00dfe: das Ensemble ONE Goetheplaza wurde vom bekannten Architekten und Stadtplaner Prof. Christoph M\u00e4ckler geschaffen.\u00a0In der wundersch\u00f6nen Frankfurter Goethestra\u00dfe haben wir unsere HNO-Praxis, die Praxisklinik Goethe10. Im selben Geb\u00e4ude finden Sie zudem die <a href=\"https:\/\/www.stonesmart-lounge.de\/\" target=\"_blank\" rel=\"noopener noreferrer\">Stonesmart Lounge<\/a>, ein exklusives Kosmetikstudio.<\/p>\n\n\t\t<\/div> \n\t<\/div> \t<div class=\"vc_empty_space\"  style=\"height: 40px\" ><span\r\n\t\t\tclass=\"vc_empty_space_inner\">\r\n\t\t\t<span class=\"empty_space_image\"  ><\/span>\r\n\t\t<\/span><\/div>\r\n\n<\/div><\/div><\/div><div class=\"wpb_column vc_column_container vc_col-sm-6\"><div class=\"vc_column-inner\"><div class=\"wpb_wrapper\">\n\t<div class=\"wpb_text_column wpb_content_element \">\n\t\t<div class=\"wpb_wrapper\">\n\t\t\t<h3>Was ist ein Hals-Nasen-Ohren-Arzt?<\/h3>\n<p>Ein HNO-Arzt ist ein hochspezialisierter Facharzt und besch\u00e4ftigt sich mit Erkrankungen der Ohren, Nase, Mundh\u00f6hle, des Rachens und Stimmapparats, weiterhin der oberen und unteren Atemwege sowie der Speiser\u00f6hre.<\/p>\n<p>Niedergelassene Allgemeinmediziner und Haus\u00e4rzte \u00fcberweisen ihre Patienten in manchen F\u00e4llen an einen HNO-Arzt zur weiterf\u00fchrenden Diagnostik oder Differentialdiagnostik. Wenn Sie Beschwerden im HNO-Trakt haben, k\u00f6nnen Sie auch direkt zu uns in die Praxis kommen.<\/p>\n<p>Dazu geh\u00f6ren beispielsweise Ohrenschmerzen, eine akute oder langsame H\u00f6rminderung, Ohrger\u00e4usche, Schwindel, Nasenatmungsbehinderungen, anhaltendes oder oft wiederkehrendes Nasenbluten und Schnarchen.<\/p>\n<p>Weiterhin k\u00f6nnen Sie sich an uns wenden bei unklaren Kopfschmerzen, Halsschmerzen, Schluckbeschwerden, Heiserkeit oder Halsschwellungen.<\/p>\n\n\t\t<\/div> \n\t<\/div> \t<div class=\"vc_empty_space\"  style=\"height: 40px\" ><span\r\n\t\t\tclass=\"vc_empty_space_inner\">\r\n\t\t\t<span class=\"empty_space_image\"  ><\/span>\r\n\t\t<\/span><\/div>\r\n\n<\/div><\/div><\/div><\/div><\/div><\/div><\/div><\/div><\/div><\/div><\/div><div      class=\"vc_row wpb_row section vc_row-fluid  vc_custom_1599043013504 grid_section\" style=' text-align:left;'><div class=\" section_inner clearfix\"><div class='section_inner_margin clearfix'><div class=\"wpb_column vc_column_container vc_col-sm-12\"><div class=\"vc_column-inner\"><div class=\"wpb_wrapper\"><div      class=\"vc_row wpb_row section vc_row-fluid vc_inner  vc_custom_1652795871296 grid_section\" style=' text-align:left;'><div class=\" section_inner clearfix\"><div class='section_inner_margin clearfix'><div class=\"wpb_column vc_column_container vc_col-sm-12\"><div class=\"vc_column-inner\"><div class=\"wpb_wrapper\">\n\t<div class=\"wpb_text_column wpb_content_element \">\n\t\t<div class=\"wpb_wrapper\">\n\t\t\t<h3>HNO Arzt Frankfurt:<br \/>\nAlles zum Thema Hals<\/h3>\n\n\t\t<\/div> \n\t<\/div> <\/div><\/div><\/div><div class=\"wpb_column vc_column_container vc_col-sm-6\"><div class=\"vc_column-inner\"><div class=\"wpb_wrapper\">\n\t<div class=\"wpb_text_column wpb_content_element \">\n\t\t<div class=\"wpb_wrapper\">\n\t\t\t<p>Kopf und Brustraum werden durch die anatomischen Strukturen des Halses miteinander verbunden. Er enth\u00e4lt neben seiner Muskulatur und dem Bindegewebe lebenswichtige Leitungsbahnen \u2013 darunter die Speiser\u00f6hre und Luftr\u00f6hre, die durch den Kehlkopf getrennt werden. In ihm befinden sich die Stimmb\u00e4nder. Unterhalb des Kehlkopfes ist die Schilddr\u00fcse angesiedelt. Im Hals liegen weiterhin die Halsschlagader, Teile des R\u00fcckenmarks, die Mandeln sowie zahlreiche Lymphgef\u00e4\u00dfe und Lymphknoten.<\/p>\n<p>H\u00e4ufige Beschwerden sind Halsschmerzen, die oft auf entz\u00fcndliche Prozesse zur\u00fcckgef\u00fchrt werden k\u00f6nnen (Erk\u00e4ltung, Mandelentz\u00fcndung, Entz\u00fcndung von Kehlkopf und\/oder Stimmb\u00e4ndern).\u00a0Dr. Thomas Fischer untersucht umfassend (z. B. mit der <a href=\"\/hno-endoskopie\/\">HNO-Endoskopie<\/a>) und hilft Ihnen mit einer passenden Therapie weiter, sodass Sie sich schnell wieder gut f\u00fchlen.<\/p>\n\n\t\t<\/div> \n\t<\/div> \t<div class=\"vc_empty_space\"  style=\"height: 40px\" ><span\r\n\t\t\tclass=\"vc_empty_space_inner\">\r\n\t\t\t<span class=\"empty_space_image\"  ><\/span>\r\n\t\t<\/span><\/div>\r\n\n<\/div><\/div><\/div><div class=\"wpb_column vc_column_container vc_col-sm-6\"><div class=\"vc_column-inner\"><div class=\"wpb_wrapper\">\r\n\t<div class=\"wpb_single_image wpb_content_element vc_align_left\">\r\n\t\t<div class=\"wpb_wrapper\">\r\n\t\t\t\r\n\t\t\t<a class=\"qode-prettyphoto qode-single-image-pretty-photo\" data-rel=\"prettyPhoto[rel-782-976228978]\" href=\"https:\/\/www.praxisklinik-goethe10.de\/wp-content\/uploads\/2020\/09\/0148_Bereich-Hals_01.jpg\" target=\"_self\"><div class=\"vc_single_image-wrapper   vc_box_border_grey\"><img loading=\"lazy\" decoding=\"async\" width=\"1000\" height=\"750\" src=\"https:\/\/www.praxisklinik-goethe10.de\/wp-content\/uploads\/2020\/09\/0148_Bereich-Hals_01.jpg\" class=\"vc_single_image-img attachment-full\" alt=\"HNO Arzt Frankfurt\" srcset=\"https:\/\/www.praxisklinik-goethe10.de\/wp-content\/uploads\/2020\/09\/0148_Bereich-Hals_01.jpg 1000w, https:\/\/www.praxisklinik-goethe10.de\/wp-content\/uploads\/2020\/09\/0148_Bereich-Hals_01-300x225.jpg 300w, https:\/\/www.praxisklinik-goethe10.de\/wp-content\/uploads\/2020\/09\/0148_Bereich-Hals_01-768x576.jpg 768w, https:\/\/www.praxisklinik-goethe10.de\/wp-content\/uploads\/2020\/09\/0148_Bereich-Hals_01-800x600.jpg 800w, https:\/\/www.praxisklinik-goethe10.de\/wp-content\/uploads\/2020\/09\/0148_Bereich-Hals_01-700x525.jpg 700w\" sizes=\"auto, (max-width: 1000px) 100vw, 1000px\" \/><\/div><\/a>\r\n\t\t<\/div>\r\n\t<\/div>\r\n\t<div class=\"vc_empty_space\"  style=\"height: 40px\" ><span\r\n\t\t\tclass=\"vc_empty_space_inner\">\r\n\t\t\t<span class=\"empty_space_image\"  ><\/span>\r\n\t\t<\/span><\/div>\r\n\n<\/div><\/div><\/div><\/div><\/div><\/div><div      class=\"vc_row wpb_row section vc_row-fluid vc_inner  vc_custom_1652795894653 grid_section\" style=' text-align:left;'><div class=\" section_inner clearfix\"><div class='section_inner_margin clearfix'><div class=\"wpb_column vc_column_container vc_col-sm-12\"><div class=\"vc_column-inner\"><div class=\"wpb_wrapper\">\n\t<div class=\"wpb_text_column wpb_content_element \">\n\t\t<div class=\"wpb_wrapper\">\n\t\t\t<h3>HNO Arzt Frankfurt:<br \/>\nAlles zum Thema Nase<\/h3>\n\n\t\t<\/div> \n\t<\/div> <\/div><\/div><\/div><div class=\"wpb_column vc_column_container vc_col-sm-6\"><div class=\"vc_column-inner\"><div class=\"wpb_wrapper\">\n\t<div class=\"wpb_text_column wpb_content_element \">\n\t\t<div class=\"wpb_wrapper\">\n\t\t\t<p>Die Nase geh\u00f6rt den oberen Atemwegen an. Ihre wesentliche Funktion dient der Atmung: Sie reguliert mit ihren anatomischen Strukturen den Atemstrom, erw\u00e4rmt die eingeatmete Luft, reinigt und befeuchtet sie. Dass die Nase auch als \u201eRiechorgan\u201c bezeichnet wird, deutet auf ihre weitere Zust\u00e4ndigkeit hin: den Geruchssinn. Dank ihm k\u00f6nnen wir wohlriechende D\u00fcfte wahrnehmen und uns an Aroma und Geschmack von leckerem Essen erfreuen. Wir k\u00f6nnen aber auch gewarnt werden, z. B. durch den Geruch von Feuer oder schlechtem Essen. Das war aber noch nicht alles! Die Nase spielt auch eine wichtige Rolle in der Sprachbildung, da sie als Resonanzraum dient.<\/p>\n<p>Es gibt viele Erkrankungen, die die Nase treffen k\u00f6nnen. Sie beginnen bei akuten Beschwerden, beispielsweise im Rahmen von Infekten, umfassen aber auch chronische Krankheiten. Manche Problematiken gehen mit angeborenen Fehlstellungen einher (z. B. Nasenscheidewandverkr\u00fcmmung), andere mit erworbenen Erkrankungen (z. B. Allergien, Nasenmuschelvergr\u00f6\u00dferung, chronische Nasennebenh\u00f6hlenentz\u00fcndung).<\/p>\n\n\t\t<\/div> \n\t<\/div> \t<div class=\"vc_empty_space\"  style=\"height: 40px\" ><span\r\n\t\t\tclass=\"vc_empty_space_inner\">\r\n\t\t\t<span class=\"empty_space_image\"  ><\/span>\r\n\t\t<\/span><\/div>\r\n\n<\/div><\/div><\/div><div class=\"wpb_column vc_column_container vc_col-sm-6\"><div class=\"vc_column-inner\"><div class=\"wpb_wrapper\">\r\n\t<div class=\"wpb_single_image wpb_content_element vc_align_left\">\r\n\t\t<div class=\"wpb_wrapper\">\r\n\t\t\t\r\n\t\t\t<a class=\"qode-prettyphoto qode-single-image-pretty-photo\" data-rel=\"prettyPhoto[rel-782-2069941434]\" href=\"https:\/\/www.praxisklinik-goethe10.de\/wp-content\/uploads\/2020\/09\/0148_Bereich-Nase_01.jpg\" target=\"_self\"><div class=\"vc_single_image-wrapper   vc_box_border_grey\"><img loading=\"lazy\" decoding=\"async\" width=\"1000\" height=\"750\" src=\"https:\/\/www.praxisklinik-goethe10.de\/wp-content\/uploads\/2020\/09\/0148_Bereich-Nase_01.jpg\" class=\"vc_single_image-img attachment-full\" alt=\"HNO Arzt Frankfurt\" srcset=\"https:\/\/www.praxisklinik-goethe10.de\/wp-content\/uploads\/2020\/09\/0148_Bereich-Nase_01.jpg 1000w, https:\/\/www.praxisklinik-goethe10.de\/wp-content\/uploads\/2020\/09\/0148_Bereich-Nase_01-300x225.jpg 300w, https:\/\/www.praxisklinik-goethe10.de\/wp-content\/uploads\/2020\/09\/0148_Bereich-Nase_01-768x576.jpg 768w, https:\/\/www.praxisklinik-goethe10.de\/wp-content\/uploads\/2020\/09\/0148_Bereich-Nase_01-800x600.jpg 800w, https:\/\/www.praxisklinik-goethe10.de\/wp-content\/uploads\/2020\/09\/0148_Bereich-Nase_01-700x525.jpg 700w\" sizes=\"auto, (max-width: 1000px) 100vw, 1000px\" \/><\/div><\/a>\r\n\t\t<\/div>\r\n\t<\/div>\r\n\t<div class=\"vc_empty_space\"  style=\"height: 40px\" ><span\r\n\t\t\tclass=\"vc_empty_space_inner\">\r\n\t\t\t<span class=\"empty_space_image\"  ><\/span>\r\n\t\t<\/span><\/div>\r\n\n<\/div><\/div><\/div><div class=\"wpb_column vc_column_container vc_col-sm-12\"><div class=\"vc_column-inner\"><div class=\"wpb_wrapper\">\n\t<div class=\"wpb_text_column wpb_content_element \">\n\t\t<div class=\"wpb_wrapper\">\n\t\t\t<p>Die Nase ist aber nicht einfach nur ein Organ, sondern auch ein pr\u00e4gnantes optisches Merkmal, das viel zur \u00c4sthetik eines Gesichtes beitr\u00e4gt. Ist die Nase proportional zu gro\u00df, zu lang, zu breit oder zu klein, steht sie schief oder hat einen H\u00f6cker, dann kann sich dies negativ auf die Optik des Patienten auswirken.<\/p>\n<p>Ein HNO-Arzt zu sein, umfasst nicht unbedingt nur medizinische Therapien. Als HNO-Chirurg f\u00fchrt Dr. Thomas Fischer in der <a href=\"https:\/\/www.praxisklinik-goethe10.de\/\">Praxisklinik Goethe10 in Frankfurt<\/a> auch <a href=\"\/nasenkorrektur-frankfurt\/\">plastische Nasenkorrekturen<\/a> durch.<\/p>\n\n\t\t<\/div> \n\t<\/div> \t<div class=\"vc_empty_space\"  style=\"height: 40px\" ><span\r\n\t\t\tclass=\"vc_empty_space_inner\">\r\n\t\t\t<span class=\"empty_space_image\"  ><\/span>\r\n\t\t<\/span><\/div>\r\n\n<\/div><\/div><\/div><\/div><\/div><\/div><div      class=\"vc_row wpb_row section vc_row-fluid vc_inner  vc_custom_1652795984315 grid_section\" style=' text-align:left;'><div class=\" section_inner clearfix\"><div class='section_inner_margin clearfix'><div class=\"wpb_column vc_column_container vc_col-sm-12\"><div class=\"vc_column-inner\"><div class=\"wpb_wrapper\">\n\t<div class=\"wpb_text_column wpb_content_element \">\n\t\t<div class=\"wpb_wrapper\">\n\t\t\t<h3>HNO-Arzt Frankfurt:<br \/>\nAlles zum Thema Ohren<\/h3>\n\n\t\t<\/div> \n\t<\/div> <\/div><\/div><\/div><div class=\"wpb_column vc_column_container vc_col-sm-6\"><div class=\"vc_column-inner\"><div class=\"wpb_wrapper\">\n\t<div class=\"wpb_text_column wpb_content_element \">\n\t\t<div class=\"wpb_wrapper\">\n\t\t\t<p>Unsere Ohren sind diejenigen Organe in unserem K\u00f6rper, mit denen wir Schall \u2013 also T\u00f6ne, Kl\u00e4nge und Ger\u00e4usche \u2013 wahrnehmen k\u00f6nnen. Diese Schallwellen, seien es Musik, Sprache oder andere Ger\u00e4usche, werden von der Ohrmuschel aufgefangen. Dann gelangen sie \u00fcber den Geh\u00f6rganz zum Trommelfell. Die drei Geh\u00f6rkn\u00f6chelchen Hammer, Amboss und Steigb\u00fcgel tragen die Schallwellen zum Innenohr. Hier liegen die Rezeptoren f\u00fcr das Geh\u00f6r, zudem auch das Gleichgewichtsorgan.<\/p>\n<p>Das Ohr ist eine sehr komplex gebaute anatomische Struktur, bei der es zu verschiedenen Krankheitsbildern kommen kann. Diese k\u00f6nnen mit Schmerzen, einer H\u00f6rminderung, Ohrger\u00e4uschen und Schwindel einhergehen.<\/p>\n<p>Dr. med. Thomas Fischer findet anhand verschiedener Methoden heraus, welche Erkrankung an Ihrem Ohr bzw. Ihren Ohren vorliegt und setzt die geeignete Therapie zur Behandlung fest.\u00a0Da die Ohren zudem die Optik des Gesichts pr\u00e4gen und zu dessen Attraktivit\u00e4t beitragen, kann Dr. Fischer als HNO-Chirurg auch Ohren anlegen, falls diese abstehen sollten (\u201eSegelohren\u201c).<\/p>\n\n\t\t<\/div> \n\t<\/div> \t<div class=\"vc_empty_space\"  style=\"height: 40px\" ><span\r\n\t\t\tclass=\"vc_empty_space_inner\">\r\n\t\t\t<span class=\"empty_space_image\"  ><\/span>\r\n\t\t<\/span><\/div>\r\n\n<\/div><\/div><\/div><div class=\"wpb_column vc_column_container vc_col-sm-6\"><div class=\"vc_column-inner\"><div class=\"wpb_wrapper\">\r\n\t<div class=\"wpb_single_image wpb_content_element vc_align_left\">\r\n\t\t<div class=\"wpb_wrapper\">\r\n\t\t\t\r\n\t\t\t<a class=\"qode-prettyphoto qode-single-image-pretty-photo\" data-rel=\"prettyPhoto[rel-782-759945889]\" href=\"https:\/\/www.praxisklinik-goethe10.de\/wp-content\/uploads\/2020\/09\/0148_Bereich-Ohr_01.jpg\" target=\"_self\"><div class=\"vc_single_image-wrapper   vc_box_border_grey\"><img loading=\"lazy\" decoding=\"async\" width=\"1000\" height=\"750\" src=\"https:\/\/www.praxisklinik-goethe10.de\/wp-content\/uploads\/2020\/09\/0148_Bereich-Ohr_01.jpg\" class=\"vc_single_image-img attachment-full\" alt=\"HNO Arzt Frankfurt\" srcset=\"https:\/\/www.praxisklinik-goethe10.de\/wp-content\/uploads\/2020\/09\/0148_Bereich-Ohr_01.jpg 1000w, https:\/\/www.praxisklinik-goethe10.de\/wp-content\/uploads\/2020\/09\/0148_Bereich-Ohr_01-300x225.jpg 300w, https:\/\/www.praxisklinik-goethe10.de\/wp-content\/uploads\/2020\/09\/0148_Bereich-Ohr_01-768x576.jpg 768w, https:\/\/www.praxisklinik-goethe10.de\/wp-content\/uploads\/2020\/09\/0148_Bereich-Ohr_01-800x600.jpg 800w, https:\/\/www.praxisklinik-goethe10.de\/wp-content\/uploads\/2020\/09\/0148_Bereich-Ohr_01-700x525.jpg 700w\" sizes=\"auto, (max-width: 1000px) 100vw, 1000px\" \/><\/div><\/a>\r\n\t\t<\/div>\r\n\t<\/div>\r\n\t<div class=\"vc_empty_space\"  style=\"height: 40px\" ><span\r\n\t\t\tclass=\"vc_empty_space_inner\">\r\n\t\t\t<span class=\"empty_space_image\"  ><\/span>\r\n\t\t<\/span><\/div>\r\n\n<\/div><\/div><\/div><\/div><\/div><\/div><\/div><\/div><\/div><\/div><\/div><\/div>\n","protected":false},"excerpt":{"rendered":"\u0646\u0628\u0630\u0629 \u0639\u0646\u0627 \u0637\u0628\u064a\u0628 \u0627\u0644\u0623\u0646\u0641 \u0648\u0627\u0644\u0623\u0630\u0646 \u0648\u0627\u0644\u062d\u0646\u062c\u0631\u0629 \u0628\u0641\u0631\u0627\u0646\u0643\u0641\u0648\u0631\u062a \u0627\u0644\u062f\u0643\u062a\u0648\u0631 \u062a\u0648\u0645\u0627\u0633 \u0641\u064a\u0634\u0631 \u0637\u0628\u064a\u0628 \u0627\u0644\u0623\u0646\u0641 \u0648\u0627\u0644\u0623\u0630\u0646 \u0648\u0627\u0644\u062d\u0646\u062c\u0631\u0629 \u0648\u0645\u0624\u0633\u0633 \u0634\u0631\u0643\u0629 \u0628\u0631\u0627\u0643\u0633\u064a\u0633\u0643\u0644\u064a\u0646\u064a\u0643 \u063a\u0648\u062a\u0647 10 - \u064a\u062c\u0645\u0639 \u0628\u064a\u0646 \u0645\u062c\u0627\u0644\u064a \u0627\u0644\u0635\u062d\u0629 \u0648\u0627\u0644\u062a\u062c\u0645\u064a\u0644 \u062e\u0644\u0627\u0644 \u0645\u0633\u064a\u0631\u062a\u0647 \u0627\u0644\u0645\u0647\u0646\u064a\u0629. \u0641\u0628\u0627\u0644\u0625\u0636\u0627\u0641\u0629 \u0625\u0644\u0649 \u062a\u062f\u0631\u064a\u0628\u0647 \u0627\u0644\u0645\u0643\u062b\u0641 \u0641\u064a \u0645\u062c\u0627\u0644 \u0637\u0628 \u0627\u0644\u0623\u0630\u0646 \u0648\u0627\u0644\u0623\u0646\u0641 \u0648\u0627\u0644\u062d\u0646\u062c\u0631\u0629\u060c \u0628\u062f\u0623 \u0627\u0644\u062a\u062e\u0635\u0635 \u0641\u064a \u0645\u062c\u0627\u0644 \u0627\u0644\u062c\u0631\u0627\u062d\u0629 \u0627\u0644\u062a\u062c\u0645\u064a\u0644\u064a\u0629 \u0648\u0627\u0644\u062a\u062c\u0645\u064a\u0644\u064a\u0629 \u0627\u0644\u0648\u0638\u064a\u0641\u064a\u0629 \u0641\u064a \u0645\u0631\u062d\u0644\u0629 \u0645\u0628\u0643\u0631\u0629...","protected":false},"author":1,"featured_media":428,"parent":0,"menu_order":0,"comment_status":"closed","ping_status":"closed","template":"full_width.php","meta":{"footnotes":""},"class_list":["post-782","page","type-page","status-publish","has-post-thumbnail","hentry"],"yoast_head":"<!-- This site is optimized with the Yoast SEO plugin v27.3 - https:\/\/yoast.com\/product\/yoast-seo-wordpress\/ -->\n<title>HNO Arzt Frankfurt | Dr. Thomas Fischer<\/title>\n<meta name=\"description\" content=\"HNO Arzt Frankfurt \u2713 Dr. med. Fischer, verbindet durch seinen beruflichen Werdegang die Bereiche Gesundheit und \u00c4sthetik.\" \/>\n<meta name=\"robots\" content=\"index, follow, max-snippet:-1, max-image-preview:large, max-video-preview:-1\" \/>\n<link rel=\"canonical\" href=\"https:\/\/www.praxisklinik-goethe10.de\/ar\/\u0623\u062e\u0635\u0627\u0626\u064a-\u0623\u0646\u0641-\u0648\u0623\u0630\u0646-\u0648\u062d\u0646\u062c\u0631\u0629-\u0641\u0631\u0627\u0646\u0643\u0641\u0648\u0631\u062a\/\" \/>\n<meta property=\"og:locale\" content=\"ar_AR\" \/>\n<meta property=\"og:type\" content=\"article\" \/>\n<meta property=\"og:title\" content=\"HNO Arzt Frankfurt | Dr. Thomas Fischer\" \/>\n<meta property=\"og:description\" content=\"HNO Arzt Frankfurt \u2713 Dr. med. Fischer, verbindet durch seinen beruflichen Werdegang die Bereiche Gesundheit und \u00c4sthetik.\" \/>\n<meta property=\"og:url\" content=\"https:\/\/www.praxisklinik-goethe10.de\/ar\/\u0623\u062e\u0635\u0627\u0626\u064a-\u0623\u0646\u0641-\u0648\u0623\u0630\u0646-\u0648\u062d\u0646\u062c\u0631\u0629-\u0641\u0631\u0627\u0646\u0643\u0641\u0648\u0631\u062a\/\" \/>\n<meta property=\"og:site_name\" content=\"HNO Frankfurt | Dr. Thomas Fischer\" \/>\n<meta property=\"article:modified_time\" content=\"2023-06-16T06:03:10+00:00\" \/>\n<meta property=\"og:image\" content=\"https:\/\/www.praxisklinik-goethe10.de\/wp-content\/uploads\/2018\/03\/ZB159-16.jpg\" \/>\n\t<meta property=\"og:image:width\" content=\"532\" \/>\n\t<meta property=\"og:image:height\" content=\"709\" \/>\n\t<meta property=\"og:image:type\" content=\"image\/jpeg\" \/>\n<meta name=\"twitter:card\" content=\"summary_large_image\" \/>\n<meta name=\"twitter:label1\" content=\"\u0648\u0642\u062a \u0627\u0644\u0642\u0631\u0627\u0621\u0629 \u0627\u0644\u0645\u064f\u0642\u062f\u0651\u0631\" \/>\n\t<meta name=\"twitter:data1\" content=\"6 \u062f\u0642\u0627\u0626\u0642\" \/>\n<script type=\"application\/ld+json\" class=\"yoast-schema-graph\">{\"@context\":\"https:\\\/\\\/schema.org\",\"@graph\":[{\"@type\":\"WebPage\",\"@id\":\"https:\\\/\\\/www.praxisklinik-goethe10.de\\\/hno-arzt-frankfurt\\\/\",\"url\":\"https:\\\/\\\/www.praxisklinik-goethe10.de\\\/hno-arzt-frankfurt\\\/\",\"name\":\"HNO Arzt Frankfurt | Dr. Thomas Fischer\",\"isPartOf\":{\"@id\":\"https:\\\/\\\/www.praxisklinik-goethe10.de\\\/#website\"},\"primaryImageOfPage\":{\"@id\":\"https:\\\/\\\/www.praxisklinik-goethe10.de\\\/hno-arzt-frankfurt\\\/#primaryimage\"},\"image\":{\"@id\":\"https:\\\/\\\/www.praxisklinik-goethe10.de\\\/hno-arzt-frankfurt\\\/#primaryimage\"},\"thumbnailUrl\":\"https:\\\/\\\/www.praxisklinik-goethe10.de\\\/wp-content\\\/uploads\\\/2018\\\/03\\\/ZB159-16.jpg\",\"datePublished\":\"2018-03-28T07:37:03+00:00\",\"dateModified\":\"2023-06-16T06:03:10+00:00\",\"description\":\"HNO Arzt Frankfurt \u2713 Dr. med. Fischer, verbindet durch seinen beruflichen Werdegang die Bereiche Gesundheit und \u00c4sthetik.\",\"breadcrumb\":{\"@id\":\"https:\\\/\\\/www.praxisklinik-goethe10.de\\\/hno-arzt-frankfurt\\\/#breadcrumb\"},\"inLanguage\":\"ar\",\"potentialAction\":[{\"@type\":\"ReadAction\",\"target\":[\"https:\\\/\\\/www.praxisklinik-goethe10.de\\\/hno-arzt-frankfurt\\\/\"]}]},{\"@type\":\"ImageObject\",\"inLanguage\":\"ar\",\"@id\":\"https:\\\/\\\/www.praxisklinik-goethe10.de\\\/hno-arzt-frankfurt\\\/#primaryimage\",\"url\":\"https:\\\/\\\/www.praxisklinik-goethe10.de\\\/wp-content\\\/uploads\\\/2018\\\/03\\\/ZB159-16.jpg\",\"contentUrl\":\"https:\\\/\\\/www.praxisklinik-goethe10.de\\\/wp-content\\\/uploads\\\/2018\\\/03\\\/ZB159-16.jpg\",\"width\":532,\"height\":709,\"caption\":\"HNO Arzt Frankfurt | Aknebehandlung Frankfurt\"},{\"@type\":\"BreadcrumbList\",\"@id\":\"https:\\\/\\\/www.praxisklinik-goethe10.de\\\/hno-arzt-frankfurt\\\/#breadcrumb\",\"itemListElement\":[{\"@type\":\"ListItem\",\"position\":1,\"name\":\"Startseite\",\"item\":\"https:\\\/\\\/www.praxisklinik-goethe10.de\\\/\"},{\"@type\":\"ListItem\",\"position\":2,\"name\":\"\u00dcber uns\"}]},{\"@type\":\"WebSite\",\"@id\":\"https:\\\/\\\/www.praxisklinik-goethe10.de\\\/#website\",\"url\":\"https:\\\/\\\/www.praxisklinik-goethe10.de\\\/\",\"name\":\"HNO Frankfurt | Dr. Thomas Fischer\",\"description\":\"HNO Arzt Frankfurt\",\"publisher\":{\"@id\":\"https:\\\/\\\/www.praxisklinik-goethe10.de\\\/#organization\"},\"potentialAction\":[{\"@type\":\"SearchAction\",\"target\":{\"@type\":\"EntryPoint\",\"urlTemplate\":\"https:\\\/\\\/www.praxisklinik-goethe10.de\\\/?s={search_term_string}\"},\"query-input\":{\"@type\":\"PropertyValueSpecification\",\"valueRequired\":true,\"valueName\":\"search_term_string\"}}],\"inLanguage\":\"ar\"},{\"@type\":\"Organization\",\"@id\":\"https:\\\/\\\/www.praxisklinik-goethe10.de\\\/#organization\",\"name\":\"Praxisklinik Goethe 10\",\"url\":\"https:\\\/\\\/www.praxisklinik-goethe10.de\\\/\",\"logo\":{\"@type\":\"ImageObject\",\"inLanguage\":\"ar\",\"@id\":\"https:\\\/\\\/www.praxisklinik-goethe10.de\\\/#\\\/schema\\\/logo\\\/image\\\/\",\"url\":\"https:\\\/\\\/www.praxisklinik-goethe10.de\\\/wp-content\\\/uploads\\\/2018\\\/03\\\/dr-fischer-hno-frankfurt-slider.png\",\"contentUrl\":\"https:\\\/\\\/www.praxisklinik-goethe10.de\\\/wp-content\\\/uploads\\\/2018\\\/03\\\/dr-fischer-hno-frankfurt-slider.png\",\"width\":400,\"height\":200,\"caption\":\"Praxisklinik Goethe 10\"},\"image\":{\"@id\":\"https:\\\/\\\/www.praxisklinik-goethe10.de\\\/#\\\/schema\\\/logo\\\/image\\\/\"}}]}<\/script>\n<!-- \/ Yoast SEO plugin. -->","yoast_head_json":{"title":"\u0637\u0628\u064a\u0628 \u0627\u0644\u0623\u0646\u0641 \u0648\u0627\u0644\u0623\u0630\u0646 \u0648\u0627\u0644\u062d\u0646\u062c\u0631\u0629 \u0641\u064a \u0641\u0631\u0627\u0646\u0643\u0641\u0648\u0631\u062a |\u0627\u0644\u062f\u0643\u062a\u0648\u0631 \u062a\u0648\u0645\u0627\u0633 \u0641\u064a\u0634\u0631","description":"\u064a\u062c\u0645\u0639 \u0637\u0628\u064a\u0628 \u0627\u0644\u0623\u0646\u0641 \u0648\u0627\u0644\u0623\u0630\u0646 \u0648\u0627\u0644\u062d\u0646\u062c\u0631\u0629 \u0641\u064a \u0641\u0631\u0627\u0646\u0643\u0641\u0648\u0631\u062a \u2713 \u0627\u0644\u062f\u0643\u062a\u0648\u0631 \u0641\u064a\u0634\u0631 \u0628\u064a\u0646 \u0645\u062c\u0627\u0644\u064a \u0627\u0644\u0635\u062d\u0629 \u0648\u0627\u0644\u062a\u062c\u0645\u064a\u0644 \u0645\u0646 \u062e\u0644\u0627\u0644 \u0645\u0633\u064a\u0631\u062a\u0647 \u0627\u0644\u0645\u0647\u0646\u064a\u0629.","robots":{"index":"index","follow":"follow","max-snippet":"max-snippet:-1","max-image-preview":"max-image-preview:large","max-video-preview":"max-video-preview:-1"},"canonical":"https:\/\/www.praxisklinik-goethe10.de\/ar\/\u0623\u062e\u0635\u0627\u0626\u064a-\u0623\u0646\u0641-\u0648\u0623\u0630\u0646-\u0648\u062d\u0646\u062c\u0631\u0629-\u0641\u0631\u0627\u0646\u0643\u0641\u0648\u0631\u062a\/","og_locale":"ar_AR","og_type":"article","og_title":"HNO Arzt Frankfurt | Dr. Thomas Fischer","og_description":"HNO Arzt Frankfurt \u2713 Dr. med. Fischer, verbindet durch seinen beruflichen Werdegang die Bereiche Gesundheit und \u00c4sthetik.","og_url":"https:\/\/www.praxisklinik-goethe10.de\/ar\/\u0623\u062e\u0635\u0627\u0626\u064a-\u0623\u0646\u0641-\u0648\u0623\u0630\u0646-\u0648\u062d\u0646\u062c\u0631\u0629-\u0641\u0631\u0627\u0646\u0643\u0641\u0648\u0631\u062a\/","og_site_name":"HNO Frankfurt | Dr. Thomas Fischer","article_modified_time":"2023-06-16T06:03:10+00:00","og_image":[{"width":532,"height":709,"url":"https:\/\/www.praxisklinik-goethe10.de\/wp-content\/uploads\/2018\/03\/ZB159-16.jpg","type":"image\/jpeg"}],"twitter_card":"summary_large_image","twitter_misc":{"\u0648\u0642\u062a \u0627\u0644\u0642\u0631\u0627\u0621\u0629 \u0627\u0644\u0645\u064f\u0642\u062f\u0651\u0631":"6 \u062f\u0642\u0627\u0626\u0642"},"schema":{"@context":"https:\/\/schema.org","@graph":[{"@type":"WebPage","@id":"https:\/\/www.praxisklinik-goethe10.de\/hno-arzt-frankfurt\/","url":"https:\/\/www.praxisklinik-goethe10.de\/hno-arzt-frankfurt\/","name":"\u0637\u0628\u064a\u0628 \u0627\u0644\u0623\u0646\u0641 \u0648\u0627\u0644\u0623\u0630\u0646 \u0648\u0627\u0644\u062d\u0646\u062c\u0631\u0629 \u0641\u064a \u0641\u0631\u0627\u0646\u0643\u0641\u0648\u0631\u062a |\u0627\u0644\u062f\u0643\u062a\u0648\u0631 \u062a\u0648\u0645\u0627\u0633 \u0641\u064a\u0634\u0631","isPartOf":{"@id":"https:\/\/www.praxisklinik-goethe10.de\/#website"},"primaryImageOfPage":{"@id":"https:\/\/www.praxisklinik-goethe10.de\/hno-arzt-frankfurt\/#primaryimage"},"image":{"@id":"https:\/\/www.praxisklinik-goethe10.de\/hno-arzt-frankfurt\/#primaryimage"},"thumbnailUrl":"https:\/\/www.praxisklinik-goethe10.de\/wp-content\/uploads\/2018\/03\/ZB159-16.jpg","datePublished":"2018-03-28T07:37:03+00:00","dateModified":"2023-06-16T06:03:10+00:00","description":"\u064a\u062c\u0645\u0639 \u0637\u0628\u064a\u0628 \u0627\u0644\u0623\u0646\u0641 \u0648\u0627\u0644\u0623\u0630\u0646 \u0648\u0627\u0644\u062d\u0646\u062c\u0631\u0629 \u0641\u064a \u0641\u0631\u0627\u0646\u0643\u0641\u0648\u0631\u062a \u2713 \u0627\u0644\u062f\u0643\u062a\u0648\u0631 \u0641\u064a\u0634\u0631 \u0628\u064a\u0646 \u0645\u062c\u0627\u0644\u064a \u0627\u0644\u0635\u062d\u0629 \u0648\u0627\u0644\u062a\u062c\u0645\u064a\u0644 \u0645\u0646 \u062e\u0644\u0627\u0644 \u0645\u0633\u064a\u0631\u062a\u0647 \u0627\u0644\u0645\u0647\u0646\u064a\u0629.","breadcrumb":{"@id":"https:\/\/www.praxisklinik-goethe10.de\/hno-arzt-frankfurt\/#breadcrumb"},"inLanguage":"ar","potentialAction":[{"@type":"ReadAction","target":["https:\/\/www.praxisklinik-goethe10.de\/hno-arzt-frankfurt\/"]}]},{"@type":"ImageObject","inLanguage":"ar","@id":"https:\/\/www.praxisklinik-goethe10.de\/hno-arzt-frankfurt\/#primaryimage","url":"https:\/\/www.praxisklinik-goethe10.de\/wp-content\/uploads\/2018\/03\/ZB159-16.jpg","contentUrl":"https:\/\/www.praxisklinik-goethe10.de\/wp-content\/uploads\/2018\/03\/ZB159-16.jpg","width":532,"height":709,"caption":"HNO Arzt Frankfurt | Aknebehandlung Frankfurt"},{"@type":"BreadcrumbList","@id":"https:\/\/www.praxisklinik-goethe10.de\/hno-arzt-frankfurt\/#breadcrumb","itemListElement":[{"@type":"ListItem","position":1,"name":"Startseite","item":"https:\/\/www.praxisklinik-goethe10.de\/"},{"@type":"ListItem","position":2,"name":"\u00dcber uns"}]},{"@type":"WebSite","@id":"https:\/\/www.praxisklinik-goethe10.de\/#website","url":"https:\/\/www.praxisklinik-goethe10.de\/","name":"\u0627\u0644\u0623\u0646\u0641 \u0648\u0627\u0644\u0623\u0630\u0646 \u0648\u0627\u0644\u062d\u0646\u062c\u0631\u0629 \u0641\u064a \u0641\u0631\u0627\u0646\u0643\u0641\u0648\u0631\u062a | \u062f. \u062a\u0648\u0645\u0627\u0633 \u0641\u064a\u0634\u0631","description":"\u0637\u0628\u064a\u0628 \u0627\u0644\u0623\u0646\u0641 \u0648\u0627\u0644\u0623\u0630\u0646 \u0648\u0627\u0644\u062d\u0646\u062c\u0631\u0629 \u0641\u0631\u0627\u0646\u0643\u0641\u0648\u0631\u062a","publisher":{"@id":"https:\/\/www.praxisklinik-goethe10.de\/#organization"},"potentialAction":[{"@type":"SearchAction","target":{"@type":"EntryPoint","urlTemplate":"https:\/\/www.praxisklinik-goethe10.de\/?s={search_term_string}"},"query-input":{"@type":"PropertyValueSpecification","valueRequired":true,"valueName":"search_term_string"}}],"inLanguage":"ar"},{"@type":"Organization","@id":"https:\/\/www.praxisklinik-goethe10.de\/#organization","name":"\u0639\u064a\u0627\u062f\u0629 \u062c\u0648\u062a\u0647 10","url":"https:\/\/www.praxisklinik-goethe10.de\/","logo":{"@type":"ImageObject","inLanguage":"ar","@id":"https:\/\/www.praxisklinik-goethe10.de\/#\/schema\/logo\/image\/","url":"https:\/\/www.praxisklinik-goethe10.de\/wp-content\/uploads\/2018\/03\/dr-fischer-hno-frankfurt-slider.png","contentUrl":"https:\/\/www.praxisklinik-goethe10.de\/wp-content\/uploads\/2018\/03\/dr-fischer-hno-frankfurt-slider.png","width":400,"height":200,"caption":"Praxisklinik Goethe 10"},"image":{"@id":"https:\/\/www.praxisklinik-goethe10.de\/#\/schema\/logo\/image\/"}}]}},"_links":{"self":[{"href":"https:\/\/www.praxisklinik-goethe10.de\/ar\/wp-json\/wp\/v2\/pages\/782","targetHints":{"allow":["GET"]}}],"collection":[{"href":"https:\/\/www.praxisklinik-goethe10.de\/ar\/wp-json\/wp\/v2\/pages"}],"about":[{"href":"https:\/\/www.praxisklinik-goethe10.de\/ar\/wp-json\/wp\/v2\/types\/page"}],"author":[{"embeddable":true,"href":"https:\/\/www.praxisklinik-goethe10.de\/ar\/wp-json\/wp\/v2\/users\/1"}],"replies":[{"embeddable":true,"href":"https:\/\/www.praxisklinik-goethe10.de\/ar\/wp-json\/wp\/v2\/comments?post=782"}],"version-history":[{"count":35,"href":"https:\/\/www.praxisklinik-goethe10.de\/ar\/wp-json\/wp\/v2\/pages\/782\/revisions"}],"predecessor-version":[{"id":2834,"href":"https:\/\/www.praxisklinik-goethe10.de\/ar\/wp-json\/wp\/v2\/pages\/782\/revisions\/2834"}],"wp:featuredmedia":[{"embeddable":true,"href":"https:\/\/www.praxisklinik-goethe10.de\/ar\/wp-json\/wp\/v2\/media\/428"}],"wp:attachment":[{"href":"https:\/\/www.praxisklinik-goethe10.de\/ar\/wp-json\/wp\/v2\/media?parent=782"}],"curies":[{"name":"\u062f\u0628\u0644\u064a\u0648 \u0628\u064a","href":"https:\/\/api.w.org\/{rel}","templated":true}]}}