{"id":1040,"date":"2018-06-04T12:01:00","date_gmt":"2018-06-04T10:01:00","guid":{"rendered":"https:\/\/praxisklinik-goethe10.de\/?page_id=1040"},"modified":"2025-06-06T14:06:44","modified_gmt":"2025-06-06T12:06:44","slug":"laserconchotomy-frankfurt","status":"publish","type":"page","link":"https:\/\/www.praxisklinik-goethe10.de\/en\/laserconchotomy-frankfurt\/","title":{"rendered":"Laser conchotomy"},"content":{"rendered":"<div      class=\"vc_row wpb_row section vc_row-fluid \" style=' text-align:left;'><div class=\" full_section_inner clearfix\"><div class=\"wpb_column vc_column_container vc_col-sm-12\"><div class=\"vc_column-inner\"><div class=\"wpb_wrapper\">\r\n\t<div class=\"wpb_single_image wpb_content_element vc_align_left\">\r\n\t\t<div class=\"wpb_wrapper\">\r\n\t\t\t\r\n\t\t\t<div class=\"vc_single_image-wrapper   vc_box_border_grey\"><img loading=\"lazy\" decoding=\"async\" class=\"vc_single_image-img \" src=\"https:\/\/www.praxisklinik-goethe10.de\/wp-content\/uploads\/2018\/04\/dr-fischer-frankfurt-hno-dr-fischer-1920x430.jpg\" width=\"1920\" height=\"430\" alt=\"HNO Arzt Frankfurt\" title=\"\" \/><\/div>\r\n\t\t<\/div>\r\n\t<\/div>\r\n<\/div><\/div><\/div><\/div><\/div><div      class=\"vc_row wpb_row section vc_row-fluid  vc_custom_1524653687403 grid_section\" style=' text-align:left;'><div class=\" section_inner clearfix\"><div class='section_inner_margin clearfix'><div class=\"wpb_column vc_column_container vc_col-sm-12 vc_col-lg-offset-0 vc_col-lg-12 vc_col-md-offset-0 vc_col-sm-offset-0\"><div class=\"vc_column-inner vc_custom_1524655072852\"><div class=\"wpb_wrapper\">\n\t<div class=\"wpb_text_column wpb_content_element \">\n\t\t<div class=\"wpb_wrapper\">\n\t\t\t<h1 style=\"text-align: center;\">Laserconchotomie Frankfurt<\/h1>\n\n\t\t<\/div> \n\t<\/div> \t<div class=\"vc_empty_space\"  style=\"height: 20px\" ><span\r\n\t\t\tclass=\"vc_empty_space_inner\">\r\n\t\t\t<span class=\"empty_space_image\"  ><\/span>\r\n\t\t<\/span><\/div>\r\n\n\n\t<div class=\"wpb_text_column wpb_content_element \">\n\t\t<div class=\"wpb_wrapper\">\n\t\t\t<h6 style=\"text-align: center;\">Bei der Laserconchotomie handelt es sich um ein operatives Verfahren zur Reduktion einer vergr\u00f6\u00dferten Nasenmuschel mit Hilfe eines speziellen Lasers.<\/h6>\n\n\t\t<\/div> \n\t<\/div> <div      class=\"vc_row wpb_row section vc_row-fluid vc_inner  vc_custom_1522053955096 grid_section\" style=' text-align:left;'><div class=\" section_inner clearfix\"><div class='section_inner_margin clearfix'><div class=\"wpb_column vc_column_container vc_col-sm-6\"><div class=\"vc_column-inner\"><div class=\"wpb_wrapper\">\n\t<div class=\"wpb_text_column wpb_content_element \">\n\t\t<div class=\"wpb_wrapper\">\n\t\t\t<h3>Laserconchotomie<\/h3>\n<p>Bei der Laserconchotomie (Laser- Muschelreduktion, Laser- Muschelverkleinerung, Laser-Nasenmuschelverkleinerung) handelt es sich um ein operatives Verfahren zur Reduktion einer vergr\u00f6\u00dferten <a href=\"https:\/\/de.wikipedia.org\/wiki\/Nasenh%C3%B6hle\" target=\"_blank\" rel=\"noopener noreferrer\">Nasenmuschel<\/a> mit Hilfe eines speziellen Lasers. Durch das An &#8211; und Abschwellen der Nasenmuschel und die Form der Nasenscheidewand wird die Menge der eingeatmeten Luft geregelt. Die Atemluft wird temperiert, angefeuchtet und gefiltert. Sind die Nasenmuscheln durch <strong>Nasentropfenabh\u00e4ngigkeit<\/strong>, <strong>chronische Entz\u00fcndungen<\/strong> oder <strong>Allergien<\/strong> vergr\u00f6\u00dfert oder ist die Nasenscheidewand verbogen, kommt es zu einer Nasenatmungsbehinderung. Die allgemeine Leistungsf\u00e4higkeit ist deutlich herabgesetzt.<\/p>\n<p>Weiterhin kann es durch die behinderte Nasenatmung zu Erkrankungen der Nasennebenh\u00f6hlen, des Rachens, der Bronchien und der Ohren, sowie zu schlafbezogenen Atmungsst\u00f6rungen kommen.<\/p>\n\n\t\t<\/div> \n\t<\/div> \t<div class=\"vc_empty_space\"  style=\"height: 20px\" ><span\r\n\t\t\tclass=\"vc_empty_space_inner\">\r\n\t\t\t<span class=\"empty_space_image\"  ><\/span>\r\n\t\t<\/span><\/div>\r\n\n<\/div><\/div><\/div><div class=\"wpb_column vc_column_container vc_col-sm-6\"><div class=\"vc_column-inner\"><div class=\"wpb_wrapper\">\r\n\t<div class=\"wpb_single_image wpb_content_element vc_align_left\">\r\n\t\t<div class=\"wpb_wrapper\">\r\n\t\t\t\r\n\t\t\t<a class=\"qode-prettyphoto qode-single-image-pretty-photo\" data-rel=\"prettyPhoto[rel-1040-121628863]\" href=\"https:\/\/www.praxisklinik-goethe10.de\/wp-content\/uploads\/2020\/09\/0148_Bereich-Laserconchotomie_01.jpg\" target=\"_self\"><div class=\"vc_single_image-wrapper   vc_box_border_grey\"><img loading=\"lazy\" decoding=\"async\" width=\"1000\" height=\"750\" src=\"https:\/\/www.praxisklinik-goethe10.de\/wp-content\/uploads\/2020\/09\/0148_Bereich-Laserconchotomie_01.jpg\" class=\"vc_single_image-img attachment-full\" alt=\"Laserconchotomie Frankfurt\" srcset=\"https:\/\/www.praxisklinik-goethe10.de\/wp-content\/uploads\/2020\/09\/0148_Bereich-Laserconchotomie_01.jpg 1000w, https:\/\/www.praxisklinik-goethe10.de\/wp-content\/uploads\/2020\/09\/0148_Bereich-Laserconchotomie_01-300x225.jpg 300w, https:\/\/www.praxisklinik-goethe10.de\/wp-content\/uploads\/2020\/09\/0148_Bereich-Laserconchotomie_01-768x576.jpg 768w, https:\/\/www.praxisklinik-goethe10.de\/wp-content\/uploads\/2020\/09\/0148_Bereich-Laserconchotomie_01-800x600.jpg 800w, https:\/\/www.praxisklinik-goethe10.de\/wp-content\/uploads\/2020\/09\/0148_Bereich-Laserconchotomie_01-700x525.jpg 700w\" sizes=\"auto, (max-width: 1000px) 100vw, 1000px\" \/><\/div><\/a>\r\n\t\t<\/div>\r\n\t<\/div>\r\n\t<div class=\"vc_empty_space\"  style=\"height: 40px\" ><span\r\n\t\t\tclass=\"vc_empty_space_inner\">\r\n\t\t\t<span class=\"empty_space_image\"  ><\/span>\r\n\t\t<\/span><\/div>\r\n\n<\/div><\/div><\/div><div class=\"wpb_column vc_column_container vc_col-sm-12\"><div class=\"vc_column-inner\"><div class=\"wpb_wrapper\"><\/div><\/div><\/div><div class=\"wpb_column vc_column_container vc_col-sm-6\"><div class=\"vc_column-inner\"><div class=\"wpb_wrapper\">\n\t<div class=\"wpb_text_column wpb_content_element \">\n\t\t<div class=\"wpb_wrapper\">\n\t\t\t<h4>Vorteile<\/h4>\n<ul>\n<li>Gewebeschonender Eingriff<\/li>\n<li>Ambulant in \u00f6rtlicher Bet\u00e4ubung<\/li>\n<li>Schmerzarm, schnelle Heilung<\/li>\n<\/ul>\n\n\t\t<\/div> \n\t<\/div> \t<div class=\"vc_empty_space\"  style=\"height: 40px\" ><span\r\n\t\t\tclass=\"vc_empty_space_inner\">\r\n\t\t\t<span class=\"empty_space_image\"  ><\/span>\r\n\t\t<\/span><\/div>\r\n\n\n\t<div class=\"wpb_text_column wpb_content_element \">\n\t\t<div class=\"wpb_wrapper\">\n\t\t\t<h4>Das Verfahren<\/h4>\n<p>Die Laserconchotomie erfolgt als ambulanter Eingriff in \u00f6rtlicher Bet\u00e4ubung.<\/p>\n<p>Bei der Durchf\u00fchrung des Verfahrens kommt in unserer Praxis ein Diodenlaser zum Einsatz. In einer klinischen Studie konnte gezeigt werden, dass sich mit Hilfe des Lasers eine Erfolgswahrscheinlichkeit in der Behandlung einer Muschelhyperplasie von 80 Prozent erreichen l\u00e4sst. Mit Hilfe des Laserstrahls, dessen Wellenl\u00e4nge im Bereich von 980 nm und somit im Infrarotbereich liegt, k\u00f6nnen die Nasenmuscheln elegant und fast v\u00f6llig schmerzfrei verkleinert werden.<\/p>\n<p>Als signifikanter Vorteil dieses Verfahrens gegen\u00fcber der konventionellen Conchotomie ist zu nennen, dass der Lasereinsatz zu einer nahezu unblutigen Operation f\u00fchrt, welches auch das Risiko von Nachblutungen deutlich senken kann. Des Weiteren handelt es sich bei diesem Verfahren um ein deutlich schonenderes Verfahren, sodass die Regenerationszeit des Patienten nach dem Eingriff verh\u00e4ltnism\u00e4\u00dfig kurz ist.<\/p>\n\n\t\t<\/div> \n\t<\/div> \t<div class=\"vc_empty_space\"  style=\"height: 40px\" ><span\r\n\t\t\tclass=\"vc_empty_space_inner\">\r\n\t\t\t<span class=\"empty_space_image\"  ><\/span>\r\n\t\t<\/span><\/div>\r\n\n<\/div><\/div><\/div><div class=\"wpb_column vc_column_container vc_col-sm-6\"><div class=\"vc_column-inner\"><div class=\"wpb_wrapper\">\n\t<div class=\"wpb_text_column wpb_content_element \">\n\t\t<div class=\"wpb_wrapper\">\n\t\t\t<h4>Ihr Nutzen<\/h4>\n<p>Die Lasertherapie erm\u00f6glicht eine erfolgreiche Behandlung der Nasenatmungsbehinderung auf Basis modernster medizinischer Erkenntnisse. Die Laserbehandlung der Nasenmuscheln bewirkt im Gewebe eine gezielte Schrumpfung und Vernarbung, sodass die Nasenmuscheln nicht mehr anschwellen k\u00f6nnen und die Nasenatmung frei bleibt. Sie f\u00fchrt dadurch zu dem gleichen Effekt wie die Anwendung von Nasentropfen ohne deren nachteilige Wirkung.<\/p>\n\n\t\t<\/div> \n\t<\/div> \t<div class=\"vc_empty_space\"  style=\"height: 40px\" ><span\r\n\t\t\tclass=\"vc_empty_space_inner\">\r\n\t\t\t<span class=\"empty_space_image\"  ><\/span>\r\n\t\t<\/span><\/div>\r\n\n\n\t<div class=\"wpb_text_column wpb_content_element \">\n\t\t<div class=\"wpb_wrapper\">\n\t\t\t<h4>Vor der Operation<\/h4>\n<p>Obwohl die Laserconchotomie ein geringes Nachblutungsrisiko auf Grund der parallel zum Schnitt verlaufenden Ver\u00f6dung der Blutgef\u00e4\u00dfe hat, ist es trotzdem notwendig, wenige Tage vor dem chirurgischen Eingriff die blutungshemmenden Medikamente wie Marcumar oder Acetylsalicyls\u00e4ure (ASS) abzusetzen. Durch das kurzzeitige Aussetzen der Medikamenteneinnahme wird das Risiko f\u00fcr Nachblutungen deutlich minimiert, ohne dass eine signifikante Risikozunahme f\u00fcr den Patienten besteht.<\/p>\n\n\t\t<\/div> \n\t<\/div> \t<div class=\"vc_empty_space\"  style=\"height: 40px\" ><span\r\n\t\t\tclass=\"vc_empty_space_inner\">\r\n\t\t\t<span class=\"empty_space_image\"  ><\/span>\r\n\t\t<\/span><\/div>\r\n\n\n\t<div class=\"wpb_text_column wpb_content_element \">\n\t\t<div class=\"wpb_wrapper\">\n\t\t\t<h4>Nach der Operation<\/h4>\n<p>Da nach der Operation keine Nasentamponaden benutzt werden, ist die Anwendung spezieller Sprays unabdingbar. Durch die Anwendung dieser Pr\u00e4parate im Bereich der Vernarbung konnte nach einigen Monaten sogar eine Regeneration des respiratorischen Epithels histologisch (mikroskopisch) nachgewiesen werden.<\/p>\n\n\t\t<\/div> \n\t<\/div> \t<div class=\"vc_empty_space\"  style=\"height: 40px\" ><span\r\n\t\t\tclass=\"vc_empty_space_inner\">\r\n\t\t\t<span class=\"empty_space_image\"  ><\/span>\r\n\t\t<\/span><\/div>\r\n\n<\/div><\/div><\/div><\/div><\/div><\/div><\/div><\/div><\/div><\/div><\/div><\/div><div      class=\"vc_row wpb_row section vc_row-fluid  vc_custom_1525333561083 grid_section disable_negative_margin\" style=' text-align:center;'><div class=\" section_inner clearfix\"><div class='section_inner_margin clearfix'><div class=\"wpb_column vc_column_container vc_col-sm-12\"><div class=\"vc_column-inner\"><div class=\"wpb_wrapper\">\t<div class=\"vc_empty_space\"  style=\"height: 40px\" ><span\r\n\t\t\tclass=\"vc_empty_space_inner\">\r\n\t\t\t<span class=\"empty_space_image\"  ><\/span>\r\n\t\t<\/span><\/div>\r\n\n\n\t<div class=\"wpb_text_column wpb_content_element \">\n\t\t<div class=\"wpb_wrapper\">\n\t\t\t<h3 style=\"text-align: center;\"><span style=\"color: #ffffff;\">Haben Sie Fragen zur Laserconchotomie oder m\u00f6chten einen Beratungstermin vereinbaren?<\/span><\/h3>\n\n\t\t<\/div> \n\t<\/div> \t<div class=\"vc_empty_space\"  style=\"height: 20px\" ><span\r\n\t\t\tclass=\"vc_empty_space_inner\">\r\n\t\t\t<span class=\"empty_space_image\"  ><\/span>\r\n\t\t<\/span><\/div>\r\n\n<a  itemprop=\"url\" href=\"https:\/\/www.doctolib.de\/praxis\/frankfurt-am-main\/praxisklinik-goethe10\" target=\"_blank\"  class=\"qbutton  medium default\" style=\"\">Jetzt Termin buchen!<i class=\"qode_icon_font_awesome fa fa-angle-double-right qode_button_icon_element\" style=\"\" ><\/i><\/a>\t<div class=\"vc_empty_space\"  style=\"height: 40px\" ><span\r\n\t\t\tclass=\"vc_empty_space_inner\">\r\n\t\t\t<span class=\"empty_space_image\"  ><\/span>\r\n\t\t<\/span><\/div>\r\n\n<\/div><\/div><\/div><\/div><\/div><\/div><div      class=\"vc_row wpb_row section vc_row-fluid  vc_custom_1681997630702 grid_section\" style=' text-align:left;'><div class=\" section_inner clearfix\"><div class='section_inner_margin clearfix'><div class=\"wpb_column vc_column_container vc_col-sm-12 vc_col-lg-offset-0 vc_col-lg-12 vc_col-md-offset-0 vc_col-sm-offset-0\"><div class=\"vc_column-inner vc_custom_1524655096652\"><div class=\"wpb_wrapper\">\n\t<div class=\"wpb_text_column wpb_content_element \">\n\t\t<div class=\"wpb_wrapper\">\n\t\t\t<h2 style=\"text-align: center;\">H\u00e4ufige Fragen zur Laserconchotomie<\/h2>\n\n\t\t<\/div> \n\t<\/div> \t<div class=\"vc_empty_space\"  style=\"height: 10px\" ><span\r\n\t\t\tclass=\"vc_empty_space_inner\">\r\n\t\t\t<span class=\"empty_space_image\"  ><\/span>\r\n\t\t<\/span><\/div>\r\n\n\n\t<div class=\"wpb_text_column wpb_content_element \">\n\t\t<div class=\"wpb_wrapper\">\n\t\t\t<h6 style=\"text-align: center;\">Wer mit der Gr\u00f6\u00dfe seiner Nasenmuschel unzufrieden ist und eine Laserconchotomie in Betracht zieht, hat viele Fragen. Die h\u00e4ufigsten haben wir in diesem FAQ-Bereich zusammengetragen. Bitte beachten Sie, dass es sich hierbei um allgemeine Ratschl\u00e4ge und Informationen handelt. Sollten Sie dar\u00fcber hinaus noch weitere Fragen haben, k\u00f6nnen Sie uns gerne telefonisch unter 069 \/ 299 2466-0 oder per Mail kontaktieren.<\/h6>\n\n\t\t<\/div> \n\t<\/div> \t<div class=\"vc_empty_space\"  style=\"height: 40px\" ><span\r\n\t\t\tclass=\"vc_empty_space_inner\">\r\n\t\t\t<span class=\"empty_space_image\"  ><\/span>\r\n\t\t<\/span><\/div>\r\n\n<div class=\"qode-accordion-holder clearfix qode-toggle qode-initial \">\r\n\t<h4 class=\"clearfix qode-title-holder\">\r\n<span class=\"qode-tab-title\">\r\n\t    <span class=\"qode-tab-title-inner\">\r\n        Was sind Nasenmuscheln?    <\/span>\r\n<\/span>\r\n<span class=\"qode-accordion-mark\">\r\n    <span class=\"qode-accordion-mark-icon\">\r\n        <span class=\"icon_plus\"><\/span>\r\n        <span class=\"icon_minus-06\"><\/span>\r\n    <\/span>\r\n<\/span>\r\n<\/h4>\r\n<div  class=\"qode-accordion-content \" >\r\n    <div class=\"qode-accordion-content-inner\">\r\n        \n\t<div class=\"wpb_text_column wpb_content_element \">\n\t\t<div class=\"wpb_wrapper\">\n\t\t\t<p>Die Nasenl\u00f6cher gelten als zwei \u00e4u\u00dfere Eing\u00e4nge in die linke und die rechte Nasenh\u00f6hle. In ihrem Inneren ragen von der Seite her pro Nasenloch drei Nasenmuscheln in die Nasenh\u00f6hle hinein \u2013 und zwar die oberen, mittleren und unteren. Sie bestehen aus d\u00fcnnen Knochenplatten und sind mit Schleimhaut \u00fcberzogen. Dazwischen liegt der sogenannte Schwellk\u00f6rper, der sich aus einem dicht verzweigten Netz aus feinsten Blutgef\u00e4\u00dfen zusammensetzt.<\/p>\n\n\t\t<\/div> \n\t<\/div>     <\/div>\r\n<\/div><h4 class=\"clearfix qode-title-holder\">\r\n<span class=\"qode-tab-title\">\r\n\t    <span class=\"qode-tab-title-inner\">\r\n        Welche Aufgabe haben die Nasenmuscheln?    <\/span>\r\n<\/span>\r\n<span class=\"qode-accordion-mark\">\r\n    <span class=\"qode-accordion-mark-icon\">\r\n        <span class=\"icon_plus\"><\/span>\r\n        <span class=\"icon_minus-06\"><\/span>\r\n    <\/span>\r\n<\/span>\r\n<\/h4>\r\n<div  class=\"qode-accordion-content \" >\r\n    <div class=\"qode-accordion-content-inner\">\r\n        \n\t<div class=\"wpb_text_column wpb_content_element \">\n\t\t<div class=\"wpb_wrapper\">\n\t\t\t<p>Die Hauptaufgabe der Nasenmuscheln liegt darin, die Atemluft zu erw\u00e4rmen, sie zu befeuchten und von Schmutzpartikeln sowie Keimen zu reinigen. Dazu nutzen sie kleine H\u00e4rchen.<\/p>\n<p>Ist die Atmung normal und ruhig, dann sind die Nasenmuscheln st\u00e4rker durchblutet und dehnen sich aus. Wenn schnell mehr Luft durch die Nase str\u00f6men muss \u2013 z. B. beim Sport oder bei k\u00f6rperlicher Arbeit \u2013 dann f\u00e4hrt der K\u00f6rper ihre Durchblutung herunter. Auf diese Weise ziehen sich die Nasenmuscheln zusammen.<\/p>\n<p>Durch die Anpassung an die jeweilige Situation k\u00f6nnen die Nasenmuscheln die eingeatmete Luft im Regelfall stets optimal erw\u00e4rmen, filtern und anfeuchten.<\/p>\n\n\t\t<\/div> \n\t<\/div>     <\/div>\r\n<\/div><h4 class=\"clearfix qode-title-holder\">\r\n<span class=\"qode-tab-title\">\r\n\t    <span class=\"qode-tab-title-inner\">\r\n        Was ist eine krankhafte Nasenmuschelvergr\u00f6\u00dferung?    <\/span>\r\n<\/span>\r\n<span class=\"qode-accordion-mark\">\r\n    <span class=\"qode-accordion-mark-icon\">\r\n        <span class=\"icon_plus\"><\/span>\r\n        <span class=\"icon_minus-06\"><\/span>\r\n    <\/span>\r\n<\/span>\r\n<\/h4>\r\n<div  class=\"qode-accordion-content \" >\r\n    <div class=\"qode-accordion-content-inner\">\r\n        \n\t<div class=\"wpb_text_column wpb_content_element \">\n\t\t<div class=\"wpb_wrapper\">\n\t\t\t<p>\u201eGesunde\u201c Nasenmuscheln erweitern sich im Ruhezustand und ziehen sich bei k\u00f6rperlicher Anstrengung zusammen. Bei einigen Patienten kommt es jedoch vor, dass die Nasenmuscheln permanent vergr\u00f6\u00dfert sind. Dies erschwert die Atmung und kann unterschiedliche Beschwerden mit sich bringen.<\/p>\n\n\t\t<\/div> \n\t<\/div>     <\/div>\r\n<\/div><h4 class=\"clearfix qode-title-holder\">\r\n<span class=\"qode-tab-title\">\r\n\t    <span class=\"qode-tab-title-inner\">\r\n        Welche Symptome hat eine Nasenmuschelvergr\u00f6\u00dferung?    <\/span>\r\n<\/span>\r\n<span class=\"qode-accordion-mark\">\r\n    <span class=\"qode-accordion-mark-icon\">\r\n        <span class=\"icon_plus\"><\/span>\r\n        <span class=\"icon_minus-06\"><\/span>\r\n    <\/span>\r\n<\/span>\r\n<\/h4>\r\n<div  class=\"qode-accordion-content \" >\r\n    <div class=\"qode-accordion-content-inner\">\r\n        \n\t<div class=\"wpb_text_column wpb_content_element \">\n\t\t<div class=\"wpb_wrapper\">\n\t\t\t<p>Patienten, die unter einer sog. Nasenmuschelhyperplasie leiden, zeigen vielerlei Symptome. Meist sind die unteren Nasenmuscheln betroffen. An dieser Stelle ist eine Nasenmuschelvergr\u00f6\u00dferung insofern unangenehm, da unter ihnen der Nasengang liegt. Dieser stellt die Verbindung zu den Atemwegen her. Die Folge: Die betroffenen Patienten haben das Gef\u00fchl, ihre Nase sei permanent verstopft. Sie haben Probleme beim Atmen und k\u00f6nnen \u2013 beispielsweise bei einem trockenen Raumklima \u2013 nicht richtig Luft holen.<\/p>\n<p>Die Problematik verst\u00e4rkt sich h\u00e4ufig im Liegen, da die Nasenmuscheln in dieser Position st\u00e4rker durchblutet werden und folglich weiter anschwellen. Also m\u00fcssen die Patienten verst\u00e4rkt durch den Mund atmen. Das trocknet die Schleimh\u00e4ute aus. Sprechen, Essen und Trinken k\u00f6nnen erschwert sein. Weiterhin kann es vermehrt zu Nasenbluten kommen. Da die eingeatmete Luft nicht ordnungsgem\u00e4\u00df gereinigt werden kann, ist auch die Infektanf\u00e4lligkeit erh\u00f6ht. Bel\u00fcftungsst\u00f6rungen der Mittelohren, die mit einem Druckgef\u00fchl, gelegentlichem Rauschen, Schmerzen im Ohr sowie knackenden und klickenden Ger\u00e4uschen einhergehen k\u00f6nnen, sind oft weitere Symptome einer Nasenmuschelhyperplasie. <a href=\"\/schlafapnoe-screening-frankfurt\/\">Schnarchen<\/a> in der Nacht kann in manchen F\u00e4llen ebenfalls auf eine Nasenmuschelvergr\u00f6\u00dferung zur\u00fcckgef\u00fchrt werden.<\/p>\n\n\t\t<\/div> \n\t<\/div>     <\/div>\r\n<\/div><h4 class=\"clearfix qode-title-holder\">\r\n<span class=\"qode-tab-title\">\r\n\t    <span class=\"qode-tab-title-inner\">\r\n        Welche Ausl\u00f6ser gibt es f\u00fcr eine krankhafte Nasenmuschelvergr\u00f6\u00dferung?    <\/span>\r\n<\/span>\r\n<span class=\"qode-accordion-mark\">\r\n    <span class=\"qode-accordion-mark-icon\">\r\n        <span class=\"icon_plus\"><\/span>\r\n        <span class=\"icon_minus-06\"><\/span>\r\n    <\/span>\r\n<\/span>\r\n<\/h4>\r\n<div  class=\"qode-accordion-content \" >\r\n    <div class=\"qode-accordion-content-inner\">\r\n        \n\t<div class=\"wpb_text_column wpb_content_element \">\n\t\t<div class=\"wpb_wrapper\">\n\t\t\t<p>Permanent stark geschwollene Nasenmuscheln haben ihre Ursachen meist in einer \u00fcberstarken Reaktion der Nasenschleimhaut auf bestimmte Reize (nasale Hyperreaktivit\u00e4t).<\/p>\n<p>Folgende Faktoren k\u00f6nnen zu dauerhaft vergr\u00f6\u00dferten Nasenmuscheln f\u00fchren:<\/p>\n<ul>\n<li>Chronische <a href=\"\/nasennebenhoehlen-op\/\">Nasennebenh\u00f6hlenentz\u00fcndung<\/a><\/li>\n<li><a href=\"\/nasenscheidewand-op\/\">Nasenscheidewandverkr\u00fcmmung<\/a><\/li>\n<li><a href=\"\/welche-folgen-bei-nasenspraysucht\/\">\u201eNasenspraysucht\u201c<\/a> \u2013 also ein langfristiger Gebrauch von abschwellenden Nasentropfen oder Nasensprays<\/li>\n<li><a href=\"\/allergie-behandlung-frankfurt\/\">Allergien<\/a><\/li>\n<li>Schadstoffe in der Luft<\/li>\n<li>Zu trockene Wohn- und Arbeitsbereiche (z. B. klimatisierte R\u00e4ume)<\/li>\n<li>Nebenwirkungen von Medikamenten<\/li>\n<li>Hormonelle Ver\u00e4nderungen z. B. w\u00e4hrend der Schwangerschaft<\/li>\n<\/ul>\n\n\t\t<\/div> \n\t<\/div>     <\/div>\r\n<\/div><h4 class=\"clearfix qode-title-holder\">\r\n<span class=\"qode-tab-title\">\r\n\t    <span class=\"qode-tab-title-inner\">\r\n        Wie l\u00e4sst sich eine Nasenmuschelvergr\u00f6\u00dferung feststellen?    <\/span>\r\n<\/span>\r\n<span class=\"qode-accordion-mark\">\r\n    <span class=\"qode-accordion-mark-icon\">\r\n        <span class=\"icon_plus\"><\/span>\r\n        <span class=\"icon_minus-06\"><\/span>\r\n    <\/span>\r\n<\/span>\r\n<\/h4>\r\n<div  class=\"qode-accordion-content \" >\r\n    <div class=\"qode-accordion-content-inner\">\r\n        \n\t<div class=\"wpb_text_column wpb_content_element \">\n\t\t<div class=\"wpb_wrapper\">\n\t\t\t<p>Wenn Sie unter oben genannten Beschwerden leiden und den Verdacht auf vergr\u00f6\u00dferte Nasenmuscheln haben, dann sollten Sie einen Termin bei uns in der <a href=\"https:\/\/www.praxisklinik-goethe10.de\/\">HNO-Praxisklinik Goethe 10<\/a> in Frankfurt vereinbaren.<\/p>\n<p><a href=\"\/dr-fischer\/\">Dr. med. Thomas Fischer<\/a> wird bei Ihrem Termin zun\u00e4chst die Anamnese erheben und Sie gezielt nach Ihren Beschwerden befragen. Zudem m\u00f6chte er wissen, ob Sie bestimmte Medikamente einnehmen, unter Allergien leiden oder speziellen Schadstoffen ausgesetzt sind.<\/p>\n<p>Per <a href=\"\/hno-endoskopie\/\">Nasenspiegelung<\/a> (Rhinoskopie; endoskopische Untersuchung der Nase) kann Dr. Fischer geschwollene Nasenmuscheln und ihre inneren Ausl\u00f6sefaktoren \u2013 wie eine verkr\u00fcmmte Nasenscheidewand oder Erkrankungen der Nasennebenh\u00f6hlen \u2013 deutlich erkennen. Oft nutzt er zur Diagnose noch den Ultraschall und\/oder f\u00fchrt einen Allergietest durch. Sollten diese Untersuchungen noch nicht aussagekr\u00e4ftig genug sein, so k\u00f6nnen andere bildgebende Verfahren (z. B. CT oder MRT) herangezogen werden.<\/p>\n\n\t\t<\/div> \n\t<\/div>     <\/div>\r\n<\/div><h4 class=\"clearfix qode-title-holder\">\r\n<span class=\"qode-tab-title\">\r\n\t    <span class=\"qode-tab-title-inner\">\r\n        Wie kann eine Nasenmuschelhypertrophie behandelt werden?    <\/span>\r\n<\/span>\r\n<span class=\"qode-accordion-mark\">\r\n    <span class=\"qode-accordion-mark-icon\">\r\n        <span class=\"icon_plus\"><\/span>\r\n        <span class=\"icon_minus-06\"><\/span>\r\n    <\/span>\r\n<\/span>\r\n<\/h4>\r\n<div  class=\"qode-accordion-content \" >\r\n    <div class=\"qode-accordion-content-inner\">\r\n        \n\t<div class=\"wpb_text_column wpb_content_element \">\n\t\t<div class=\"wpb_wrapper\">\n\t\t\t<p>Dr. Thomas Fischer wird die Behandlung von der Ursache abh\u00e4ngig machen. Das bedeutet, dass beispielsweise Allergene gemieden werden und eine allergisch bedingte Nasenmuschelvergr\u00f6\u00dferung gegebenenfalls medikament\u00f6s behandelt werden sollte. Unter der Therapie verschwinden meist die Allergie-Symptome einschlie\u00dflich der permanenten Vergr\u00f6\u00dferung der Nasenmuscheln.<\/p>\n<p>Ist eine andere Ursache schuld an den vergr\u00f6\u00dferten Nasenmuscheln oder bringt die angesetzte medikament\u00f6se Therapie keine dauerhafte Besserung, so k\u00f6nnen operative Verfahren eingesetzt werden. Auch diese richten sich nach dem Befund. Sind die Beschwerden z. B. auf eine verkr\u00fcmmte Nasenscheidewand zur\u00fcckzuf\u00fchren, so kann es sinnvoll sein, diese chirurgisch zu richten.<\/p>\n<p>Optimal geeignet ist auch die Laserconchotomie, eine spezielle Laserbehandlung, mit der vergr\u00f6\u00dferte Nasenmuscheln verkleinert werden k\u00f6nnen.<\/p>\n\n\t\t<\/div> \n\t<\/div>     <\/div>\r\n<\/div><h4 class=\"clearfix qode-title-holder\">\r\n<span class=\"qode-tab-title\">\r\n\t    <span class=\"qode-tab-title-inner\">\r\n        Wann kann eine Laserconchotomie in unserer Praxis in Frankfurt erfolgen?    <\/span>\r\n<\/span>\r\n<span class=\"qode-accordion-mark\">\r\n    <span class=\"qode-accordion-mark-icon\">\r\n        <span class=\"icon_plus\"><\/span>\r\n        <span class=\"icon_minus-06\"><\/span>\r\n    <\/span>\r\n<\/span>\r\n<\/h4>\r\n<div  class=\"qode-accordion-content \" >\r\n    <div class=\"qode-accordion-content-inner\">\r\n        \n\t<div class=\"wpb_text_column wpb_content_element \">\n\t\t<div class=\"wpb_wrapper\">\n\t\t\t<p>Beispiele f\u00fcr typische Indikationen\/Anwendungsgebiete der Laserconchotomie sind:<\/p>\n<ul>\n<li>Mukosahyperplasie (ein \u00dcberschuss an Nasenmuschelschleimhaut)<\/li>\n<li>Traumata (Verletzung der Nasenmuscheln, die mit einer Vergr\u00f6\u00dferung einhergehen)<\/li>\n<\/ul>\n\n\t\t<\/div> \n\t<\/div>     <\/div>\r\n<\/div><h4 class=\"clearfix qode-title-holder\">\r\n<span class=\"qode-tab-title\">\r\n\t    <span class=\"qode-tab-title-inner\">\r\n        Wann kann die Laserconchotomie in unserer Praxis in Frankfurt nicht erfolgen?    <\/span>\r\n<\/span>\r\n<span class=\"qode-accordion-mark\">\r\n    <span class=\"qode-accordion-mark-icon\">\r\n        <span class=\"icon_plus\"><\/span>\r\n        <span class=\"icon_minus-06\"><\/span>\r\n    <\/span>\r\n<\/span>\r\n<\/h4>\r\n<div  class=\"qode-accordion-content \" >\r\n    <div class=\"qode-accordion-content-inner\">\r\n        \n\t<div class=\"wpb_text_column wpb_content_element \">\n\t\t<div class=\"wpb_wrapper\">\n\t\t\t<p>Leidet der Patient unter einer akuten Infektion im HNO-Bereich, so darf die Behandlung nicht erfolgen.<\/p>\n\n\t\t<\/div> \n\t<\/div>     <\/div>\r\n<\/div><h4 class=\"clearfix qode-title-holder\">\r\n<span class=\"qode-tab-title\">\r\n\t    <span class=\"qode-tab-title-inner\">\r\n        Laserconchotomie Frankfurt: Was bewirkt die Laserbehandlung?    <\/span>\r\n<\/span>\r\n<span class=\"qode-accordion-mark\">\r\n    <span class=\"qode-accordion-mark-icon\">\r\n        <span class=\"icon_plus\"><\/span>\r\n        <span class=\"icon_minus-06\"><\/span>\r\n    <\/span>\r\n<\/span>\r\n<\/h4>\r\n<div  class=\"qode-accordion-content \" >\r\n    <div class=\"qode-accordion-content-inner\">\r\n        \n\t<div class=\"wpb_text_column wpb_content_element \">\n\t\t<div class=\"wpb_wrapper\">\n\t\t\t<p>Durch die Lasertherapie k\u00f6nnen Sie von einer effektiven Behandlung Ihrer Nasenatmungsbehinderung profitieren \u2013 und das auf Basis modernster medizinischer Erkenntnisse.<\/p>\n<p>Mit der Laserconchotomie wird eine gezielte Schrumpfung und Vernarbung im Gewebe erzielt. So k\u00f6nnen die Nasenmuscheln nicht mehr \u00fcberm\u00e4\u00dfig anschwellen, die Nasenatmung bleibt frei. Sie k\u00f6nnen sich das Behandlungsergebnis folgenderma\u00dfen vorstellen: Es ist vergleichbar mit der Anwendung von Nasenspray, jedoch ist der Effekt dauerhaft und hat keine langfristig nachteilige Wirkung.<\/p>\n\n\t\t<\/div> \n\t<\/div>     <\/div>\r\n<\/div><h4 class=\"clearfix qode-title-holder\">\r\n<span class=\"qode-tab-title\">\r\n\t    <span class=\"qode-tab-title-inner\">\r\n        Laserconchotomie Frankfurt: Welche Komplikationen k\u00f6nnen bei der Laserbehandlung der Nasenmuscheln auftreten?    <\/span>\r\n<\/span>\r\n<span class=\"qode-accordion-mark\">\r\n    <span class=\"qode-accordion-mark-icon\">\r\n        <span class=\"icon_plus\"><\/span>\r\n        <span class=\"icon_minus-06\"><\/span>\r\n    <\/span>\r\n<\/span>\r\n<\/h4>\r\n<div  class=\"qode-accordion-content \" >\r\n    <div class=\"qode-accordion-content-inner\">\r\n        \n\t<div class=\"wpb_text_column wpb_content_element \">\n\t\t<div class=\"wpb_wrapper\">\n\t\t\t<p>Obwohl die Laserconchotomie ein gewebeschonender und schmerzarmer Eingriff ist, der ambulant durchgef\u00fchrt werden kann und meist mit einer schnellen Heilung einhergeht, so k\u00f6nnen dennoch \u2013 wenn auch selten \u2013 Komplikationen auftreten:<\/p>\n<ul>\n<li>Nachblutung\/leichtes Nasenbluten<\/li>\n<li>Wundinfektion<\/li>\n<li>Postoperative Atemwegsinfektionen<\/li>\n<li>Schmerzen im operierten Areal und Kopfschmerzen<\/li>\n<\/ul>\n\n\t\t<\/div> \n\t<\/div>     <\/div>\r\n<\/div><h4 class=\"clearfix qode-title-holder\">\r\n<span class=\"qode-tab-title\">\r\n\t    <span class=\"qode-tab-title-inner\">\r\n        Laserconchotomie Frankfurt: Werden die Kosten f\u00fcr den Eingriff von der Krankenkasse \u00fcbernommen?    <\/span>\r\n<\/span>\r\n<span class=\"qode-accordion-mark\">\r\n    <span class=\"qode-accordion-mark-icon\">\r\n        <span class=\"icon_plus\"><\/span>\r\n        <span class=\"icon_minus-06\"><\/span>\r\n    <\/span>\r\n<\/span>\r\n<\/h4>\r\n<div  class=\"qode-accordion-content \" >\r\n    <div class=\"qode-accordion-content-inner\">\r\n        \n\t<div class=\"wpb_text_column wpb_content_element \">\n\t\t<div class=\"wpb_wrapper\">\n\t\t\t<p>Nicht alle Kassen \u00fcbernehmen die Kosten. Die gesetzlichen Krankenkassen \u00fcbernehmen zwar die Nasenmuschelverkleinerung mittels Schnitt (Conchotomie) und\/oder Ver\u00f6dung mittels Strom (Muschelkaustik), eine Laserung ist aber nicht im Leistungskatalog der gesetzlichen Krankenkassen dargestellt. Es handelt sich um eine Selbstzahlerleistung. Die individuellen Kosten werden mit Ihnen nach ausf\u00fchrlicher Untersuchung besprochen. Die privaten Krankenkassen \u00fcbernehmen in aller Regel die Kosten.<\/p>\n\n\t\t<\/div> \n\t<\/div>     <\/div>\r\n<\/div><\/div><\/div><\/div><\/div><\/div><\/div><\/div><div      class=\"vc_row wpb_row section vc_row-fluid  grid_section\" style=' padding-top:90px; padding-bottom:90px; text-align:left;'><div class=\" section_inner clearfix\"><div class='section_inner_margin clearfix'><div class=\"wpb_column vc_column_container vc_col-sm-12\"><div class=\"vc_column-inner\"><div class=\"wpb_wrapper\"><div class=\"qode-blog-carousel-titled\" data-posts-shown=\"3\">\r\n\t<div class=\"qode-bct-title-holder\" style=\"background-color:#ffffff;color:#1c1919\">\r\n\t\t<a class=\"qode-bct-caroufredsel-prev\" href=\"#\">\r\n\t\t\t<span class=\"qode-bct-caroufredsel-nav-inner\">\r\n\t\t\t\t<span class=\"qode-bct-caroufredsel-nav-icon-holder\">\r\n\t\t\t\t\t<span class=\"arrow_carrot-left\"><\/span>\r\n\t\t\t\t<\/span>\r\n\t\t\t<\/span>\r\n\t\t<\/a>\r\n\t\t\t\t\t\t\t\t<h2>\r\n\t\t\t\t\t\tWeiteres zum Thema\t\t\t\t\t<\/h2>\r\n\t\t\t\t<a class=\"qode-bct-caroufredsel-next\" href=\"#\">\r\n\t\t<span class=\"qode-bct-caroufredsel-nav-inner\">\r\n\t\t\t<span class=\"qode-bct-caroufredsel-nav-icon-holder\">\r\n\t\t\t\t<span class=\"arrow_carrot-right\"><\/span>\r\n\t\t\t<\/span>\r\n\t\t<\/span>\r\n\t<\/a>\r\n\t<\/div>\r\n\t\t\t<div class=\"qode-bct-posts-holder\">\r\n\t\t<div class=\"qode-bct-posts\">\r\n\t\t\t\t\t\t\t\t\t\t\t\t<div class=\"qode-bct-post\">\r\n\t\t\t\t\t\t\t\t\t\t\t\t\t<div class=\"qode-bct-post-image\">\r\n\t\t\t\t\t\t\t\t<a href=\"https:\/\/www.praxisklinik-goethe10.de\/en\/stinky-nose\/\" itemprop=\"url\">\r\n\t\t\t\t\t\t\t\t\t<img loading=\"lazy\" decoding=\"async\" width=\"1000\" height=\"500\" src=\"https:\/\/www.praxisklinik-goethe10.de\/wp-content\/uploads\/2025\/09\/0148_Blog_Stinknase_01.jpg\" class=\"attachment-full size-full wp-post-image\" alt=\"Stinknase\" srcset=\"https:\/\/www.praxisklinik-goethe10.de\/wp-content\/uploads\/2025\/09\/0148_Blog_Stinknase_01.jpg 1000w, https:\/\/www.praxisklinik-goethe10.de\/wp-content\/uploads\/2025\/09\/0148_Blog_Stinknase_01-300x150.jpg 300w, https:\/\/www.praxisklinik-goethe10.de\/wp-content\/uploads\/2025\/09\/0148_Blog_Stinknase_01-768x384.jpg 768w, https:\/\/www.praxisklinik-goethe10.de\/wp-content\/uploads\/2025\/09\/0148_Blog_Stinknase_01-18x9.jpg 18w, https:\/\/www.praxisklinik-goethe10.de\/wp-content\/uploads\/2025\/09\/0148_Blog_Stinknase_01-700x350.jpg 700w\" sizes=\"auto, (max-width: 1000px) 100vw, 1000px\" \/>\t\t\t\t\t\t\t\t<\/a>\r\n\t\t\t\t\t\t\t<\/div>\r\n\t\t\t\t\t\t\t\t\t\t\t\t<div class=\"qode-bct-post-text\">\r\n\t\t\t\t\t\t\t<h5 class=\"qode-bct-post-title entry_title\" itemprop=\"name\">\r\n\t\t\t\t\t\t\t\t<a href=\"https:\/\/www.praxisklinik-goethe10.de\/en\/stinky-nose\/\" itemprop=\"url\">Stinknase: Wenn Ozaena das Leben bestimmt<\/a>\r\n\t\t\t\t\t\t\t<\/h5>\r\n\t\t\t\t\t\t\t\t\t\t\t\t\t\t<p itemprop=\"description\" class = \"qode-bct-post-excerpt\"> Ein unangenehmer Geruch aus der Nase f\u00e4llt meist zuerst der Umgebung auf und sorgt dort f\u00fcr Irritation. Hinter diesem Symptom steckt nicht selten eine chronische Erkrankung der Nasenschleimhaut, die als Stinknase bzw. Ozaena bezeichnet wird.<\/p>\r\n\t\t\t\t\t\t\t<div class=\"qode-bct-post-date entry_date updated\" itemprop=\"dateCreated\">\r\n\t\t\t\t\t\t\t\t4. September 2025\t\t\t\t\t\t\t\t<meta itemprop=\"interactionCount\" content=\"UserComments: 0\"\/>\r\n\t\t\t\t\t\t\t<\/div>\r\n\t\t\t\t\t\t<\/div>\r\n\t\t\t\t\t<\/div>\r\n\t\t\t\t\t\t\t\t\t\t\t\t<div class=\"qode-bct-post\">\r\n\t\t\t\t\t\t\t\t\t\t\t\t\t<div class=\"qode-bct-post-image\">\r\n\t\t\t\t\t\t\t\t<a href=\"https:\/\/www.praxisklinik-goethe10.de\/en\/sleep-apnoea-diagnosis-without-sleep-laboratory\/\" itemprop=\"url\">\r\n\t\t\t\t\t\t\t\t\t<img loading=\"lazy\" decoding=\"async\" width=\"1000\" height=\"500\" src=\"https:\/\/www.praxisklinik-goethe10.de\/wp-content\/uploads\/2025\/08\/0148_Blog_Schlafapnoe-Diagnose-ohne-Schlaflabor_01.jpg\" class=\"attachment-full size-full wp-post-image\" alt=\"Schlafapnoe Diagnose ohne Schlaflabor\" srcset=\"https:\/\/www.praxisklinik-goethe10.de\/wp-content\/uploads\/2025\/08\/0148_Blog_Schlafapnoe-Diagnose-ohne-Schlaflabor_01.jpg 1000w, https:\/\/www.praxisklinik-goethe10.de\/wp-content\/uploads\/2025\/08\/0148_Blog_Schlafapnoe-Diagnose-ohne-Schlaflabor_01-300x150.jpg 300w, https:\/\/www.praxisklinik-goethe10.de\/wp-content\/uploads\/2025\/08\/0148_Blog_Schlafapnoe-Diagnose-ohne-Schlaflabor_01-768x384.jpg 768w, https:\/\/www.praxisklinik-goethe10.de\/wp-content\/uploads\/2025\/08\/0148_Blog_Schlafapnoe-Diagnose-ohne-Schlaflabor_01-18x9.jpg 18w, https:\/\/www.praxisklinik-goethe10.de\/wp-content\/uploads\/2025\/08\/0148_Blog_Schlafapnoe-Diagnose-ohne-Schlaflabor_01-700x350.jpg 700w\" sizes=\"auto, (max-width: 1000px) 100vw, 1000px\" \/>\t\t\t\t\t\t\t\t<\/a>\r\n\t\t\t\t\t\t\t<\/div>\r\n\t\t\t\t\t\t\t\t\t\t\t\t<div class=\"qode-bct-post-text\">\r\n\t\t\t\t\t\t\t<h5 class=\"qode-bct-post-title entry_title\" itemprop=\"name\">\r\n\t\t\t\t\t\t\t\t<a href=\"https:\/\/www.praxisklinik-goethe10.de\/en\/sleep-apnoea-diagnosis-without-sleep-laboratory\/\" itemprop=\"url\">Schlafapnoe Diagnose ohne Schlaflabor: Ist das m\u00f6glich?<\/a>\r\n\t\t\t\t\t\t\t<\/h5>\r\n\t\t\t\t\t\t\t\t\t\t\t\t\t\t<p itemprop=\"description\" class = \"qode-bct-post-excerpt\"> Wer regelm\u00e4\u00dfig schnarcht, morgens ersch\u00f6pft ist und tags\u00fcber unter Konzentrationsproblemen leidet, sollte an eine m\u00f6gliche Schlafapnoe denken. Der klassische Weg zur Diagnose f\u00fchrt ins Schlaflabor. Eine fundierte Abkl\u00e4rung ist mittlerweile auch mobil m\u00f6glich.<\/p>\r\n\t\t\t\t\t\t\t<div class=\"qode-bct-post-date entry_date updated\" itemprop=\"dateCreated\">\r\n\t\t\t\t\t\t\t\t1. August 2025\t\t\t\t\t\t\t\t<meta itemprop=\"interactionCount\" content=\"UserComments: 0\"\/>\r\n\t\t\t\t\t\t\t<\/div>\r\n\t\t\t\t\t\t<\/div>\r\n\t\t\t\t\t<\/div>\r\n\t\t\t\t\t\t\t\t\t\t\t\t<div class=\"qode-bct-post\">\r\n\t\t\t\t\t\t\t\t\t\t\t\t\t<div class=\"qode-bct-post-image\">\r\n\t\t\t\t\t\t\t\t<a href=\"https:\/\/www.praxisklinik-goethe10.de\/en\/interrupted-breathing-during-sleep\/\" itemprop=\"url\">\r\n\t\t\t\t\t\t\t\t\t<img loading=\"lazy\" decoding=\"async\" width=\"1000\" height=\"500\" src=\"https:\/\/www.praxisklinik-goethe10.de\/wp-content\/uploads\/2025\/06\/0148_Blog_Atemaussetzer-im-Schlaf_01.jpg\" class=\"attachment-full size-full wp-post-image\" alt=\"Atemaussetzer im Schlaf\" srcset=\"https:\/\/www.praxisklinik-goethe10.de\/wp-content\/uploads\/2025\/06\/0148_Blog_Atemaussetzer-im-Schlaf_01.jpg 1000w, https:\/\/www.praxisklinik-goethe10.de\/wp-content\/uploads\/2025\/06\/0148_Blog_Atemaussetzer-im-Schlaf_01-300x150.jpg 300w, https:\/\/www.praxisklinik-goethe10.de\/wp-content\/uploads\/2025\/06\/0148_Blog_Atemaussetzer-im-Schlaf_01-768x384.jpg 768w, https:\/\/www.praxisklinik-goethe10.de\/wp-content\/uploads\/2025\/06\/0148_Blog_Atemaussetzer-im-Schlaf_01-18x9.jpg 18w, https:\/\/www.praxisklinik-goethe10.de\/wp-content\/uploads\/2025\/06\/0148_Blog_Atemaussetzer-im-Schlaf_01-700x350.jpg 700w\" sizes=\"auto, (max-width: 1000px) 100vw, 1000px\" \/>\t\t\t\t\t\t\t\t<\/a>\r\n\t\t\t\t\t\t\t<\/div>\r\n\t\t\t\t\t\t\t\t\t\t\t\t<div class=\"qode-bct-post-text\">\r\n\t\t\t\t\t\t\t<h5 class=\"qode-bct-post-title entry_title\" itemprop=\"name\">\r\n\t\t\t\t\t\t\t\t<a href=\"https:\/\/www.praxisklinik-goethe10.de\/en\/interrupted-breathing-during-sleep\/\" itemprop=\"url\">Atemaussetzer im Schlaf: Wie gef\u00e4hrlich sind sie wirklich?<\/a>\r\n\t\t\t\t\t\t\t<\/h5>\r\n\t\t\t\t\t\t\t\t\t\t\t\t\t\t<p itemprop=\"description\" class = \"qode-bct-post-excerpt\"> Unruhiger Schlaf, st\u00e4ndige M\u00fcdigkeit am Tag und das Gef\u00fchl, nie richtig ausgeruht zu sein \u2013 viele Menschen nehmen diese Beschwerden hin, ohne die Ursache zu kennen. Dabei steckt nicht selten ein ernstzunehmendes Ph\u00e4nomen dahinter: n\u00e4chtliche Atempausen.<\/p>\r\n\t\t\t\t\t\t\t<div class=\"qode-bct-post-date entry_date updated\" itemprop=\"dateCreated\">\r\n\t\t\t\t\t\t\t\t24. June 2025\t\t\t\t\t\t\t\t<meta itemprop=\"interactionCount\" content=\"UserComments: 0\"\/>\r\n\t\t\t\t\t\t\t<\/div>\r\n\t\t\t\t\t\t<\/div>\r\n\t\t\t\t\t<\/div>\r\n\t\t\t\t\t\t\t\t\t\t\t\t<div class=\"qode-bct-post\">\r\n\t\t\t\t\t\t\t\t\t\t\t\t\t<div class=\"qode-bct-post-image\">\r\n\t\t\t\t\t\t\t\t<a href=\"https:\/\/www.praxisklinik-goethe10.de\/en\/when-nasal-spray-does-not-work\/\" itemprop=\"url\">\r\n\t\t\t\t\t\t\t\t\t<img loading=\"lazy\" decoding=\"async\" width=\"1000\" height=\"500\" src=\"https:\/\/www.praxisklinik-goethe10.de\/wp-content\/uploads\/2025\/02\/0148_Blog_Wenn-Nasenspray-nicht-wirkt_01.jpg\" class=\"attachment-full size-full wp-post-image\" alt=\"Wenn Nasenspray nicht wirkt\" srcset=\"https:\/\/www.praxisklinik-goethe10.de\/wp-content\/uploads\/2025\/02\/0148_Blog_Wenn-Nasenspray-nicht-wirkt_01.jpg 1000w, https:\/\/www.praxisklinik-goethe10.de\/wp-content\/uploads\/2025\/02\/0148_Blog_Wenn-Nasenspray-nicht-wirkt_01-300x150.jpg 300w, https:\/\/www.praxisklinik-goethe10.de\/wp-content\/uploads\/2025\/02\/0148_Blog_Wenn-Nasenspray-nicht-wirkt_01-768x384.jpg 768w, https:\/\/www.praxisklinik-goethe10.de\/wp-content\/uploads\/2025\/02\/0148_Blog_Wenn-Nasenspray-nicht-wirkt_01-700x350.jpg 700w\" sizes=\"auto, (max-width: 1000px) 100vw, 1000px\" \/>\t\t\t\t\t\t\t\t<\/a>\r\n\t\t\t\t\t\t\t<\/div>\r\n\t\t\t\t\t\t\t\t\t\t\t\t<div class=\"qode-bct-post-text\">\r\n\t\t\t\t\t\t\t<h5 class=\"qode-bct-post-title entry_title\" itemprop=\"name\">\r\n\t\t\t\t\t\t\t\t<a href=\"https:\/\/www.praxisklinik-goethe10.de\/en\/when-nasal-spray-does-not-work\/\" itemprop=\"url\">Wenn Nasenspray nicht wirkt: Was tun?<\/a>\r\n\t\t\t\t\t\t\t<\/h5>\r\n\t\t\t\t\t\t\t\t\t\t\t\t\t\t<p itemprop=\"description\" class = \"qode-bct-post-excerpt\"> Eine verstopfte Nase kann den Alltag erheblich beeintr\u00e4chtigen. Viele greifen dann zu Nasensprays, die schnell Erleichterung verschaffen k\u00f6nnen. Doch was, wenn das Medikament nicht wirkt? Dahinter k\u00f6nnen verschiedene Ursachen stecken.<\/p>\r\n\t\t\t\t\t\t\t<div class=\"qode-bct-post-date entry_date updated\" itemprop=\"dateCreated\">\r\n\t\t\t\t\t\t\t\t10. February 2025\t\t\t\t\t\t\t\t<meta itemprop=\"interactionCount\" content=\"UserComments: 0\"\/>\r\n\t\t\t\t\t\t\t<\/div>\r\n\t\t\t\t\t\t<\/div>\r\n\t\t\t\t\t<\/div>\r\n\t\t\t\t\t\t\t\t\t\t\t\t<div class=\"qode-bct-post\">\r\n\t\t\t\t\t\t\t\t\t\t\t\t\t<div class=\"qode-bct-post-image\">\r\n\t\t\t\t\t\t\t\t<a href=\"https:\/\/www.praxisklinik-goethe10.de\/en\/recurrent-sinusitis\/\" itemprop=\"url\">\r\n\t\t\t\t\t\t\t\t\t<img loading=\"lazy\" decoding=\"async\" width=\"1000\" height=\"500\" src=\"https:\/\/www.praxisklinik-goethe10.de\/wp-content\/uploads\/2025\/01\/0148_Blog_Wiederkehrende-Nasennebenhoehlenentzuendung_02.jpg\" class=\"attachment-full size-full wp-post-image\" alt=\"Wiederkehrende Nasennebenh\u00f6hlenentz\u00fcndung\" srcset=\"https:\/\/www.praxisklinik-goethe10.de\/wp-content\/uploads\/2025\/01\/0148_Blog_Wiederkehrende-Nasennebenhoehlenentzuendung_02.jpg 1000w, https:\/\/www.praxisklinik-goethe10.de\/wp-content\/uploads\/2025\/01\/0148_Blog_Wiederkehrende-Nasennebenhoehlenentzuendung_02-300x150.jpg 300w, https:\/\/www.praxisklinik-goethe10.de\/wp-content\/uploads\/2025\/01\/0148_Blog_Wiederkehrende-Nasennebenhoehlenentzuendung_02-768x384.jpg 768w, https:\/\/www.praxisklinik-goethe10.de\/wp-content\/uploads\/2025\/01\/0148_Blog_Wiederkehrende-Nasennebenhoehlenentzuendung_02-700x350.jpg 700w\" sizes=\"auto, (max-width: 1000px) 100vw, 1000px\" \/>\t\t\t\t\t\t\t\t<\/a>\r\n\t\t\t\t\t\t\t<\/div>\r\n\t\t\t\t\t\t\t\t\t\t\t\t<div class=\"qode-bct-post-text\">\r\n\t\t\t\t\t\t\t<h5 class=\"qode-bct-post-title entry_title\" itemprop=\"name\">\r\n\t\t\t\t\t\t\t\t<a href=\"https:\/\/www.praxisklinik-goethe10.de\/en\/recurrent-sinusitis\/\" itemprop=\"url\">Wiederkehrende Nasenneben&shy;h\u00f6hlen&shy;entz\u00fcndung: Was kann der Grund sein?<\/a>\r\n\t\t\t\t\t\t\t<\/h5>\r\n\t\t\t\t\t\t\t\t\t\t\t\t\t\t<p itemprop=\"description\" class = \"qode-bct-post-excerpt\"> Wiederkehrende Nasenneben&shy;h\u00f6hlen&shy;entz\u00fcndungen k\u00f6nnen die Lebensqualit\u00e4t erheblich beeintr\u00e4chtigen und sind oft mit anhaltenden Beschwerden wie einem Druckgef\u00fchl in der Mitte des Gesichts, Kopfschmerzen und einer verstopften Nase verbunden.<\/p>\r\n\t\t\t\t\t\t\t<div class=\"qode-bct-post-date entry_date updated\" itemprop=\"dateCreated\">\r\n\t\t\t\t\t\t\t\t14. January 2025\t\t\t\t\t\t\t\t<meta itemprop=\"interactionCount\" content=\"UserComments: 0\"\/>\r\n\t\t\t\t\t\t\t<\/div>\r\n\t\t\t\t\t\t<\/div>\r\n\t\t\t\t\t<\/div>\r\n\t\t\t\t\t\t\t\t\t\t\t\t<div class=\"qode-bct-post\">\r\n\t\t\t\t\t\t\t\t\t\t\t\t\t<div class=\"qode-bct-post-image\">\r\n\t\t\t\t\t\t\t\t<a href=\"https:\/\/www.praxisklinik-goethe10.de\/en\/improve-nasal-breathing\/\" itemprop=\"url\">\r\n\t\t\t\t\t\t\t\t\t<img loading=\"lazy\" decoding=\"async\" width=\"1000\" height=\"500\" src=\"https:\/\/www.praxisklinik-goethe10.de\/wp-content\/uploads\/2024\/11\/0148_Blog_Nasenatmung-verbessern_01.jpg\" class=\"attachment-full size-full wp-post-image\" alt=\"Nasenatmung verbessern\" srcset=\"https:\/\/www.praxisklinik-goethe10.de\/wp-content\/uploads\/2024\/11\/0148_Blog_Nasenatmung-verbessern_01.jpg 1000w, https:\/\/www.praxisklinik-goethe10.de\/wp-content\/uploads\/2024\/11\/0148_Blog_Nasenatmung-verbessern_01-300x150.jpg 300w, https:\/\/www.praxisklinik-goethe10.de\/wp-content\/uploads\/2024\/11\/0148_Blog_Nasenatmung-verbessern_01-768x384.jpg 768w, https:\/\/www.praxisklinik-goethe10.de\/wp-content\/uploads\/2024\/11\/0148_Blog_Nasenatmung-verbessern_01-700x350.jpg 700w\" sizes=\"auto, (max-width: 1000px) 100vw, 1000px\" \/>\t\t\t\t\t\t\t\t<\/a>\r\n\t\t\t\t\t\t\t<\/div>\r\n\t\t\t\t\t\t\t\t\t\t\t\t<div class=\"qode-bct-post-text\">\r\n\t\t\t\t\t\t\t<h5 class=\"qode-bct-post-title entry_title\" itemprop=\"name\">\r\n\t\t\t\t\t\t\t\t<a href=\"https:\/\/www.praxisklinik-goethe10.de\/en\/improve-nasal-breathing\/\" itemprop=\"url\">Nasenatmung verbessern: Diese M\u00f6glichkeiten gibt es<\/a>\r\n\t\t\t\t\t\t\t<\/h5>\r\n\t\t\t\t\t\t\t\t\t\t\t\t\t\t<p itemprop=\"description\" class = \"qode-bct-post-excerpt\"> Eine freie, ungest\u00f6rte Nasenatmung tr\u00e4gt ma\u00dfgeblich zur Lebensqualit\u00e4t und zum Wohlbefinden bei. Wer jedoch unter einer eingeschr\u00e4nkten Nasenatmung leidet, kennt die Auswirkungen auf Schlaf, Konzentration und allgemeine Fitness nur zu gut. Im Folgenden zeigen wir Ihnen effektive M\u00f6glichkeiten und moderne Behandlungsmethoden auf, die Ihnen wieder eine freie Atmung erm\u00f6glichen.<\/p>\r\n\t\t\t\t\t\t\t<div class=\"qode-bct-post-date entry_date updated\" itemprop=\"dateCreated\">\r\n\t\t\t\t\t\t\t\t11. November 2024\t\t\t\t\t\t\t\t<meta itemprop=\"interactionCount\" content=\"UserComments: 0\"\/>\r\n\t\t\t\t\t\t\t<\/div>\r\n\t\t\t\t\t\t<\/div>\r\n\t\t\t\t\t<\/div>\r\n\t\t\t\t\t\t\t\t\t\t\t\t<div class=\"qode-bct-post\">\r\n\t\t\t\t\t\t\t\t\t\t\t\t\t<div class=\"qode-bct-post-image\">\r\n\t\t\t\t\t\t\t\t<a href=\"https:\/\/www.praxisklinik-goethe10.de\/en\/recognise-sleep-apnoea\/\" itemprop=\"url\">\r\n\t\t\t\t\t\t\t\t\t<img loading=\"lazy\" decoding=\"async\" width=\"1000\" height=\"500\" src=\"https:\/\/www.praxisklinik-goethe10.de\/wp-content\/uploads\/2024\/08\/0148_Blog_Schlafapnoe-erkennen_01.jpg\" class=\"attachment-full size-full wp-post-image\" alt=\"Schlafapnoe erkennen\" srcset=\"https:\/\/www.praxisklinik-goethe10.de\/wp-content\/uploads\/2024\/08\/0148_Blog_Schlafapnoe-erkennen_01.jpg 1000w, https:\/\/www.praxisklinik-goethe10.de\/wp-content\/uploads\/2024\/08\/0148_Blog_Schlafapnoe-erkennen_01-300x150.jpg 300w, https:\/\/www.praxisklinik-goethe10.de\/wp-content\/uploads\/2024\/08\/0148_Blog_Schlafapnoe-erkennen_01-768x384.jpg 768w, https:\/\/www.praxisklinik-goethe10.de\/wp-content\/uploads\/2024\/08\/0148_Blog_Schlafapnoe-erkennen_01-700x350.jpg 700w\" sizes=\"auto, (max-width: 1000px) 100vw, 1000px\" \/>\t\t\t\t\t\t\t\t<\/a>\r\n\t\t\t\t\t\t\t<\/div>\r\n\t\t\t\t\t\t\t\t\t\t\t\t<div class=\"qode-bct-post-text\">\r\n\t\t\t\t\t\t\t<h5 class=\"qode-bct-post-title entry_title\" itemprop=\"name\">\r\n\t\t\t\t\t\t\t\t<a href=\"https:\/\/www.praxisklinik-goethe10.de\/en\/recognise-sleep-apnoea\/\" itemprop=\"url\">Schlafapnoe erkennen: So decken wir Atemaussetzer bei Ihnen auf<\/a>\r\n\t\t\t\t\t\t\t<\/h5>\r\n\t\t\t\t\t\t\t\t\t\t\t\t\t\t<p itemprop=\"description\" class = \"qode-bct-post-excerpt\"> Atemaussetzer w\u00e4hrend des Schlafs sind eine ernstzunehmende Erkrankung, die oft unerkannt bleibt. Schlafapnoe kann die Lebensqualit\u00e4t erheblich beeintr\u00e4chtigen und langfristig zu gesundheitlichen Problemen f\u00fchren. Es ist wichtig, die Anzeichen fr\u00fchzeitig zu erkennen und entsprechende Ma\u00dfnahmen zu ergreifen.<\/p>\r\n\t\t\t\t\t\t\t<div class=\"qode-bct-post-date entry_date updated\" itemprop=\"dateCreated\">\r\n\t\t\t\t\t\t\t\t21. August 2024\t\t\t\t\t\t\t\t<meta itemprop=\"interactionCount\" content=\"UserComments: 0\"\/>\r\n\t\t\t\t\t\t\t<\/div>\r\n\t\t\t\t\t\t<\/div>\r\n\t\t\t\t\t<\/div>\r\n\t\t\t\t\t\t\t\t\t\t\t\t<div class=\"qode-bct-post\">\r\n\t\t\t\t\t\t\t\t\t\t\t\t\t<div class=\"qode-bct-post-image\">\r\n\t\t\t\t\t\t\t\t<a href=\"https:\/\/www.praxisklinik-goethe10.de\/en\/nose-laser\/\" itemprop=\"url\">\r\n\t\t\t\t\t\t\t\t\t<img loading=\"lazy\" decoding=\"async\" width=\"1000\" height=\"500\" src=\"https:\/\/www.praxisklinik-goethe10.de\/wp-content\/uploads\/2023\/12\/0148_Blog_Nase-lasern_01a.jpg\" class=\"attachment-full size-full wp-post-image\" alt=\"Nase lasern\" srcset=\"https:\/\/www.praxisklinik-goethe10.de\/wp-content\/uploads\/2023\/12\/0148_Blog_Nase-lasern_01a.jpg 1000w, https:\/\/www.praxisklinik-goethe10.de\/wp-content\/uploads\/2023\/12\/0148_Blog_Nase-lasern_01a-300x150.jpg 300w, https:\/\/www.praxisklinik-goethe10.de\/wp-content\/uploads\/2023\/12\/0148_Blog_Nase-lasern_01a-768x384.jpg 768w, https:\/\/www.praxisklinik-goethe10.de\/wp-content\/uploads\/2023\/12\/0148_Blog_Nase-lasern_01a-18x9.jpg 18w, https:\/\/www.praxisklinik-goethe10.de\/wp-content\/uploads\/2023\/12\/0148_Blog_Nase-lasern_01a-700x350.jpg 700w\" sizes=\"auto, (max-width: 1000px) 100vw, 1000px\" \/>\t\t\t\t\t\t\t\t<\/a>\r\n\t\t\t\t\t\t\t<\/div>\r\n\t\t\t\t\t\t\t\t\t\t\t\t<div class=\"qode-bct-post-text\">\r\n\t\t\t\t\t\t\t<h5 class=\"qode-bct-post-title entry_title\" itemprop=\"name\">\r\n\t\t\t\t\t\t\t\t<a href=\"https:\/\/www.praxisklinik-goethe10.de\/en\/nose-laser\/\" itemprop=\"url\">Nase lasern: Wann eine Laserconchotomie sinnvoll ist<\/a>\r\n\t\t\t\t\t\t\t<\/h5>\r\n\t\t\t\t\t\t\t\t\t\t\t\t\t\t<p itemprop=\"description\" class = \"qode-bct-post-excerpt\"> Manche Personen leiden immer wieder oder sogar dauerhaft unter dem Gef\u00fchl einer verstopften Nase. Es kann sein, dass in diesem Fall vergr\u00f6\u00dferte Nasenmuscheln vorliegen. Im Rahmen der Laserconchotomie k\u00f6nnen wir das Innere Ihrer Nase lasern und Ihnen unbeschwertes Atmen erm\u00f6glichen.  <\/p>\r\n\t\t\t\t\t\t\t<div class=\"qode-bct-post-date entry_date updated\" itemprop=\"dateCreated\">\r\n\t\t\t\t\t\t\t\t15. November 2023\t\t\t\t\t\t\t\t<meta itemprop=\"interactionCount\" content=\"UserComments: 0\"\/>\r\n\t\t\t\t\t\t\t<\/div>\r\n\t\t\t\t\t\t<\/div>\r\n\t\t\t\t\t<\/div>\r\n\t\t\t\t\t\t\t\t\t\t\t\t<div class=\"qode-bct-post\">\r\n\t\t\t\t\t\t\t\t\t\t\t\t\t<div class=\"qode-bct-post-image\">\r\n\t\t\t\t\t\t\t\t<a href=\"https:\/\/www.praxisklinik-goethe10.de\/en\/snoring-operation-frankfurt\/\" itemprop=\"url\">\r\n\t\t\t\t\t\t\t\t\t<img loading=\"lazy\" decoding=\"async\" width=\"1000\" height=\"500\" src=\"https:\/\/www.praxisklinik-goethe10.de\/wp-content\/uploads\/2023\/12\/0148_Blog_Schnarchoperation-Frankfurt_01a.jpg\" class=\"attachment-full size-full wp-post-image\" alt=\"Schnarchoperation\" srcset=\"https:\/\/www.praxisklinik-goethe10.de\/wp-content\/uploads\/2023\/12\/0148_Blog_Schnarchoperation-Frankfurt_01a.jpg 1000w, https:\/\/www.praxisklinik-goethe10.de\/wp-content\/uploads\/2023\/12\/0148_Blog_Schnarchoperation-Frankfurt_01a-300x150.jpg 300w, https:\/\/www.praxisklinik-goethe10.de\/wp-content\/uploads\/2023\/12\/0148_Blog_Schnarchoperation-Frankfurt_01a-768x384.jpg 768w, https:\/\/www.praxisklinik-goethe10.de\/wp-content\/uploads\/2023\/12\/0148_Blog_Schnarchoperation-Frankfurt_01a-18x9.jpg 18w, https:\/\/www.praxisklinik-goethe10.de\/wp-content\/uploads\/2023\/12\/0148_Blog_Schnarchoperation-Frankfurt_01a-700x350.jpg 700w\" sizes=\"auto, (max-width: 1000px) 100vw, 1000px\" \/>\t\t\t\t\t\t\t\t<\/a>\r\n\t\t\t\t\t\t\t<\/div>\r\n\t\t\t\t\t\t\t\t\t\t\t\t<div class=\"qode-bct-post-text\">\r\n\t\t\t\t\t\t\t<h5 class=\"qode-bct-post-title entry_title\" itemprop=\"name\">\r\n\t\t\t\t\t\t\t\t<a href=\"https:\/\/www.praxisklinik-goethe10.de\/en\/snoring-operation-frankfurt\/\" itemprop=\"url\">Schnarchoperation: Endlich wieder ruhig schlafen<\/a>\r\n\t\t\t\t\t\t\t<\/h5>\r\n\t\t\t\t\t\t\t\t\t\t\t\t\t\t<p itemprop=\"description\" class = \"qode-bct-post-excerpt\"> Lautes Schnarchen kann den Schlaf zur Qual machen. Und das nicht nur f\u00fcr den Betroffenen selbst, sondern auch f\u00fcr die Partnerin oder den Partner.In einigen F\u00e4llen kann eine Schnarchoperation die L\u00f6sung sein, damit Sie wieder ruhig schlafen k\u00f6nnen. In unserer HNO-Praxisklinik in Frankfurt bieten wir Ihnen diese Form der Schnarchtherapie an. <\/p>\r\n\t\t\t\t\t\t\t<div class=\"qode-bct-post-date entry_date updated\" itemprop=\"dateCreated\">\r\n\t\t\t\t\t\t\t\t5. October 2023\t\t\t\t\t\t\t\t<meta itemprop=\"interactionCount\" content=\"UserComments: 0\"\/>\r\n\t\t\t\t\t\t\t<\/div>\r\n\t\t\t\t\t\t<\/div>\r\n\t\t\t\t\t<\/div>\r\n\t\t\t\t\t\t\t\t\t\t\t\t<div class=\"qode-bct-post\">\r\n\t\t\t\t\t\t\t\t\t\t\t\t\t<div class=\"qode-bct-post-image\">\r\n\t\t\t\t\t\t\t\t<a href=\"https:\/\/www.praxisklinik-goethe10.de\/en\/rhinoplasty-health-insurance\/\" itemprop=\"url\">\r\n\t\t\t\t\t\t\t\t\t<img loading=\"lazy\" decoding=\"async\" width=\"1000\" height=\"500\" src=\"https:\/\/www.praxisklinik-goethe10.de\/wp-content\/uploads\/2022\/11\/0148_Blog_Nasenkorrektur-Krankenkasse_01a.jpg\" class=\"attachment-full size-full wp-post-image\" alt=\"Nasenkorrektur Krankenkasse\" srcset=\"https:\/\/www.praxisklinik-goethe10.de\/wp-content\/uploads\/2022\/11\/0148_Blog_Nasenkorrektur-Krankenkasse_01a.jpg 1000w, https:\/\/www.praxisklinik-goethe10.de\/wp-content\/uploads\/2022\/11\/0148_Blog_Nasenkorrektur-Krankenkasse_01a-300x150.jpg 300w, https:\/\/www.praxisklinik-goethe10.de\/wp-content\/uploads\/2022\/11\/0148_Blog_Nasenkorrektur-Krankenkasse_01a-768x384.jpg 768w, https:\/\/www.praxisklinik-goethe10.de\/wp-content\/uploads\/2022\/11\/0148_Blog_Nasenkorrektur-Krankenkasse_01a-18x9.jpg 18w, https:\/\/www.praxisklinik-goethe10.de\/wp-content\/uploads\/2022\/11\/0148_Blog_Nasenkorrektur-Krankenkasse_01a-700x350.jpg 700w\" sizes=\"auto, (max-width: 1000px) 100vw, 1000px\" \/>\t\t\t\t\t\t\t\t<\/a>\r\n\t\t\t\t\t\t\t<\/div>\r\n\t\t\t\t\t\t\t\t\t\t\t\t<div class=\"qode-bct-post-text\">\r\n\t\t\t\t\t\t\t<h5 class=\"qode-bct-post-title entry_title\" itemprop=\"name\">\r\n\t\t\t\t\t\t\t\t<a href=\"https:\/\/www.praxisklinik-goethe10.de\/en\/rhinoplasty-health-insurance\/\" itemprop=\"url\">Nasenkorrektur Krankenkasse: Wann \u00fcbernimmt sie die Kosten?<\/a>\r\n\t\t\t\t\t\t\t<\/h5>\r\n\t\t\t\t\t\t\t\t\t\t\t\t\t\t<p itemprop=\"description\" class = \"qode-bct-post-excerpt\"> Viele Personen sind unzufrieden mit Ihrer Nasengr\u00f6\u00dfe und\/oder Nasenform. Wer unter seinem Aussehen leidet, kann eine Nasenoperation in Betracht ziehen. In manchen Situationen \u00fcbernimmt die Krankenkasse sogar die Kosten f\u00fcr die Nasenkorrektur oder bezuschusst den Eingriff. Wann dies der Fall ist, erfahren Sie im Folgenden.<\/p>\r\n\t\t\t\t\t\t\t<div class=\"qode-bct-post-date entry_date updated\" itemprop=\"dateCreated\">\r\n\t\t\t\t\t\t\t\t20. September 2022\t\t\t\t\t\t\t\t<meta itemprop=\"interactionCount\" content=\"UserComments: 0\"\/>\r\n\t\t\t\t\t\t\t<\/div>\r\n\t\t\t\t\t\t<\/div>\r\n\t\t\t\t\t<\/div>\r\n\t\t\t\t\t\t\t\t\t\t\t\t<div class=\"qode-bct-post\">\r\n\t\t\t\t\t\t\t\t\t\t\t\t\t<div class=\"qode-bct-post-image\">\r\n\t\t\t\t\t\t\t\t<a href=\"https:\/\/www.praxisklinik-goethe10.de\/en\/septal-perforation\/\" itemprop=\"url\">\r\n\t\t\t\t\t\t\t\t\t<img loading=\"lazy\" decoding=\"async\" width=\"1000\" height=\"500\" src=\"https:\/\/www.praxisklinik-goethe10.de\/wp-content\/uploads\/2022\/06\/0148_Blog_Septumperforation_01a.jpg\" class=\"attachment-full size-full wp-post-image\" alt=\"Septumperforation\" srcset=\"https:\/\/www.praxisklinik-goethe10.de\/wp-content\/uploads\/2022\/06\/0148_Blog_Septumperforation_01a.jpg 1000w, https:\/\/www.praxisklinik-goethe10.de\/wp-content\/uploads\/2022\/06\/0148_Blog_Septumperforation_01a-300x150.jpg 300w, https:\/\/www.praxisklinik-goethe10.de\/wp-content\/uploads\/2022\/06\/0148_Blog_Septumperforation_01a-768x384.jpg 768w, https:\/\/www.praxisklinik-goethe10.de\/wp-content\/uploads\/2022\/06\/0148_Blog_Septumperforation_01a-700x350.jpg 700w\" sizes=\"auto, (max-width: 1000px) 100vw, 1000px\" \/>\t\t\t\t\t\t\t\t<\/a>\r\n\t\t\t\t\t\t\t<\/div>\r\n\t\t\t\t\t\t\t\t\t\t\t\t<div class=\"qode-bct-post-text\">\r\n\t\t\t\t\t\t\t<h5 class=\"qode-bct-post-title entry_title\" itemprop=\"name\">\r\n\t\t\t\t\t\t\t\t<a href=\"https:\/\/www.praxisklinik-goethe10.de\/en\/septal-perforation\/\" itemprop=\"url\">Septumperforation: Woher kommt ein Loch in der Nasen&shy;scheidewand?<\/a>\r\n\t\t\t\t\t\t\t<\/h5>\r\n\t\t\t\t\t\t\t\t\t\t\t\t\t\t<p itemprop=\"description\" class = \"qode-bct-post-excerpt\"> Durch verschiedene Ausl\u00f6ser kann es zu einer sog. Septumperforation kommen. Wie es zu der Septumperforation kommen kann, wie sich ein Loch in der Nasenscheidewand \u00e4u\u00dfert und wie wir es in unserer HNO-Praxis in Frankfurt behandeln k\u00f6nnen, erfahren Sie im Folgenden.<\/p>\r\n\t\t\t\t\t\t\t<div class=\"qode-bct-post-date entry_date updated\" itemprop=\"dateCreated\">\r\n\t\t\t\t\t\t\t\t14. June 2022\t\t\t\t\t\t\t\t<meta itemprop=\"interactionCount\" content=\"UserComments: 0\"\/>\r\n\t\t\t\t\t\t\t<\/div>\r\n\t\t\t\t\t\t<\/div>\r\n\t\t\t\t\t<\/div>\r\n\t\t\t\t\t\t\t\t\t\t\t\t<div class=\"qode-bct-post\">\r\n\t\t\t\t\t\t\t\t\t\t\t\t\t<div class=\"qode-bct-post-image\">\r\n\t\t\t\t\t\t\t\t<a href=\"https:\/\/www.praxisklinik-goethe10.de\/en\/crooked-nose\/\" itemprop=\"url\">\r\n\t\t\t\t\t\t\t\t\t<img loading=\"lazy\" decoding=\"async\" width=\"1000\" height=\"500\" src=\"https:\/\/www.praxisklinik-goethe10.de\/wp-content\/uploads\/2022\/11\/0148_Blog_Krumme-Nase_01a.jpg\" class=\"attachment-full size-full wp-post-image\" alt=\"Krumme Nase\" srcset=\"https:\/\/www.praxisklinik-goethe10.de\/wp-content\/uploads\/2022\/11\/0148_Blog_Krumme-Nase_01a.jpg 1000w, https:\/\/www.praxisklinik-goethe10.de\/wp-content\/uploads\/2022\/11\/0148_Blog_Krumme-Nase_01a-300x150.jpg 300w, https:\/\/www.praxisklinik-goethe10.de\/wp-content\/uploads\/2022\/11\/0148_Blog_Krumme-Nase_01a-768x384.jpg 768w, https:\/\/www.praxisklinik-goethe10.de\/wp-content\/uploads\/2022\/11\/0148_Blog_Krumme-Nase_01a-18x9.jpg 18w, https:\/\/www.praxisklinik-goethe10.de\/wp-content\/uploads\/2022\/11\/0148_Blog_Krumme-Nase_01a-700x350.jpg 700w\" sizes=\"auto, (max-width: 1000px) 100vw, 1000px\" \/>\t\t\t\t\t\t\t\t<\/a>\r\n\t\t\t\t\t\t\t<\/div>\r\n\t\t\t\t\t\t\t\t\t\t\t\t<div class=\"qode-bct-post-text\">\r\n\t\t\t\t\t\t\t<h5 class=\"qode-bct-post-title entry_title\" itemprop=\"name\">\r\n\t\t\t\t\t\t\t\t<a href=\"https:\/\/www.praxisklinik-goethe10.de\/en\/crooked-nose\/\" itemprop=\"url\">Krumme Nase: Was tun?<\/a>\r\n\t\t\t\t\t\t\t<\/h5>\r\n\t\t\t\t\t\t\t\t\t\t\t\t\t\t<p itemprop=\"description\" class = \"qode-bct-post-excerpt\"> Als zentrales Merkmal des Gesichts ist die Nase ein echter \u201eEyecatcher\u201c. Ist die Nase schief gewachsen, kann das nicht nur diese Attraktivit\u00e4ts-Einheit st\u00f6ren. Eine krumme Nase kann auch zu funktionellen St\u00f6rungen wie Atemproblemen f\u00fchren. Wie wir Ihnen hier helfen k\u00f6nnen, erkl\u00e4ren wir Ihnen in diesem Beitrag.<\/p>\r\n\t\t\t\t\t\t\t<div class=\"qode-bct-post-date entry_date updated\" itemprop=\"dateCreated\">\r\n\t\t\t\t\t\t\t\t4. April 2022\t\t\t\t\t\t\t\t<meta itemprop=\"interactionCount\" content=\"UserComments: 0\"\/>\r\n\t\t\t\t\t\t\t<\/div>\r\n\t\t\t\t\t\t<\/div>\r\n\t\t\t\t\t<\/div>\r\n\t\t\t\t\t\t\t\t\t\t\t\t<div class=\"qode-bct-post\">\r\n\t\t\t\t\t\t\t\t\t\t\t\t\t<div class=\"qode-bct-post-image\">\r\n\t\t\t\t\t\t\t\t<a href=\"https:\/\/www.praxisklinik-goethe10.de\/en\/turbinate-hyperplasia\/\" itemprop=\"url\">\r\n\t\t\t\t\t\t\t\t\t<img loading=\"lazy\" decoding=\"async\" width=\"1000\" height=\"500\" src=\"https:\/\/www.praxisklinik-goethe10.de\/wp-content\/uploads\/2022\/11\/0148_Blog_Nasenmuschelhyperplasie_01a.jpg\" class=\"attachment-full size-full wp-post-image\" alt=\"Nasenmuschelhyperplasie\" srcset=\"https:\/\/www.praxisklinik-goethe10.de\/wp-content\/uploads\/2022\/11\/0148_Blog_Nasenmuschelhyperplasie_01a.jpg 1000w, https:\/\/www.praxisklinik-goethe10.de\/wp-content\/uploads\/2022\/11\/0148_Blog_Nasenmuschelhyperplasie_01a-300x150.jpg 300w, https:\/\/www.praxisklinik-goethe10.de\/wp-content\/uploads\/2022\/11\/0148_Blog_Nasenmuschelhyperplasie_01a-768x384.jpg 768w, https:\/\/www.praxisklinik-goethe10.de\/wp-content\/uploads\/2022\/11\/0148_Blog_Nasenmuschelhyperplasie_01a-18x9.jpg 18w, https:\/\/www.praxisklinik-goethe10.de\/wp-content\/uploads\/2022\/11\/0148_Blog_Nasenmuschelhyperplasie_01a-700x350.jpg 700w\" sizes=\"auto, (max-width: 1000px) 100vw, 1000px\" \/>\t\t\t\t\t\t\t\t<\/a>\r\n\t\t\t\t\t\t\t<\/div>\r\n\t\t\t\t\t\t\t\t\t\t\t\t<div class=\"qode-bct-post-text\">\r\n\t\t\t\t\t\t\t<h5 class=\"qode-bct-post-title entry_title\" itemprop=\"name\">\r\n\t\t\t\t\t\t\t\t<a href=\"https:\/\/www.praxisklinik-goethe10.de\/en\/turbinate-hyperplasia\/\" itemprop=\"url\">Nasenmuschel&shy;hyperplasie: Beeintr\u00e4chtigte Nasenatmung durch vergr\u00f6\u00dferte Nasenmuscheln<\/a>\r\n\t\t\t\t\t\t\t<\/h5>\r\n\t\t\t\t\t\t\t\t\t\t\t\t\t\t<p itemprop=\"description\" class = \"qode-bct-post-excerpt\"> In der Nasenh\u00f6hle befinden sich an der seitlichen Wand jeweils eine untere, eine mittlere und eine obere Nasenmuschel. Schwellen sie an und vergr\u00f6\u00dfern sich dauerhaft, sprechen wir HNO-\u00c4rzte von einer Nasenmuschelhyperplasie. Was das bedeutet und wie wir Ihnen helfen k\u00f6nnen, erfahren Sie hier. <\/p>\r\n\t\t\t\t\t\t\t<div class=\"qode-bct-post-date entry_date updated\" itemprop=\"dateCreated\">\r\n\t\t\t\t\t\t\t\t9. February 2022\t\t\t\t\t\t\t\t<meta itemprop=\"interactionCount\" content=\"UserComments: 0\"\/>\r\n\t\t\t\t\t\t\t<\/div>\r\n\t\t\t\t\t\t<\/div>\r\n\t\t\t\t\t<\/div>\r\n\t\t\t\t\t\t\t\t\t\t\t\t<div class=\"qode-bct-post\">\r\n\t\t\t\t\t\t\t\t\t\t\t\t\t<div class=\"qode-bct-post-image\">\r\n\t\t\t\t\t\t\t\t<a href=\"https:\/\/www.praxisklinik-goethe10.de\/en\/snoring-operation\/\" itemprop=\"url\">\r\n\t\t\t\t\t\t\t\t\t<img loading=\"lazy\" decoding=\"async\" width=\"1000\" height=\"500\" src=\"https:\/\/www.praxisklinik-goethe10.de\/wp-content\/uploads\/2022\/11\/0148_Blog_Schnarchen-Operation-Frankfurt_01a.jpg\" class=\"attachment-full size-full wp-post-image\" alt=\"Schnarchen Operation\" srcset=\"https:\/\/www.praxisklinik-goethe10.de\/wp-content\/uploads\/2022\/11\/0148_Blog_Schnarchen-Operation-Frankfurt_01a.jpg 1000w, https:\/\/www.praxisklinik-goethe10.de\/wp-content\/uploads\/2022\/11\/0148_Blog_Schnarchen-Operation-Frankfurt_01a-300x150.jpg 300w, https:\/\/www.praxisklinik-goethe10.de\/wp-content\/uploads\/2022\/11\/0148_Blog_Schnarchen-Operation-Frankfurt_01a-768x384.jpg 768w, https:\/\/www.praxisklinik-goethe10.de\/wp-content\/uploads\/2022\/11\/0148_Blog_Schnarchen-Operation-Frankfurt_01a-18x9.jpg 18w, https:\/\/www.praxisklinik-goethe10.de\/wp-content\/uploads\/2022\/11\/0148_Blog_Schnarchen-Operation-Frankfurt_01a-700x350.jpg 700w\" sizes=\"auto, (max-width: 1000px) 100vw, 1000px\" \/>\t\t\t\t\t\t\t\t<\/a>\r\n\t\t\t\t\t\t\t<\/div>\r\n\t\t\t\t\t\t\t\t\t\t\t\t<div class=\"qode-bct-post-text\">\r\n\t\t\t\t\t\t\t<h5 class=\"qode-bct-post-title entry_title\" itemprop=\"name\">\r\n\t\t\t\t\t\t\t\t<a href=\"https:\/\/www.praxisklinik-goethe10.de\/en\/snoring-operation\/\" itemprop=\"url\">Schnarchen Operation: Wie die Schnarchtherapie Ihnen helfen kann<\/a>\r\n\t\t\t\t\t\t\t<\/h5>\r\n\t\t\t\t\t\t\t\t\t\t\t\t\t\t<p itemprop=\"description\" class = \"qode-bct-post-excerpt\"> Schnarchen kann Ihre Gesundheit beeintr\u00e4chtigen, sich aber auch auf den gesunden Schlaf der Partnerin oder des Partners auswirken. Daher sollten Sie pr\u00fcfen lassen, warum Sie schnarchen. Welche Behandlung m\u00f6glich ist und wann Sie eine Operation gegen das Schnarchen brauchen, erkl\u00e4ren wir Ihnen in diesem Beitrag. <\/p>\r\n\t\t\t\t\t\t\t<div class=\"qode-bct-post-date entry_date updated\" itemprop=\"dateCreated\">\r\n\t\t\t\t\t\t\t\t31. January 2022\t\t\t\t\t\t\t\t<meta itemprop=\"interactionCount\" content=\"UserComments: 0\"\/>\r\n\t\t\t\t\t\t\t<\/div>\r\n\t\t\t\t\t\t<\/div>\r\n\t\t\t\t\t<\/div>\r\n\t\t\t\t\t\t\t\t\t\t\t\t<div class=\"qode-bct-post\">\r\n\t\t\t\t\t\t\t\t\t\t\t\t\t<div class=\"qode-bct-post-image\">\r\n\t\t\t\t\t\t\t\t<a href=\"https:\/\/www.praxisklinik-goethe10.de\/en\/nosebleed\/\" itemprop=\"url\">\r\n\t\t\t\t\t\t\t\t\t<img loading=\"lazy\" decoding=\"async\" width=\"1000\" height=\"500\" src=\"https:\/\/www.praxisklinik-goethe10.de\/wp-content\/uploads\/2021\/12\/0148_Blog_Nasenbluten_01a.jpg\" class=\"attachment-full size-full wp-post-image\" alt=\"Nasenbluten\" srcset=\"https:\/\/www.praxisklinik-goethe10.de\/wp-content\/uploads\/2021\/12\/0148_Blog_Nasenbluten_01a.jpg 1000w, https:\/\/www.praxisklinik-goethe10.de\/wp-content\/uploads\/2021\/12\/0148_Blog_Nasenbluten_01a-300x150.jpg 300w, https:\/\/www.praxisklinik-goethe10.de\/wp-content\/uploads\/2021\/12\/0148_Blog_Nasenbluten_01a-768x384.jpg 768w, https:\/\/www.praxisklinik-goethe10.de\/wp-content\/uploads\/2021\/12\/0148_Blog_Nasenbluten_01a-18x9.jpg 18w, https:\/\/www.praxisklinik-goethe10.de\/wp-content\/uploads\/2021\/12\/0148_Blog_Nasenbluten_01a-700x350.jpg 700w\" sizes=\"auto, (max-width: 1000px) 100vw, 1000px\" \/>\t\t\t\t\t\t\t\t<\/a>\r\n\t\t\t\t\t\t\t<\/div>\r\n\t\t\t\t\t\t\t\t\t\t\t\t<div class=\"qode-bct-post-text\">\r\n\t\t\t\t\t\t\t<h5 class=\"qode-bct-post-title entry_title\" itemprop=\"name\">\r\n\t\t\t\t\t\t\t\t<a href=\"https:\/\/www.praxisklinik-goethe10.de\/en\/nosebleed\/\" itemprop=\"url\">Nasenbluten: Wann zum Arzt?<\/a>\r\n\t\t\t\t\t\t\t<\/h5>\r\n\t\t\t\t\t\t\t\t\t\t\t\t\t\t<p itemprop=\"description\" class = \"qode-bct-post-excerpt\"> Epistaxis \u2013 das ist der medizinische Begriff f\u00fcr etwas, das Sie bestimmt schon einmal hatten: Nasenbluten. In den meisten F\u00e4llen sieht es schlimmer aus, als es ist. Wann Nasenbluten ein Anzeichen f\u00fcr eine (ernste) Erkrankung sein kann und wann Sie damit zum Arzt m\u00fcssen, erkl\u00e4ren wir Ihnen in diesem Beitrag.<\/p>\r\n\t\t\t\t\t\t\t<div class=\"qode-bct-post-date entry_date updated\" itemprop=\"dateCreated\">\r\n\t\t\t\t\t\t\t\t8. November 2021\t\t\t\t\t\t\t\t<meta itemprop=\"interactionCount\" content=\"UserComments: 0\"\/>\r\n\t\t\t\t\t\t\t<\/div>\r\n\t\t\t\t\t\t<\/div>\r\n\t\t\t\t\t<\/div>\r\n\t\t\t\t\t\t\t\t\t\t\t\t<div class=\"qode-bct-post\">\r\n\t\t\t\t\t\t\t\t\t\t\t\t\t<div class=\"qode-bct-post-image\">\r\n\t\t\t\t\t\t\t\t<a href=\"https:\/\/www.praxisklinik-goethe10.de\/en\/nose-runs-constantly\/\" itemprop=\"url\">\r\n\t\t\t\t\t\t\t\t\t<img loading=\"lazy\" decoding=\"async\" width=\"1000\" height=\"500\" src=\"https:\/\/www.praxisklinik-goethe10.de\/wp-content\/uploads\/2021\/07\/0148_Blog_Nase-laeuft-staendig_01a.jpg\" class=\"attachment-full size-full wp-post-image\" alt=\"Nase l\u00e4uft st\u00e4ndig\" srcset=\"https:\/\/www.praxisklinik-goethe10.de\/wp-content\/uploads\/2021\/07\/0148_Blog_Nase-laeuft-staendig_01a.jpg 1000w, https:\/\/www.praxisklinik-goethe10.de\/wp-content\/uploads\/2021\/07\/0148_Blog_Nase-laeuft-staendig_01a-300x150.jpg 300w, https:\/\/www.praxisklinik-goethe10.de\/wp-content\/uploads\/2021\/07\/0148_Blog_Nase-laeuft-staendig_01a-768x384.jpg 768w, https:\/\/www.praxisklinik-goethe10.de\/wp-content\/uploads\/2021\/07\/0148_Blog_Nase-laeuft-staendig_01a-700x350.jpg 700w\" sizes=\"auto, (max-width: 1000px) 100vw, 1000px\" \/>\t\t\t\t\t\t\t\t<\/a>\r\n\t\t\t\t\t\t\t<\/div>\r\n\t\t\t\t\t\t\t\t\t\t\t\t<div class=\"qode-bct-post-text\">\r\n\t\t\t\t\t\t\t<h5 class=\"qode-bct-post-title entry_title\" itemprop=\"name\">\r\n\t\t\t\t\t\t\t\t<a href=\"https:\/\/www.praxisklinik-goethe10.de\/en\/nose-runs-constantly\/\" itemprop=\"url\">Nase l\u00e4uft st\u00e4ndig: Was dahinterstecken kann<\/a>\r\n\t\t\t\t\t\t\t<\/h5>\r\n\t\t\t\t\t\t\t\t\t\t\t\t\t\t<p itemprop=\"description\" class = \"qode-bct-post-excerpt\"> Vielleicht kennen Sie es: Ihre Nase l\u00e4uft st\u00e4ndig und Taschent\u00fccher sind im Dauereinsatz. Und das, obwohl gerade keine Heuschnupfensaison ist und Sie an keiner Allergie leiden. Welche Ursachen hinter einer Schniefnase bzw. Tropfnase stecken k\u00f6nnen, erkl\u00e4ren wir Ihnen in diesem Beitrag.<\/p>\r\n\t\t\t\t\t\t\t<div class=\"qode-bct-post-date entry_date updated\" itemprop=\"dateCreated\">\r\n\t\t\t\t\t\t\t\t8. July 2021\t\t\t\t\t\t\t\t<meta itemprop=\"interactionCount\" content=\"UserComments: 0\"\/>\r\n\t\t\t\t\t\t\t<\/div>\r\n\t\t\t\t\t\t<\/div>\r\n\t\t\t\t\t<\/div>\r\n\t\t\t\t\t\t\t\t\t\t\t\t<div class=\"qode-bct-post\">\r\n\t\t\t\t\t\t\t\t\t\t\t\t\t<div class=\"qode-bct-post-image\">\r\n\t\t\t\t\t\t\t\t<a href=\"https:\/\/www.praxisklinik-goethe10.de\/en\/remove-nasal-polyps\/\" itemprop=\"url\">\r\n\t\t\t\t\t\t\t\t\t<img loading=\"lazy\" decoding=\"async\" width=\"1000\" height=\"500\" src=\"https:\/\/www.praxisklinik-goethe10.de\/wp-content\/uploads\/2021\/12\/0148_Blog_Nasenpolypen-entfernen_01a.jpg\" class=\"attachment-full size-full wp-post-image\" alt=\"Nasenpolypen entfernen\" srcset=\"https:\/\/www.praxisklinik-goethe10.de\/wp-content\/uploads\/2021\/12\/0148_Blog_Nasenpolypen-entfernen_01a.jpg 1000w, https:\/\/www.praxisklinik-goethe10.de\/wp-content\/uploads\/2021\/12\/0148_Blog_Nasenpolypen-entfernen_01a-300x150.jpg 300w, https:\/\/www.praxisklinik-goethe10.de\/wp-content\/uploads\/2021\/12\/0148_Blog_Nasenpolypen-entfernen_01a-768x384.jpg 768w, https:\/\/www.praxisklinik-goethe10.de\/wp-content\/uploads\/2021\/12\/0148_Blog_Nasenpolypen-entfernen_01a-18x9.jpg 18w, https:\/\/www.praxisklinik-goethe10.de\/wp-content\/uploads\/2021\/12\/0148_Blog_Nasenpolypen-entfernen_01a-700x350.jpg 700w\" sizes=\"auto, (max-width: 1000px) 100vw, 1000px\" \/>\t\t\t\t\t\t\t\t<\/a>\r\n\t\t\t\t\t\t\t<\/div>\r\n\t\t\t\t\t\t\t\t\t\t\t\t<div class=\"qode-bct-post-text\">\r\n\t\t\t\t\t\t\t<h5 class=\"qode-bct-post-title entry_title\" itemprop=\"name\">\r\n\t\t\t\t\t\t\t\t<a href=\"https:\/\/www.praxisklinik-goethe10.de\/en\/remove-nasal-polyps\/\" itemprop=\"url\">Nasenpolypen entfernen: Wann muss man bei Polypen operieren?<\/a>\r\n\t\t\t\t\t\t\t<\/h5>\r\n\t\t\t\t\t\t\t\t\t\t\t\t\t\t<p itemprop=\"description\" class = \"qode-bct-post-excerpt\"> Bei Nasenpolypen handelt es sich um weiche, gutartige Gewebevermehrungen der Nasenschleimhaut. Manche Polypen sind nur wenige Millimeter gro\u00df, andere k\u00f6nnen zu ausgedehnten Gebilden heranwachsen. In diesem Artikel informieren wir Sie dar\u00fcber, wann und wie wir Nasenpolypen entfernen.<\/p>\r\n\t\t\t\t\t\t\t<div class=\"qode-bct-post-date entry_date updated\" itemprop=\"dateCreated\">\r\n\t\t\t\t\t\t\t\t25. June 2021\t\t\t\t\t\t\t\t<meta itemprop=\"interactionCount\" content=\"UserComments: 0\"\/>\r\n\t\t\t\t\t\t\t<\/div>\r\n\t\t\t\t\t\t<\/div>\r\n\t\t\t\t\t<\/div>\r\n\t\t\t\t\t\t\t\t\t\t\t\t<div class=\"qode-bct-post\">\r\n\t\t\t\t\t\t\t\t\t\t\t\t\t<div class=\"qode-bct-post-image\">\r\n\t\t\t\t\t\t\t\t<a href=\"https:\/\/www.praxisklinik-goethe10.de\/en\/nasal-congestion\/\" itemprop=\"url\">\r\n\t\t\t\t\t\t\t\t\t<img loading=\"lazy\" decoding=\"async\" width=\"1000\" height=\"500\" src=\"https:\/\/www.praxisklinik-goethe10.de\/wp-content\/uploads\/2022\/06\/0148_Blog_Nase-verstopft_01a.jpg\" class=\"attachment-full size-full wp-post-image\" alt=\"Nase verstopft\" srcset=\"https:\/\/www.praxisklinik-goethe10.de\/wp-content\/uploads\/2022\/06\/0148_Blog_Nase-verstopft_01a.jpg 1000w, https:\/\/www.praxisklinik-goethe10.de\/wp-content\/uploads\/2022\/06\/0148_Blog_Nase-verstopft_01a-300x150.jpg 300w, https:\/\/www.praxisklinik-goethe10.de\/wp-content\/uploads\/2022\/06\/0148_Blog_Nase-verstopft_01a-768x384.jpg 768w, https:\/\/www.praxisklinik-goethe10.de\/wp-content\/uploads\/2022\/06\/0148_Blog_Nase-verstopft_01a-700x350.jpg 700w\" sizes=\"auto, (max-width: 1000px) 100vw, 1000px\" \/>\t\t\t\t\t\t\t\t<\/a>\r\n\t\t\t\t\t\t\t<\/div>\r\n\t\t\t\t\t\t\t\t\t\t\t\t<div class=\"qode-bct-post-text\">\r\n\t\t\t\t\t\t\t<h5 class=\"qode-bct-post-title entry_title\" itemprop=\"name\">\r\n\t\t\t\t\t\t\t\t<a href=\"https:\/\/www.praxisklinik-goethe10.de\/en\/nasal-congestion\/\" itemprop=\"url\">Nase verstopft: Was Sie bei behinderter Nasenatmung tun k\u00f6nnen<\/a>\r\n\t\t\t\t\t\t\t<\/h5>\r\n\t\t\t\t\t\t\t\t\t\t\t\t\t\t<p itemprop=\"description\" class = \"qode-bct-post-excerpt\"> Wenn die Nase verstopft ist, ist das sehr unangenehm und l\u00e4stig. Je nachdem, welche Ursache zugrunde liegt, f\u00e4llt die Behandlung unterschiedlich aus. Sie reicht von Nasenduschen \u00fcber die Einnahme von Nasensprays bis hin zu Tabletten. In manchen F\u00e4llen kann auch eine OP notwendig werden.<\/p>\r\n\t\t\t\t\t\t\t<div class=\"qode-bct-post-date entry_date updated\" itemprop=\"dateCreated\">\r\n\t\t\t\t\t\t\t\t6. May 2021\t\t\t\t\t\t\t\t<meta itemprop=\"interactionCount\" content=\"UserComments: 0\"\/>\r\n\t\t\t\t\t\t\t<\/div>\r\n\t\t\t\t\t\t<\/div>\r\n\t\t\t\t\t<\/div>\r\n\t\t\t\t\t\t\t\t\t\t\t\t<div class=\"qode-bct-post\">\r\n\t\t\t\t\t\t\t\t\t\t\t\t\t<div class=\"qode-bct-post-image\">\r\n\t\t\t\t\t\t\t\t<a href=\"https:\/\/www.praxisklinik-goethe10.de\/en\/treating-chronic-sinusitis\/\" itemprop=\"url\">\r\n\t\t\t\t\t\t\t\t\t<img loading=\"lazy\" decoding=\"async\" width=\"1000\" height=\"500\" src=\"https:\/\/www.praxisklinik-goethe10.de\/wp-content\/uploads\/2021\/12\/0148_Blog_Chronische-Nasennebenhoehlenentzuendung-behandeln_01a.jpg\" class=\"attachment-full size-full wp-post-image\" alt=\"Chronische Nasennebenh\u00f6hlenentz\u00fcndung behandeln\" srcset=\"https:\/\/www.praxisklinik-goethe10.de\/wp-content\/uploads\/2021\/12\/0148_Blog_Chronische-Nasennebenhoehlenentzuendung-behandeln_01a.jpg 1000w, https:\/\/www.praxisklinik-goethe10.de\/wp-content\/uploads\/2021\/12\/0148_Blog_Chronische-Nasennebenhoehlenentzuendung-behandeln_01a-300x150.jpg 300w, https:\/\/www.praxisklinik-goethe10.de\/wp-content\/uploads\/2021\/12\/0148_Blog_Chronische-Nasennebenhoehlenentzuendung-behandeln_01a-768x384.jpg 768w, https:\/\/www.praxisklinik-goethe10.de\/wp-content\/uploads\/2021\/12\/0148_Blog_Chronische-Nasennebenhoehlenentzuendung-behandeln_01a-18x9.jpg 18w, https:\/\/www.praxisklinik-goethe10.de\/wp-content\/uploads\/2021\/12\/0148_Blog_Chronische-Nasennebenhoehlenentzuendung-behandeln_01a-700x350.jpg 700w\" sizes=\"auto, (max-width: 1000px) 100vw, 1000px\" \/>\t\t\t\t\t\t\t\t<\/a>\r\n\t\t\t\t\t\t\t<\/div>\r\n\t\t\t\t\t\t\t\t\t\t\t\t<div class=\"qode-bct-post-text\">\r\n\t\t\t\t\t\t\t<h5 class=\"qode-bct-post-title entry_title\" itemprop=\"name\">\r\n\t\t\t\t\t\t\t\t<a href=\"https:\/\/www.praxisklinik-goethe10.de\/en\/treating-chronic-sinusitis\/\" itemprop=\"url\">Wie kann man eine chronische Nasennebenh\u00f6hlenentz\u00fcndung behandeln?<\/a>\r\n\t\t\t\t\t\t\t<\/h5>\r\n\t\t\t\t\t\t\t\t\t\t\t\t\t\t<p itemprop=\"description\" class = \"qode-bct-post-excerpt\"> Viele Patienten mit chronischer Nasennebenh\u00f6hlenentz\u00fcndung leiden jahrelang unter st\u00f6renden Symptomen. Auch wenn die Nasennebenh\u00f6hlenentz\u00fcndung chronisch ist, hei\u00dft das nicht, dass man sie nicht behandeln kann. In diesem Blog-Beitrag zeigen wir Ihnen verschiedene Behandlungsmethoden auf. <\/p>\r\n\t\t\t\t\t\t\t<div class=\"qode-bct-post-date entry_date updated\" itemprop=\"dateCreated\">\r\n\t\t\t\t\t\t\t\t8. March 2021\t\t\t\t\t\t\t\t<meta itemprop=\"interactionCount\" content=\"UserComments: 0\"\/>\r\n\t\t\t\t\t\t\t<\/div>\r\n\t\t\t\t\t\t<\/div>\r\n\t\t\t\t\t<\/div>\r\n\t\t\t\t\t\t\t\t\t\t\t\t<div class=\"qode-bct-post\">\r\n\t\t\t\t\t\t\t\t\t\t\t\t\t<div class=\"qode-bct-post-image\">\r\n\t\t\t\t\t\t\t\t<a href=\"https:\/\/www.praxisklinik-goethe10.de\/en\/how-to-recognise-a-nose-specialist-frankfurt\/\" itemprop=\"url\">\r\n\t\t\t\t\t\t\t\t\t<img loading=\"lazy\" decoding=\"async\" width=\"1000\" height=\"500\" src=\"https:\/\/www.praxisklinik-goethe10.de\/wp-content\/uploads\/2021\/02\/Nasenspezialist-Frankfurt_02-2021_01a.jpg\" class=\"attachment-full size-full wp-post-image\" alt=\"Nasenspezialist Frankfurt\" srcset=\"https:\/\/www.praxisklinik-goethe10.de\/wp-content\/uploads\/2021\/02\/Nasenspezialist-Frankfurt_02-2021_01a.jpg 1000w, https:\/\/www.praxisklinik-goethe10.de\/wp-content\/uploads\/2021\/02\/Nasenspezialist-Frankfurt_02-2021_01a-300x150.jpg 300w, https:\/\/www.praxisklinik-goethe10.de\/wp-content\/uploads\/2021\/02\/Nasenspezialist-Frankfurt_02-2021_01a-768x384.jpg 768w, https:\/\/www.praxisklinik-goethe10.de\/wp-content\/uploads\/2021\/02\/Nasenspezialist-Frankfurt_02-2021_01a-18x9.jpg 18w, https:\/\/www.praxisklinik-goethe10.de\/wp-content\/uploads\/2021\/02\/Nasenspezialist-Frankfurt_02-2021_01a-700x350.jpg 700w\" sizes=\"auto, (max-width: 1000px) 100vw, 1000px\" \/>\t\t\t\t\t\t\t\t<\/a>\r\n\t\t\t\t\t\t\t<\/div>\r\n\t\t\t\t\t\t\t\t\t\t\t\t<div class=\"qode-bct-post-text\">\r\n\t\t\t\t\t\t\t<h5 class=\"qode-bct-post-title entry_title\" itemprop=\"name\">\r\n\t\t\t\t\t\t\t\t<a href=\"https:\/\/www.praxisklinik-goethe10.de\/en\/how-to-recognise-a-nose-specialist-frankfurt\/\" itemprop=\"url\">Woran erkennt man einen Nasenspezialisten?<\/a>\r\n\t\t\t\t\t\t\t<\/h5>\r\n\t\t\t\t\t\t\t\t\t\t\t\t\t\t<p itemprop=\"description\" class = \"qode-bct-post-excerpt\"> Sympathie, Empathie, Erfahrung, Kompetenz: Das sind einige der Haupteigenschaften, die sich Patienten, die auf der Suche nach einem Nasenspezialisten sind, von ihrem Arzt w\u00fcnschen. In diesem Artikel zeigen wir Ihnen,  warum Dr. med. Thomas Fischer Ihr optimaler Ansprechpartner f\u00fcr Nasenheilkunde ist.<\/p>\r\n\t\t\t\t\t\t\t<div class=\"qode-bct-post-date entry_date updated\" itemprop=\"dateCreated\">\r\n\t\t\t\t\t\t\t\t16. February 2021\t\t\t\t\t\t\t\t<meta itemprop=\"interactionCount\" content=\"UserComments: 0\"\/>\r\n\t\t\t\t\t\t\t<\/div>\r\n\t\t\t\t\t\t<\/div>\r\n\t\t\t\t\t<\/div>\r\n\t\t\t\t\t\t\t\t\t\t\t\t<div class=\"qode-bct-post\">\r\n\t\t\t\t\t\t\t\t\t\t\t\t\t<div class=\"qode-bct-post-image\">\r\n\t\t\t\t\t\t\t\t<a href=\"https:\/\/www.praxisklinik-goethe10.de\/en\/enlarged-turbinates-and-their-treatment-options\/\" itemprop=\"url\">\r\n\t\t\t\t\t\t\t\t\t<img loading=\"lazy\" decoding=\"async\" width=\"1000\" height=\"500\" src=\"https:\/\/www.praxisklinik-goethe10.de\/wp-content\/uploads\/2018\/10\/0148_Blog_Vergroesserte-Nasenmuscheln_01a.jpg\" class=\"attachment-full size-full wp-post-image\" alt=\"Vergr\u00f6\u00dferte Nasenmuscheln\" srcset=\"https:\/\/www.praxisklinik-goethe10.de\/wp-content\/uploads\/2018\/10\/0148_Blog_Vergroesserte-Nasenmuscheln_01a.jpg 1000w, https:\/\/www.praxisklinik-goethe10.de\/wp-content\/uploads\/2018\/10\/0148_Blog_Vergroesserte-Nasenmuscheln_01a-300x150.jpg 300w, https:\/\/www.praxisklinik-goethe10.de\/wp-content\/uploads\/2018\/10\/0148_Blog_Vergroesserte-Nasenmuscheln_01a-768x384.jpg 768w, https:\/\/www.praxisklinik-goethe10.de\/wp-content\/uploads\/2018\/10\/0148_Blog_Vergroesserte-Nasenmuscheln_01a-700x350.jpg 700w\" sizes=\"auto, (max-width: 1000px) 100vw, 1000px\" \/>\t\t\t\t\t\t\t\t<\/a>\r\n\t\t\t\t\t\t\t<\/div>\r\n\t\t\t\t\t\t\t\t\t\t\t\t<div class=\"qode-bct-post-text\">\r\n\t\t\t\t\t\t\t<h5 class=\"qode-bct-post-title entry_title\" itemprop=\"name\">\r\n\t\t\t\t\t\t\t\t<a href=\"https:\/\/www.praxisklinik-goethe10.de\/en\/enlarged-turbinates-and-their-treatment-options\/\" itemprop=\"url\">Vergr\u00f6\u00dferte Nasenmuscheln und ihre Therapiem\u00f6glichkeiten<\/a>\r\n\t\t\t\t\t\t\t<\/h5>\r\n\t\t\t\t\t\t\t\t\t\t\t\t\t\t<p itemprop=\"description\" class = \"qode-bct-post-excerpt\"> Unsere Nasenh\u00f6hle beherbergt an der seitlichen Wand jeweils eine untere, eine mittlere sowie eine obere Nasenmuschel. Sind die Nasenmuscheln vergr\u00f6\u00dfert oder geschwollen, spricht hier von einer Nasenmuschelhyperplasie. Was das genau bedeutet und wie sie behandelt werden kann, erkl\u00e4ren wir Ihnen in diesem Blog-Beitrag.<\/p>\r\n\t\t\t\t\t\t\t<div class=\"qode-bct-post-date entry_date updated\" itemprop=\"dateCreated\">\r\n\t\t\t\t\t\t\t\t15. October 2018\t\t\t\t\t\t\t\t<meta itemprop=\"interactionCount\" content=\"UserComments: 0\"\/>\r\n\t\t\t\t\t\t\t<\/div>\r\n\t\t\t\t\t\t<\/div>\r\n\t\t\t\t\t<\/div>\r\n\t\t\t\t\t\t\t\t\t\t\t\t<div class=\"qode-bct-post\">\r\n\t\t\t\t\t\t\t\t\t\t\t\t\t<div class=\"qode-bct-post-image\">\r\n\t\t\t\t\t\t\t\t<a href=\"https:\/\/www.praxisklinik-goethe10.de\/en\/what-are-the-consequences-of-nasal-spray-addiction\/\" itemprop=\"url\">\r\n\t\t\t\t\t\t\t\t\t<img loading=\"lazy\" decoding=\"async\" width=\"1000\" height=\"500\" src=\"https:\/\/www.praxisklinik-goethe10.de\/wp-content\/uploads\/2018\/09\/0148_Nasenspraysucht_01a.jpg\" class=\"attachment-full size-full wp-post-image\" alt=\"Nasenspraysucht\" srcset=\"https:\/\/www.praxisklinik-goethe10.de\/wp-content\/uploads\/2018\/09\/0148_Nasenspraysucht_01a.jpg 1000w, https:\/\/www.praxisklinik-goethe10.de\/wp-content\/uploads\/2018\/09\/0148_Nasenspraysucht_01a-300x150.jpg 300w, https:\/\/www.praxisklinik-goethe10.de\/wp-content\/uploads\/2018\/09\/0148_Nasenspraysucht_01a-768x384.jpg 768w, https:\/\/www.praxisklinik-goethe10.de\/wp-content\/uploads\/2018\/09\/0148_Nasenspraysucht_01a-18x9.jpg 18w, https:\/\/www.praxisklinik-goethe10.de\/wp-content\/uploads\/2018\/09\/0148_Nasenspraysucht_01a-700x350.jpg 700w\" sizes=\"auto, (max-width: 1000px) 100vw, 1000px\" \/>\t\t\t\t\t\t\t\t<\/a>\r\n\t\t\t\t\t\t\t<\/div>\r\n\t\t\t\t\t\t\t\t\t\t\t\t<div class=\"qode-bct-post-text\">\r\n\t\t\t\t\t\t\t<h5 class=\"qode-bct-post-title entry_title\" itemprop=\"name\">\r\n\t\t\t\t\t\t\t\t<a href=\"https:\/\/www.praxisklinik-goethe10.de\/en\/what-are-the-consequences-of-nasal-spray-addiction\/\" itemprop=\"url\">Nasenspraysucht: Welche Folgen hat sie?<\/a>\r\n\t\t\t\t\t\t\t<\/h5>\r\n\t\t\t\t\t\t\t\t\t\t\t\t\t\t<p itemprop=\"description\" class = \"qode-bct-post-excerpt\"> Fast jeder Mensch hat sein kleines oder gro\u00dfes Laster: Die einen essen sehr gerne, bewegen sich aber zu wenig, andere rauchen, wiederum andere trinken zu viel Alkohol. Es gibt auch Menschen, die s\u00fcchtig nach Medikamenten sind. So greifen Zehntausende Deutsche zum Nasenspray, weil sie abh\u00e4ngig sind.<\/p>\r\n\t\t\t\t\t\t\t<div class=\"qode-bct-post-date entry_date updated\" itemprop=\"dateCreated\">\r\n\t\t\t\t\t\t\t\t27. September 2018\t\t\t\t\t\t\t\t<meta itemprop=\"interactionCount\" content=\"UserComments: 0\"\/>\r\n\t\t\t\t\t\t\t<\/div>\r\n\t\t\t\t\t\t<\/div>\r\n\t\t\t\t\t<\/div>\r\n\t\t\t\t\t\t\t\t\t\t\t\t<div class=\"qode-bct-post\">\r\n\t\t\t\t\t\t\t\t\t\t\t\t\t<div class=\"qode-bct-post-image\">\r\n\t\t\t\t\t\t\t\t<a href=\"https:\/\/www.praxisklinik-goethe10.de\/en\/consequences-of-a-deviated-nasal-septum\/\" itemprop=\"url\">\r\n\t\t\t\t\t\t\t\t\t<img loading=\"lazy\" decoding=\"async\" width=\"1000\" height=\"500\" src=\"https:\/\/www.praxisklinik-goethe10.de\/wp-content\/uploads\/2018\/08\/0148_Blog_Folgen-Nasenscheidewandverkruemmung_01a.jpg\" class=\"attachment-full size-full wp-post-image\" alt=\"Folgen Nasenscheidewandverkr\u00fcmmung\" srcset=\"https:\/\/www.praxisklinik-goethe10.de\/wp-content\/uploads\/2018\/08\/0148_Blog_Folgen-Nasenscheidewandverkruemmung_01a.jpg 1000w, https:\/\/www.praxisklinik-goethe10.de\/wp-content\/uploads\/2018\/08\/0148_Blog_Folgen-Nasenscheidewandverkruemmung_01a-300x150.jpg 300w, https:\/\/www.praxisklinik-goethe10.de\/wp-content\/uploads\/2018\/08\/0148_Blog_Folgen-Nasenscheidewandverkruemmung_01a-768x384.jpg 768w, https:\/\/www.praxisklinik-goethe10.de\/wp-content\/uploads\/2018\/08\/0148_Blog_Folgen-Nasenscheidewandverkruemmung_01a-18x9.jpg 18w, https:\/\/www.praxisklinik-goethe10.de\/wp-content\/uploads\/2018\/08\/0148_Blog_Folgen-Nasenscheidewandverkruemmung_01a-700x350.jpg 700w\" sizes=\"auto, (max-width: 1000px) 100vw, 1000px\" \/>\t\t\t\t\t\t\t\t<\/a>\r\n\t\t\t\t\t\t\t<\/div>\r\n\t\t\t\t\t\t\t\t\t\t\t\t<div class=\"qode-bct-post-text\">\r\n\t\t\t\t\t\t\t<h5 class=\"qode-bct-post-title entry_title\" itemprop=\"name\">\r\n\t\t\t\t\t\t\t\t<a href=\"https:\/\/www.praxisklinik-goethe10.de\/en\/consequences-of-a-deviated-nasal-septum\/\" itemprop=\"url\">Welche Folgen hat eine Nasenscheidewandverkr\u00fcmmung?<\/a>\r\n\t\t\t\t\t\t\t<\/h5>\r\n\t\t\t\t\t\t\t\t\t\t\t\t\t\t<p itemprop=\"description\" class = \"qode-bct-post-excerpt\"> H\u00e4ufig wissen die Patienten, die zu uns kommen, weder von ihrer verkr\u00fcmmten Nasenscheidewand noch davon, welche Beschwerden diese verursachen kann. Dabei ist dieses Ph\u00e4nomen \u00fcberhaupt nicht selten. Mehr \u00fcber m\u00f6gliche Folgen und Behandlungsans\u00e4tze erfahren Sie in diesem Artikel.<\/p>\r\n\t\t\t\t\t\t\t<div class=\"qode-bct-post-date entry_date updated\" itemprop=\"dateCreated\">\r\n\t\t\t\t\t\t\t\t27. August 2018\t\t\t\t\t\t\t\t<meta itemprop=\"interactionCount\" content=\"UserComments: 0\"\/>\r\n\t\t\t\t\t\t\t<\/div>\r\n\t\t\t\t\t\t<\/div>\r\n\t\t\t\t\t<\/div>\r\n\t\t\t\t\t\t\t\t\t\t\t\t<div class=\"qode-bct-post\">\r\n\t\t\t\t\t\t\t\t\t\t\t\t\t<div class=\"qode-bct-post-image\">\r\n\t\t\t\t\t\t\t\t<a href=\"https:\/\/www.praxisklinik-goethe10.de\/en\/complaints-of-the-nose-when-is-an-operation-necessary\/\" itemprop=\"url\">\r\n\t\t\t\t\t\t\t\t\t<img loading=\"lazy\" decoding=\"async\" width=\"1000\" height=\"500\" src=\"https:\/\/www.praxisklinik-goethe10.de\/wp-content\/uploads\/2018\/07\/0148_Blog_Beschwerden-der-Nase_01a.jpg\" class=\"attachment-full size-full wp-post-image\" alt=\"Beschwerden der Nase\" srcset=\"https:\/\/www.praxisklinik-goethe10.de\/wp-content\/uploads\/2018\/07\/0148_Blog_Beschwerden-der-Nase_01a.jpg 1000w, https:\/\/www.praxisklinik-goethe10.de\/wp-content\/uploads\/2018\/07\/0148_Blog_Beschwerden-der-Nase_01a-300x150.jpg 300w, https:\/\/www.praxisklinik-goethe10.de\/wp-content\/uploads\/2018\/07\/0148_Blog_Beschwerden-der-Nase_01a-768x384.jpg 768w, https:\/\/www.praxisklinik-goethe10.de\/wp-content\/uploads\/2018\/07\/0148_Blog_Beschwerden-der-Nase_01a-18x9.jpg 18w, https:\/\/www.praxisklinik-goethe10.de\/wp-content\/uploads\/2018\/07\/0148_Blog_Beschwerden-der-Nase_01a-700x350.jpg 700w\" sizes=\"auto, (max-width: 1000px) 100vw, 1000px\" \/>\t\t\t\t\t\t\t\t<\/a>\r\n\t\t\t\t\t\t\t<\/div>\r\n\t\t\t\t\t\t\t\t\t\t\t\t<div class=\"qode-bct-post-text\">\r\n\t\t\t\t\t\t\t<h5 class=\"qode-bct-post-title entry_title\" itemprop=\"name\">\r\n\t\t\t\t\t\t\t\t<a href=\"https:\/\/www.praxisklinik-goethe10.de\/en\/complaints-of-the-nose-when-is-an-operation-necessary\/\" itemprop=\"url\">Beschwerden der Nase: Wann ist eine OP notwendig?<\/a>\r\n\t\t\t\t\t\t\t<\/h5>\r\n\t\t\t\t\t\t\t\t\t\t\t\t\t\t<p itemprop=\"description\" class = \"qode-bct-post-excerpt\"> Unsere Nase ist ein faszinierendes Organ: Sie hat eine Vielzahl an verschiedenen Aufgaben. Bei dieser enormen Leistung kann es auch zu Problemen und Einschr\u00e4nkungen kommen. Welche Nasenbeschwerden es gibt, wie sie die T\u00e4tigkeit der Nase beeinflussen und wann eine Operation notwendig ist, erfahren Sie in hier.<\/p>\r\n\t\t\t\t\t\t\t<div class=\"qode-bct-post-date entry_date updated\" itemprop=\"dateCreated\">\r\n\t\t\t\t\t\t\t\t18. July 2018\t\t\t\t\t\t\t\t<meta itemprop=\"interactionCount\" content=\"UserComments: 0\"\/>\r\n\t\t\t\t\t\t\t<\/div>\r\n\t\t\t\t\t\t<\/div>\r\n\t\t\t\t\t<\/div>\r\n\t\t\t\t\t\t\t\t\t\t\t\t<div class=\"qode-bct-post\">\r\n\t\t\t\t\t\t\t\t\t\t\t\t\t<div class=\"qode-bct-post-image\">\r\n\t\t\t\t\t\t\t\t<a href=\"https:\/\/www.praxisklinik-goethe10.de\/en\/what-does-otorhinolaryngology-include\/\" itemprop=\"url\">\r\n\t\t\t\t\t\t\t\t\t<img loading=\"lazy\" decoding=\"async\" width=\"1000\" height=\"500\" src=\"https:\/\/www.praxisklinik-goethe10.de\/wp-content\/uploads\/2018\/01\/0148_Blog_HNO-Heilkunde-Frankfurt_01a.jpg\" class=\"attachment-full size-full wp-post-image\" alt=\"HNO-Heilkunde Frankfurt\" srcset=\"https:\/\/www.praxisklinik-goethe10.de\/wp-content\/uploads\/2018\/01\/0148_Blog_HNO-Heilkunde-Frankfurt_01a.jpg 1000w, https:\/\/www.praxisklinik-goethe10.de\/wp-content\/uploads\/2018\/01\/0148_Blog_HNO-Heilkunde-Frankfurt_01a-300x150.jpg 300w, https:\/\/www.praxisklinik-goethe10.de\/wp-content\/uploads\/2018\/01\/0148_Blog_HNO-Heilkunde-Frankfurt_01a-768x384.jpg 768w, https:\/\/www.praxisklinik-goethe10.de\/wp-content\/uploads\/2018\/01\/0148_Blog_HNO-Heilkunde-Frankfurt_01a-18x9.jpg 18w, https:\/\/www.praxisklinik-goethe10.de\/wp-content\/uploads\/2018\/01\/0148_Blog_HNO-Heilkunde-Frankfurt_01a-700x350.jpg 700w\" sizes=\"auto, (max-width: 1000px) 100vw, 1000px\" \/>\t\t\t\t\t\t\t\t<\/a>\r\n\t\t\t\t\t\t\t<\/div>\r\n\t\t\t\t\t\t\t\t\t\t\t\t<div class=\"qode-bct-post-text\">\r\n\t\t\t\t\t\t\t<h5 class=\"qode-bct-post-title entry_title\" itemprop=\"name\">\r\n\t\t\t\t\t\t\t\t<a href=\"https:\/\/www.praxisklinik-goethe10.de\/en\/what-does-otorhinolaryngology-include\/\" itemprop=\"url\">Was umfasst die HNO-Heilkunde?<\/a>\r\n\t\t\t\t\t\t\t<\/h5>\r\n\t\t\t\t\t\t\t\t\t\t\t\t\t\t<p itemprop=\"description\" class = \"qode-bct-post-excerpt\"> Neben f\u00fcr s\u00e4mtliche HNO-Bereiche relevante Pr\u00e4ventionsma\u00dfnahmen wie Endoskopien und Probeentnahmen f\u00fchren wir spezifische Diagnostik- und Behandlungsma\u00dfnahmen im Bereich des Halses, der Nase und der Ohren durch. Welche Ma\u00dfnahmen unsere HNO-Heilkunde im Detail umfasst, zeigen wir Ihnen in diesem Artikel.<\/p>\r\n\t\t\t\t\t\t\t<div class=\"qode-bct-post-date entry_date updated\" itemprop=\"dateCreated\">\r\n\t\t\t\t\t\t\t\t20. January 2018\t\t\t\t\t\t\t\t<meta itemprop=\"interactionCount\" content=\"UserComments: 0\"\/>\r\n\t\t\t\t\t\t\t<\/div>\r\n\t\t\t\t\t\t<\/div>\r\n\t\t\t\t\t<\/div>\r\n\t\t\t\t\t\t\t\t\t\t\t\t<div class=\"qode-bct-post\">\r\n\t\t\t\t\t\t\t\t\t\t\t\t\t<div class=\"qode-bct-post-image\">\r\n\t\t\t\t\t\t\t\t<a href=\"https:\/\/www.praxisklinik-goethe10.de\/en\/possibilities-of-snoring-therapy\/\" itemprop=\"url\">\r\n\t\t\t\t\t\t\t\t\t<img loading=\"lazy\" decoding=\"async\" width=\"1000\" height=\"500\" src=\"https:\/\/www.praxisklinik-goethe10.de\/wp-content\/uploads\/2018\/01\/0148_Blog_Moeglichkeiten-Schnarchtherapie_01a.jpg\" class=\"attachment-full size-full wp-post-image\" alt=\"M\u00f6glichkeiten Schnarchtherapie\" srcset=\"https:\/\/www.praxisklinik-goethe10.de\/wp-content\/uploads\/2018\/01\/0148_Blog_Moeglichkeiten-Schnarchtherapie_01a.jpg 1000w, https:\/\/www.praxisklinik-goethe10.de\/wp-content\/uploads\/2018\/01\/0148_Blog_Moeglichkeiten-Schnarchtherapie_01a-300x150.jpg 300w, https:\/\/www.praxisklinik-goethe10.de\/wp-content\/uploads\/2018\/01\/0148_Blog_Moeglichkeiten-Schnarchtherapie_01a-768x384.jpg 768w, https:\/\/www.praxisklinik-goethe10.de\/wp-content\/uploads\/2018\/01\/0148_Blog_Moeglichkeiten-Schnarchtherapie_01a-18x9.jpg 18w, https:\/\/www.praxisklinik-goethe10.de\/wp-content\/uploads\/2018\/01\/0148_Blog_Moeglichkeiten-Schnarchtherapie_01a-700x350.jpg 700w\" sizes=\"auto, (max-width: 1000px) 100vw, 1000px\" \/>\t\t\t\t\t\t\t\t<\/a>\r\n\t\t\t\t\t\t\t<\/div>\r\n\t\t\t\t\t\t\t\t\t\t\t\t<div class=\"qode-bct-post-text\">\r\n\t\t\t\t\t\t\t<h5 class=\"qode-bct-post-title entry_title\" itemprop=\"name\">\r\n\t\t\t\t\t\t\t\t<a href=\"https:\/\/www.praxisklinik-goethe10.de\/en\/possibilities-of-snoring-therapy\/\" itemprop=\"url\">M\u00f6glichkeiten der Schnarch-Therapie: Was man gegen Schnarchen tun kann<\/a>\r\n\t\t\t\t\t\t\t<\/h5>\r\n\t\t\t\t\t\t\t\t\t\t\t\t\t\t<p itemprop=\"description\" class = \"qode-bct-post-excerpt\"> Haben Sie sich auch schon mal gefragt, warum die Person, die schnarcht, immer als Erstes einschl\u00e4ft? Das \u201eB\u00e4ume-Abs\u00e4gen\u201c kann ernste Auswirkungen auf eine Partnerschaft haben. Wenn eine Person dauerhaft schnarcht, droht eine unromantische Konsequenz: getrennte Betten.<\/p>\r\n\t\t\t\t\t\t\t<div class=\"qode-bct-post-date entry_date updated\" itemprop=\"dateCreated\">\r\n\t\t\t\t\t\t\t\t18. January 2018\t\t\t\t\t\t\t\t<meta itemprop=\"interactionCount\" content=\"UserComments: 0\"\/>\r\n\t\t\t\t\t\t\t<\/div>\r\n\t\t\t\t\t\t<\/div>\r\n\t\t\t\t\t<\/div>\r\n\t\t\t\t\t<\/div>\r\n\t\t<\/div>\r\n\t<\/div><\/div><\/div><\/div><\/div><\/div><\/div>\n","protected":false},"excerpt":{"rendered":"Have you ever wondered why the person who snores is always the first to fall asleep? This \"tree-sawing\" can have serious consequences for a partnership. If one person snores constantly and the other is disturbed by it night after night, an unromantic consequence is imminent: separate beds....","protected":false},"author":1,"featured_media":2036,"parent":0,"menu_order":0,"comment_status":"closed","ping_status":"closed","template":"full_width.php","meta":{"footnotes":""},"class_list":["post-1040","page","type-page","status-publish","has-post-thumbnail","hentry"],"yoast_head":"<!-- This site is optimized with the Yoast SEO plugin v27.3 - https:\/\/yoast.com\/product\/yoast-seo-wordpress\/ -->\n<title>Laserconchotomie Frankfurt - HNO Arzt Dr. Fischer Frankfurt<\/title>\n<meta name=\"description\" content=\"Laserconchotomie Frankfurt \u2713 Bei der Laserconchotomie handelt es sich um ein operatives Verfahren zur Verkleinerung der Nasenmuschel\" \/>\n<meta name=\"robots\" content=\"index, follow, max-snippet:-1, max-image-preview:large, max-video-preview:-1\" \/>\n<link rel=\"canonical\" href=\"https:\/\/www.praxisklinik-goethe10.de\/en\/laserconchotomy-frankfurt\/\" \/>\n<meta property=\"og:locale\" content=\"en_GB\" \/>\n<meta property=\"og:type\" content=\"article\" \/>\n<meta property=\"og:title\" content=\"Laserconchotomie Frankfurt - HNO Arzt Dr. Fischer Frankfurt\" \/>\n<meta property=\"og:description\" content=\"Laserconchotomie Frankfurt \u2713 Bei der Laserconchotomie handelt es sich um ein operatives Verfahren zur Verkleinerung der Nasenmuschel\" \/>\n<meta property=\"og:url\" content=\"https:\/\/www.praxisklinik-goethe10.de\/en\/laserconchotomy-frankfurt\/\" \/>\n<meta property=\"og:site_name\" content=\"HNO Frankfurt | Dr. Thomas Fischer\" \/>\n<meta property=\"article:modified_time\" content=\"2025-06-06T12:06:44+00:00\" \/>\n<meta property=\"og:image\" content=\"https:\/\/www.praxisklinik-goethe10.de\/wp-content\/uploads\/2020\/09\/0148_Bereich-Laserconchotomie_01.jpg\" \/>\n\t<meta property=\"og:image:width\" content=\"1000\" \/>\n\t<meta property=\"og:image:height\" content=\"750\" \/>\n\t<meta property=\"og:image:type\" content=\"image\/jpeg\" \/>\n<meta name=\"twitter:card\" content=\"summary_large_image\" \/>\n<meta name=\"twitter:label1\" content=\"Estimated reading time\" \/>\n\t<meta name=\"twitter:data1\" content=\"9 minutes\" \/>\n<script type=\"application\/ld+json\" class=\"yoast-schema-graph\">{\"@context\":\"https:\\\/\\\/schema.org\",\"@graph\":[{\"@type\":\"WebPage\",\"@id\":\"https:\\\/\\\/www.praxisklinik-goethe10.de\\\/laserconchotomie-frankfurt\\\/\",\"url\":\"https:\\\/\\\/www.praxisklinik-goethe10.de\\\/laserconchotomie-frankfurt\\\/\",\"name\":\"Laserconchotomie Frankfurt - HNO Arzt Dr. Fischer Frankfurt\",\"isPartOf\":{\"@id\":\"https:\\\/\\\/www.praxisklinik-goethe10.de\\\/#website\"},\"primaryImageOfPage\":{\"@id\":\"https:\\\/\\\/www.praxisklinik-goethe10.de\\\/laserconchotomie-frankfurt\\\/#primaryimage\"},\"image\":{\"@id\":\"https:\\\/\\\/www.praxisklinik-goethe10.de\\\/laserconchotomie-frankfurt\\\/#primaryimage\"},\"thumbnailUrl\":\"https:\\\/\\\/www.praxisklinik-goethe10.de\\\/wp-content\\\/uploads\\\/2020\\\/09\\\/0148_Bereich-Laserconchotomie_01.jpg\",\"datePublished\":\"2018-06-04T10:01:00+00:00\",\"dateModified\":\"2025-06-06T12:06:44+00:00\",\"description\":\"Laserconchotomie Frankfurt \u2713 Bei der Laserconchotomie handelt es sich um ein operatives Verfahren zur Verkleinerung der Nasenmuschel\",\"breadcrumb\":{\"@id\":\"https:\\\/\\\/www.praxisklinik-goethe10.de\\\/laserconchotomie-frankfurt\\\/#breadcrumb\"},\"inLanguage\":\"en-GB\",\"potentialAction\":[{\"@type\":\"ReadAction\",\"target\":[\"https:\\\/\\\/www.praxisklinik-goethe10.de\\\/laserconchotomie-frankfurt\\\/\"]}]},{\"@type\":\"ImageObject\",\"inLanguage\":\"en-GB\",\"@id\":\"https:\\\/\\\/www.praxisklinik-goethe10.de\\\/laserconchotomie-frankfurt\\\/#primaryimage\",\"url\":\"https:\\\/\\\/www.praxisklinik-goethe10.de\\\/wp-content\\\/uploads\\\/2020\\\/09\\\/0148_Bereich-Laserconchotomie_01.jpg\",\"contentUrl\":\"https:\\\/\\\/www.praxisklinik-goethe10.de\\\/wp-content\\\/uploads\\\/2020\\\/09\\\/0148_Bereich-Laserconchotomie_01.jpg\",\"width\":1000,\"height\":750,\"caption\":\"Laserconchotomie Frankfurt\"},{\"@type\":\"BreadcrumbList\",\"@id\":\"https:\\\/\\\/www.praxisklinik-goethe10.de\\\/laserconchotomie-frankfurt\\\/#breadcrumb\",\"itemListElement\":[{\"@type\":\"ListItem\",\"position\":1,\"name\":\"Startseite\",\"item\":\"https:\\\/\\\/www.praxisklinik-goethe10.de\\\/\"},{\"@type\":\"ListItem\",\"position\":2,\"name\":\"Laserconchotomie\"}]},{\"@type\":\"WebSite\",\"@id\":\"https:\\\/\\\/www.praxisklinik-goethe10.de\\\/#website\",\"url\":\"https:\\\/\\\/www.praxisklinik-goethe10.de\\\/\",\"name\":\"HNO Frankfurt | Dr. Thomas Fischer\",\"description\":\"HNO Arzt Frankfurt\",\"publisher\":{\"@id\":\"https:\\\/\\\/www.praxisklinik-goethe10.de\\\/#organization\"},\"potentialAction\":[{\"@type\":\"SearchAction\",\"target\":{\"@type\":\"EntryPoint\",\"urlTemplate\":\"https:\\\/\\\/www.praxisklinik-goethe10.de\\\/?s={search_term_string}\"},\"query-input\":{\"@type\":\"PropertyValueSpecification\",\"valueRequired\":true,\"valueName\":\"search_term_string\"}}],\"inLanguage\":\"en-GB\"},{\"@type\":\"Organization\",\"@id\":\"https:\\\/\\\/www.praxisklinik-goethe10.de\\\/#organization\",\"name\":\"Praxisklinik Goethe 10\",\"url\":\"https:\\\/\\\/www.praxisklinik-goethe10.de\\\/\",\"logo\":{\"@type\":\"ImageObject\",\"inLanguage\":\"en-GB\",\"@id\":\"https:\\\/\\\/www.praxisklinik-goethe10.de\\\/#\\\/schema\\\/logo\\\/image\\\/\",\"url\":\"https:\\\/\\\/www.praxisklinik-goethe10.de\\\/wp-content\\\/uploads\\\/2018\\\/03\\\/dr-fischer-hno-frankfurt-slider.png\",\"contentUrl\":\"https:\\\/\\\/www.praxisklinik-goethe10.de\\\/wp-content\\\/uploads\\\/2018\\\/03\\\/dr-fischer-hno-frankfurt-slider.png\",\"width\":400,\"height\":200,\"caption\":\"Praxisklinik Goethe 10\"},\"image\":{\"@id\":\"https:\\\/\\\/www.praxisklinik-goethe10.de\\\/#\\\/schema\\\/logo\\\/image\\\/\"}}]}<\/script>\n<!-- \/ Yoast SEO plugin. -->","yoast_head_json":{"title":"Laser conchotomy Frankfurt - ENT doctor Dr Fischer Frankfurt","description":"Laser conchotomy Frankfurt \u2713 Laser conchotomy is a surgical procedure to reduce the size of the turbinate","robots":{"index":"index","follow":"follow","max-snippet":"max-snippet:-1","max-image-preview":"max-image-preview:large","max-video-preview":"max-video-preview:-1"},"canonical":"https:\/\/www.praxisklinik-goethe10.de\/en\/laserconchotomy-frankfurt\/","og_locale":"en_GB","og_type":"article","og_title":"Laserconchotomie Frankfurt - HNO Arzt Dr. Fischer Frankfurt","og_description":"Laserconchotomie Frankfurt \u2713 Bei der Laserconchotomie handelt es sich um ein operatives Verfahren zur Verkleinerung der Nasenmuschel","og_url":"https:\/\/www.praxisklinik-goethe10.de\/en\/laserconchotomy-frankfurt\/","og_site_name":"HNO Frankfurt | Dr. Thomas Fischer","article_modified_time":"2025-06-06T12:06:44+00:00","og_image":[{"width":1000,"height":750,"url":"https:\/\/www.praxisklinik-goethe10.de\/wp-content\/uploads\/2020\/09\/0148_Bereich-Laserconchotomie_01.jpg","type":"image\/jpeg"}],"twitter_card":"summary_large_image","twitter_misc":{"Estimated reading time":"9 minutes"},"schema":{"@context":"https:\/\/schema.org","@graph":[{"@type":"WebPage","@id":"https:\/\/www.praxisklinik-goethe10.de\/laserconchotomie-frankfurt\/","url":"https:\/\/www.praxisklinik-goethe10.de\/laserconchotomie-frankfurt\/","name":"Laser conchotomy Frankfurt - ENT doctor Dr Fischer Frankfurt","isPartOf":{"@id":"https:\/\/www.praxisklinik-goethe10.de\/#website"},"primaryImageOfPage":{"@id":"https:\/\/www.praxisklinik-goethe10.de\/laserconchotomie-frankfurt\/#primaryimage"},"image":{"@id":"https:\/\/www.praxisklinik-goethe10.de\/laserconchotomie-frankfurt\/#primaryimage"},"thumbnailUrl":"https:\/\/www.praxisklinik-goethe10.de\/wp-content\/uploads\/2020\/09\/0148_Bereich-Laserconchotomie_01.jpg","datePublished":"2018-06-04T10:01:00+00:00","dateModified":"2025-06-06T12:06:44+00:00","description":"Laser conchotomy Frankfurt \u2713 Laser conchotomy is a surgical procedure to reduce the size of the turbinate","breadcrumb":{"@id":"https:\/\/www.praxisklinik-goethe10.de\/laserconchotomie-frankfurt\/#breadcrumb"},"inLanguage":"en-GB","potentialAction":[{"@type":"ReadAction","target":["https:\/\/www.praxisklinik-goethe10.de\/laserconchotomie-frankfurt\/"]}]},{"@type":"ImageObject","inLanguage":"en-GB","@id":"https:\/\/www.praxisklinik-goethe10.de\/laserconchotomie-frankfurt\/#primaryimage","url":"https:\/\/www.praxisklinik-goethe10.de\/wp-content\/uploads\/2020\/09\/0148_Bereich-Laserconchotomie_01.jpg","contentUrl":"https:\/\/www.praxisklinik-goethe10.de\/wp-content\/uploads\/2020\/09\/0148_Bereich-Laserconchotomie_01.jpg","width":1000,"height":750,"caption":"Laserconchotomie Frankfurt"},{"@type":"BreadcrumbList","@id":"https:\/\/www.praxisklinik-goethe10.de\/laserconchotomie-frankfurt\/#breadcrumb","itemListElement":[{"@type":"ListItem","position":1,"name":"Startseite","item":"https:\/\/www.praxisklinik-goethe10.de\/"},{"@type":"ListItem","position":2,"name":"Laserconchotomie"}]},{"@type":"WebSite","@id":"https:\/\/www.praxisklinik-goethe10.de\/#website","url":"https:\/\/www.praxisklinik-goethe10.de\/","name":"ENT Frankfurt | Dr Thomas Fischer","description":"ENT doctor Frankfurt","publisher":{"@id":"https:\/\/www.praxisklinik-goethe10.de\/#organization"},"potentialAction":[{"@type":"SearchAction","target":{"@type":"EntryPoint","urlTemplate":"https:\/\/www.praxisklinik-goethe10.de\/?s={search_term_string}"},"query-input":{"@type":"PropertyValueSpecification","valueRequired":true,"valueName":"search_term_string"}}],"inLanguage":"en-GB"},{"@type":"Organization","@id":"https:\/\/www.praxisklinik-goethe10.de\/#organization","name":"Goethe Clinic 10","url":"https:\/\/www.praxisklinik-goethe10.de\/","logo":{"@type":"ImageObject","inLanguage":"en-GB","@id":"https:\/\/www.praxisklinik-goethe10.de\/#\/schema\/logo\/image\/","url":"https:\/\/www.praxisklinik-goethe10.de\/wp-content\/uploads\/2018\/03\/dr-fischer-hno-frankfurt-slider.png","contentUrl":"https:\/\/www.praxisklinik-goethe10.de\/wp-content\/uploads\/2018\/03\/dr-fischer-hno-frankfurt-slider.png","width":400,"height":200,"caption":"Praxisklinik Goethe 10"},"image":{"@id":"https:\/\/www.praxisklinik-goethe10.de\/#\/schema\/logo\/image\/"}}]}},"_links":{"self":[{"href":"https:\/\/www.praxisklinik-goethe10.de\/en\/wp-json\/wp\/v2\/pages\/1040","targetHints":{"allow":["GET"]}}],"collection":[{"href":"https:\/\/www.praxisklinik-goethe10.de\/en\/wp-json\/wp\/v2\/pages"}],"about":[{"href":"https:\/\/www.praxisklinik-goethe10.de\/en\/wp-json\/wp\/v2\/types\/page"}],"author":[{"embeddable":true,"href":"https:\/\/www.praxisklinik-goethe10.de\/en\/wp-json\/wp\/v2\/users\/1"}],"replies":[{"embeddable":true,"href":"https:\/\/www.praxisklinik-goethe10.de\/en\/wp-json\/wp\/v2\/comments?post=1040"}],"version-history":[{"count":32,"href":"https:\/\/www.praxisklinik-goethe10.de\/en\/wp-json\/wp\/v2\/pages\/1040\/revisions"}],"predecessor-version":[{"id":4033,"href":"https:\/\/www.praxisklinik-goethe10.de\/en\/wp-json\/wp\/v2\/pages\/1040\/revisions\/4033"}],"wp:featuredmedia":[{"embeddable":true,"href":"https:\/\/www.praxisklinik-goethe10.de\/en\/wp-json\/wp\/v2\/media\/2036"}],"wp:attachment":[{"href":"https:\/\/www.praxisklinik-goethe10.de\/en\/wp-json\/wp\/v2\/media?parent=1040"}],"curies":[{"name":"wp","href":"https:\/\/api.w.org\/{rel}","templated":true}]}}