{"id":1457,"date":"2019-01-07T13:50:00","date_gmt":"2019-01-07T12:50:00","guid":{"rendered":"https:\/\/www.praxisklinik-goethe10.de\/?page_id=1457"},"modified":"2024-05-06T13:59:54","modified_gmt":"2024-05-06T11:59:54","slug":"vitamins-food-supplement","status":"publish","type":"page","link":"https:\/\/www.praxisklinik-goethe10.de\/en\/vitamins-food-supplement\/","title":{"rendered":"Vitamins \/ food supplements"},"content":{"rendered":"<div      class=\"vc_row wpb_row section vc_row-fluid\" style=' text-align:left;'><div class=\"full_section_inner clearfix\"><div class=\"wpb_column vc_column_container vc_col-sm-12\"><div class=\"vc_column-inner\"><div class=\"wpb_wrapper\">\r\n\t<div class=\"wpb_single_image wpb_content_element vc_align_left\">\r\n\t\t<div class=\"wpb_wrapper\">\r\n\t\t\t\r\n\t\t\t<div class=\"vc_single_image-wrapper   vc_box_border_grey\"><img loading=\"lazy\" decoding=\"async\" class=\"vc_single_image-img\" src=\"https:\/\/www.praxisklinik-goethe10.de\/wp-content\/uploads\/2018\/04\/dr-fischer-frankfurt-hno-dr-fischer-1920x430.jpg\" width=\"1920\" height=\"430\" alt=\"ENT doctor Frankfurt\" title=\"\" \/><\/div>\r\n\t\t<\/div>\r\n\t<\/div>\r\n\n\t<div class=\"wpb_raw_code wpb_content_element wpb_raw_html\" >\n\t\t<div class=\"wpb_wrapper\">\n\t\t\t<a href=\" https:\/\/buchung.treatwell.de\/ort\/cosmetical-health-beauty-lounge\/\" class=\"treatwell_button\" style=\"position:fixed;top:280px;right:0;display:block;text-align:center;opacity: 0.85;background-color:#b0563c;font-size:14px;overflow:hidden;width:100px;border-radius:4px 0 0 4px;text-decoration:none;padding:10px;line-height:1.4\" rel=\"\" target=\"_blank\"><span style=\"font-size:14px; color:#fff;\">Date<br> Book online<\/span><img decoding=\"async\" style\n=\"height:12px;margin-top:8px;margin-bottom:5px;vertical-align:middle;width:auto\" src=\" \/wp-content\/uploads\/2024\/03\/0148_Treatwell-Logo_01.svg\" alt=\"Treatwell\"><\/a>\n\n\t\t<\/div>\n\t<\/div>\n<\/div><\/div><\/div><\/div><\/div><div      class=\"vc_row wpb_row section vc_row-fluid  vc_custom_1652793987462 grid_section\" style=' text-align:left;'><div class=\"section_inner clearfix\"><div class='section_inner_margin clearfix'><div class=\"wpb_column vc_column_container vc_col-sm-12 vc_col-lg-offset-0 vc_col-lg-12 vc_col-md-offset-0 vc_col-sm-offset-0\"><div class=\"vc_column-inner vc_custom_1524655072852\"><div class=\"wpb_wrapper\">\n\t<div class=\"wpb_text_column wpb_content_element\">\n\t\t<div class=\"wpb_wrapper\">\n\t\t\t<h1 style=\"text-align: center;\">Vitamins \/ Food Supplements Frankfurt<\/h1>\n\n\t\t<\/div> \n\t<\/div> \t<div class=\"vc_empty_space\"  style=\"height: 20px\" ><span\r\n\t\t\tclass=\"vc_empty_space_inner\">\r\n\t\t\t<span class=\"empty_space_image\"  ><\/span>\r\n\t\t<\/span><\/div>\r\n\n\n\t<div class=\"wpb_text_column wpb_content_element\">\n\t\t<div class=\"wpb_wrapper\">\n\t\t\t<h6 style=\"text-align: center;\">Metabolic Balance Frankfurt - nutritional supplements individually tailored to every need.<\/h6>\n\n\t\t<\/div> \n\t<\/div> <\/div><\/div><\/div><\/div><\/div><\/div><div      class=\"vc_row wpb_row section vc_row-fluid  grid_section\" style=' text-align:left;'><div class=\"section_inner clearfix\"><div class='section_inner_margin clearfix'><div class=\"wpb_column vc_column_container vc_col-sm-12 vc_col-lg-offset-0 vc_col-lg-12 vc_col-md-offset-0 vc_col-sm-offset-0\"><div class=\"vc_column-inner vc_custom_1652794132809\"><div class=\"wpb_wrapper\">\t<div class=\"vc_empty_space\"  style=\"height: 40px\" ><span\r\n\t\t\tclass=\"vc_empty_space_inner\">\r\n\t\t\t<span class=\"empty_space_image\"  ><\/span>\r\n\t\t<\/span><\/div>\r\n\n<div      class=\"vc_row wpb_row section vc_row-fluid vc_inner  grid_section\" style=' text-align:left;'><div class=\"section_inner clearfix\"><div class='section_inner_margin clearfix'><div class=\"wpb_column vc_column_container vc_col-sm-6\"><div class=\"vc_column-inner\"><div class=\"wpb_wrapper\">\n\t<div class=\"wpb_text_column wpb_content_element\">\n\t\t<div class=\"wpb_wrapper\">\n\t\t\t<h5>For women under stress<\/h5>\n<h3><strong>EUCELL F Plus\u00ae<\/strong><\/h3>\n<p>Women's everyday lives today are often characterised by a high level of stress. Professional or family challenges, constant time pressure and the resulting unhealthy lifestyle often lead to fatigue and exhaustion.<\/p>\n<ul>\n<li>Vitamins A, C, D, B6, B12, folic acid, iron, selenium and zinc contribute to the normal function of the immune system.<\/li>\n<li>Vitamins C, B2, B3, B5, B6, B12 as well as iron and magnesium for energy metabolism and against fatigue.<\/li>\n<li>Vitamins C, E, B2, selenium and zinc help to protect the cells from oxidative stress.<\/li>\n<li>Vitamin A, beta-carotene, vitamins B2, B3, biotin, iodine and zinc contribute to the maintenance of normal skin.<\/li>\n<li>To maintain normal hair: biotin, selenium and zinc.<\/li>\n<li>Vitamin C, vitamins A and B2 for iron metabolism.<\/li>\n<li>Vitamins C, B1, B3, B6, vitamin B12, folic acid and magnesium support normal mental function and iodine, iron and zinc support normal cognitive function.<\/li>\n<li>Vitamin B5 for the production and normal metabolism of steroid hormones (e.g. sex hormones).<\/li>\n<\/ul>\n\n\t\t<\/div> \n\t<\/div> \t<div class=\"vc_empty_space\"  style=\"height: 40px\" ><span\r\n\t\t\tclass=\"vc_empty_space_inner\">\r\n\t\t\t<span class=\"empty_space_image\"  ><\/span>\r\n\t\t<\/span><\/div>\r\n\n<\/div><\/div><\/div><div class=\"wpb_column vc_column_container vc_col-sm-6\"><div class=\"vc_column-inner\"><div class=\"wpb_wrapper\">\n\t<div class=\"wpb_text_column wpb_content_element\">\n\t\t<div class=\"wpb_wrapper\">\n\t\t\t<h5>For more vitality in men<\/h5>\n<h3><strong>EUCELL M Plus\u00ae<\/strong><\/h3>\n<p>Nowadays, men's everyday lives are often characterised by a high level of stress. Professional or family challenges, constant time pressure and a resulting unhealthy lifestyle - fatigue and exhaustion are often the result.<\/p>\n<ul>\n<li>Vitamins A, C, D, B6, B12, folic acid, selenium and zinc contribute to the normal function of the immune system.<\/li>\n<li>200 mg vitamin C in addition to the recommended daily dose of 80 mg contributes to the normal function of the immune system during intensive physical activity.<\/li>\n<li>Vitamins C, E, B2, selenium and zinc help to protect the cells from oxidative stress.<\/li>\n<li>Vitamin B1 supports normal heart function.<\/li>\n<li>Biotin, selenium and zinc to maintain normal hair.<\/li>\n<li>Vitamins C, B1, B2, B3, vitamins B5, B6, B12, biotin, magnesium and iodine for energy metabolism.<\/li>\n<li>Zinc for fertility and reproduction (procreation) and selenium for normal sperm formation.<\/li>\n<li>Vitamin B5 for the production and metabolism of steroid hormones and zinc for testosterone levels.<\/li>\n<\/ul>\n\n\t\t<\/div> \n\t<\/div> \t<div class=\"vc_empty_space\"  style=\"height: 40px\" ><span\r\n\t\t\tclass=\"vc_empty_space_inner\">\r\n\t\t\t<span class=\"empty_space_image\"  ><\/span>\r\n\t\t<\/span><\/div>\r\n\n<\/div><\/div><\/div><div class=\"wpb_column vc_column_container vc_col-sm-12\"><div class=\"vc_column-inner\"><div class=\"wpb_wrapper\"><\/div><\/div><\/div><div class=\"wpb_column vc_column_container vc_col-sm-6\"><div class=\"vc_column-inner\"><div class=\"wpb_wrapper\">\n\t<div class=\"wpb_text_column wpb_content_element\">\n\t\t<div class=\"wpb_wrapper\">\n\t\t\t<h5>For the immune system<\/h5>\n<h3><strong>EUCELL Immune\u00ae<\/strong><\/h3>\n<p>Our immune system has to perform at its best every day. The challenges for the immune system are as varied as our everyday lives. Viruses, stress, an unbalanced diet or lack of sleep can put a strain on our health. People with a weakened immune system in particular also need support with special supplements. <a href=\"\/en\/vital-substance-infusions\/\">Vital substances<\/a>.<\/p>\n<ul>\n<li>Vitamins A, C, D, B6, B12, folic acid, iron, copper, selenium and zinc for the normal function of the immune system.<\/li>\n<li>200 mg vitamin C in addition to the recommended daily dose of 80 mg contributes to the normal function of the immune system during intensive physical activity.<\/li>\n<li>Vitamin A, beta-carotene, vitamins B2, B3 and biotin contribute to the maintenance of normal mucous membranes.<\/li>\n<li>Vitamins C, E, B2, copper, manganese, selenium and zinc help to protect the cells from oxidative stress.<\/li>\n<li>Secondary plant substances are natural components of fruit and vegetables.<\/li>\n<li>Vitamins C, B2, B3, B5, B6, B12, folic acid and iron help to reduce tiredness and fatigue.<\/li>\n<\/ul>\n\n\t\t<\/div> \n\t<\/div> \t<div class=\"vc_empty_space\"  style=\"height: 40px\" ><span\r\n\t\t\tclass=\"vc_empty_space_inner\">\r\n\t\t\t<span class=\"empty_space_image\"  ><\/span>\r\n\t\t<\/span><\/div>\r\n\n<\/div><\/div><\/div><div class=\"wpb_column vc_column_container vc_col-sm-6\"><div class=\"vc_column-inner\"><div class=\"wpb_wrapper\">\n\t<div class=\"wpb_text_column wpb_content_element\">\n\t\t<div class=\"wpb_wrapper\">\n\t\t\t<h5>For the energy metabolism<\/h5>\n<h3><strong>EUCELL Q10 Plus\u00ae<\/strong><\/h3>\n<p>We have known since our school days that the <a href=\"https:\/\/flexikon.doccheck.com\/de\/Mitochondrium\" target=\"_blank\" rel=\"noopener\">Mitochondria<\/a> are the energy powerhouses of human cells. They provide us with the energy we need to master the challenges of everyday life on a daily basis - preferably into old age.<\/p>\n<ul>\n<li>Vitamins C, B1, B2, B3, B5, B6, B12, biotin, magnesium, copper and manganese strengthen the energy metabolism.<\/li>\n<li>Vitamins C, B2, B3, B5, B6, B12 and magnesium counteract tiredness and fatigue.<\/li>\n<li>Coenzyme Q10 is a vitamin-like substance and is present in the mitochondria (energy power stations of the cells) of all body cells.<\/li>\n<li>L-carnitine is an essential component of fat metabolism as part of the cell's own energy production and contributes to normal fat burning.<\/li>\n<li>Vitamins C, B1, B2, B3, B6, B12, biotin and copper contribute to the normal function of the nervous system.<\/li>\n<li>Vitamins C, E, B2, copper, manganese, selenium and zinc protect the body's cells from oxidative stress.<\/li>\n<\/ul>\n\n\t\t<\/div> \n\t<\/div> \t<div class=\"vc_empty_space\"  style=\"height: 40px\" ><span\r\n\t\t\tclass=\"vc_empty_space_inner\">\r\n\t\t\t<span class=\"empty_space_image\"  ><\/span>\r\n\t\t<\/span><\/div>\r\n\n<\/div><\/div><\/div><div class=\"wpb_column vc_column_container vc_col-sm-12\"><div class=\"vc_column-inner\"><div class=\"wpb_wrapper\"><\/div><\/div><\/div><div class=\"wpb_column vc_column_container vc_col-sm-6\"><div class=\"vc_column-inner\"><div class=\"wpb_wrapper\">\n\t<div class=\"wpb_text_column wpb_content_element\">\n\t\t<div class=\"wpb_wrapper\">\n\t\t\t<h5>For brain &amp; nerves<\/h5>\n<h3><strong>EUCELL Mental\u00ae<\/strong><\/h3>\n<p>Nowadays, in addition to general physical health, you need a flexible brain and strong nerves - from school to old age. Mental mobility and mental strength are often significantly impaired by stress. Maintaining mental vitality plays a major role in quality of life, especially in old age.<\/p>\n<ul>\n<li>The omega-3 fatty acid DHA for good brain function<\/li>\n<li>Vitamins C, B1, B3, B6, biotin and magnesium for a strong nervous system and good mental function.<\/li>\n<li>Zinc supports the cognitive functions of the brain.<\/li>\n<li>Vitamin B5 contributes to normal synthesis, mental performance and normal metabolism of some messenger substances of the nervous system.<\/li>\n<li>Vitamins C, B2, B3, B5, B6, B12, folic acid and magnesium help to reduce tiredness and fatigue.<\/li>\n<li>Green tea extracts with plant substances such as catechins.<\/li>\n<li>Coenzyme Q10 is a vitamin-like substance that is present in the mitochondria of all body cells.<\/li>\n<\/ul>\n\n\t\t<\/div> \n\t<\/div> \t<div class=\"vc_empty_space\"  style=\"height: 40px\" ><span\r\n\t\t\tclass=\"vc_empty_space_inner\">\r\n\t\t\t<span class=\"empty_space_image\"  ><\/span>\r\n\t\t<\/span><\/div>\r\n\n<\/div><\/div><\/div><div class=\"wpb_column vc_column_container vc_col-sm-6\"><div class=\"vc_column-inner\"><div class=\"wpb_wrapper\">\n\t<div class=\"wpb_text_column wpb_content_element\">\n\t\t<div class=\"wpb_wrapper\">\n\t\t\t<h5>For the intestinal fora<\/h5>\n<h3><strong>EUCELL Probiot Plus\u00ae<\/strong><\/h3>\n<p>A balanced intestinal flora is of great importance for human health. It is not for nothing that the intestine is considered the centre of natural defence - because more than 70 % of the body's total defence cells are found in the intestine: a healthy intestinal flora has positive effects far beyond the intestine. The continuous supply of cultures ensures a favourable shift in the bacterial balance and thus creates a barrier against other harmful bacteria or fungi. What makes it special is the number of bacterial cultures it contains. Each capsule contains 9 selected cultures with a total of 2,000,000,000 viable bacterial units: Lactobacillus acidophilus, Lactobacillus casei, Lactobacillus plantarum, Lactobacillus rhamnosus, Lactococcus lactis, Bifidobacterium bifidum, Bifidobacterium infantis, Bifidobacterium lactis, Bifidobacterium longum. The product also contains vitamins A, E and D as well as calcium to support the immune system.<\/p>\n\n\t\t<\/div> \n\t<\/div> \t<div class=\"vc_empty_space\"  style=\"height: 40px\" ><span\r\n\t\t\tclass=\"vc_empty_space_inner\">\r\n\t\t\t<span class=\"empty_space_image\"  ><\/span>\r\n\t\t<\/span><\/div>\r\n\n<\/div><\/div><\/div><div class=\"wpb_column vc_column_container vc_col-sm-12\"><div class=\"vc_column-inner\"><div class=\"wpb_wrapper\"><\/div><\/div><\/div><div class=\"wpb_column vc_column_container vc_col-sm-6\"><div class=\"vc_column-inner\"><div class=\"wpb_wrapper\">\n\t<div class=\"wpb_text_column wpb_content_element\">\n\t\t<div class=\"wpb_wrapper\">\n\t\t\t<h5>For omega-3 fatty acid deficiency<\/h5>\n<h3><strong>EUCELL Omega\u00ae<\/strong><\/h3>\n<p>The positive effects of omega-3 fatty acids on health are extremely versatile. The combination with vitamin E also protects the cells from oxidative stress and vitamin D strengthens the normal function of the immune system. Has a positive effect on heart function, blood lipid levels and blood pressure.<\/p>\n\n\t\t<\/div> \n\t<\/div> \t<div class=\"vc_empty_space\"  style=\"height: 40px\" ><span\r\n\t\t\tclass=\"vc_empty_space_inner\">\r\n\t\t\t<span class=\"empty_space_image\"  ><\/span>\r\n\t\t<\/span><\/div>\r\n\n<\/div><\/div><\/div><div class=\"wpb_column vc_column_container vc_col-sm-6\"><div class=\"vc_column-inner\"><div class=\"wpb_wrapper\">\n\t<div class=\"wpb_text_column wpb_content_element\">\n\t\t<div class=\"wpb_wrapper\">\n\t\t\t<h5>For the acid-base balance<\/h5>\n<h3><strong>EUCELL Baso\u00ae<\/strong><\/h3>\n<p>Our body can only function optimally if the pH value of the blood is in the optimum range. Due to modern eating habits in particular, the body's own pH value can become unbalanced. This can result in fatigue or tiredness. In the long term, joints, bones and the cardiovascular system suffer. Magnesium salts of citric acid, potassium citrate, calcium salts of citric acid, coating agent hydroxypropylmethylcellulose (HPMC), cholecalciferol and zinc oxide have a positive effect against this.<\/p>\n\n\t\t<\/div> \n\t<\/div> \t<div class=\"vc_empty_space\"  style=\"height: 40px\" ><span\r\n\t\t\tclass=\"vc_empty_space_inner\">\r\n\t\t\t<span class=\"empty_space_image\"  ><\/span>\r\n\t\t<\/span><\/div>\r\n\n<\/div><\/div><\/div><\/div><\/div><\/div><\/div><\/div><\/div><\/div><\/div><\/div><div      class=\"vc_row wpb_row section vc_row-fluid  vc_custom_1525333561083 grid_section disable_negative_margin\" style=' text-align:center;'><div class=\"section_inner clearfix\"><div class='section_inner_margin clearfix'><div class=\"wpb_column vc_column_container vc_col-sm-12\"><div class=\"vc_column-inner\"><div class=\"wpb_wrapper\">\t<div class=\"vc_empty_space\"  style=\"height: 40px\" ><span\r\n\t\t\tclass=\"vc_empty_space_inner\">\r\n\t\t\t<span class=\"empty_space_image\"  ><\/span>\r\n\t\t<\/span><\/div>\r\n\n\n\t<div class=\"wpb_text_column wpb_content_element\">\n\t\t<div class=\"wpb_wrapper\">\n\t\t\t<h3 style=\"text-align: center;\"><span style=\"color: #ffffff;\">Would you like to find out more about vitamins \/ nutritional supplements or make an appointment? <\/span><\/h3>\n\n\t\t<\/div> \n\t<\/div> \t<div class=\"vc_empty_space\"  style=\"height: 20px\" ><span\r\n\t\t\tclass=\"vc_empty_space_inner\">\r\n\t\t\t<span class=\"empty_space_image\"  ><\/span>\r\n\t\t<\/span><\/div>\r\n\n<a  itemprop=\"url\" href=\"https:\/\/buchung.treatwell.de\/ort\/cosmetical-health-beauty-lounge\/\" target=\"_blank\"  class=\"qbutton  medium default\" style=\"\">Book an appointment now!<i class=\"qode_icon_font_awesome fa fa-angle-double-right qode_button_icon_element\" style=\"\" ><\/i><\/a>\t<div class=\"vc_empty_space\"  style=\"height: 40px\" ><span\r\n\t\t\tclass=\"vc_empty_space_inner\">\r\n\t\t\t<span class=\"empty_space_image\"  ><\/span>\r\n\t\t<\/span><\/div>\r\n\n<\/div><\/div><\/div><\/div><\/div><\/div><div      class=\"vc_row wpb_row section vc_row-fluid  grid_section\" style=' padding-top:90px; padding-bottom:90px; text-align:left;'><div class=\"section_inner clearfix\"><div class='section_inner_margin clearfix'><div class=\"wpb_column vc_column_container vc_col-sm-12\"><div class=\"vc_column-inner\"><div class=\"wpb_wrapper\"><div class=\"qode-blog-carousel-titled\" data-posts-shown=\"3\">\r\n\t<div class=\"qode-bct-title-holder\" style=\"background-color:#ffffff;color:#1c1919\">\r\n\t\t<a class=\"qode-bct-caroufredsel-prev\" href=\"#\">\r\n\t\t\t<span class=\"qode-bct-caroufredsel-nav-inner\">\r\n\t\t\t\t<span class=\"qode-bct-caroufredsel-nav-icon-holder\">\r\n\t\t\t\t\t<span class=\"arrow_carrot-left\"><\/span>\r\n\t\t\t\t<\/span>\r\n\t\t\t<\/span>\r\n\t\t<\/a>\r\n\t\t\t\t\t\t\t\t<h2>\r\n\t\t\t\t\t\tMore on the topic\t\t\t\t\t<\/h2>\r\n\t\t\t\t<a class=\"qode-bct-caroufredsel-next\" href=\"#\">\r\n\t\t<span class=\"qode-bct-caroufredsel-nav-inner\">\r\n\t\t\t<span class=\"qode-bct-caroufredsel-nav-icon-holder\">\r\n\t\t\t\t<span class=\"arrow_carrot-right\"><\/span>\r\n\t\t\t<\/span>\r\n\t\t<\/span>\r\n\t<\/a>\r\n\t<\/div>\r\n\t\t\t<div class=\"qode-bct-posts-holder\">\r\n\t\t<div class=\"qode-bct-posts\">\r\n\t\t\t\t\t\t\t\t\t\t\t\t<div class=\"qode-bct-post\">\r\n\t\t\t\t\t\t\t\t\t\t\t\t\t<div class=\"qode-bct-post-image\">\r\n\t\t\t\t\t\t\t\t<a href=\"https:\/\/www.praxisklinik-goethe10.de\/en\/pet-dander-allergy\/\" itemprop=\"url\">\r\n\t\t\t\t\t\t\t\t\t<img loading=\"lazy\" decoding=\"async\" width=\"1000\" height=\"500\" src=\"https:\/\/www.praxisklinik-goethe10.de\/wp-content\/uploads\/2026\/04\/0148_Blog_Tierhaarallergie_01.jpg\" class=\"attachment-full size-full wp-post-image\" alt=\"Animal hair allergy\" srcset=\"https:\/\/www.praxisklinik-goethe10.de\/wp-content\/uploads\/2026\/04\/0148_Blog_Tierhaarallergie_01.jpg 1000w, https:\/\/www.praxisklinik-goethe10.de\/wp-content\/uploads\/2026\/04\/0148_Blog_Tierhaarallergie_01-300x150.jpg 300w, https:\/\/www.praxisklinik-goethe10.de\/wp-content\/uploads\/2026\/04\/0148_Blog_Tierhaarallergie_01-768x384.jpg 768w, https:\/\/www.praxisklinik-goethe10.de\/wp-content\/uploads\/2026\/04\/0148_Blog_Tierhaarallergie_01-18x9.jpg 18w, https:\/\/www.praxisklinik-goethe10.de\/wp-content\/uploads\/2026\/04\/0148_Blog_Tierhaarallergie_01-700x350.jpg 700w\" sizes=\"auto, (max-width: 1000px) 100vw, 1000px\" \/>\t\t\t\t\t\t\t\t<\/a>\r\n\t\t\t\t\t\t\t<\/div>\r\n\t\t\t\t\t\t\t\t\t\t\t\t<div class=\"qode-bct-post-text\">\r\n\t\t\t\t\t\t\t<h5 class=\"qode-bct-post-title entry_title\" itemprop=\"name\">\r\n\t\t\t\t\t\t\t\t<a href=\"https:\/\/www.praxisklinik-goethe10.de\/en\/pet-dander-allergy\/\" itemprop=\"url\">Pet hair allergy: Do I have to give up my beloved pet?<\/a>\r\n\t\t\t\t\t\t\t<\/h5>\r\n\t\t\t\t\t\t\t\t\t\t\t\t\t\t<p itemprop=\"description\" class = \"qode-bct-post-excerpt\"> An animal hair allergy does not automatically lead to parting with the animal. Precise diagnosis, a realistic assessment of the symptoms, and an individually tailored therapy concept are crucial. <\/p>\r\n\t\t\t\t\t\t\t<div class=\"qode-bct-post-date entry_date updated\" itemprop=\"dateCreated\">\r\n\t\t\t\t\t\t\t\t24 April 2026\t\t\t\t\t\t\t\t<meta itemprop=\"interactionCount\" content=\"UserComments: 0\"\/>\r\n\t\t\t\t\t\t\t<\/div>\r\n\t\t\t\t\t\t<\/div>\r\n\t\t\t\t\t<\/div>\r\n\t\t\t\t\t\t\t\t\t\t\t\t<div class=\"qode-bct-post\">\r\n\t\t\t\t\t\t\t\t\t\t\t\t\t<div class=\"qode-bct-post-image\">\r\n\t\t\t\t\t\t\t\t<a href=\"https:\/\/www.praxisklinik-goethe10.de\/en\/immunotherapy-for-allergies\/\" itemprop=\"url\">\r\n\t\t\t\t\t\t\t\t\t<img loading=\"lazy\" decoding=\"async\" width=\"1000\" height=\"500\" src=\"https:\/\/www.praxisklinik-goethe10.de\/wp-content\/uploads\/2026\/03\/0148_Blog_Immuntherapie-bei-Allergien_01.jpg\" class=\"attachment-full size-full wp-post-image\" alt=\"Immunotherapy for allergies\" srcset=\"https:\/\/www.praxisklinik-goethe10.de\/wp-content\/uploads\/2026\/03\/0148_Blog_Immuntherapie-bei-Allergien_01.jpg 1000w, https:\/\/www.praxisklinik-goethe10.de\/wp-content\/uploads\/2026\/03\/0148_Blog_Immuntherapie-bei-Allergien_01-300x150.jpg 300w, https:\/\/www.praxisklinik-goethe10.de\/wp-content\/uploads\/2026\/03\/0148_Blog_Immuntherapie-bei-Allergien_01-768x384.jpg 768w, https:\/\/www.praxisklinik-goethe10.de\/wp-content\/uploads\/2026\/03\/0148_Blog_Immuntherapie-bei-Allergien_01-18x9.jpg 18w, https:\/\/www.praxisklinik-goethe10.de\/wp-content\/uploads\/2026\/03\/0148_Blog_Immuntherapie-bei-Allergien_01-700x350.jpg 700w\" sizes=\"auto, (max-width: 1000px) 100vw, 1000px\" \/>\t\t\t\t\t\t\t\t<\/a>\r\n\t\t\t\t\t\t\t<\/div>\r\n\t\t\t\t\t\t\t\t\t\t\t\t<div class=\"qode-bct-post-text\">\r\n\t\t\t\t\t\t\t<h5 class=\"qode-bct-post-title entry_title\" itemprop=\"name\">\r\n\t\t\t\t\t\t\t\t<a href=\"https:\/\/www.praxisklinik-goethe10.de\/en\/immunotherapy-for-allergies\/\" itemprop=\"url\">Immunotherapy for allergies: Treating the causes instead of suppressing the symptoms<\/a>\r\n\t\t\t\t\t\t\t<\/h5>\r\n\t\t\t\t\t\t\t\t\t\t\t\t\t\t<p itemprop=\"description\" class = \"qode-bct-post-excerpt\"> Immunotherapy tackles the allergic reaction at its source and gradually acclimatises your body to the triggering allergen. We explain below for whom this method is suitable.<\/p>\r\n\t\t\t\t\t\t\t<div class=\"qode-bct-post-date entry_date updated\" itemprop=\"dateCreated\">\r\n\t\t\t\t\t\t\t\t23 March 2026\t\t\t\t\t\t\t\t<meta itemprop=\"interactionCount\" content=\"UserComments: 0\"\/>\r\n\t\t\t\t\t\t\t<\/div>\r\n\t\t\t\t\t\t<\/div>\r\n\t\t\t\t\t<\/div>\r\n\t\t\t\t\t\t\t\t\t\t\t\t<div class=\"qode-bct-post\">\r\n\t\t\t\t\t\t\t\t\t\t\t\t\t<div class=\"qode-bct-post-image\">\r\n\t\t\t\t\t\t\t\t<a href=\"https:\/\/www.praxisklinik-goethe10.de\/en\/allergic-rhinitis\/\" itemprop=\"url\">\r\n\t\t\t\t\t\t\t\t\t<img loading=\"lazy\" decoding=\"async\" width=\"1000\" height=\"500\" src=\"https:\/\/www.praxisklinik-goethe10.de\/wp-content\/uploads\/2026\/03\/0148_Blog_Allergischer-Schnupfen_01.jpg\" class=\"attachment-full size-full wp-post-image\" alt=\"Allergic rhinitis\" srcset=\"https:\/\/www.praxisklinik-goethe10.de\/wp-content\/uploads\/2026\/03\/0148_Blog_Allergischer-Schnupfen_01.jpg 1000w, https:\/\/www.praxisklinik-goethe10.de\/wp-content\/uploads\/2026\/03\/0148_Blog_Allergischer-Schnupfen_01-300x150.jpg 300w, https:\/\/www.praxisklinik-goethe10.de\/wp-content\/uploads\/2026\/03\/0148_Blog_Allergischer-Schnupfen_01-768x384.jpg 768w, https:\/\/www.praxisklinik-goethe10.de\/wp-content\/uploads\/2026\/03\/0148_Blog_Allergischer-Schnupfen_01-18x9.jpg 18w, https:\/\/www.praxisklinik-goethe10.de\/wp-content\/uploads\/2026\/03\/0148_Blog_Allergischer-Schnupfen_01-700x350.jpg 700w\" sizes=\"auto, (max-width: 1000px) 100vw, 1000px\" \/>\t\t\t\t\t\t\t\t<\/a>\r\n\t\t\t\t\t\t\t<\/div>\r\n\t\t\t\t\t\t\t\t\t\t\t\t<div class=\"qode-bct-post-text\">\r\n\t\t\t\t\t\t\t<h5 class=\"qode-bct-post-title entry_title\" itemprop=\"name\">\r\n\t\t\t\t\t\t\t\t<a href=\"https:\/\/www.praxisklinik-goethe10.de\/en\/allergic-rhinitis\/\" itemprop=\"url\">Allergic rhinitis: more than just a runny nose<\/a>\r\n\t\t\t\t\t\t\t<\/h5>\r\n\t\t\t\t\t\t\t\t\t\t\t\t\t\t<p itemprop=\"description\" class = \"qode-bct-post-excerpt\"> Allergic rhinitis accompanies many patients for years. It occurs seasonally or all year round and can be very stressful. In the following, we will show you what treatment options are available to help you feel better again.<\/p>\r\n\t\t\t\t\t\t\t<div class=\"qode-bct-post-date entry_date updated\" itemprop=\"dateCreated\">\r\n\t\t\t\t\t\t\t\t2 March 2026\t\t\t\t\t\t\t\t<meta itemprop=\"interactionCount\" content=\"UserComments: 0\"\/>\r\n\t\t\t\t\t\t\t<\/div>\r\n\t\t\t\t\t\t<\/div>\r\n\t\t\t\t\t<\/div>\r\n\t\t\t\t\t\t\t\t\t\t\t\t<div class=\"qode-bct-post\">\r\n\t\t\t\t\t\t\t\t\t\t\t\t\t<div class=\"qode-bct-post-image\">\r\n\t\t\t\t\t\t\t\t<a href=\"https:\/\/www.praxisklinik-goethe10.de\/en\/pharyngeal-carcinoma\/\" itemprop=\"url\">\r\n\t\t\t\t\t\t\t\t\t<img loading=\"lazy\" decoding=\"async\" width=\"1000\" height=\"500\" src=\"https:\/\/www.praxisklinik-goethe10.de\/wp-content\/uploads\/2025\/11\/0148_Blog_Rachenkarzinom_01.jpg\" class=\"attachment-full size-full wp-post-image\" alt=\"Pharyngeal carcinoma\" srcset=\"https:\/\/www.praxisklinik-goethe10.de\/wp-content\/uploads\/2025\/11\/0148_Blog_Rachenkarzinom_01.jpg 1000w, https:\/\/www.praxisklinik-goethe10.de\/wp-content\/uploads\/2025\/11\/0148_Blog_Rachenkarzinom_01-300x150.jpg 300w, https:\/\/www.praxisklinik-goethe10.de\/wp-content\/uploads\/2025\/11\/0148_Blog_Rachenkarzinom_01-768x384.jpg 768w, https:\/\/www.praxisklinik-goethe10.de\/wp-content\/uploads\/2025\/11\/0148_Blog_Rachenkarzinom_01-18x9.jpg 18w, https:\/\/www.praxisklinik-goethe10.de\/wp-content\/uploads\/2025\/11\/0148_Blog_Rachenkarzinom_01-700x350.jpg 700w\" sizes=\"auto, (max-width: 1000px) 100vw, 1000px\" \/>\t\t\t\t\t\t\t\t<\/a>\r\n\t\t\t\t\t\t\t<\/div>\r\n\t\t\t\t\t\t\t\t\t\t\t\t<div class=\"qode-bct-post-text\">\r\n\t\t\t\t\t\t\t<h5 class=\"qode-bct-post-title entry_title\" itemprop=\"name\">\r\n\t\t\t\t\t\t\t\t<a href=\"https:\/\/www.praxisklinik-goethe10.de\/en\/pharyngeal-carcinoma\/\" itemprop=\"url\">Pharyngeal carcinoma: Why early diagnosis is crucial<\/a>\r\n\t\t\t\t\t\t\t<\/h5>\r\n\t\t\t\t\t\t\t\t\t\t\t\t\t\t<p itemprop=\"description\" class = \"qode-bct-post-excerpt\"> Changes in the throat often go unnoticed for a long time. Yet it is precisely the time of diagnosis that determines the chances of recovery. Modern ENT diagnostics can help to recognise abnormalities early and treat them in good time.<\/p>\r\n\t\t\t\t\t\t\t<div class=\"qode-bct-post-date entry_date updated\" itemprop=\"dateCreated\">\r\n\t\t\t\t\t\t\t\t11 November 2025\t\t\t\t\t\t\t\t<meta itemprop=\"interactionCount\" content=\"UserComments: 0\"\/>\r\n\t\t\t\t\t\t\t<\/div>\r\n\t\t\t\t\t\t<\/div>\r\n\t\t\t\t\t<\/div>\r\n\t\t\t\t\t\t\t\t\t\t\t\t<div class=\"qode-bct-post\">\r\n\t\t\t\t\t\t\t\t\t\t\t\t\t<div class=\"qode-bct-post-image\">\r\n\t\t\t\t\t\t\t\t<a href=\"https:\/\/www.praxisklinik-goethe10.de\/en\/itching-in-the-ear\/\" itemprop=\"url\">\r\n\t\t\t\t\t\t\t\t\t<img loading=\"lazy\" decoding=\"async\" width=\"1000\" height=\"500\" src=\"https:\/\/www.praxisklinik-goethe10.de\/wp-content\/uploads\/2025\/10\/0148_Blog_Juckreiz-im-Ohr_01.jpg\" class=\"attachment-full size-full wp-post-image\" alt=\"Itching in the ear\" srcset=\"https:\/\/www.praxisklinik-goethe10.de\/wp-content\/uploads\/2025\/10\/0148_Blog_Juckreiz-im-Ohr_01.jpg 1000w, https:\/\/www.praxisklinik-goethe10.de\/wp-content\/uploads\/2025\/10\/0148_Blog_Juckreiz-im-Ohr_01-300x150.jpg 300w, https:\/\/www.praxisklinik-goethe10.de\/wp-content\/uploads\/2025\/10\/0148_Blog_Juckreiz-im-Ohr_01-768x384.jpg 768w, https:\/\/www.praxisklinik-goethe10.de\/wp-content\/uploads\/2025\/10\/0148_Blog_Juckreiz-im-Ohr_01-18x9.jpg 18w, https:\/\/www.praxisklinik-goethe10.de\/wp-content\/uploads\/2025\/10\/0148_Blog_Juckreiz-im-Ohr_01-700x350.jpg 700w\" sizes=\"auto, (max-width: 1000px) 100vw, 1000px\" \/>\t\t\t\t\t\t\t\t<\/a>\r\n\t\t\t\t\t\t\t<\/div>\r\n\t\t\t\t\t\t\t\t\t\t\t\t<div class=\"qode-bct-post-text\">\r\n\t\t\t\t\t\t\t<h5 class=\"qode-bct-post-title entry_title\" itemprop=\"name\">\r\n\t\t\t\t\t\t\t\t<a href=\"https:\/\/www.praxisklinik-goethe10.de\/en\/itching-in-the-ear\/\" itemprop=\"url\">Itching in the ear: a symptom with many possible causes<\/a>\r\n\t\t\t\t\t\t\t<\/h5>\r\n\t\t\t\t\t\t\t\t\t\t\t\t\t\t<p itemprop=\"description\" class = \"qode-bct-post-excerpt\"> A slight itch, a brief tickle - and suddenly your attention is focussed entirely on your ear. The feeling usually passes quickly, but sometimes it persists or returns again and again. There are various reasons for this.<\/p>\r\n\t\t\t\t\t\t\t<div class=\"qode-bct-post-date entry_date updated\" itemprop=\"dateCreated\">\r\n\t\t\t\t\t\t\t\t16 October 2025\t\t\t\t\t\t\t\t<meta itemprop=\"interactionCount\" content=\"UserComments: 0\"\/>\r\n\t\t\t\t\t\t\t<\/div>\r\n\t\t\t\t\t\t<\/div>\r\n\t\t\t\t\t<\/div>\r\n\t\t\t\t\t\t\t\t\t\t\t\t<div class=\"qode-bct-post\">\r\n\t\t\t\t\t\t\t\t\t\t\t\t\t<div class=\"qode-bct-post-image\">\r\n\t\t\t\t\t\t\t\t<a href=\"https:\/\/www.praxisklinik-goethe10.de\/en\/stinky-nose\/\" itemprop=\"url\">\r\n\t\t\t\t\t\t\t\t\t<img loading=\"lazy\" decoding=\"async\" width=\"1000\" height=\"500\" src=\"https:\/\/www.praxisklinik-goethe10.de\/wp-content\/uploads\/2025\/09\/0148_Blog_Stinknase_01.jpg\" class=\"attachment-full size-full wp-post-image\" alt=\"Stinky nose\" srcset=\"https:\/\/www.praxisklinik-goethe10.de\/wp-content\/uploads\/2025\/09\/0148_Blog_Stinknase_01.jpg 1000w, https:\/\/www.praxisklinik-goethe10.de\/wp-content\/uploads\/2025\/09\/0148_Blog_Stinknase_01-300x150.jpg 300w, https:\/\/www.praxisklinik-goethe10.de\/wp-content\/uploads\/2025\/09\/0148_Blog_Stinknase_01-768x384.jpg 768w, https:\/\/www.praxisklinik-goethe10.de\/wp-content\/uploads\/2025\/09\/0148_Blog_Stinknase_01-18x9.jpg 18w, https:\/\/www.praxisklinik-goethe10.de\/wp-content\/uploads\/2025\/09\/0148_Blog_Stinknase_01-700x350.jpg 700w\" sizes=\"auto, (max-width: 1000px) 100vw, 1000px\" \/>\t\t\t\t\t\t\t\t<\/a>\r\n\t\t\t\t\t\t\t<\/div>\r\n\t\t\t\t\t\t\t\t\t\t\t\t<div class=\"qode-bct-post-text\">\r\n\t\t\t\t\t\t\t<h5 class=\"qode-bct-post-title entry_title\" itemprop=\"name\">\r\n\t\t\t\t\t\t\t\t<a href=\"https:\/\/www.praxisklinik-goethe10.de\/en\/stinky-nose\/\" itemprop=\"url\">Stinky nose: When Ozaena determines life<\/a>\r\n\t\t\t\t\t\t\t<\/h5>\r\n\t\t\t\t\t\t\t\t\t\t\t\t\t\t<p itemprop=\"description\" class = \"qode-bct-post-excerpt\"> An unpleasant odour from the nose is usually first noticed by those around you and causes irritation. This symptom is often caused by a chronic disease of the nasal mucosa, known as stinky nose or ozaena.<\/p>\r\n\t\t\t\t\t\t\t<div class=\"qode-bct-post-date entry_date updated\" itemprop=\"dateCreated\">\r\n\t\t\t\t\t\t\t\t4 September 2025\t\t\t\t\t\t\t\t<meta itemprop=\"interactionCount\" content=\"UserComments: 0\"\/>\r\n\t\t\t\t\t\t\t<\/div>\r\n\t\t\t\t\t\t<\/div>\r\n\t\t\t\t\t<\/div>\r\n\t\t\t\t\t\t\t\t\t\t\t\t<div class=\"qode-bct-post\">\r\n\t\t\t\t\t\t\t\t\t\t\t\t\t<div class=\"qode-bct-post-image\">\r\n\t\t\t\t\t\t\t\t<a href=\"https:\/\/www.praxisklinik-goethe10.de\/en\/treating-vertigo\/\" itemprop=\"url\">\r\n\t\t\t\t\t\t\t\t\t<img loading=\"lazy\" decoding=\"async\" width=\"1000\" height=\"500\" src=\"https:\/\/www.praxisklinik-goethe10.de\/wp-content\/uploads\/2025\/07\/0148_Blog_Schwankschwindel-behandeln_01.jpg\" class=\"attachment-full size-full wp-post-image\" alt=\"Treating vertigo\" srcset=\"https:\/\/www.praxisklinik-goethe10.de\/wp-content\/uploads\/2025\/07\/0148_Blog_Schwankschwindel-behandeln_01.jpg 1000w, https:\/\/www.praxisklinik-goethe10.de\/wp-content\/uploads\/2025\/07\/0148_Blog_Schwankschwindel-behandeln_01-300x150.jpg 300w, https:\/\/www.praxisklinik-goethe10.de\/wp-content\/uploads\/2025\/07\/0148_Blog_Schwankschwindel-behandeln_01-768x384.jpg 768w, https:\/\/www.praxisklinik-goethe10.de\/wp-content\/uploads\/2025\/07\/0148_Blog_Schwankschwindel-behandeln_01-18x9.jpg 18w, https:\/\/www.praxisklinik-goethe10.de\/wp-content\/uploads\/2025\/07\/0148_Blog_Schwankschwindel-behandeln_01-700x350.jpg 700w\" sizes=\"auto, (max-width: 1000px) 100vw, 1000px\" \/>\t\t\t\t\t\t\t\t<\/a>\r\n\t\t\t\t\t\t\t<\/div>\r\n\t\t\t\t\t\t\t\t\t\t\t\t<div class=\"qode-bct-post-text\">\r\n\t\t\t\t\t\t\t<h5 class=\"qode-bct-post-title entry_title\" itemprop=\"name\">\r\n\t\t\t\t\t\t\t\t<a href=\"https:\/\/www.praxisklinik-goethe10.de\/en\/treating-vertigo\/\" itemprop=\"url\">Treating vertigo: Tips for alleviating the symptoms<\/a>\r\n\t\t\t\t\t\t\t<\/h5>\r\n\t\t\t\t\t\t\t\t\t\t\t\t\t\t<p itemprop=\"description\" class = \"qode-bct-post-excerpt\"> A sudden feeling as if the ground is swaying under your feet or everything is spinning can be unsettling. Vertigo can have a major impact on everyday life and quality of life. This makes it all the more important to recognise the causes and treat them in a targeted manner.<\/p>\r\n\t\t\t\t\t\t\t<div class=\"qode-bct-post-date entry_date updated\" itemprop=\"dateCreated\">\r\n\t\t\t\t\t\t\t\t10 July 2025\t\t\t\t\t\t\t\t<meta itemprop=\"interactionCount\" content=\"UserComments: 0\"\/>\r\n\t\t\t\t\t\t\t<\/div>\r\n\t\t\t\t\t\t<\/div>\r\n\t\t\t\t\t<\/div>\r\n\t\t\t\t\t\t\t\t\t\t\t\t<div class=\"qode-bct-post\">\r\n\t\t\t\t\t\t\t\t\t\t\t\t\t<div class=\"qode-bct-post-image\">\r\n\t\t\t\t\t\t\t\t<a href=\"https:\/\/www.praxisklinik-goethe10.de\/en\/laryngeal-carcinoma-symptoms\/\" itemprop=\"url\">\r\n\t\t\t\t\t\t\t\t\t<img loading=\"lazy\" decoding=\"async\" width=\"1000\" height=\"500\" src=\"https:\/\/www.praxisklinik-goethe10.de\/wp-content\/uploads\/2025\/05\/0148_Blog_Kehlkopfkarzinom-Symptome_01.jpg\" class=\"attachment-full size-full wp-post-image\" alt=\"Laryngeal carcinoma symptoms\" srcset=\"https:\/\/www.praxisklinik-goethe10.de\/wp-content\/uploads\/2025\/05\/0148_Blog_Kehlkopfkarzinom-Symptome_01.jpg 1000w, https:\/\/www.praxisklinik-goethe10.de\/wp-content\/uploads\/2025\/05\/0148_Blog_Kehlkopfkarzinom-Symptome_01-300x150.jpg 300w, https:\/\/www.praxisklinik-goethe10.de\/wp-content\/uploads\/2025\/05\/0148_Blog_Kehlkopfkarzinom-Symptome_01-768x384.jpg 768w, https:\/\/www.praxisklinik-goethe10.de\/wp-content\/uploads\/2025\/05\/0148_Blog_Kehlkopfkarzinom-Symptome_01-700x350.jpg 700w\" sizes=\"auto, (max-width: 1000px) 100vw, 1000px\" \/>\t\t\t\t\t\t\t\t<\/a>\r\n\t\t\t\t\t\t\t<\/div>\r\n\t\t\t\t\t\t\t\t\t\t\t\t<div class=\"qode-bct-post-text\">\r\n\t\t\t\t\t\t\t<h5 class=\"qode-bct-post-title entry_title\" itemprop=\"name\">\r\n\t\t\t\t\t\t\t\t<a href=\"https:\/\/www.praxisklinik-goethe10.de\/en\/laryngeal-carcinoma-symptoms\/\" itemprop=\"url\">Laryngeal carcinoma symptoms: When a visit to the doctor is important<\/a>\r\n\t\t\t\t\t\t\t<\/h5>\r\n\t\t\t\t\t\t\t\t\t\t\t\t\t\t<p itemprop=\"description\" class = \"qode-bct-post-excerpt\"> If recognised early, many laryngeal diseases can be treated much more effectively. This makes it all the more important to correctly interpret warning signs and seek medical advice in good time. In the following, we focus on laryngeal carcinoma and its symptoms.<\/p>\r\n\t\t\t\t\t\t\t<div class=\"qode-bct-post-date entry_date updated\" itemprop=\"dateCreated\">\r\n\t\t\t\t\t\t\t\t14 May 2025\t\t\t\t\t\t\t\t<meta itemprop=\"interactionCount\" content=\"UserComments: 0\"\/>\r\n\t\t\t\t\t\t\t<\/div>\r\n\t\t\t\t\t\t<\/div>\r\n\t\t\t\t\t<\/div>\r\n\t\t\t\t\t\t\t\t\t\t\t\t<div class=\"qode-bct-post\">\r\n\t\t\t\t\t\t\t\t\t\t\t\t\t<div class=\"qode-bct-post-image\">\r\n\t\t\t\t\t\t\t\t<a href=\"https:\/\/www.praxisklinik-goethe10.de\/en\/tumours-in-the-nose\/\" itemprop=\"url\">\r\n\t\t\t\t\t\t\t\t\t<img loading=\"lazy\" decoding=\"async\" width=\"1000\" height=\"500\" src=\"https:\/\/www.praxisklinik-goethe10.de\/wp-content\/uploads\/2025\/04\/0148_Blog_Tumore-in-der-Nase_01.jpg\" class=\"attachment-full size-full wp-post-image\" alt=\"Tumours in the nose\" srcset=\"https:\/\/www.praxisklinik-goethe10.de\/wp-content\/uploads\/2025\/04\/0148_Blog_Tumore-in-der-Nase_01.jpg 1000w, https:\/\/www.praxisklinik-goethe10.de\/wp-content\/uploads\/2025\/04\/0148_Blog_Tumore-in-der-Nase_01-300x150.jpg 300w, https:\/\/www.praxisklinik-goethe10.de\/wp-content\/uploads\/2025\/04\/0148_Blog_Tumore-in-der-Nase_01-768x384.jpg 768w, https:\/\/www.praxisklinik-goethe10.de\/wp-content\/uploads\/2025\/04\/0148_Blog_Tumore-in-der-Nase_01-700x350.jpg 700w\" sizes=\"auto, (max-width: 1000px) 100vw, 1000px\" \/>\t\t\t\t\t\t\t\t<\/a>\r\n\t\t\t\t\t\t\t<\/div>\r\n\t\t\t\t\t\t\t\t\t\t\t\t<div class=\"qode-bct-post-text\">\r\n\t\t\t\t\t\t\t<h5 class=\"qode-bct-post-title entry_title\" itemprop=\"name\">\r\n\t\t\t\t\t\t\t\t<a href=\"https:\/\/www.praxisklinik-goethe10.de\/en\/tumours-in-the-nose\/\" itemprop=\"url\">Tumours in the nose: what types are there?<\/a>\r\n\t\t\t\t\t\t\t<\/h5>\r\n\t\t\t\t\t\t\t\t\t\t\t\t\t\t<p itemprop=\"description\" class = \"qode-bct-post-excerpt\"> A blocked nose, persistent nosebleeds or a change in breathing - these symptoms are usually due to a relatively harmless cause. However, sometimes benign or malignant tumours can also be the cause. In these cases, early diagnosis is crucial for the further course of the disease.<\/p>\r\n\t\t\t\t\t\t\t<div class=\"qode-bct-post-date entry_date updated\" itemprop=\"dateCreated\">\r\n\t\t\t\t\t\t\t\t11 April 2025\t\t\t\t\t\t\t\t<meta itemprop=\"interactionCount\" content=\"UserComments: 0\"\/>\r\n\t\t\t\t\t\t\t<\/div>\r\n\t\t\t\t\t\t<\/div>\r\n\t\t\t\t\t<\/div>\r\n\t\t\t\t\t\t\t\t\t\t\t\t<div class=\"qode-bct-post\">\r\n\t\t\t\t\t\t\t\t\t\t\t\t\t<div class=\"qode-bct-post-image\">\r\n\t\t\t\t\t\t\t\t<a href=\"https:\/\/www.praxisklinik-goethe10.de\/en\/allergy-test-at-the-hno\/\" itemprop=\"url\">\r\n\t\t\t\t\t\t\t\t\t<img loading=\"lazy\" decoding=\"async\" width=\"1000\" height=\"500\" src=\"https:\/\/www.praxisklinik-goethe10.de\/wp-content\/uploads\/2025\/03\/0148_Blog_Allergietest-beim-HNO_01.jpg\" class=\"attachment-full size-full wp-post-image\" alt=\"Allergy test at the ENT\" srcset=\"https:\/\/www.praxisklinik-goethe10.de\/wp-content\/uploads\/2025\/03\/0148_Blog_Allergietest-beim-HNO_01.jpg 1000w, https:\/\/www.praxisklinik-goethe10.de\/wp-content\/uploads\/2025\/03\/0148_Blog_Allergietest-beim-HNO_01-300x150.jpg 300w, https:\/\/www.praxisklinik-goethe10.de\/wp-content\/uploads\/2025\/03\/0148_Blog_Allergietest-beim-HNO_01-768x384.jpg 768w, https:\/\/www.praxisklinik-goethe10.de\/wp-content\/uploads\/2025\/03\/0148_Blog_Allergietest-beim-HNO_01-700x350.jpg 700w\" sizes=\"auto, (max-width: 1000px) 100vw, 1000px\" \/>\t\t\t\t\t\t\t\t<\/a>\r\n\t\t\t\t\t\t\t<\/div>\r\n\t\t\t\t\t\t\t\t\t\t\t\t<div class=\"qode-bct-post-text\">\r\n\t\t\t\t\t\t\t<h5 class=\"qode-bct-post-title entry_title\" itemprop=\"name\">\r\n\t\t\t\t\t\t\t\t<a href=\"https:\/\/www.praxisklinik-goethe10.de\/en\/allergy-test-at-the-hno\/\" itemprop=\"url\">Allergy test at the ENT: how it works<\/a>\r\n\t\t\t\t\t\t\t<\/h5>\r\n\t\t\t\t\t\t\t\t\t\t\t\t\t\t<p itemprop=\"description\" class = \"qode-bct-post-excerpt\"> Modern diagnostic procedures make it possible to precisely identify allergies and initiate appropriate treatment. Below we explain how the tests work - and what they can tell us.<\/p>\r\n\t\t\t\t\t\t\t<div class=\"qode-bct-post-date entry_date updated\" itemprop=\"dateCreated\">\r\n\t\t\t\t\t\t\t\t6 March 2025\t\t\t\t\t\t\t\t<meta itemprop=\"interactionCount\" content=\"UserComments: 0\"\/>\r\n\t\t\t\t\t\t\t<\/div>\r\n\t\t\t\t\t\t<\/div>\r\n\t\t\t\t\t<\/div>\r\n\t\t\t\t\t\t\t\t\t\t\t\t<div class=\"qode-bct-post\">\r\n\t\t\t\t\t\t\t\t\t\t\t\t\t<div class=\"qode-bct-post-image\">\r\n\t\t\t\t\t\t\t\t<a href=\"https:\/\/www.praxisklinik-goethe10.de\/en\/hay-fever-or-cold\/\" itemprop=\"url\">\r\n\t\t\t\t\t\t\t\t\t<img loading=\"lazy\" decoding=\"async\" width=\"1000\" height=\"500\" src=\"https:\/\/www.praxisklinik-goethe10.de\/wp-content\/uploads\/2025\/03\/0148_Blog_Heuschnupfen-oder-Erkaeltung_01.jpg\" class=\"attachment-full size-full wp-post-image\" alt=\"Hay fever or a cold\" srcset=\"https:\/\/www.praxisklinik-goethe10.de\/wp-content\/uploads\/2025\/03\/0148_Blog_Heuschnupfen-oder-Erkaeltung_01.jpg 1000w, https:\/\/www.praxisklinik-goethe10.de\/wp-content\/uploads\/2025\/03\/0148_Blog_Heuschnupfen-oder-Erkaeltung_01-300x150.jpg 300w, https:\/\/www.praxisklinik-goethe10.de\/wp-content\/uploads\/2025\/03\/0148_Blog_Heuschnupfen-oder-Erkaeltung_01-768x384.jpg 768w, https:\/\/www.praxisklinik-goethe10.de\/wp-content\/uploads\/2025\/03\/0148_Blog_Heuschnupfen-oder-Erkaeltung_01-700x350.jpg 700w\" sizes=\"auto, (max-width: 1000px) 100vw, 1000px\" \/>\t\t\t\t\t\t\t\t<\/a>\r\n\t\t\t\t\t\t\t<\/div>\r\n\t\t\t\t\t\t\t\t\t\t\t\t<div class=\"qode-bct-post-text\">\r\n\t\t\t\t\t\t\t<h5 class=\"qode-bct-post-title entry_title\" itemprop=\"name\">\r\n\t\t\t\t\t\t\t\t<a href=\"https:\/\/www.praxisklinik-goethe10.de\/en\/hay-fever-or-cold\/\" itemprop=\"url\">Hay fever or a cold: what do I have?<\/a>\r\n\t\t\t\t\t\t\t<\/h5>\r\n\t\t\t\t\t\t\t\t\t\t\t\t\t\t<p itemprop=\"description\" class = \"qode-bct-post-excerpt\"> Sneezing and a blocked or constantly runny nose - typical symptoms that plague many people, especially in spring and autumn. However, it is not always immediately clear whether this is due to a cold or hay fever.<\/p>\r\n\t\t\t\t\t\t\t<div class=\"qode-bct-post-date entry_date updated\" itemprop=\"dateCreated\">\r\n\t\t\t\t\t\t\t\t24 February 2025\t\t\t\t\t\t\t\t<meta itemprop=\"interactionCount\" content=\"UserComments: 0\"\/>\r\n\t\t\t\t\t\t\t<\/div>\r\n\t\t\t\t\t\t<\/div>\r\n\t\t\t\t\t<\/div>\r\n\t\t\t\t\t\t\t\t\t\t\t\t<div class=\"qode-bct-post\">\r\n\t\t\t\t\t\t\t\t\t\t\t\t\t<div class=\"qode-bct-post-image\">\r\n\t\t\t\t\t\t\t\t<a href=\"https:\/\/www.praxisklinik-goethe10.de\/en\/when-nasal-spray-does-not-work\/\" itemprop=\"url\">\r\n\t\t\t\t\t\t\t\t\t<img loading=\"lazy\" decoding=\"async\" width=\"1000\" height=\"500\" src=\"https:\/\/www.praxisklinik-goethe10.de\/wp-content\/uploads\/2025\/02\/0148_Blog_Wenn-Nasenspray-nicht-wirkt_01.jpg\" class=\"attachment-full size-full wp-post-image\" alt=\"When nasal spray does not work\" srcset=\"https:\/\/www.praxisklinik-goethe10.de\/wp-content\/uploads\/2025\/02\/0148_Blog_Wenn-Nasenspray-nicht-wirkt_01.jpg 1000w, https:\/\/www.praxisklinik-goethe10.de\/wp-content\/uploads\/2025\/02\/0148_Blog_Wenn-Nasenspray-nicht-wirkt_01-300x150.jpg 300w, https:\/\/www.praxisklinik-goethe10.de\/wp-content\/uploads\/2025\/02\/0148_Blog_Wenn-Nasenspray-nicht-wirkt_01-768x384.jpg 768w, https:\/\/www.praxisklinik-goethe10.de\/wp-content\/uploads\/2025\/02\/0148_Blog_Wenn-Nasenspray-nicht-wirkt_01-700x350.jpg 700w\" sizes=\"auto, (max-width: 1000px) 100vw, 1000px\" \/>\t\t\t\t\t\t\t\t<\/a>\r\n\t\t\t\t\t\t\t<\/div>\r\n\t\t\t\t\t\t\t\t\t\t\t\t<div class=\"qode-bct-post-text\">\r\n\t\t\t\t\t\t\t<h5 class=\"qode-bct-post-title entry_title\" itemprop=\"name\">\r\n\t\t\t\t\t\t\t\t<a href=\"https:\/\/www.praxisklinik-goethe10.de\/en\/when-nasal-spray-does-not-work\/\" itemprop=\"url\">When nasal spray doesn't work: What to do?<\/a>\r\n\t\t\t\t\t\t\t<\/h5>\r\n\t\t\t\t\t\t\t\t\t\t\t\t\t\t<p itemprop=\"description\" class = \"qode-bct-post-excerpt\"> A blocked nose can have a considerable impact on everyday life. Many people then turn to nasal sprays, which can provide quick relief. But what happens if the medication doesn't work? There can be various reasons for this.<\/p>\r\n\t\t\t\t\t\t\t<div class=\"qode-bct-post-date entry_date updated\" itemprop=\"dateCreated\">\r\n\t\t\t\t\t\t\t\t10 February 2025\t\t\t\t\t\t\t\t<meta itemprop=\"interactionCount\" content=\"UserComments: 0\"\/>\r\n\t\t\t\t\t\t\t<\/div>\r\n\t\t\t\t\t\t<\/div>\r\n\t\t\t\t\t<\/div>\r\n\t\t\t\t\t\t\t\t\t\t\t\t<div class=\"qode-bct-post\">\r\n\t\t\t\t\t\t\t\t\t\t\t\t\t<div class=\"qode-bct-post-image\">\r\n\t\t\t\t\t\t\t\t<a href=\"https:\/\/www.praxisklinik-goethe10.de\/en\/recurrent-hearing-loss\/\" itemprop=\"url\">\r\n\t\t\t\t\t\t\t\t\t<img loading=\"lazy\" decoding=\"async\" width=\"1000\" height=\"500\" src=\"https:\/\/www.praxisklinik-goethe10.de\/wp-content\/uploads\/2025\/01\/0148_Blog_Wiederkehrender-Hoersturz_01.jpg\" class=\"attachment-full size-full wp-post-image\" alt=\"Recurrent sudden deafness\" srcset=\"https:\/\/www.praxisklinik-goethe10.de\/wp-content\/uploads\/2025\/01\/0148_Blog_Wiederkehrender-Hoersturz_01.jpg 1000w, https:\/\/www.praxisklinik-goethe10.de\/wp-content\/uploads\/2025\/01\/0148_Blog_Wiederkehrender-Hoersturz_01-300x150.jpg 300w, https:\/\/www.praxisklinik-goethe10.de\/wp-content\/uploads\/2025\/01\/0148_Blog_Wiederkehrender-Hoersturz_01-768x384.jpg 768w, https:\/\/www.praxisklinik-goethe10.de\/wp-content\/uploads\/2025\/01\/0148_Blog_Wiederkehrender-Hoersturz_01-700x350.jpg 700w\" sizes=\"auto, (max-width: 1000px) 100vw, 1000px\" \/>\t\t\t\t\t\t\t\t<\/a>\r\n\t\t\t\t\t\t\t<\/div>\r\n\t\t\t\t\t\t\t\t\t\t\t\t<div class=\"qode-bct-post-text\">\r\n\t\t\t\t\t\t\t<h5 class=\"qode-bct-post-title entry_title\" itemprop=\"name\">\r\n\t\t\t\t\t\t\t\t<a href=\"https:\/\/www.praxisklinik-goethe10.de\/en\/recurrent-hearing-loss\/\" itemprop=\"url\">Recurrent sudden deafness: what can the consequences be?<\/a>\r\n\t\t\t\t\t\t\t<\/h5>\r\n\t\t\t\t\t\t\t\t\t\t\t\t\t\t<p itemprop=\"description\" class = \"qode-bct-post-excerpt\"> Sudden hearing loss can change your life from one moment to the next - especially if it occurs frequently. Recurrent hearing loss is more than just a temporary impairment. What measures help to minimise the risk in the long term?<\/p>\r\n\t\t\t\t\t\t\t<div class=\"qode-bct-post-date entry_date updated\" itemprop=\"dateCreated\">\r\n\t\t\t\t\t\t\t\t28 January 2025\t\t\t\t\t\t\t\t<meta itemprop=\"interactionCount\" content=\"UserComments: 0\"\/>\r\n\t\t\t\t\t\t\t<\/div>\r\n\t\t\t\t\t\t<\/div>\r\n\t\t\t\t\t<\/div>\r\n\t\t\t\t\t\t\t\t\t\t\t\t<div class=\"qode-bct-post\">\r\n\t\t\t\t\t\t\t\t\t\t\t\t\t<div class=\"qode-bct-post-image\">\r\n\t\t\t\t\t\t\t\t<a href=\"https:\/\/www.praxisklinik-goethe10.de\/en\/recurrent-sinusitis\/\" itemprop=\"url\">\r\n\t\t\t\t\t\t\t\t\t<img loading=\"lazy\" decoding=\"async\" width=\"1000\" height=\"500\" src=\"https:\/\/www.praxisklinik-goethe10.de\/wp-content\/uploads\/2025\/01\/0148_Blog_Wiederkehrende-Nasennebenhoehlenentzuendung_02.jpg\" class=\"attachment-full size-full wp-post-image\" alt=\"Recurrent sinusitis\" srcset=\"https:\/\/www.praxisklinik-goethe10.de\/wp-content\/uploads\/2025\/01\/0148_Blog_Wiederkehrende-Nasennebenhoehlenentzuendung_02.jpg 1000w, https:\/\/www.praxisklinik-goethe10.de\/wp-content\/uploads\/2025\/01\/0148_Blog_Wiederkehrende-Nasennebenhoehlenentzuendung_02-300x150.jpg 300w, https:\/\/www.praxisklinik-goethe10.de\/wp-content\/uploads\/2025\/01\/0148_Blog_Wiederkehrende-Nasennebenhoehlenentzuendung_02-768x384.jpg 768w, https:\/\/www.praxisklinik-goethe10.de\/wp-content\/uploads\/2025\/01\/0148_Blog_Wiederkehrende-Nasennebenhoehlenentzuendung_02-700x350.jpg 700w\" sizes=\"auto, (max-width: 1000px) 100vw, 1000px\" \/>\t\t\t\t\t\t\t\t<\/a>\r\n\t\t\t\t\t\t\t<\/div>\r\n\t\t\t\t\t\t\t\t\t\t\t\t<div class=\"qode-bct-post-text\">\r\n\t\t\t\t\t\t\t<h5 class=\"qode-bct-post-title entry_title\" itemprop=\"name\">\r\n\t\t\t\t\t\t\t\t<a href=\"https:\/\/www.praxisklinik-goethe10.de\/en\/recurrent-sinusitis\/\" itemprop=\"url\">Recurrent sinusitis: What could be the cause?<\/a>\r\n\t\t\t\t\t\t\t<\/h5>\r\n\t\t\t\t\t\t\t\t\t\t\t\t\t\t<p itemprop=\"description\" class = \"qode-bct-post-excerpt\"> Recurrent sinusitis can have a significant impact on quality of life and is often associated with persistent symptoms such as a feeling of pressure in the centre of the face, headaches and a blocked nose.<\/p>\r\n\t\t\t\t\t\t\t<div class=\"qode-bct-post-date entry_date updated\" itemprop=\"dateCreated\">\r\n\t\t\t\t\t\t\t\t14 January 2025\t\t\t\t\t\t\t\t<meta itemprop=\"interactionCount\" content=\"UserComments: 0\"\/>\r\n\t\t\t\t\t\t\t<\/div>\r\n\t\t\t\t\t\t<\/div>\r\n\t\t\t\t\t<\/div>\r\n\t\t\t\t\t\t\t\t\t\t\t\t<div class=\"qode-bct-post\">\r\n\t\t\t\t\t\t\t\t\t\t\t\t\t<div class=\"qode-bct-post-image\">\r\n\t\t\t\t\t\t\t\t<a href=\"https:\/\/www.praxisklinik-goethe10.de\/en\/improve-nasal-breathing\/\" itemprop=\"url\">\r\n\t\t\t\t\t\t\t\t\t<img loading=\"lazy\" decoding=\"async\" width=\"1000\" height=\"500\" src=\"https:\/\/www.praxisklinik-goethe10.de\/wp-content\/uploads\/2024\/11\/0148_Blog_Nasenatmung-verbessern_01.jpg\" class=\"attachment-full size-full wp-post-image\" alt=\"Improve nasal breathing\" srcset=\"https:\/\/www.praxisklinik-goethe10.de\/wp-content\/uploads\/2024\/11\/0148_Blog_Nasenatmung-verbessern_01.jpg 1000w, https:\/\/www.praxisklinik-goethe10.de\/wp-content\/uploads\/2024\/11\/0148_Blog_Nasenatmung-verbessern_01-300x150.jpg 300w, https:\/\/www.praxisklinik-goethe10.de\/wp-content\/uploads\/2024\/11\/0148_Blog_Nasenatmung-verbessern_01-768x384.jpg 768w, https:\/\/www.praxisklinik-goethe10.de\/wp-content\/uploads\/2024\/11\/0148_Blog_Nasenatmung-verbessern_01-700x350.jpg 700w\" sizes=\"auto, (max-width: 1000px) 100vw, 1000px\" \/>\t\t\t\t\t\t\t\t<\/a>\r\n\t\t\t\t\t\t\t<\/div>\r\n\t\t\t\t\t\t\t\t\t\t\t\t<div class=\"qode-bct-post-text\">\r\n\t\t\t\t\t\t\t<h5 class=\"qode-bct-post-title entry_title\" itemprop=\"name\">\r\n\t\t\t\t\t\t\t\t<a href=\"https:\/\/www.praxisklinik-goethe10.de\/en\/improve-nasal-breathing\/\" itemprop=\"url\">Improve nasal breathing: These options are available<\/a>\r\n\t\t\t\t\t\t\t<\/h5>\r\n\t\t\t\t\t\t\t\t\t\t\t\t\t\t<p itemprop=\"description\" class = \"qode-bct-post-excerpt\"> Free, undisturbed nasal breathing contributes significantly to quality of life and well-being. However, anyone who suffers from restricted nasal breathing knows the effects on sleep, concentration and general fitness only too well. In the following, we will show you effective options and modern treatment methods that will allow you to breathe freely again.<\/p>\r\n\t\t\t\t\t\t\t<div class=\"qode-bct-post-date entry_date updated\" itemprop=\"dateCreated\">\r\n\t\t\t\t\t\t\t\t11 November 2024\t\t\t\t\t\t\t\t<meta itemprop=\"interactionCount\" content=\"UserComments: 0\"\/>\r\n\t\t\t\t\t\t\t<\/div>\r\n\t\t\t\t\t\t<\/div>\r\n\t\t\t\t\t<\/div>\r\n\t\t\t\t\t\t\t\t\t\t\t\t<div class=\"qode-bct-post\">\r\n\t\t\t\t\t\t\t\t\t\t\t\t\t<div class=\"qode-bct-post-image\">\r\n\t\t\t\t\t\t\t\t<a href=\"https:\/\/www.praxisklinik-goethe10.de\/en\/treating-torsional-vertigo\/\" itemprop=\"url\">\r\n\t\t\t\t\t\t\t\t\t<img loading=\"lazy\" decoding=\"async\" width=\"1000\" height=\"500\" src=\"https:\/\/www.praxisklinik-goethe10.de\/wp-content\/uploads\/2024\/10\/0148_Blog_Drehschwindel-behandeln_01.jpg\" class=\"attachment-full size-full wp-post-image\" alt=\"Treating torsional vertigo\" srcset=\"https:\/\/www.praxisklinik-goethe10.de\/wp-content\/uploads\/2024\/10\/0148_Blog_Drehschwindel-behandeln_01.jpg 1000w, https:\/\/www.praxisklinik-goethe10.de\/wp-content\/uploads\/2024\/10\/0148_Blog_Drehschwindel-behandeln_01-300x150.jpg 300w, https:\/\/www.praxisklinik-goethe10.de\/wp-content\/uploads\/2024\/10\/0148_Blog_Drehschwindel-behandeln_01-768x384.jpg 768w, https:\/\/www.praxisklinik-goethe10.de\/wp-content\/uploads\/2024\/10\/0148_Blog_Drehschwindel-behandeln_01-700x350.jpg 700w\" sizes=\"auto, (max-width: 1000px) 100vw, 1000px\" \/>\t\t\t\t\t\t\t\t<\/a>\r\n\t\t\t\t\t\t\t<\/div>\r\n\t\t\t\t\t\t\t\t\t\t\t\t<div class=\"qode-bct-post-text\">\r\n\t\t\t\t\t\t\t<h5 class=\"qode-bct-post-title entry_title\" itemprop=\"name\">\r\n\t\t\t\t\t\t\t\t<a href=\"https:\/\/www.praxisklinik-goethe10.de\/en\/treating-torsional-vertigo\/\" itemprop=\"url\">Treating torsional vertigo: Tips, tricks and therapy<\/a>\r\n\t\t\t\t\t\t\t<\/h5>\r\n\t\t\t\t\t\t\t\t\t\t\t\t\t\t<p itemprop=\"description\" class = \"qode-bct-post-excerpt\"> Rotational vertigo can occur suddenly and without warning, often accompanied by a feeling of loss of control. Many people do not realise that there are effective ways to treat this form of vertigo and alleviate the symptoms. Here you will find helpful information on causes, tips and therapeutic approaches.<\/p>\r\n\t\t\t\t\t\t\t<div class=\"qode-bct-post-date entry_date updated\" itemprop=\"dateCreated\">\r\n\t\t\t\t\t\t\t\t22 October 2024\t\t\t\t\t\t\t\t<meta itemprop=\"interactionCount\" content=\"UserComments: 0\"\/>\r\n\t\t\t\t\t\t\t<\/div>\r\n\t\t\t\t\t\t<\/div>\r\n\t\t\t\t\t<\/div>\r\n\t\t\t\t\t\t\t\t\t\t\t\t<div class=\"qode-bct-post\">\r\n\t\t\t\t\t\t\t\t\t\t\t\t\t<div class=\"qode-bct-post-image\">\r\n\t\t\t\t\t\t\t\t<a href=\"https:\/\/www.praxisklinik-goethe10.de\/en\/recognise-sleep-apnoea\/\" itemprop=\"url\">\r\n\t\t\t\t\t\t\t\t\t<img loading=\"lazy\" decoding=\"async\" width=\"1000\" height=\"500\" src=\"https:\/\/www.praxisklinik-goethe10.de\/wp-content\/uploads\/2024\/08\/0148_Blog_Schlafapnoe-erkennen_01.jpg\" class=\"attachment-full size-full wp-post-image\" alt=\"Recognising sleep apnoea\" srcset=\"https:\/\/www.praxisklinik-goethe10.de\/wp-content\/uploads\/2024\/08\/0148_Blog_Schlafapnoe-erkennen_01.jpg 1000w, https:\/\/www.praxisklinik-goethe10.de\/wp-content\/uploads\/2024\/08\/0148_Blog_Schlafapnoe-erkennen_01-300x150.jpg 300w, https:\/\/www.praxisklinik-goethe10.de\/wp-content\/uploads\/2024\/08\/0148_Blog_Schlafapnoe-erkennen_01-768x384.jpg 768w, https:\/\/www.praxisklinik-goethe10.de\/wp-content\/uploads\/2024\/08\/0148_Blog_Schlafapnoe-erkennen_01-700x350.jpg 700w\" sizes=\"auto, (max-width: 1000px) 100vw, 1000px\" \/>\t\t\t\t\t\t\t\t<\/a>\r\n\t\t\t\t\t\t\t<\/div>\r\n\t\t\t\t\t\t\t\t\t\t\t\t<div class=\"qode-bct-post-text\">\r\n\t\t\t\t\t\t\t<h5 class=\"qode-bct-post-title entry_title\" itemprop=\"name\">\r\n\t\t\t\t\t\t\t\t<a href=\"https:\/\/www.praxisklinik-goethe10.de\/en\/recognise-sleep-apnoea\/\" itemprop=\"url\">Recognising sleep apnoea: How we detect breathing interruptions in you<\/a>\r\n\t\t\t\t\t\t\t<\/h5>\r\n\t\t\t\t\t\t\t\t\t\t\t\t\t\t<p itemprop=\"description\" class = \"qode-bct-post-excerpt\"> Interrupted breathing during sleep is a serious condition that often goes unrecognised. Sleep apnoea can significantly impair quality of life and lead to long-term health problems. It is important to recognise the signs early and take appropriate measures.<\/p>\r\n\t\t\t\t\t\t\t<div class=\"qode-bct-post-date entry_date updated\" itemprop=\"dateCreated\">\r\n\t\t\t\t\t\t\t\t21 August 2024\t\t\t\t\t\t\t\t<meta itemprop=\"interactionCount\" content=\"UserComments: 0\"\/>\r\n\t\t\t\t\t\t\t<\/div>\r\n\t\t\t\t\t\t<\/div>\r\n\t\t\t\t\t<\/div>\r\n\t\t\t\t\t\t\t\t\t\t\t\t<div class=\"qode-bct-post\">\r\n\t\t\t\t\t\t\t\t\t\t\t\t\t<div class=\"qode-bct-post-image\">\r\n\t\t\t\t\t\t\t\t<a href=\"https:\/\/www.praxisklinik-goethe10.de\/en\/hno-cancer-screening-makes-sense\/\" itemprop=\"url\">\r\n\t\t\t\t\t\t\t\t\t<img loading=\"lazy\" decoding=\"async\" width=\"1000\" height=\"500\" src=\"https:\/\/www.praxisklinik-goethe10.de\/wp-content\/uploads\/2024\/03\/0148_Blog_HNO-Krebsvorsorge-sinnvoll_01b.jpg\" class=\"attachment-full size-full wp-post-image\" alt=\"ENT cancer screening makes sense\" srcset=\"https:\/\/www.praxisklinik-goethe10.de\/wp-content\/uploads\/2024\/03\/0148_Blog_HNO-Krebsvorsorge-sinnvoll_01b.jpg 1000w, https:\/\/www.praxisklinik-goethe10.de\/wp-content\/uploads\/2024\/03\/0148_Blog_HNO-Krebsvorsorge-sinnvoll_01b-300x150.jpg 300w, https:\/\/www.praxisklinik-goethe10.de\/wp-content\/uploads\/2024\/03\/0148_Blog_HNO-Krebsvorsorge-sinnvoll_01b-768x384.jpg 768w, https:\/\/www.praxisklinik-goethe10.de\/wp-content\/uploads\/2024\/03\/0148_Blog_HNO-Krebsvorsorge-sinnvoll_01b-18x9.jpg 18w, https:\/\/www.praxisklinik-goethe10.de\/wp-content\/uploads\/2024\/03\/0148_Blog_HNO-Krebsvorsorge-sinnvoll_01b-700x350.jpg 700w\" sizes=\"auto, (max-width: 1000px) 100vw, 1000px\" \/>\t\t\t\t\t\t\t\t<\/a>\r\n\t\t\t\t\t\t\t<\/div>\r\n\t\t\t\t\t\t\t\t\t\t\t\t<div class=\"qode-bct-post-text\">\r\n\t\t\t\t\t\t\t<h5 class=\"qode-bct-post-title entry_title\" itemprop=\"name\">\r\n\t\t\t\t\t\t\t\t<a href=\"https:\/\/www.praxisklinik-goethe10.de\/en\/hno-cancer-screening-makes-sense\/\" itemprop=\"url\">Does ENT cancer screening make sense?<\/a>\r\n\t\t\t\t\t\t\t<\/h5>\r\n\t\t\t\t\t\t\t\t\t\t\t\t\t\t<p itemprop=\"description\" class = \"qode-bct-post-excerpt\"> ENT screening may not be as prominent in your life as other medical specialities, but it plays a crucial role for your body. After all, potentially life-threatening diseases such as cancer can also occur in this region of the body. We offer the various examinations at our ENT practice clinic in Frankfurt. <\/p>\r\n\t\t\t\t\t\t\t<div class=\"qode-bct-post-date entry_date updated\" itemprop=\"dateCreated\">\r\n\t\t\t\t\t\t\t\t11 March 2024\t\t\t\t\t\t\t\t<meta itemprop=\"interactionCount\" content=\"UserComments: 0\"\/>\r\n\t\t\t\t\t\t\t<\/div>\r\n\t\t\t\t\t\t<\/div>\r\n\t\t\t\t\t<\/div>\r\n\t\t\t\t\t\t\t\t\t\t\t\t<div class=\"qode-bct-post\">\r\n\t\t\t\t\t\t\t\t\t\t\t\t\t<div class=\"qode-bct-post-image\">\r\n\t\t\t\t\t\t\t\t<a href=\"https:\/\/www.praxisklinik-goethe10.de\/en\/hearing-loss-and-dementia\/\" itemprop=\"url\">\r\n\t\t\t\t\t\t\t\t\t<img loading=\"lazy\" decoding=\"async\" width=\"1000\" height=\"500\" src=\"https:\/\/www.praxisklinik-goethe10.de\/wp-content\/uploads\/2024\/02\/0148_Blog_Hoerminderung-und-Demenz_01a.jpg\" class=\"attachment-full size-full wp-post-image\" alt=\"Hearing loss and dementia\" srcset=\"https:\/\/www.praxisklinik-goethe10.de\/wp-content\/uploads\/2024\/02\/0148_Blog_Hoerminderung-und-Demenz_01a.jpg 1000w, https:\/\/www.praxisklinik-goethe10.de\/wp-content\/uploads\/2024\/02\/0148_Blog_Hoerminderung-und-Demenz_01a-300x150.jpg 300w, https:\/\/www.praxisklinik-goethe10.de\/wp-content\/uploads\/2024\/02\/0148_Blog_Hoerminderung-und-Demenz_01a-768x384.jpg 768w, https:\/\/www.praxisklinik-goethe10.de\/wp-content\/uploads\/2024\/02\/0148_Blog_Hoerminderung-und-Demenz_01a-18x9.jpg 18w, https:\/\/www.praxisklinik-goethe10.de\/wp-content\/uploads\/2024\/02\/0148_Blog_Hoerminderung-und-Demenz_01a-700x350.jpg 700w\" sizes=\"auto, (max-width: 1000px) 100vw, 1000px\" \/>\t\t\t\t\t\t\t\t<\/a>\r\n\t\t\t\t\t\t\t<\/div>\r\n\t\t\t\t\t\t\t\t\t\t\t\t<div class=\"qode-bct-post-text\">\r\n\t\t\t\t\t\t\t<h5 class=\"qode-bct-post-title entry_title\" itemprop=\"name\">\r\n\t\t\t\t\t\t\t\t<a href=\"https:\/\/www.praxisklinik-goethe10.de\/en\/hearing-loss-and-dementia\/\" itemprop=\"url\">Hearing loss and dementia: therapy prevents cognitive impairment<\/a>\r\n\t\t\t\t\t\t\t<\/h5>\r\n\t\t\t\t\t\t\t\t\t\t\t\t\t\t<p itemprop=\"description\" class = \"qode-bct-post-excerpt\"> Below we explain why there is a clear link between untreated hearing loss and an increased risk of developing dementia - and what treatment options modern medicine can offer you.<\/p>\r\n\t\t\t\t\t\t\t<div class=\"qode-bct-post-date entry_date updated\" itemprop=\"dateCreated\">\r\n\t\t\t\t\t\t\t\t12 February 2024\t\t\t\t\t\t\t\t<meta itemprop=\"interactionCount\" content=\"UserComments: 0\"\/>\r\n\t\t\t\t\t\t\t<\/div>\r\n\t\t\t\t\t\t<\/div>\r\n\t\t\t\t\t<\/div>\r\n\t\t\t\t\t\t\t\t\t\t\t\t<div class=\"qode-bct-post\">\r\n\t\t\t\t\t\t\t\t\t\t\t\t\t<div class=\"qode-bct-post-image\">\r\n\t\t\t\t\t\t\t\t<a href=\"https:\/\/www.praxisklinik-goethe10.de\/en\/loss-of-horn-causes\/\" itemprop=\"url\">\r\n\t\t\t\t\t\t\t\t\t<img loading=\"lazy\" decoding=\"async\" width=\"1000\" height=\"500\" src=\"https:\/\/www.praxisklinik-goethe10.de\/wp-content\/uploads\/2023\/12\/0148_Blog_Hoerverlust-Ursachen_01a.jpg\" class=\"attachment-full size-full wp-post-image\" alt=\"Causes of hearing loss\" srcset=\"https:\/\/www.praxisklinik-goethe10.de\/wp-content\/uploads\/2023\/12\/0148_Blog_Hoerverlust-Ursachen_01a.jpg 1000w, https:\/\/www.praxisklinik-goethe10.de\/wp-content\/uploads\/2023\/12\/0148_Blog_Hoerverlust-Ursachen_01a-300x150.jpg 300w, https:\/\/www.praxisklinik-goethe10.de\/wp-content\/uploads\/2023\/12\/0148_Blog_Hoerverlust-Ursachen_01a-768x384.jpg 768w, https:\/\/www.praxisklinik-goethe10.de\/wp-content\/uploads\/2023\/12\/0148_Blog_Hoerverlust-Ursachen_01a-18x9.jpg 18w, https:\/\/www.praxisklinik-goethe10.de\/wp-content\/uploads\/2023\/12\/0148_Blog_Hoerverlust-Ursachen_01a-700x350.jpg 700w\" sizes=\"auto, (max-width: 1000px) 100vw, 1000px\" \/>\t\t\t\t\t\t\t\t<\/a>\r\n\t\t\t\t\t\t\t<\/div>\r\n\t\t\t\t\t\t\t\t\t\t\t\t<div class=\"qode-bct-post-text\">\r\n\t\t\t\t\t\t\t<h5 class=\"qode-bct-post-title entry_title\" itemprop=\"name\">\r\n\t\t\t\t\t\t\t\t<a href=\"https:\/\/www.praxisklinik-goethe10.de\/en\/loss-of-horn-causes\/\" itemprop=\"url\">Hearing loss causes: Common reasons for hearing impairment<\/a>\r\n\t\t\t\t\t\t\t<\/h5>\r\n\t\t\t\t\t\t\t\t\t\t\t\t\t\t<p itemprop=\"description\" class = \"qode-bct-post-excerpt\"> Hearing loss is a common health problem that can affect people of all ages. In this article, we will inform you about the various causes of hearing loss. We will also show you how we can help you at our ENT clinic in Frankfurt. \r\n<\/p>\r\n\t\t\t\t\t\t\t<div class=\"qode-bct-post-date entry_date updated\" itemprop=\"dateCreated\">\r\n\t\t\t\t\t\t\t\t18 December 2023\t\t\t\t\t\t\t\t<meta itemprop=\"interactionCount\" content=\"UserComments: 0\"\/>\r\n\t\t\t\t\t\t\t<\/div>\r\n\t\t\t\t\t\t<\/div>\r\n\t\t\t\t\t<\/div>\r\n\t\t\t\t\t\t\t\t\t\t\t\t<div class=\"qode-bct-post\">\r\n\t\t\t\t\t\t\t\t\t\t\t\t\t<div class=\"qode-bct-post-image\">\r\n\t\t\t\t\t\t\t\t<a href=\"https:\/\/www.praxisklinik-goethe10.de\/en\/nose-laser\/\" itemprop=\"url\">\r\n\t\t\t\t\t\t\t\t\t<img loading=\"lazy\" decoding=\"async\" width=\"1000\" height=\"500\" src=\"https:\/\/www.praxisklinik-goethe10.de\/wp-content\/uploads\/2023\/12\/0148_Blog_Nase-lasern_01a.jpg\" class=\"attachment-full size-full wp-post-image\" alt=\"Laser nose\" srcset=\"https:\/\/www.praxisklinik-goethe10.de\/wp-content\/uploads\/2023\/12\/0148_Blog_Nase-lasern_01a.jpg 1000w, https:\/\/www.praxisklinik-goethe10.de\/wp-content\/uploads\/2023\/12\/0148_Blog_Nase-lasern_01a-300x150.jpg 300w, https:\/\/www.praxisklinik-goethe10.de\/wp-content\/uploads\/2023\/12\/0148_Blog_Nase-lasern_01a-768x384.jpg 768w, https:\/\/www.praxisklinik-goethe10.de\/wp-content\/uploads\/2023\/12\/0148_Blog_Nase-lasern_01a-18x9.jpg 18w, https:\/\/www.praxisklinik-goethe10.de\/wp-content\/uploads\/2023\/12\/0148_Blog_Nase-lasern_01a-700x350.jpg 700w\" sizes=\"auto, (max-width: 1000px) 100vw, 1000px\" \/>\t\t\t\t\t\t\t\t<\/a>\r\n\t\t\t\t\t\t\t<\/div>\r\n\t\t\t\t\t\t\t\t\t\t\t\t<div class=\"qode-bct-post-text\">\r\n\t\t\t\t\t\t\t<h5 class=\"qode-bct-post-title entry_title\" itemprop=\"name\">\r\n\t\t\t\t\t\t\t\t<a href=\"https:\/\/www.praxisklinik-goethe10.de\/en\/nose-laser\/\" itemprop=\"url\">Laser nose surgery: When a laser conchotomy makes sense<\/a>\r\n\t\t\t\t\t\t\t<\/h5>\r\n\t\t\t\t\t\t\t\t\t\t\t\t\t\t<p itemprop=\"description\" class = \"qode-bct-post-excerpt\"> Some people suffer repeatedly or even permanently from the feeling of a blocked nose. In this case, you may have enlarged turbinates. During a laser conchotomy, we can laser the inside of your nose and allow you to breathe freely.  <\/p>\r\n\t\t\t\t\t\t\t<div class=\"qode-bct-post-date entry_date updated\" itemprop=\"dateCreated\">\r\n\t\t\t\t\t\t\t\t15 November 2023\t\t\t\t\t\t\t\t<meta itemprop=\"interactionCount\" content=\"UserComments: 0\"\/>\r\n\t\t\t\t\t\t\t<\/div>\r\n\t\t\t\t\t\t<\/div>\r\n\t\t\t\t\t<\/div>\r\n\t\t\t\t\t\t\t\t\t\t\t\t<div class=\"qode-bct-post\">\r\n\t\t\t\t\t\t\t\t\t\t\t\t\t<div class=\"qode-bct-post-image\">\r\n\t\t\t\t\t\t\t\t<a href=\"https:\/\/www.praxisklinik-goethe10.de\/en\/snoring-operation-frankfurt\/\" itemprop=\"url\">\r\n\t\t\t\t\t\t\t\t\t<img loading=\"lazy\" decoding=\"async\" width=\"1000\" height=\"500\" src=\"https:\/\/www.praxisklinik-goethe10.de\/wp-content\/uploads\/2023\/12\/0148_Blog_Schnarchoperation-Frankfurt_01a.jpg\" class=\"attachment-full size-full wp-post-image\" alt=\"Snoring operation\" srcset=\"https:\/\/www.praxisklinik-goethe10.de\/wp-content\/uploads\/2023\/12\/0148_Blog_Schnarchoperation-Frankfurt_01a.jpg 1000w, https:\/\/www.praxisklinik-goethe10.de\/wp-content\/uploads\/2023\/12\/0148_Blog_Schnarchoperation-Frankfurt_01a-300x150.jpg 300w, https:\/\/www.praxisklinik-goethe10.de\/wp-content\/uploads\/2023\/12\/0148_Blog_Schnarchoperation-Frankfurt_01a-768x384.jpg 768w, https:\/\/www.praxisklinik-goethe10.de\/wp-content\/uploads\/2023\/12\/0148_Blog_Schnarchoperation-Frankfurt_01a-18x9.jpg 18w, https:\/\/www.praxisklinik-goethe10.de\/wp-content\/uploads\/2023\/12\/0148_Blog_Schnarchoperation-Frankfurt_01a-700x350.jpg 700w\" sizes=\"auto, (max-width: 1000px) 100vw, 1000px\" \/>\t\t\t\t\t\t\t\t<\/a>\r\n\t\t\t\t\t\t\t<\/div>\r\n\t\t\t\t\t\t\t\t\t\t\t\t<div class=\"qode-bct-post-text\">\r\n\t\t\t\t\t\t\t<h5 class=\"qode-bct-post-title entry_title\" itemprop=\"name\">\r\n\t\t\t\t\t\t\t\t<a href=\"https:\/\/www.praxisklinik-goethe10.de\/en\/snoring-operation-frankfurt\/\" itemprop=\"url\">Snoring surgery: finally sleeping peacefully again<\/a>\r\n\t\t\t\t\t\t\t<\/h5>\r\n\t\t\t\t\t\t\t\t\t\t\t\t\t\t<p itemprop=\"description\" class = \"qode-bct-post-excerpt\"> Loud snoring can turn sleep into torture. In some cases, snoring surgery can be the solution so that you can sleep peacefully again. We offer this form of snoring therapy at our ENT clinic in Frankfurt. <\/p>\r\n\t\t\t\t\t\t\t<div class=\"qode-bct-post-date entry_date updated\" itemprop=\"dateCreated\">\r\n\t\t\t\t\t\t\t\t5 October 2023\t\t\t\t\t\t\t\t<meta itemprop=\"interactionCount\" content=\"UserComments: 0\"\/>\r\n\t\t\t\t\t\t\t<\/div>\r\n\t\t\t\t\t\t<\/div>\r\n\t\t\t\t\t<\/div>\r\n\t\t\t\t\t\t\t\t\t\t\t\t<div class=\"qode-bct-post\">\r\n\t\t\t\t\t\t\t\t\t\t\t\t\t<div class=\"qode-bct-post-image\">\r\n\t\t\t\t\t\t\t\t<a href=\"https:\/\/www.praxisklinik-goethe10.de\/en\/hearing-loss-in-one-ear\/\" itemprop=\"url\">\r\n\t\t\t\t\t\t\t\t\t<img loading=\"lazy\" decoding=\"async\" width=\"1000\" height=\"500\" src=\"https:\/\/www.praxisklinik-goethe10.de\/wp-content\/uploads\/2023\/12\/0148_Blog_Hoerverlust-auf-einem-Ohr_01a.jpg\" class=\"attachment-full size-full wp-post-image\" alt=\"Hearing loss in one ear\" srcset=\"https:\/\/www.praxisklinik-goethe10.de\/wp-content\/uploads\/2023\/12\/0148_Blog_Hoerverlust-auf-einem-Ohr_01a.jpg 1000w, https:\/\/www.praxisklinik-goethe10.de\/wp-content\/uploads\/2023\/12\/0148_Blog_Hoerverlust-auf-einem-Ohr_01a-300x150.jpg 300w, https:\/\/www.praxisklinik-goethe10.de\/wp-content\/uploads\/2023\/12\/0148_Blog_Hoerverlust-auf-einem-Ohr_01a-768x384.jpg 768w, https:\/\/www.praxisklinik-goethe10.de\/wp-content\/uploads\/2023\/12\/0148_Blog_Hoerverlust-auf-einem-Ohr_01a-18x9.jpg 18w, https:\/\/www.praxisklinik-goethe10.de\/wp-content\/uploads\/2023\/12\/0148_Blog_Hoerverlust-auf-einem-Ohr_01a-700x350.jpg 700w\" sizes=\"auto, (max-width: 1000px) 100vw, 1000px\" \/>\t\t\t\t\t\t\t\t<\/a>\r\n\t\t\t\t\t\t\t<\/div>\r\n\t\t\t\t\t\t\t\t\t\t\t\t<div class=\"qode-bct-post-text\">\r\n\t\t\t\t\t\t\t<h5 class=\"qode-bct-post-title entry_title\" itemprop=\"name\">\r\n\t\t\t\t\t\t\t\t<a href=\"https:\/\/www.praxisklinik-goethe10.de\/en\/hearing-loss-in-one-ear\/\" itemprop=\"url\">Hearing loss in one ear: what can be behind it<\/a>\r\n\t\t\t\t\t\t\t<\/h5>\r\n\t\t\t\t\t\t\t\t\t\t\t\t\t\t<p itemprop=\"description\" class = \"qode-bct-post-excerpt\"> At first glance, unilateral hearing loss may seem less serious than the loss of hearing in both ears. Nevertheless, it has a profound impact on the lives of those affected. In this article, we will inform you about how hearing loss in one ear can occur and what we can do about it.<\/p>\r\n\t\t\t\t\t\t\t<div class=\"qode-bct-post-date entry_date updated\" itemprop=\"dateCreated\">\r\n\t\t\t\t\t\t\t\t24 August 2023\t\t\t\t\t\t\t\t<meta itemprop=\"interactionCount\" content=\"UserComments: 0\"\/>\r\n\t\t\t\t\t\t\t<\/div>\r\n\t\t\t\t\t\t<\/div>\r\n\t\t\t\t\t<\/div>\r\n\t\t\t\t\t\t\t\t\t\t\t\t<div class=\"qode-bct-post\">\r\n\t\t\t\t\t\t\t\t\t\t\t\t\t<div class=\"qode-bct-post-image\">\r\n\t\t\t\t\t\t\t\t<a href=\"https:\/\/www.praxisklinik-goethe10.de\/en\/cure-tinnitus\/\" itemprop=\"url\">\r\n\t\t\t\t\t\t\t\t\t<img loading=\"lazy\" decoding=\"async\" width=\"1000\" height=\"500\" src=\"https:\/\/www.praxisklinik-goethe10.de\/wp-content\/uploads\/2023\/12\/0148_Blog_Tinnitus-heilen_01a.jpg\" class=\"attachment-full size-full wp-post-image\" alt=\"Healing tinnitus | Tinnitus therapy Frankfurt\" srcset=\"https:\/\/www.praxisklinik-goethe10.de\/wp-content\/uploads\/2023\/12\/0148_Blog_Tinnitus-heilen_01a.jpg 1000w, https:\/\/www.praxisklinik-goethe10.de\/wp-content\/uploads\/2023\/12\/0148_Blog_Tinnitus-heilen_01a-300x150.jpg 300w, https:\/\/www.praxisklinik-goethe10.de\/wp-content\/uploads\/2023\/12\/0148_Blog_Tinnitus-heilen_01a-768x384.jpg 768w, https:\/\/www.praxisklinik-goethe10.de\/wp-content\/uploads\/2023\/12\/0148_Blog_Tinnitus-heilen_01a-18x9.jpg 18w, https:\/\/www.praxisklinik-goethe10.de\/wp-content\/uploads\/2023\/12\/0148_Blog_Tinnitus-heilen_01a-700x350.jpg 700w\" sizes=\"auto, (max-width: 1000px) 100vw, 1000px\" \/>\t\t\t\t\t\t\t\t<\/a>\r\n\t\t\t\t\t\t\t<\/div>\r\n\t\t\t\t\t\t\t\t\t\t\t\t<div class=\"qode-bct-post-text\">\r\n\t\t\t\t\t\t\t<h5 class=\"qode-bct-post-title entry_title\" itemprop=\"name\">\r\n\t\t\t\t\t\t\t\t<a href=\"https:\/\/www.praxisklinik-goethe10.de\/en\/cure-tinnitus\/\" itemprop=\"url\">Curing tinnitus: Is it possible?<\/a>\r\n\t\t\t\t\t\t\t<\/h5>\r\n\t\t\t\t\t\t\t\t\t\t\t\t\t\t<p itemprop=\"description\" class = \"qode-bct-post-excerpt\"> In the hectic symphony of modern life, there is a special melody that not everyone can hear - that of tinnitus. If the noises in your ears are particularly loud, they can certainly restrict your quality of life. But what is it like - can tinnitus be cured? Is there a chance that the ringing and buzzing in the ear can be silenced again?<\/p>\r\n\t\t\t\t\t\t\t<div class=\"qode-bct-post-date entry_date updated\" itemprop=\"dateCreated\">\r\n\t\t\t\t\t\t\t\t16 June 2023\t\t\t\t\t\t\t\t<meta itemprop=\"interactionCount\" content=\"UserComments: 0\"\/>\r\n\t\t\t\t\t\t\t<\/div>\r\n\t\t\t\t\t\t<\/div>\r\n\t\t\t\t\t<\/div>\r\n\t\t\t\t\t\t\t\t\t\t\t\t<div class=\"qode-bct-post\">\r\n\t\t\t\t\t\t\t\t\t\t\t\t\t<div class=\"qode-bct-post-image\">\r\n\t\t\t\t\t\t\t\t<a href=\"https:\/\/www.praxisklinik-goethe10.de\/en\/diabetes-hoerverlust\/\" itemprop=\"url\">\r\n\t\t\t\t\t\t\t\t\t<img loading=\"lazy\" decoding=\"async\" width=\"1000\" height=\"500\" src=\"https:\/\/www.praxisklinik-goethe10.de\/wp-content\/uploads\/2023\/12\/0148_Blog_Diabetes-Hoerverlust_01a.jpg\" class=\"attachment-full size-full wp-post-image\" alt=\"Diabetes and hearing loss\" srcset=\"https:\/\/www.praxisklinik-goethe10.de\/wp-content\/uploads\/2023\/12\/0148_Blog_Diabetes-Hoerverlust_01a.jpg 1000w, https:\/\/www.praxisklinik-goethe10.de\/wp-content\/uploads\/2023\/12\/0148_Blog_Diabetes-Hoerverlust_01a-300x150.jpg 300w, https:\/\/www.praxisklinik-goethe10.de\/wp-content\/uploads\/2023\/12\/0148_Blog_Diabetes-Hoerverlust_01a-768x384.jpg 768w, https:\/\/www.praxisklinik-goethe10.de\/wp-content\/uploads\/2023\/12\/0148_Blog_Diabetes-Hoerverlust_01a-18x9.jpg 18w, https:\/\/www.praxisklinik-goethe10.de\/wp-content\/uploads\/2023\/12\/0148_Blog_Diabetes-Hoerverlust_01a-700x350.jpg 700w\" sizes=\"auto, (max-width: 1000px) 100vw, 1000px\" \/>\t\t\t\t\t\t\t\t<\/a>\r\n\t\t\t\t\t\t\t<\/div>\r\n\t\t\t\t\t\t\t\t\t\t\t\t<div class=\"qode-bct-post-text\">\r\n\t\t\t\t\t\t\t<h5 class=\"qode-bct-post-title entry_title\" itemprop=\"name\">\r\n\t\t\t\t\t\t\t\t<a href=\"https:\/\/www.praxisklinik-goethe10.de\/en\/diabetes-hoerverlust\/\" itemprop=\"url\">Diabetes and hearing loss: what you should know about it<\/a>\r\n\t\t\t\t\t\t\t<\/h5>\r\n\t\t\t\t\t\t\t\t\t\t\t\t\t\t<p itemprop=\"description\" class = \"qode-bct-post-excerpt\"> Did you know that your blood sugar levels can affect your hearing? For example, low blood sugar levels can damage the nerves in your ear canal in the long term. Diabetes mellitus is also a risk factor for hearing loss. Hearing problems can be a typical consequence of diabetes.<\/p>\r\n\t\t\t\t\t\t\t<div class=\"qode-bct-post-date entry_date updated\" itemprop=\"dateCreated\">\r\n\t\t\t\t\t\t\t\t21 March 2023\t\t\t\t\t\t\t\t<meta itemprop=\"interactionCount\" content=\"UserComments: 0\"\/>\r\n\t\t\t\t\t\t\t<\/div>\r\n\t\t\t\t\t\t<\/div>\r\n\t\t\t\t\t<\/div>\r\n\t\t\t\t\t\t\t\t\t\t\t\t<div class=\"qode-bct-post\">\r\n\t\t\t\t\t\t\t\t\t\t\t\t\t<div class=\"qode-bct-post-image\">\r\n\t\t\t\t\t\t\t\t<a href=\"https:\/\/www.praxisklinik-goethe10.de\/en\/causes-of-tinnitus\/\" itemprop=\"url\">\r\n\t\t\t\t\t\t\t\t\t<img loading=\"lazy\" decoding=\"async\" width=\"1000\" height=\"500\" src=\"https:\/\/www.praxisklinik-goethe10.de\/wp-content\/uploads\/2023\/12\/0148_Blog_Tinnitus-Ursachen_01a.jpg\" class=\"attachment-full size-full wp-post-image\" alt=\"Tinnitus causes\" srcset=\"https:\/\/www.praxisklinik-goethe10.de\/wp-content\/uploads\/2023\/12\/0148_Blog_Tinnitus-Ursachen_01a.jpg 1000w, https:\/\/www.praxisklinik-goethe10.de\/wp-content\/uploads\/2023\/12\/0148_Blog_Tinnitus-Ursachen_01a-300x150.jpg 300w, https:\/\/www.praxisklinik-goethe10.de\/wp-content\/uploads\/2023\/12\/0148_Blog_Tinnitus-Ursachen_01a-768x384.jpg 768w, https:\/\/www.praxisklinik-goethe10.de\/wp-content\/uploads\/2023\/12\/0148_Blog_Tinnitus-Ursachen_01a-18x9.jpg 18w, https:\/\/www.praxisklinik-goethe10.de\/wp-content\/uploads\/2023\/12\/0148_Blog_Tinnitus-Ursachen_01a-700x350.jpg 700w\" sizes=\"auto, (max-width: 1000px) 100vw, 1000px\" \/>\t\t\t\t\t\t\t\t<\/a>\r\n\t\t\t\t\t\t\t<\/div>\r\n\t\t\t\t\t\t\t\t\t\t\t\t<div class=\"qode-bct-post-text\">\r\n\t\t\t\t\t\t\t<h5 class=\"qode-bct-post-title entry_title\" itemprop=\"name\">\r\n\t\t\t\t\t\t\t\t<a href=\"https:\/\/www.praxisklinik-goethe10.de\/en\/causes-of-tinnitus\/\" itemprop=\"url\">Causes of tinnitus: How can ringing in the ears occur?<\/a>\r\n\t\t\t\t\t\t\t<\/h5>\r\n\t\t\t\t\t\t\t\t\t\t\t\t\t\t<p itemprop=\"description\" class = \"qode-bct-post-excerpt\"> Ear noises that sound like whistling, ringing, humming or buzzing, crackling, hissing or hissing are known as tinnitus. As you can see: The ways in which sounds manifest themselves are extremely varied. The causes of tinnitus are just as varied as its manifestations.<\/p>\r\n\t\t\t\t\t\t\t<div class=\"qode-bct-post-date entry_date updated\" itemprop=\"dateCreated\">\r\n\t\t\t\t\t\t\t\t15 February 2023\t\t\t\t\t\t\t\t<meta itemprop=\"interactionCount\" content=\"UserComments: 0\"\/>\r\n\t\t\t\t\t\t\t<\/div>\r\n\t\t\t\t\t\t<\/div>\r\n\t\t\t\t\t<\/div>\r\n\t\t\t\t\t\t\t\t\t\t\t\t<div class=\"qode-bct-post\">\r\n\t\t\t\t\t\t\t\t\t\t\t\t\t<div class=\"qode-bct-post-image\">\r\n\t\t\t\t\t\t\t\t<a href=\"https:\/\/www.praxisklinik-goethe10.de\/en\/ear-specialist\/\" itemprop=\"url\">\r\n\t\t\t\t\t\t\t\t\t<img loading=\"lazy\" decoding=\"async\" width=\"1000\" height=\"500\" src=\"https:\/\/www.praxisklinik-goethe10.de\/wp-content\/uploads\/2022\/11\/0148_Blog_Ohrenspezialist_01a.jpg\" class=\"attachment-full size-full wp-post-image\" alt=\"Ear specialist\" srcset=\"https:\/\/www.praxisklinik-goethe10.de\/wp-content\/uploads\/2022\/11\/0148_Blog_Ohrenspezialist_01a.jpg 1000w, https:\/\/www.praxisklinik-goethe10.de\/wp-content\/uploads\/2022\/11\/0148_Blog_Ohrenspezialist_01a-300x150.jpg 300w, https:\/\/www.praxisklinik-goethe10.de\/wp-content\/uploads\/2022\/11\/0148_Blog_Ohrenspezialist_01a-768x384.jpg 768w, https:\/\/www.praxisklinik-goethe10.de\/wp-content\/uploads\/2022\/11\/0148_Blog_Ohrenspezialist_01a-18x9.jpg 18w, https:\/\/www.praxisklinik-goethe10.de\/wp-content\/uploads\/2022\/11\/0148_Blog_Ohrenspezialist_01a-700x350.jpg 700w\" sizes=\"auto, (max-width: 1000px) 100vw, 1000px\" \/>\t\t\t\t\t\t\t\t<\/a>\r\n\t\t\t\t\t\t\t<\/div>\r\n\t\t\t\t\t\t\t\t\t\t\t\t<div class=\"qode-bct-post-text\">\r\n\t\t\t\t\t\t\t<h5 class=\"qode-bct-post-title entry_title\" itemprop=\"name\">\r\n\t\t\t\t\t\t\t\t<a href=\"https:\/\/www.praxisklinik-goethe10.de\/en\/ear-specialist\/\" itemprop=\"url\">How can you recognise an ear specialist?<\/a>\r\n\t\t\t\t\t\t\t<\/h5>\r\n\t\t\t\t\t\t\t\t\t\t\t\t\t\t<p itemprop=\"description\" class = \"qode-bct-post-excerpt\"> In this article, we inform you about what makes a specialist in the field of otology and why Dr Thomas Fischer is your ideal contact in Frankfurt, for example for the diagnosis and treatment of ringing in the ears.<\/p>\r\n\t\t\t\t\t\t\t<div class=\"qode-bct-post-date entry_date updated\" itemprop=\"dateCreated\">\r\n\t\t\t\t\t\t\t\t10 November 2022\t\t\t\t\t\t\t\t<meta itemprop=\"interactionCount\" content=\"UserComments: 0\"\/>\r\n\t\t\t\t\t\t\t<\/div>\r\n\t\t\t\t\t\t<\/div>\r\n\t\t\t\t\t<\/div>\r\n\t\t\t\t\t\t\t\t\t\t\t\t<div class=\"qode-bct-post\">\r\n\t\t\t\t\t\t\t\t\t\t\t\t\t<div class=\"qode-bct-post-image\">\r\n\t\t\t\t\t\t\t\t<a href=\"https:\/\/www.praxisklinik-goethe10.de\/en\/botulinum-for-tinnitus-therapy\/\" itemprop=\"url\">\r\n\t\t\t\t\t\t\t\t\t<img loading=\"lazy\" decoding=\"async\" width=\"1000\" height=\"500\" src=\"https:\/\/www.praxisklinik-goethe10.de\/wp-content\/uploads\/2022\/11\/0148_Blog_Botulinum-zur-Tinnitus-Therapie_01a.jpg\" class=\"attachment-full size-full wp-post-image\" alt=\"Botulinum for tinnitus therapy\" srcset=\"https:\/\/www.praxisklinik-goethe10.de\/wp-content\/uploads\/2022\/11\/0148_Blog_Botulinum-zur-Tinnitus-Therapie_01a.jpg 1000w, https:\/\/www.praxisklinik-goethe10.de\/wp-content\/uploads\/2022\/11\/0148_Blog_Botulinum-zur-Tinnitus-Therapie_01a-300x150.jpg 300w, https:\/\/www.praxisklinik-goethe10.de\/wp-content\/uploads\/2022\/11\/0148_Blog_Botulinum-zur-Tinnitus-Therapie_01a-768x384.jpg 768w, https:\/\/www.praxisklinik-goethe10.de\/wp-content\/uploads\/2022\/11\/0148_Blog_Botulinum-zur-Tinnitus-Therapie_01a-18x9.jpg 18w, https:\/\/www.praxisklinik-goethe10.de\/wp-content\/uploads\/2022\/11\/0148_Blog_Botulinum-zur-Tinnitus-Therapie_01a-700x350.jpg 700w\" sizes=\"auto, (max-width: 1000px) 100vw, 1000px\" \/>\t\t\t\t\t\t\t\t<\/a>\r\n\t\t\t\t\t\t\t<\/div>\r\n\t\t\t\t\t\t\t\t\t\t\t\t<div class=\"qode-bct-post-text\">\r\n\t\t\t\t\t\t\t<h5 class=\"qode-bct-post-title entry_title\" itemprop=\"name\">\r\n\t\t\t\t\t\t\t\t<a href=\"https:\/\/www.praxisklinik-goethe10.de\/en\/botulinum-for-tinnitus-therapy\/\" itemprop=\"url\">Botulinum for tinnitus therapy?<\/a>\r\n\t\t\t\t\t\t\t<\/h5>\r\n\t\t\t\t\t\t\t\t\t\t\t\t\t\t<p itemprop=\"description\" class = \"qode-bct-post-excerpt\"> Botulinum toxin - you probably know this active ingredient from wrinkle treatment. However, botulinum originally comes from medicine and was and still is used to treat certain medical conditions. An indication is also emerging: Botox for tinnitus therapy.<\/p>\r\n\t\t\t\t\t\t\t<div class=\"qode-bct-post-date entry_date updated\" itemprop=\"dateCreated\">\r\n\t\t\t\t\t\t\t\t28 October 2022\t\t\t\t\t\t\t\t<meta itemprop=\"interactionCount\" content=\"UserComments: 0\"\/>\r\n\t\t\t\t\t\t\t<\/div>\r\n\t\t\t\t\t\t<\/div>\r\n\t\t\t\t\t<\/div>\r\n\t\t\t\t\t\t\t\t\t\t\t\t<div class=\"qode-bct-post\">\r\n\t\t\t\t\t\t\t\t\t\t\t\t\t<div class=\"qode-bct-post-image\">\r\n\t\t\t\t\t\t\t\t<a href=\"https:\/\/www.praxisklinik-goethe10.de\/en\/rhinoplasty-health-insurance\/\" itemprop=\"url\">\r\n\t\t\t\t\t\t\t\t\t<img loading=\"lazy\" decoding=\"async\" width=\"1000\" height=\"500\" src=\"https:\/\/www.praxisklinik-goethe10.de\/wp-content\/uploads\/2022\/11\/0148_Blog_Nasenkorrektur-Krankenkasse_01a.jpg\" class=\"attachment-full size-full wp-post-image\" alt=\"Nose correction health insurance\" srcset=\"https:\/\/www.praxisklinik-goethe10.de\/wp-content\/uploads\/2022\/11\/0148_Blog_Nasenkorrektur-Krankenkasse_01a.jpg 1000w, https:\/\/www.praxisklinik-goethe10.de\/wp-content\/uploads\/2022\/11\/0148_Blog_Nasenkorrektur-Krankenkasse_01a-300x150.jpg 300w, https:\/\/www.praxisklinik-goethe10.de\/wp-content\/uploads\/2022\/11\/0148_Blog_Nasenkorrektur-Krankenkasse_01a-768x384.jpg 768w, https:\/\/www.praxisklinik-goethe10.de\/wp-content\/uploads\/2022\/11\/0148_Blog_Nasenkorrektur-Krankenkasse_01a-18x9.jpg 18w, https:\/\/www.praxisklinik-goethe10.de\/wp-content\/uploads\/2022\/11\/0148_Blog_Nasenkorrektur-Krankenkasse_01a-700x350.jpg 700w\" sizes=\"auto, (max-width: 1000px) 100vw, 1000px\" \/>\t\t\t\t\t\t\t\t<\/a>\r\n\t\t\t\t\t\t\t<\/div>\r\n\t\t\t\t\t\t\t\t\t\t\t\t<div class=\"qode-bct-post-text\">\r\n\t\t\t\t\t\t\t<h5 class=\"qode-bct-post-title entry_title\" itemprop=\"name\">\r\n\t\t\t\t\t\t\t\t<a href=\"https:\/\/www.praxisklinik-goethe10.de\/en\/rhinoplasty-health-insurance\/\" itemprop=\"url\">Nose correction health insurance: When does it cover the costs?<\/a>\r\n\t\t\t\t\t\t\t<\/h5>\r\n\t\t\t\t\t\t\t\t\t\t\t\t\t\t<p itemprop=\"description\" class = \"qode-bct-post-excerpt\"> Many people are unhappy with the size and\/or shape of their nose. Anyone who suffers from their appearance may consider a nose job. In some situations, health insurance will even cover the costs of rhinoplasty or subsidise the procedure. You can find out when this is the case below.<\/p>\r\n\t\t\t\t\t\t\t<div class=\"qode-bct-post-date entry_date updated\" itemprop=\"dateCreated\">\r\n\t\t\t\t\t\t\t\t20 September 2022\t\t\t\t\t\t\t\t<meta itemprop=\"interactionCount\" content=\"UserComments: 0\"\/>\r\n\t\t\t\t\t\t\t<\/div>\r\n\t\t\t\t\t\t<\/div>\r\n\t\t\t\t\t<\/div>\r\n\t\t\t\t\t\t\t\t\t\t\t\t<div class=\"qode-bct-post\">\r\n\t\t\t\t\t\t\t\t\t\t\t\t\t<div class=\"qode-bct-post-image\">\r\n\t\t\t\t\t\t\t\t<a href=\"https:\/\/www.praxisklinik-goethe10.de\/en\/deafness-in-the-ear\/\" itemprop=\"url\">\r\n\t\t\t\t\t\t\t\t\t<img loading=\"lazy\" decoding=\"async\" width=\"1000\" height=\"500\" src=\"https:\/\/www.praxisklinik-goethe10.de\/wp-content\/uploads\/2022\/11\/0148_Blog_Taubheitsgefuehl-im-Ohr_01a.jpg\" class=\"attachment-full size-full wp-post-image\" alt=\"A woman is holding her ear to the side.\" srcset=\"https:\/\/www.praxisklinik-goethe10.de\/wp-content\/uploads\/2022\/11\/0148_Blog_Taubheitsgefuehl-im-Ohr_01a.jpg 1000w, https:\/\/www.praxisklinik-goethe10.de\/wp-content\/uploads\/2022\/11\/0148_Blog_Taubheitsgefuehl-im-Ohr_01a-300x150.jpg 300w, https:\/\/www.praxisklinik-goethe10.de\/wp-content\/uploads\/2022\/11\/0148_Blog_Taubheitsgefuehl-im-Ohr_01a-768x384.jpg 768w, https:\/\/www.praxisklinik-goethe10.de\/wp-content\/uploads\/2022\/11\/0148_Blog_Taubheitsgefuehl-im-Ohr_01a-18x9.jpg 18w, https:\/\/www.praxisklinik-goethe10.de\/wp-content\/uploads\/2022\/11\/0148_Blog_Taubheitsgefuehl-im-Ohr_01a-700x350.jpg 700w\" sizes=\"auto, (max-width: 1000px) 100vw, 1000px\" \/>\t\t\t\t\t\t\t\t<\/a>\r\n\t\t\t\t\t\t\t<\/div>\r\n\t\t\t\t\t\t\t\t\t\t\t\t<div class=\"qode-bct-post-text\">\r\n\t\t\t\t\t\t\t<h5 class=\"qode-bct-post-title entry_title\" itemprop=\"name\">\r\n\t\t\t\t\t\t\t\t<a href=\"https:\/\/www.praxisklinik-goethe10.de\/en\/deafness-in-the-ear\/\" itemprop=\"url\">Numbness in the ear: What could be behind it?<\/a>\r\n\t\t\t\t\t\t\t<\/h5>\r\n\t\t\t\t\t\t\t\t\t\t\t\t\t\t<p itemprop=\"description\" class = \"qode-bct-post-excerpt\"> Numbness in the ear gives the impression that part of the ear or even the entire ear is anaesthetised and as if cotton wool has been inserted into it. Numbness in the ear can be a warning sign. In this article, we explain how they can occur and when you should visit our ENT practice in Frankfurt.<\/p>\r\n\t\t\t\t\t\t\t<div class=\"qode-bct-post-date entry_date updated\" itemprop=\"dateCreated\">\r\n\t\t\t\t\t\t\t\t23 August 2022\t\t\t\t\t\t\t\t<meta itemprop=\"interactionCount\" content=\"UserComments: 0\"\/>\r\n\t\t\t\t\t\t\t<\/div>\r\n\t\t\t\t\t\t<\/div>\r\n\t\t\t\t\t<\/div>\r\n\t\t\t\t\t\t\t\t\t\t\t\t<div class=\"qode-bct-post\">\r\n\t\t\t\t\t\t\t\t\t\t\t\t\t<div class=\"qode-bct-post-image\">\r\n\t\t\t\t\t\t\t\t<a href=\"https:\/\/www.praxisklinik-goethe10.de\/en\/rhinoplasty-experience\/\" itemprop=\"url\">\r\n\t\t\t\t\t\t\t\t\t<img loading=\"lazy\" decoding=\"async\" width=\"1000\" height=\"500\" src=\"https:\/\/www.praxisklinik-goethe10.de\/wp-content\/uploads\/2022\/11\/0148_Blog_Nasenkorrektur-Erfahrungen_01a.jpg\" class=\"attachment-full size-full wp-post-image\" alt=\"Rhinoplasty experience\" srcset=\"https:\/\/www.praxisklinik-goethe10.de\/wp-content\/uploads\/2022\/11\/0148_Blog_Nasenkorrektur-Erfahrungen_01a.jpg 1000w, https:\/\/www.praxisklinik-goethe10.de\/wp-content\/uploads\/2022\/11\/0148_Blog_Nasenkorrektur-Erfahrungen_01a-300x150.jpg 300w, https:\/\/www.praxisklinik-goethe10.de\/wp-content\/uploads\/2022\/11\/0148_Blog_Nasenkorrektur-Erfahrungen_01a-768x384.jpg 768w, https:\/\/www.praxisklinik-goethe10.de\/wp-content\/uploads\/2022\/11\/0148_Blog_Nasenkorrektur-Erfahrungen_01a-18x9.jpg 18w, https:\/\/www.praxisklinik-goethe10.de\/wp-content\/uploads\/2022\/11\/0148_Blog_Nasenkorrektur-Erfahrungen_01a-700x350.jpg 700w\" sizes=\"auto, (max-width: 1000px) 100vw, 1000px\" \/>\t\t\t\t\t\t\t\t<\/a>\r\n\t\t\t\t\t\t\t<\/div>\r\n\t\t\t\t\t\t\t\t\t\t\t\t<div class=\"qode-bct-post-text\">\r\n\t\t\t\t\t\t\t<h5 class=\"qode-bct-post-title entry_title\" itemprop=\"name\">\r\n\t\t\t\t\t\t\t\t<a href=\"https:\/\/www.praxisklinik-goethe10.de\/en\/rhinoplasty-experience\/\" itemprop=\"url\">Rhinoplasty experiences: This is how satisfied patients are after <nobr>Nose surgery<\/nobr><\/a>\r\n\t\t\t\t\t\t\t<\/h5>\r\n\t\t\t\t\t\t\t\t\t\t\t\t\t\t<p itemprop=\"description\" class = \"qode-bct-post-excerpt\"> The nose is not only the anatomical centre of the face - it is also the focus of attention in terms of sensation. Are you interested in a nose correction? Then you will certainly want to know what experiences other patients have had. We will show you a few testimonials below.<\/p>\r\n\t\t\t\t\t\t\t<div class=\"qode-bct-post-date entry_date updated\" itemprop=\"dateCreated\">\r\n\t\t\t\t\t\t\t\t25 July 2022\t\t\t\t\t\t\t\t<meta itemprop=\"interactionCount\" content=\"UserComments: 0\"\/>\r\n\t\t\t\t\t\t\t<\/div>\r\n\t\t\t\t\t\t<\/div>\r\n\t\t\t\t\t<\/div>\r\n\t\t\t\t\t\t\t\t\t\t\t\t<div class=\"qode-bct-post\">\r\n\t\t\t\t\t\t\t\t\t\t\t\t\t<div class=\"qode-bct-post-image\">\r\n\t\t\t\t\t\t\t\t<a href=\"https:\/\/www.praxisklinik-goethe10.de\/en\/septal-perforation\/\" itemprop=\"url\">\r\n\t\t\t\t\t\t\t\t\t<img loading=\"lazy\" decoding=\"async\" width=\"1000\" height=\"500\" src=\"https:\/\/www.praxisklinik-goethe10.de\/wp-content\/uploads\/2022\/06\/0148_Blog_Septumperforation_01a.jpg\" class=\"attachment-full size-full wp-post-image\" alt=\"Septal perforation\" srcset=\"https:\/\/www.praxisklinik-goethe10.de\/wp-content\/uploads\/2022\/06\/0148_Blog_Septumperforation_01a.jpg 1000w, https:\/\/www.praxisklinik-goethe10.de\/wp-content\/uploads\/2022\/06\/0148_Blog_Septumperforation_01a-300x150.jpg 300w, https:\/\/www.praxisklinik-goethe10.de\/wp-content\/uploads\/2022\/06\/0148_Blog_Septumperforation_01a-768x384.jpg 768w, https:\/\/www.praxisklinik-goethe10.de\/wp-content\/uploads\/2022\/06\/0148_Blog_Septumperforation_01a-700x350.jpg 700w\" sizes=\"auto, (max-width: 1000px) 100vw, 1000px\" \/>\t\t\t\t\t\t\t\t<\/a>\r\n\t\t\t\t\t\t\t<\/div>\r\n\t\t\t\t\t\t\t\t\t\t\t\t<div class=\"qode-bct-post-text\">\r\n\t\t\t\t\t\t\t<h5 class=\"qode-bct-post-title entry_title\" itemprop=\"name\">\r\n\t\t\t\t\t\t\t\t<a href=\"https:\/\/www.praxisklinik-goethe10.de\/en\/septal-perforation\/\" itemprop=\"url\">Septal perforation: Where does a hole in the nasal septum come from?<\/a>\r\n\t\t\t\t\t\t\t<\/h5>\r\n\t\t\t\t\t\t\t\t\t\t\t\t\t\t<p itemprop=\"description\" class = \"qode-bct-post-excerpt\"> Various triggers can lead to a so-called septal perforation. You can find out below how a septal perforation can occur, how a hole in the nasal septum manifests itself and how we can treat it at our ENT practice in Frankfurt.<\/p>\r\n\t\t\t\t\t\t\t<div class=\"qode-bct-post-date entry_date updated\" itemprop=\"dateCreated\">\r\n\t\t\t\t\t\t\t\t14 June 2022\t\t\t\t\t\t\t\t<meta itemprop=\"interactionCount\" content=\"UserComments: 0\"\/>\r\n\t\t\t\t\t\t\t<\/div>\r\n\t\t\t\t\t\t<\/div>\r\n\t\t\t\t\t<\/div>\r\n\t\t\t\t\t\t\t\t\t\t\t\t<div class=\"qode-bct-post\">\r\n\t\t\t\t\t\t\t\t\t\t\t\t\t<div class=\"qode-bct-post-image\">\r\n\t\t\t\t\t\t\t\t<a href=\"https:\/\/www.praxisklinik-goethe10.de\/en\/crooked-nose\/\" itemprop=\"url\">\r\n\t\t\t\t\t\t\t\t\t<img loading=\"lazy\" decoding=\"async\" width=\"1000\" height=\"500\" src=\"https:\/\/www.praxisklinik-goethe10.de\/wp-content\/uploads\/2022\/11\/0148_Blog_Krumme-Nase_01a.jpg\" class=\"attachment-full size-full wp-post-image\" alt=\"Crooked nose\" srcset=\"https:\/\/www.praxisklinik-goethe10.de\/wp-content\/uploads\/2022\/11\/0148_Blog_Krumme-Nase_01a.jpg 1000w, https:\/\/www.praxisklinik-goethe10.de\/wp-content\/uploads\/2022\/11\/0148_Blog_Krumme-Nase_01a-300x150.jpg 300w, https:\/\/www.praxisklinik-goethe10.de\/wp-content\/uploads\/2022\/11\/0148_Blog_Krumme-Nase_01a-768x384.jpg 768w, https:\/\/www.praxisklinik-goethe10.de\/wp-content\/uploads\/2022\/11\/0148_Blog_Krumme-Nase_01a-18x9.jpg 18w, https:\/\/www.praxisklinik-goethe10.de\/wp-content\/uploads\/2022\/11\/0148_Blog_Krumme-Nase_01a-700x350.jpg 700w\" sizes=\"auto, (max-width: 1000px) 100vw, 1000px\" \/>\t\t\t\t\t\t\t\t<\/a>\r\n\t\t\t\t\t\t\t<\/div>\r\n\t\t\t\t\t\t\t\t\t\t\t\t<div class=\"qode-bct-post-text\">\r\n\t\t\t\t\t\t\t<h5 class=\"qode-bct-post-title entry_title\" itemprop=\"name\">\r\n\t\t\t\t\t\t\t\t<a href=\"https:\/\/www.praxisklinik-goethe10.de\/en\/crooked-nose\/\" itemprop=\"url\">Crooked nose: what to do?<\/a>\r\n\t\t\t\t\t\t\t<\/h5>\r\n\t\t\t\t\t\t\t\t\t\t\t\t\t\t<p itemprop=\"description\" class = \"qode-bct-post-excerpt\"> As the central feature of the face, the nose is a real eye-catcher. If the nose is crooked, it is not only this unit of attractiveness that can be disturbed. A crooked nose can also lead to functional disorders such as breathing problems. In this article, we explain how we can help you here.<\/p>\r\n\t\t\t\t\t\t\t<div class=\"qode-bct-post-date entry_date updated\" itemprop=\"dateCreated\">\r\n\t\t\t\t\t\t\t\t4 April 2022\t\t\t\t\t\t\t\t<meta itemprop=\"interactionCount\" content=\"UserComments: 0\"\/>\r\n\t\t\t\t\t\t\t<\/div>\r\n\t\t\t\t\t\t<\/div>\r\n\t\t\t\t\t<\/div>\r\n\t\t\t\t\t\t\t\t\t\t\t\t<div class=\"qode-bct-post\">\r\n\t\t\t\t\t\t\t\t\t\t\t\t\t<div class=\"qode-bct-post-image\">\r\n\t\t\t\t\t\t\t\t<a href=\"https:\/\/www.praxisklinik-goethe10.de\/en\/turbinate-hyperplasia\/\" itemprop=\"url\">\r\n\t\t\t\t\t\t\t\t\t<img loading=\"lazy\" decoding=\"async\" width=\"1000\" height=\"500\" src=\"https:\/\/www.praxisklinik-goethe10.de\/wp-content\/uploads\/2022\/11\/0148_Blog_Nasenmuschelhyperplasie_01a.jpg\" class=\"attachment-full size-full wp-post-image\" alt=\"Nasal concha hyperplasia\" srcset=\"https:\/\/www.praxisklinik-goethe10.de\/wp-content\/uploads\/2022\/11\/0148_Blog_Nasenmuschelhyperplasie_01a.jpg 1000w, https:\/\/www.praxisklinik-goethe10.de\/wp-content\/uploads\/2022\/11\/0148_Blog_Nasenmuschelhyperplasie_01a-300x150.jpg 300w, https:\/\/www.praxisklinik-goethe10.de\/wp-content\/uploads\/2022\/11\/0148_Blog_Nasenmuschelhyperplasie_01a-768x384.jpg 768w, https:\/\/www.praxisklinik-goethe10.de\/wp-content\/uploads\/2022\/11\/0148_Blog_Nasenmuschelhyperplasie_01a-18x9.jpg 18w, https:\/\/www.praxisklinik-goethe10.de\/wp-content\/uploads\/2022\/11\/0148_Blog_Nasenmuschelhyperplasie_01a-700x350.jpg 700w\" sizes=\"auto, (max-width: 1000px) 100vw, 1000px\" \/>\t\t\t\t\t\t\t\t<\/a>\r\n\t\t\t\t\t\t\t<\/div>\r\n\t\t\t\t\t\t\t\t\t\t\t\t<div class=\"qode-bct-post-text\">\r\n\t\t\t\t\t\t\t<h5 class=\"qode-bct-post-title entry_title\" itemprop=\"name\">\r\n\t\t\t\t\t\t\t\t<a href=\"https:\/\/www.praxisklinik-goethe10.de\/en\/turbinate-hyperplasia\/\" itemprop=\"url\">Nasal concha hyperplasia: impaired nasal breathing due to enlarged nasal conchae<\/a>\r\n\t\t\t\t\t\t\t<\/h5>\r\n\t\t\t\t\t\t\t\t\t\t\t\t\t\t<p itemprop=\"description\" class = \"qode-bct-post-excerpt\"> The lateral wall of the nasal cavity contains a lower, a middle and an upper turbinate. If they swell and become permanently enlarged, we ENT specialists speak of turbinate hyperplasia. You can find out what this means and how we can help you here. <\/p>\r\n\t\t\t\t\t\t\t<div class=\"qode-bct-post-date entry_date updated\" itemprop=\"dateCreated\">\r\n\t\t\t\t\t\t\t\t9 February 2022\t\t\t\t\t\t\t\t<meta itemprop=\"interactionCount\" content=\"UserComments: 0\"\/>\r\n\t\t\t\t\t\t\t<\/div>\r\n\t\t\t\t\t\t<\/div>\r\n\t\t\t\t\t<\/div>\r\n\t\t\t\t\t\t\t\t\t\t\t\t<div class=\"qode-bct-post\">\r\n\t\t\t\t\t\t\t\t\t\t\t\t\t<div class=\"qode-bct-post-image\">\r\n\t\t\t\t\t\t\t\t<a href=\"https:\/\/www.praxisklinik-goethe10.de\/en\/snoring-operation\/\" itemprop=\"url\">\r\n\t\t\t\t\t\t\t\t\t<img loading=\"lazy\" decoding=\"async\" width=\"1000\" height=\"500\" src=\"https:\/\/www.praxisklinik-goethe10.de\/wp-content\/uploads\/2022\/11\/0148_Blog_Schnarchen-Operation-Frankfurt_01a.jpg\" class=\"attachment-full size-full wp-post-image\" alt=\"Snoring surgery\" srcset=\"https:\/\/www.praxisklinik-goethe10.de\/wp-content\/uploads\/2022\/11\/0148_Blog_Schnarchen-Operation-Frankfurt_01a.jpg 1000w, https:\/\/www.praxisklinik-goethe10.de\/wp-content\/uploads\/2022\/11\/0148_Blog_Schnarchen-Operation-Frankfurt_01a-300x150.jpg 300w, https:\/\/www.praxisklinik-goethe10.de\/wp-content\/uploads\/2022\/11\/0148_Blog_Schnarchen-Operation-Frankfurt_01a-768x384.jpg 768w, https:\/\/www.praxisklinik-goethe10.de\/wp-content\/uploads\/2022\/11\/0148_Blog_Schnarchen-Operation-Frankfurt_01a-18x9.jpg 18w, https:\/\/www.praxisklinik-goethe10.de\/wp-content\/uploads\/2022\/11\/0148_Blog_Schnarchen-Operation-Frankfurt_01a-700x350.jpg 700w\" sizes=\"auto, (max-width: 1000px) 100vw, 1000px\" \/>\t\t\t\t\t\t\t\t<\/a>\r\n\t\t\t\t\t\t\t<\/div>\r\n\t\t\t\t\t\t\t\t\t\t\t\t<div class=\"qode-bct-post-text\">\r\n\t\t\t\t\t\t\t<h5 class=\"qode-bct-post-title entry_title\" itemprop=\"name\">\r\n\t\t\t\t\t\t\t\t<a href=\"https:\/\/www.praxisklinik-goethe10.de\/en\/snoring-operation\/\" itemprop=\"url\">Snoring surgery: How snoring therapy can help you<\/a>\r\n\t\t\t\t\t\t\t<\/h5>\r\n\t\t\t\t\t\t\t\t\t\t\t\t\t\t<p itemprop=\"description\" class = \"qode-bct-post-excerpt\"> Snoring can affect your health, but it can also have an impact on your partner's healthy sleep. You should therefore have it checked why you snore. In this article, we explain what treatment is possible and when you need an operation to stop snoring. <\/p>\r\n\t\t\t\t\t\t\t<div class=\"qode-bct-post-date entry_date updated\" itemprop=\"dateCreated\">\r\n\t\t\t\t\t\t\t\t31 January 2022\t\t\t\t\t\t\t\t<meta itemprop=\"interactionCount\" content=\"UserComments: 0\"\/>\r\n\t\t\t\t\t\t\t<\/div>\r\n\t\t\t\t\t\t<\/div>\r\n\t\t\t\t\t<\/div>\r\n\t\t\t\t\t\t\t\t\t\t\t\t<div class=\"qode-bct-post\">\r\n\t\t\t\t\t\t\t\t\t\t\t\t\t<div class=\"qode-bct-post-image\">\r\n\t\t\t\t\t\t\t\t<a href=\"https:\/\/www.praxisklinik-goethe10.de\/en\/hearing-loss-tinnitus-difference\/\" itemprop=\"url\">\r\n\t\t\t\t\t\t\t\t\t<img loading=\"lazy\" decoding=\"async\" width=\"1000\" height=\"500\" src=\"https:\/\/www.praxisklinik-goethe10.de\/wp-content\/uploads\/2021\/12\/0148_Hoersturz-Tinnitus-Unterschied_02a.jpg\" class=\"attachment-full size-full wp-post-image\" alt=\"Hearing loss Tinnitus difference\" srcset=\"https:\/\/www.praxisklinik-goethe10.de\/wp-content\/uploads\/2021\/12\/0148_Hoersturz-Tinnitus-Unterschied_02a.jpg 1000w, https:\/\/www.praxisklinik-goethe10.de\/wp-content\/uploads\/2021\/12\/0148_Hoersturz-Tinnitus-Unterschied_02a-300x150.jpg 300w, https:\/\/www.praxisklinik-goethe10.de\/wp-content\/uploads\/2021\/12\/0148_Hoersturz-Tinnitus-Unterschied_02a-768x384.jpg 768w, https:\/\/www.praxisklinik-goethe10.de\/wp-content\/uploads\/2021\/12\/0148_Hoersturz-Tinnitus-Unterschied_02a-18x9.jpg 18w, https:\/\/www.praxisklinik-goethe10.de\/wp-content\/uploads\/2021\/12\/0148_Hoersturz-Tinnitus-Unterschied_02a-700x350.jpg 700w\" sizes=\"auto, (max-width: 1000px) 100vw, 1000px\" \/>\t\t\t\t\t\t\t\t<\/a>\r\n\t\t\t\t\t\t\t<\/div>\r\n\t\t\t\t\t\t\t\t\t\t\t\t<div class=\"qode-bct-post-text\">\r\n\t\t\t\t\t\t\t<h5 class=\"qode-bct-post-title entry_title\" itemprop=\"name\">\r\n\t\t\t\t\t\t\t\t<a href=\"https:\/\/www.praxisklinik-goethe10.de\/en\/hearing-loss-tinnitus-difference\/\" itemprop=\"url\">Hearing loss vs. tinnitus: that's the difference<\/a>\r\n\t\t\t\t\t\t\t<\/h5>\r\n\t\t\t\t\t\t\t\t\t\t\t\t\t\t<p itemprop=\"description\" class = \"qode-bct-post-excerpt\"> As the clinical pictures of sudden deafness and ringing in the ears have some parallels, many patients think that they are one and the same disease. In addition, the causes of these two hearing disorders are different. We explain the differences in this article.<\/p>\r\n\t\t\t\t\t\t\t<div class=\"qode-bct-post-date entry_date updated\" itemprop=\"dateCreated\">\r\n\t\t\t\t\t\t\t\t7 December 2021\t\t\t\t\t\t\t\t<meta itemprop=\"interactionCount\" content=\"UserComments: 0\"\/>\r\n\t\t\t\t\t\t\t<\/div>\r\n\t\t\t\t\t\t<\/div>\r\n\t\t\t\t\t<\/div>\r\n\t\t\t\t\t\t\t\t\t\t\t\t<div class=\"qode-bct-post\">\r\n\t\t\t\t\t\t\t\t\t\t\t\t\t<div class=\"qode-bct-post-image\">\r\n\t\t\t\t\t\t\t\t<a href=\"https:\/\/www.praxisklinik-goethe10.de\/en\/nosebleed\/\" itemprop=\"url\">\r\n\t\t\t\t\t\t\t\t\t<img loading=\"lazy\" decoding=\"async\" width=\"1000\" height=\"500\" src=\"https:\/\/www.praxisklinik-goethe10.de\/wp-content\/uploads\/2021\/12\/0148_Blog_Nasenbluten_01a.jpg\" class=\"attachment-full size-full wp-post-image\" alt=\"Nosebleed\" srcset=\"https:\/\/www.praxisklinik-goethe10.de\/wp-content\/uploads\/2021\/12\/0148_Blog_Nasenbluten_01a.jpg 1000w, https:\/\/www.praxisklinik-goethe10.de\/wp-content\/uploads\/2021\/12\/0148_Blog_Nasenbluten_01a-300x150.jpg 300w, https:\/\/www.praxisklinik-goethe10.de\/wp-content\/uploads\/2021\/12\/0148_Blog_Nasenbluten_01a-768x384.jpg 768w, https:\/\/www.praxisklinik-goethe10.de\/wp-content\/uploads\/2021\/12\/0148_Blog_Nasenbluten_01a-18x9.jpg 18w, https:\/\/www.praxisklinik-goethe10.de\/wp-content\/uploads\/2021\/12\/0148_Blog_Nasenbluten_01a-700x350.jpg 700w\" sizes=\"auto, (max-width: 1000px) 100vw, 1000px\" \/>\t\t\t\t\t\t\t\t<\/a>\r\n\t\t\t\t\t\t\t<\/div>\r\n\t\t\t\t\t\t\t\t\t\t\t\t<div class=\"qode-bct-post-text\">\r\n\t\t\t\t\t\t\t<h5 class=\"qode-bct-post-title entry_title\" itemprop=\"name\">\r\n\t\t\t\t\t\t\t\t<a href=\"https:\/\/www.praxisklinik-goethe10.de\/en\/nosebleed\/\" itemprop=\"url\">Nosebleeds: When to see a doctor?<\/a>\r\n\t\t\t\t\t\t\t<\/h5>\r\n\t\t\t\t\t\t\t\t\t\t\t\t\t\t<p itemprop=\"description\" class = \"qode-bct-post-excerpt\"> Epistaxis - that's the medical term for something you've probably had before: A nosebleed. In most cases, it looks worse than it is. In this article, we explain when nosebleeds can be a sign of a (serious) illness and when you need to see a doctor.<\/p>\r\n\t\t\t\t\t\t\t<div class=\"qode-bct-post-date entry_date updated\" itemprop=\"dateCreated\">\r\n\t\t\t\t\t\t\t\t8 November 2021\t\t\t\t\t\t\t\t<meta itemprop=\"interactionCount\" content=\"UserComments: 0\"\/>\r\n\t\t\t\t\t\t\t<\/div>\r\n\t\t\t\t\t\t<\/div>\r\n\t\t\t\t\t<\/div>\r\n\t\t\t\t\t\t\t\t\t\t\t\t<div class=\"qode-bct-post\">\r\n\t\t\t\t\t\t\t\t\t\t\t\t\t<div class=\"qode-bct-post-image\">\r\n\t\t\t\t\t\t\t\t<a href=\"https:\/\/www.praxisklinik-goethe10.de\/en\/broken-nose\/\" itemprop=\"url\">\r\n\t\t\t\t\t\t\t\t\t<img loading=\"lazy\" decoding=\"async\" width=\"1000\" height=\"500\" src=\"https:\/\/www.praxisklinik-goethe10.de\/wp-content\/uploads\/2021\/10\/0148_Blog_Nase-gebrochen_01a.jpg\" class=\"attachment-full size-full wp-post-image\" alt=\"Broken nose\" srcset=\"https:\/\/www.praxisklinik-goethe10.de\/wp-content\/uploads\/2021\/10\/0148_Blog_Nase-gebrochen_01a.jpg 1000w, https:\/\/www.praxisklinik-goethe10.de\/wp-content\/uploads\/2021\/10\/0148_Blog_Nase-gebrochen_01a-300x150.jpg 300w, https:\/\/www.praxisklinik-goethe10.de\/wp-content\/uploads\/2021\/10\/0148_Blog_Nase-gebrochen_01a-768x384.jpg 768w, https:\/\/www.praxisklinik-goethe10.de\/wp-content\/uploads\/2021\/10\/0148_Blog_Nase-gebrochen_01a-700x350.jpg 700w\" sizes=\"auto, (max-width: 1000px) 100vw, 1000px\" \/>\t\t\t\t\t\t\t\t<\/a>\r\n\t\t\t\t\t\t\t<\/div>\r\n\t\t\t\t\t\t\t\t\t\t\t\t<div class=\"qode-bct-post-text\">\r\n\t\t\t\t\t\t\t<h5 class=\"qode-bct-post-title entry_title\" itemprop=\"name\">\r\n\t\t\t\t\t\t\t\t<a href=\"https:\/\/www.praxisklinik-goethe10.de\/en\/broken-nose\/\" itemprop=\"url\">Broken nose: Is surgery necessary for a broken nose?<\/a>\r\n\t\t\t\t\t\t\t<\/h5>\r\n\t\t\t\t\t\t\t\t\t\t\t\t\t\t<p itemprop=\"description\" class = \"qode-bct-post-excerpt\"> A ball bouncing into your face, a blow or a fall ... there are many ways to suffer a broken nose. In this article, you can find out how to recognise that your nose is broken, what to do if this happens and when surgery is required.<\/p>\r\n\t\t\t\t\t\t\t<div class=\"qode-bct-post-date entry_date updated\" itemprop=\"dateCreated\">\r\n\t\t\t\t\t\t\t\t19 October 2021\t\t\t\t\t\t\t\t<meta itemprop=\"interactionCount\" content=\"UserComments: 0\"\/>\r\n\t\t\t\t\t\t\t<\/div>\r\n\t\t\t\t\t\t<\/div>\r\n\t\t\t\t\t<\/div>\r\n\t\t\t\t\t\t\t\t\t\t\t\t<div class=\"qode-bct-post\">\r\n\t\t\t\t\t\t\t\t\t\t\t\t\t<div class=\"qode-bct-post-image\">\r\n\t\t\t\t\t\t\t\t<a href=\"https:\/\/www.praxisklinik-goethe10.de\/en\/common-ear-diseases\/\" itemprop=\"url\">\r\n\t\t\t\t\t\t\t\t\t<img loading=\"lazy\" decoding=\"async\" width=\"1000\" height=\"500\" src=\"https:\/\/www.praxisklinik-goethe10.de\/wp-content\/uploads\/2021\/09\/0148_Blog_Haeufige-Ohrenerkrankungen_01a.jpg\" class=\"attachment-full size-full wp-post-image\" alt=\"Common ear diseases\" srcset=\"https:\/\/www.praxisklinik-goethe10.de\/wp-content\/uploads\/2021\/09\/0148_Blog_Haeufige-Ohrenerkrankungen_01a.jpg 1000w, https:\/\/www.praxisklinik-goethe10.de\/wp-content\/uploads\/2021\/09\/0148_Blog_Haeufige-Ohrenerkrankungen_01a-300x150.jpg 300w, https:\/\/www.praxisklinik-goethe10.de\/wp-content\/uploads\/2021\/09\/0148_Blog_Haeufige-Ohrenerkrankungen_01a-768x384.jpg 768w, https:\/\/www.praxisklinik-goethe10.de\/wp-content\/uploads\/2021\/09\/0148_Blog_Haeufige-Ohrenerkrankungen_01a-18x9.jpg 18w, https:\/\/www.praxisklinik-goethe10.de\/wp-content\/uploads\/2021\/09\/0148_Blog_Haeufige-Ohrenerkrankungen_01a-700x350.jpg 700w\" sizes=\"auto, (max-width: 1000px) 100vw, 1000px\" \/>\t\t\t\t\t\t\t\t<\/a>\r\n\t\t\t\t\t\t\t<\/div>\r\n\t\t\t\t\t\t\t\t\t\t\t\t<div class=\"qode-bct-post-text\">\r\n\t\t\t\t\t\t\t<h5 class=\"qode-bct-post-title entry_title\" itemprop=\"name\">\r\n\t\t\t\t\t\t\t\t<a href=\"https:\/\/www.praxisklinik-goethe10.de\/en\/common-ear-diseases\/\" itemprop=\"url\">Common ear diseases: What ear diseases are there?<\/a>\r\n\t\t\t\t\t\t\t<\/h5>\r\n\t\t\t\t\t\t\t\t\t\t\t\t\t\t<p itemprop=\"description\" class = \"qode-bct-post-excerpt\"> The ears are complex sensory organs that enable us to hear. However, their complicated anatomical structure also makes them susceptible to various diseases. We explain the most common ear diseases in this blog post.<\/p>\r\n\t\t\t\t\t\t\t<div class=\"qode-bct-post-date entry_date updated\" itemprop=\"dateCreated\">\r\n\t\t\t\t\t\t\t\t6 September 2021\t\t\t\t\t\t\t\t<meta itemprop=\"interactionCount\" content=\"UserComments: 0\"\/>\r\n\t\t\t\t\t\t\t<\/div>\r\n\t\t\t\t\t\t<\/div>\r\n\t\t\t\t\t<\/div>\r\n\t\t\t\t\t\t\t\t\t\t\t\t<div class=\"qode-bct-post\">\r\n\t\t\t\t\t\t\t\t\t\t\t\t\t<div class=\"qode-bct-post-image\">\r\n\t\t\t\t\t\t\t\t<a href=\"https:\/\/www.praxisklinik-goethe10.de\/en\/menieres-disease-therapy\/\" itemprop=\"url\">\r\n\t\t\t\t\t\t\t\t\t<img loading=\"lazy\" decoding=\"async\" width=\"1000\" height=\"500\" src=\"https:\/\/www.praxisklinik-goethe10.de\/wp-content\/uploads\/2021\/09\/0148_Blog_Morbus-Meniere-Therapie_01a.jpg\" class=\"attachment-full size-full wp-post-image\" alt=\"Meniere&#039;s disease therapy\" srcset=\"https:\/\/www.praxisklinik-goethe10.de\/wp-content\/uploads\/2021\/09\/0148_Blog_Morbus-Meniere-Therapie_01a.jpg 1000w, https:\/\/www.praxisklinik-goethe10.de\/wp-content\/uploads\/2021\/09\/0148_Blog_Morbus-Meniere-Therapie_01a-300x150.jpg 300w, https:\/\/www.praxisklinik-goethe10.de\/wp-content\/uploads\/2021\/09\/0148_Blog_Morbus-Meniere-Therapie_01a-768x384.jpg 768w, https:\/\/www.praxisklinik-goethe10.de\/wp-content\/uploads\/2021\/09\/0148_Blog_Morbus-Meniere-Therapie_01a-18x9.jpg 18w, https:\/\/www.praxisklinik-goethe10.de\/wp-content\/uploads\/2021\/09\/0148_Blog_Morbus-Meniere-Therapie_01a-700x350.jpg 700w\" sizes=\"auto, (max-width: 1000px) 100vw, 1000px\" \/>\t\t\t\t\t\t\t\t<\/a>\r\n\t\t\t\t\t\t\t<\/div>\r\n\t\t\t\t\t\t\t\t\t\t\t\t<div class=\"qode-bct-post-text\">\r\n\t\t\t\t\t\t\t<h5 class=\"qode-bct-post-title entry_title\" itemprop=\"name\">\r\n\t\t\t\t\t\t\t\t<a href=\"https:\/\/www.praxisklinik-goethe10.de\/en\/menieres-disease-therapy\/\" itemprop=\"url\">Meniere's disease therapy: How the ear disease can be treated<\/a>\r\n\t\t\t\t\t\t\t<\/h5>\r\n\t\t\t\t\t\t\t\t\t\t\t\t\t\t<p itemprop=\"description\" class = \"qode-bct-post-excerpt\"> Rotational vertigo that occurs in attacks and is accompanied by ringing in the ears and hearing loss is a sign of Meniere's disease. The disease cannot be cured, but with the right treatment for Meniere's disease, we can reduce the severity and frequency of the attacks.<\/p>\r\n\t\t\t\t\t\t\t<div class=\"qode-bct-post-date entry_date updated\" itemprop=\"dateCreated\">\r\n\t\t\t\t\t\t\t\t2 August 2021\t\t\t\t\t\t\t\t<meta itemprop=\"interactionCount\" content=\"UserComments: 0\"\/>\r\n\t\t\t\t\t\t\t<\/div>\r\n\t\t\t\t\t\t<\/div>\r\n\t\t\t\t\t<\/div>\r\n\t\t\t\t\t\t\t\t\t\t\t\t<div class=\"qode-bct-post\">\r\n\t\t\t\t\t\t\t\t\t\t\t\t\t<div class=\"qode-bct-post-image\">\r\n\t\t\t\t\t\t\t\t<a href=\"https:\/\/www.praxisklinik-goethe10.de\/en\/nose-runs-constantly\/\" itemprop=\"url\">\r\n\t\t\t\t\t\t\t\t\t<img loading=\"lazy\" decoding=\"async\" width=\"1000\" height=\"500\" src=\"https:\/\/www.praxisklinik-goethe10.de\/wp-content\/uploads\/2021\/07\/0148_Blog_Nase-laeuft-staendig_01a.jpg\" class=\"attachment-full size-full wp-post-image\" alt=\"Constant runny nose\" srcset=\"https:\/\/www.praxisklinik-goethe10.de\/wp-content\/uploads\/2021\/07\/0148_Blog_Nase-laeuft-staendig_01a.jpg 1000w, https:\/\/www.praxisklinik-goethe10.de\/wp-content\/uploads\/2021\/07\/0148_Blog_Nase-laeuft-staendig_01a-300x150.jpg 300w, https:\/\/www.praxisklinik-goethe10.de\/wp-content\/uploads\/2021\/07\/0148_Blog_Nase-laeuft-staendig_01a-768x384.jpg 768w, https:\/\/www.praxisklinik-goethe10.de\/wp-content\/uploads\/2021\/07\/0148_Blog_Nase-laeuft-staendig_01a-700x350.jpg 700w\" sizes=\"auto, (max-width: 1000px) 100vw, 1000px\" \/>\t\t\t\t\t\t\t\t<\/a>\r\n\t\t\t\t\t\t\t<\/div>\r\n\t\t\t\t\t\t\t\t\t\t\t\t<div class=\"qode-bct-post-text\">\r\n\t\t\t\t\t\t\t<h5 class=\"qode-bct-post-title entry_title\" itemprop=\"name\">\r\n\t\t\t\t\t\t\t\t<a href=\"https:\/\/www.praxisklinik-goethe10.de\/en\/nose-runs-constantly\/\" itemprop=\"url\">Constant runny nose: What can be behind it<\/a>\r\n\t\t\t\t\t\t\t<\/h5>\r\n\t\t\t\t\t\t\t\t\t\t\t\t\t\t<p itemprop=\"description\" class = \"qode-bct-post-excerpt\"> You may be familiar with the situation: your nose is constantly running and tissues are in constant use. Even though it's not hay fever season and you don't suffer from any allergies. In this article, we explain the possible causes of a runny nose.<\/p>\r\n\t\t\t\t\t\t\t<div class=\"qode-bct-post-date entry_date updated\" itemprop=\"dateCreated\">\r\n\t\t\t\t\t\t\t\t8 July 2021\t\t\t\t\t\t\t\t<meta itemprop=\"interactionCount\" content=\"UserComments: 0\"\/>\r\n\t\t\t\t\t\t\t<\/div>\r\n\t\t\t\t\t\t<\/div>\r\n\t\t\t\t\t<\/div>\r\n\t\t\t\t\t\t\t\t\t\t\t\t<div class=\"qode-bct-post\">\r\n\t\t\t\t\t\t\t\t\t\t\t\t\t<div class=\"qode-bct-post-image\">\r\n\t\t\t\t\t\t\t\t<a href=\"https:\/\/www.praxisklinik-goethe10.de\/en\/remove-nasal-polyps\/\" itemprop=\"url\">\r\n\t\t\t\t\t\t\t\t\t<img loading=\"lazy\" decoding=\"async\" width=\"1000\" height=\"500\" src=\"https:\/\/www.praxisklinik-goethe10.de\/wp-content\/uploads\/2021\/12\/0148_Blog_Nasenpolypen-entfernen_01a.jpg\" class=\"attachment-full size-full wp-post-image\" alt=\"Removing nasal polyps\" srcset=\"https:\/\/www.praxisklinik-goethe10.de\/wp-content\/uploads\/2021\/12\/0148_Blog_Nasenpolypen-entfernen_01a.jpg 1000w, https:\/\/www.praxisklinik-goethe10.de\/wp-content\/uploads\/2021\/12\/0148_Blog_Nasenpolypen-entfernen_01a-300x150.jpg 300w, https:\/\/www.praxisklinik-goethe10.de\/wp-content\/uploads\/2021\/12\/0148_Blog_Nasenpolypen-entfernen_01a-768x384.jpg 768w, https:\/\/www.praxisklinik-goethe10.de\/wp-content\/uploads\/2021\/12\/0148_Blog_Nasenpolypen-entfernen_01a-18x9.jpg 18w, https:\/\/www.praxisklinik-goethe10.de\/wp-content\/uploads\/2021\/12\/0148_Blog_Nasenpolypen-entfernen_01a-700x350.jpg 700w\" sizes=\"auto, (max-width: 1000px) 100vw, 1000px\" \/>\t\t\t\t\t\t\t\t<\/a>\r\n\t\t\t\t\t\t\t<\/div>\r\n\t\t\t\t\t\t\t\t\t\t\t\t<div class=\"qode-bct-post-text\">\r\n\t\t\t\t\t\t\t<h5 class=\"qode-bct-post-title entry_title\" itemprop=\"name\">\r\n\t\t\t\t\t\t\t\t<a href=\"https:\/\/www.praxisklinik-goethe10.de\/en\/remove-nasal-polyps\/\" itemprop=\"url\">Removing nasal polyps: When do you have to operate on polyps?<\/a>\r\n\t\t\t\t\t\t\t<\/h5>\r\n\t\t\t\t\t\t\t\t\t\t\t\t\t\t<p itemprop=\"description\" class = \"qode-bct-post-excerpt\"> Nasal polyps are soft, benign tissue proliferations of the nasal mucosa. Some polyps are only a few millimetres in size, others can grow into extensive formations. In this article, we will inform you about when and how we remove nasal polyps.<\/p>\r\n\t\t\t\t\t\t\t<div class=\"qode-bct-post-date entry_date updated\" itemprop=\"dateCreated\">\r\n\t\t\t\t\t\t\t\t25 June 2021\t\t\t\t\t\t\t\t<meta itemprop=\"interactionCount\" content=\"UserComments: 0\"\/>\r\n\t\t\t\t\t\t\t<\/div>\r\n\t\t\t\t\t\t<\/div>\r\n\t\t\t\t\t<\/div>\r\n\t\t\t\t\t\t\t\t\t\t\t\t<div class=\"qode-bct-post\">\r\n\t\t\t\t\t\t\t\t\t\t\t\t\t<div class=\"qode-bct-post-image\">\r\n\t\t\t\t\t\t\t\t<a href=\"https:\/\/www.praxisklinik-goethe10.de\/en\/nasal-congestion\/\" itemprop=\"url\">\r\n\t\t\t\t\t\t\t\t\t<img loading=\"lazy\" decoding=\"async\" width=\"1000\" height=\"500\" src=\"https:\/\/www.praxisklinik-goethe10.de\/wp-content\/uploads\/2022\/06\/0148_Blog_Nase-verstopft_01a.jpg\" class=\"attachment-full size-full wp-post-image\" alt=\"Nasal congestion\" srcset=\"https:\/\/www.praxisklinik-goethe10.de\/wp-content\/uploads\/2022\/06\/0148_Blog_Nase-verstopft_01a.jpg 1000w, https:\/\/www.praxisklinik-goethe10.de\/wp-content\/uploads\/2022\/06\/0148_Blog_Nase-verstopft_01a-300x150.jpg 300w, https:\/\/www.praxisklinik-goethe10.de\/wp-content\/uploads\/2022\/06\/0148_Blog_Nase-verstopft_01a-768x384.jpg 768w, https:\/\/www.praxisklinik-goethe10.de\/wp-content\/uploads\/2022\/06\/0148_Blog_Nase-verstopft_01a-700x350.jpg 700w\" sizes=\"auto, (max-width: 1000px) 100vw, 1000px\" \/>\t\t\t\t\t\t\t\t<\/a>\r\n\t\t\t\t\t\t\t<\/div>\r\n\t\t\t\t\t\t\t\t\t\t\t\t<div class=\"qode-bct-post-text\">\r\n\t\t\t\t\t\t\t<h5 class=\"qode-bct-post-title entry_title\" itemprop=\"name\">\r\n\t\t\t\t\t\t\t\t<a href=\"https:\/\/www.praxisklinik-goethe10.de\/en\/nasal-congestion\/\" itemprop=\"url\">Nasal congestion: what you can do if your nose is blocked<\/a>\r\n\t\t\t\t\t\t\t<\/h5>\r\n\t\t\t\t\t\t\t\t\t\t\t\t\t\t<p itemprop=\"description\" class = \"qode-bct-post-excerpt\"> When the nose is blocked, it is very unpleasant and annoying. Treatment varies depending on the underlying cause. It ranges from nasal irrigation to the use of nasal sprays and tablets. In some cases, surgery may also be necessary.<\/p>\r\n\t\t\t\t\t\t\t<div class=\"qode-bct-post-date entry_date updated\" itemprop=\"dateCreated\">\r\n\t\t\t\t\t\t\t\t6 May 2021\t\t\t\t\t\t\t\t<meta itemprop=\"interactionCount\" content=\"UserComments: 0\"\/>\r\n\t\t\t\t\t\t\t<\/div>\r\n\t\t\t\t\t\t<\/div>\r\n\t\t\t\t\t<\/div>\r\n\t\t\t\t\t\t\t\t\t\t\t\t<div class=\"qode-bct-post\">\r\n\t\t\t\t\t\t\t\t\t\t\t\t\t<div class=\"qode-bct-post-image\">\r\n\t\t\t\t\t\t\t\t<a href=\"https:\/\/www.praxisklinik-goethe10.de\/en\/smouldering-nose\/\" itemprop=\"url\">\r\n\t\t\t\t\t\t\t\t\t<img loading=\"lazy\" decoding=\"async\" width=\"1000\" height=\"500\" src=\"https:\/\/www.praxisklinik-goethe10.de\/wp-content\/uploads\/2021\/12\/0148_Blog_Nase-verschmaelern_01a.jpg\" class=\"attachment-full size-full wp-post-image\" alt=\"Narrowing the nose\" srcset=\"https:\/\/www.praxisklinik-goethe10.de\/wp-content\/uploads\/2021\/12\/0148_Blog_Nase-verschmaelern_01a.jpg 1000w, https:\/\/www.praxisklinik-goethe10.de\/wp-content\/uploads\/2021\/12\/0148_Blog_Nase-verschmaelern_01a-300x150.jpg 300w, https:\/\/www.praxisklinik-goethe10.de\/wp-content\/uploads\/2021\/12\/0148_Blog_Nase-verschmaelern_01a-768x384.jpg 768w, https:\/\/www.praxisklinik-goethe10.de\/wp-content\/uploads\/2021\/12\/0148_Blog_Nase-verschmaelern_01a-18x9.jpg 18w, https:\/\/www.praxisklinik-goethe10.de\/wp-content\/uploads\/2021\/12\/0148_Blog_Nase-verschmaelern_01a-700x350.jpg 700w\" sizes=\"auto, (max-width: 1000px) 100vw, 1000px\" \/>\t\t\t\t\t\t\t\t<\/a>\r\n\t\t\t\t\t\t\t<\/div>\r\n\t\t\t\t\t\t\t\t\t\t\t\t<div class=\"qode-bct-post-text\">\r\n\t\t\t\t\t\t\t<h5 class=\"qode-bct-post-title entry_title\" itemprop=\"name\">\r\n\t\t\t\t\t\t\t\t<a href=\"https:\/\/www.praxisklinik-goethe10.de\/en\/smouldering-nose\/\" itemprop=\"url\">Narrowing the nose: Rhinoplasty for a broad nose<\/a>\r\n\t\t\t\t\t\t\t<\/h5>\r\n\t\t\t\t\t\t\t\t\t\t\t\t\t\t<p itemprop=\"description\" class = \"qode-bct-post-excerpt\"> If the nose is too large and too wide for the face, this can limit the attractiveness and cause discomfort for those affected. If you don't feel comfortable with your nose, you may want to consider a nose correction. At our ENT clinic in Frankfurt, we can surgically narrow your nose.<\/p>\r\n\t\t\t\t\t\t\t<div class=\"qode-bct-post-date entry_date updated\" itemprop=\"dateCreated\">\r\n\t\t\t\t\t\t\t\t6 April 2021\t\t\t\t\t\t\t\t<meta itemprop=\"interactionCount\" content=\"UserComments: 0\"\/>\r\n\t\t\t\t\t\t\t<\/div>\r\n\t\t\t\t\t\t<\/div>\r\n\t\t\t\t\t<\/div>\r\n\t\t\t\t\t\t\t\t\t\t\t\t<div class=\"qode-bct-post\">\r\n\t\t\t\t\t\t\t\t\t\t\t\t\t<div class=\"qode-bct-post-image\">\r\n\t\t\t\t\t\t\t\t<a href=\"https:\/\/www.praxisklinik-goethe10.de\/en\/treating-chronic-sinusitis\/\" itemprop=\"url\">\r\n\t\t\t\t\t\t\t\t\t<img loading=\"lazy\" decoding=\"async\" width=\"1000\" height=\"500\" src=\"https:\/\/www.praxisklinik-goethe10.de\/wp-content\/uploads\/2021\/12\/0148_Blog_Chronische-Nasennebenhoehlenentzuendung-behandeln_01a.jpg\" class=\"attachment-full size-full wp-post-image\" alt=\"Treating chronic sinusitis\" srcset=\"https:\/\/www.praxisklinik-goethe10.de\/wp-content\/uploads\/2021\/12\/0148_Blog_Chronische-Nasennebenhoehlenentzuendung-behandeln_01a.jpg 1000w, https:\/\/www.praxisklinik-goethe10.de\/wp-content\/uploads\/2021\/12\/0148_Blog_Chronische-Nasennebenhoehlenentzuendung-behandeln_01a-300x150.jpg 300w, https:\/\/www.praxisklinik-goethe10.de\/wp-content\/uploads\/2021\/12\/0148_Blog_Chronische-Nasennebenhoehlenentzuendung-behandeln_01a-768x384.jpg 768w, https:\/\/www.praxisklinik-goethe10.de\/wp-content\/uploads\/2021\/12\/0148_Blog_Chronische-Nasennebenhoehlenentzuendung-behandeln_01a-18x9.jpg 18w, https:\/\/www.praxisklinik-goethe10.de\/wp-content\/uploads\/2021\/12\/0148_Blog_Chronische-Nasennebenhoehlenentzuendung-behandeln_01a-700x350.jpg 700w\" sizes=\"auto, (max-width: 1000px) 100vw, 1000px\" \/>\t\t\t\t\t\t\t\t<\/a>\r\n\t\t\t\t\t\t\t<\/div>\r\n\t\t\t\t\t\t\t\t\t\t\t\t<div class=\"qode-bct-post-text\">\r\n\t\t\t\t\t\t\t<h5 class=\"qode-bct-post-title entry_title\" itemprop=\"name\">\r\n\t\t\t\t\t\t\t\t<a href=\"https:\/\/www.praxisklinik-goethe10.de\/en\/treating-chronic-sinusitis\/\" itemprop=\"url\">How can chronic sinusitis be treated?<\/a>\r\n\t\t\t\t\t\t\t<\/h5>\r\n\t\t\t\t\t\t\t\t\t\t\t\t\t\t<p itemprop=\"description\" class = \"qode-bct-post-excerpt\"> Many patients with chronic sinusitis suffer from troublesome symptoms for years. Even if sinusitis is chronic, this does not mean that it cannot be treated. In this blog post, we show you various treatment methods. <\/p>\r\n\t\t\t\t\t\t\t<div class=\"qode-bct-post-date entry_date updated\" itemprop=\"dateCreated\">\r\n\t\t\t\t\t\t\t\t8 March 2021\t\t\t\t\t\t\t\t<meta itemprop=\"interactionCount\" content=\"UserComments: 0\"\/>\r\n\t\t\t\t\t\t\t<\/div>\r\n\t\t\t\t\t\t<\/div>\r\n\t\t\t\t\t<\/div>\r\n\t\t\t\t\t\t\t\t\t\t\t\t<div class=\"qode-bct-post\">\r\n\t\t\t\t\t\t\t\t\t\t\t\t\t<div class=\"qode-bct-post-image\">\r\n\t\t\t\t\t\t\t\t<a href=\"https:\/\/www.praxisklinik-goethe10.de\/en\/how-to-recognise-a-nose-specialist-frankfurt\/\" itemprop=\"url\">\r\n\t\t\t\t\t\t\t\t\t<img loading=\"lazy\" decoding=\"async\" width=\"1000\" height=\"500\" src=\"https:\/\/www.praxisklinik-goethe10.de\/wp-content\/uploads\/2021\/02\/Nasenspezialist-Frankfurt_02-2021_01a.jpg\" class=\"attachment-full size-full wp-post-image\" alt=\"Nose specialist Frankfurt\" srcset=\"https:\/\/www.praxisklinik-goethe10.de\/wp-content\/uploads\/2021\/02\/Nasenspezialist-Frankfurt_02-2021_01a.jpg 1000w, https:\/\/www.praxisklinik-goethe10.de\/wp-content\/uploads\/2021\/02\/Nasenspezialist-Frankfurt_02-2021_01a-300x150.jpg 300w, https:\/\/www.praxisklinik-goethe10.de\/wp-content\/uploads\/2021\/02\/Nasenspezialist-Frankfurt_02-2021_01a-768x384.jpg 768w, https:\/\/www.praxisklinik-goethe10.de\/wp-content\/uploads\/2021\/02\/Nasenspezialist-Frankfurt_02-2021_01a-18x9.jpg 18w, https:\/\/www.praxisklinik-goethe10.de\/wp-content\/uploads\/2021\/02\/Nasenspezialist-Frankfurt_02-2021_01a-700x350.jpg 700w\" sizes=\"auto, (max-width: 1000px) 100vw, 1000px\" \/>\t\t\t\t\t\t\t\t<\/a>\r\n\t\t\t\t\t\t\t<\/div>\r\n\t\t\t\t\t\t\t\t\t\t\t\t<div class=\"qode-bct-post-text\">\r\n\t\t\t\t\t\t\t<h5 class=\"qode-bct-post-title entry_title\" itemprop=\"name\">\r\n\t\t\t\t\t\t\t\t<a href=\"https:\/\/www.praxisklinik-goethe10.de\/en\/how-to-recognise-a-nose-specialist-frankfurt\/\" itemprop=\"url\">How can you recognise a nose specialist?<\/a>\r\n\t\t\t\t\t\t\t<\/h5>\r\n\t\t\t\t\t\t\t\t\t\t\t\t\t\t<p itemprop=\"description\" class = \"qode-bct-post-excerpt\"> Sympathy, empathy, experience, expertise: these are some of the main qualities that patients looking for a nasal specialist want from their doctor. In this article, we will show you why Dr Thomas Fischer is your ideal partner for rhinology.<\/p>\r\n\t\t\t\t\t\t\t<div class=\"qode-bct-post-date entry_date updated\" itemprop=\"dateCreated\">\r\n\t\t\t\t\t\t\t\t16 February 2021\t\t\t\t\t\t\t\t<meta itemprop=\"interactionCount\" content=\"UserComments: 0\"\/>\r\n\t\t\t\t\t\t\t<\/div>\r\n\t\t\t\t\t\t<\/div>\r\n\t\t\t\t\t<\/div>\r\n\t\t\t\t\t\t\t\t\t\t\t\t<div class=\"qode-bct-post\">\r\n\t\t\t\t\t\t\t\t\t\t\t\t\t<div class=\"qode-bct-post-image\">\r\n\t\t\t\t\t\t\t\t<a href=\"https:\/\/www.praxisklinik-goethe10.de\/en\/what-can-lie-behind-feelings-of-dizziness\/\" itemprop=\"url\">\r\n\t\t\t\t\t\t\t\t\t<img loading=\"lazy\" decoding=\"async\" width=\"1000\" height=\"500\" src=\"https:\/\/www.praxisklinik-goethe10.de\/wp-content\/uploads\/2019\/06\/0148_Blog_Schwindeltherapie-Frankfurt_01a.jpg\" class=\"attachment-full size-full wp-post-image\" alt=\"Dizziness therapy Frankfurt\" srcset=\"https:\/\/www.praxisklinik-goethe10.de\/wp-content\/uploads\/2019\/06\/0148_Blog_Schwindeltherapie-Frankfurt_01a.jpg 1000w, https:\/\/www.praxisklinik-goethe10.de\/wp-content\/uploads\/2019\/06\/0148_Blog_Schwindeltherapie-Frankfurt_01a-300x150.jpg 300w, https:\/\/www.praxisklinik-goethe10.de\/wp-content\/uploads\/2019\/06\/0148_Blog_Schwindeltherapie-Frankfurt_01a-768x384.jpg 768w, https:\/\/www.praxisklinik-goethe10.de\/wp-content\/uploads\/2019\/06\/0148_Blog_Schwindeltherapie-Frankfurt_01a-18x9.jpg 18w, https:\/\/www.praxisklinik-goethe10.de\/wp-content\/uploads\/2019\/06\/0148_Blog_Schwindeltherapie-Frankfurt_01a-700x350.jpg 700w\" sizes=\"auto, (max-width: 1000px) 100vw, 1000px\" \/>\t\t\t\t\t\t\t\t<\/a>\r\n\t\t\t\t\t\t\t<\/div>\r\n\t\t\t\t\t\t\t\t\t\t\t\t<div class=\"qode-bct-post-text\">\r\n\t\t\t\t\t\t\t<h5 class=\"qode-bct-post-title entry_title\" itemprop=\"name\">\r\n\t\t\t\t\t\t\t\t<a href=\"https:\/\/www.praxisklinik-goethe10.de\/en\/what-can-lie-behind-feelings-of-dizziness\/\" itemprop=\"url\">What can be behind dizziness<\/a>\r\n\t\t\t\t\t\t\t<\/h5>\r\n\t\t\t\t\t\t\t\t\t\t\t\t\t\t<p itemprop=\"description\" class = \"qode-bct-post-excerpt\"> In addition to harmless feelings of dizziness, there are also those that can be interpreted as alarm signals from the brain. If dizziness occurs repeatedly, suddenly or for no recognisable reason, it is possible that something is out of balance in your body.<\/p>\r\n\t\t\t\t\t\t\t<div class=\"qode-bct-post-date entry_date updated\" itemprop=\"dateCreated\">\r\n\t\t\t\t\t\t\t\t27 June 2019\t\t\t\t\t\t\t\t<meta itemprop=\"interactionCount\" content=\"UserComments: 0\"\/>\r\n\t\t\t\t\t\t\t<\/div>\r\n\t\t\t\t\t\t<\/div>\r\n\t\t\t\t\t<\/div>\r\n\t\t\t\t\t\t\t\t\t\t\t\t<div class=\"qode-bct-post\">\r\n\t\t\t\t\t\t\t\t\t\t\t\t\t<div class=\"qode-bct-post-image\">\r\n\t\t\t\t\t\t\t\t<a href=\"https:\/\/www.praxisklinik-goethe10.de\/en\/causes-of-pain-in-the-nose\/\" itemprop=\"url\">\r\n\t\t\t\t\t\t\t\t\t<img loading=\"lazy\" decoding=\"async\" width=\"1000\" height=\"500\" src=\"https:\/\/www.praxisklinik-goethe10.de\/wp-content\/uploads\/2019\/05\/0148_Blog_Schmerzen-in-der-Nase_01.jpg\" class=\"attachment-full size-full wp-post-image\" alt=\"Pain in the nose\" srcset=\"https:\/\/www.praxisklinik-goethe10.de\/wp-content\/uploads\/2019\/05\/0148_Blog_Schmerzen-in-der-Nase_01.jpg 1000w, https:\/\/www.praxisklinik-goethe10.de\/wp-content\/uploads\/2019\/05\/0148_Blog_Schmerzen-in-der-Nase_01-300x150.jpg 300w, https:\/\/www.praxisklinik-goethe10.de\/wp-content\/uploads\/2019\/05\/0148_Blog_Schmerzen-in-der-Nase_01-768x384.jpg 768w, https:\/\/www.praxisklinik-goethe10.de\/wp-content\/uploads\/2019\/05\/0148_Blog_Schmerzen-in-der-Nase_01-700x350.jpg 700w\" sizes=\"auto, (max-width: 1000px) 100vw, 1000px\" \/>\t\t\t\t\t\t\t\t<\/a>\r\n\t\t\t\t\t\t\t<\/div>\r\n\t\t\t\t\t\t\t\t\t\t\t\t<div class=\"qode-bct-post-text\">\r\n\t\t\t\t\t\t\t<h5 class=\"qode-bct-post-title entry_title\" itemprop=\"name\">\r\n\t\t\t\t\t\t\t\t<a href=\"https:\/\/www.praxisklinik-goethe10.de\/en\/causes-of-pain-in-the-nose\/\" itemprop=\"url\">Pain in the nose: what could it be?<\/a>\r\n\t\t\t\t\t\t\t<\/h5>\r\n\t\t\t\t\t\t\t\t\t\t\t\t\t\t<p itemprop=\"description\" class = \"qode-bct-post-excerpt\"> Headaches, sore throats, earaches - we know all these ailments and know how to treat them. However, if your nose suddenly starts to pinch, this can irritate patients, as they are often unfamiliar with this type of pain. In this article, we will introduce you to common painful \"nasal problems\".<\/p>\r\n\t\t\t\t\t\t\t<div class=\"qode-bct-post-date entry_date updated\" itemprop=\"dateCreated\">\r\n\t\t\t\t\t\t\t\t15 May 2019\t\t\t\t\t\t\t\t<meta itemprop=\"interactionCount\" content=\"UserComments: 0\"\/>\r\n\t\t\t\t\t\t\t<\/div>\r\n\t\t\t\t\t\t<\/div>\r\n\t\t\t\t\t<\/div>\r\n\t\t\t\t\t\t\t\t\t\t\t\t<div class=\"qode-bct-post\">\r\n\t\t\t\t\t\t\t\t\t\t\t\t\t<div class=\"qode-bct-post-image\">\r\n\t\t\t\t\t\t\t\t<a href=\"https:\/\/www.praxisklinik-goethe10.de\/en\/causes-of-a-hernia\/\" itemprop=\"url\">\r\n\t\t\t\t\t\t\t\t\t<img loading=\"lazy\" decoding=\"async\" width=\"1000\" height=\"500\" src=\"https:\/\/www.praxisklinik-goethe10.de\/wp-content\/uploads\/2019\/04\/0148_Blog_Ursachen-Hoersturz_01a.jpg\" class=\"attachment-full size-full wp-post-image\" alt=\"Causes of sudden deafness\" srcset=\"https:\/\/www.praxisklinik-goethe10.de\/wp-content\/uploads\/2019\/04\/0148_Blog_Ursachen-Hoersturz_01a.jpg 1000w, https:\/\/www.praxisklinik-goethe10.de\/wp-content\/uploads\/2019\/04\/0148_Blog_Ursachen-Hoersturz_01a-300x150.jpg 300w, https:\/\/www.praxisklinik-goethe10.de\/wp-content\/uploads\/2019\/04\/0148_Blog_Ursachen-Hoersturz_01a-768x384.jpg 768w, https:\/\/www.praxisklinik-goethe10.de\/wp-content\/uploads\/2019\/04\/0148_Blog_Ursachen-Hoersturz_01a-18x9.jpg 18w, https:\/\/www.praxisklinik-goethe10.de\/wp-content\/uploads\/2019\/04\/0148_Blog_Ursachen-Hoersturz_01a-700x350.jpg 700w\" sizes=\"auto, (max-width: 1000px) 100vw, 1000px\" \/>\t\t\t\t\t\t\t\t<\/a>\r\n\t\t\t\t\t\t\t<\/div>\r\n\t\t\t\t\t\t\t\t\t\t\t\t<div class=\"qode-bct-post-text\">\r\n\t\t\t\t\t\t\t<h5 class=\"qode-bct-post-title entry_title\" itemprop=\"name\">\r\n\t\t\t\t\t\t\t\t<a href=\"https:\/\/www.praxisklinik-goethe10.de\/en\/causes-of-a-hernia\/\" itemprop=\"url\">Causes of sudden hearing loss<\/a>\r\n\t\t\t\t\t\t\t<\/h5>\r\n\t\t\t\t\t\t\t\t\t\t\t\t\t\t<p itemprop=\"description\" class = \"qode-bct-post-excerpt\"> A strange feeling of numbness in the ear and sudden hearing problems can indicate a sudden loss of hearing. If sudden deafness is treated in good time, permanent damage to the hearing can be avoided. In this article, we explain the possible causes of sudden hearing loss.<\/p>\r\n\t\t\t\t\t\t\t<div class=\"qode-bct-post-date entry_date updated\" itemprop=\"dateCreated\">\r\n\t\t\t\t\t\t\t\t5 April 2019\t\t\t\t\t\t\t\t<meta itemprop=\"interactionCount\" content=\"UserComments: 0\"\/>\r\n\t\t\t\t\t\t\t<\/div>\r\n\t\t\t\t\t\t<\/div>\r\n\t\t\t\t\t<\/div>\r\n\t\t\t\t\t\t\t\t\t\t\t\t<div class=\"qode-bct-post\">\r\n\t\t\t\t\t\t\t\t\t\t\t\t\t<div class=\"qode-bct-post-image\">\r\n\t\t\t\t\t\t\t\t<a href=\"https:\/\/www.praxisklinik-goethe10.de\/en\/botox-in-wrinkle-treatment-these-are-the-advantages\/\" itemprop=\"url\">\r\n\t\t\t\t\t\t\t\t\t<img loading=\"lazy\" decoding=\"async\" width=\"1000\" height=\"500\" src=\"https:\/\/www.praxisklinik-goethe10.de\/wp-content\/uploads\/2019\/03\/0148_Botox-in-der-Faltenbehandlung_01a.jpg\" class=\"attachment-full size-full wp-post-image\" alt=\"Botox in wrinkle treatment\" srcset=\"https:\/\/www.praxisklinik-goethe10.de\/wp-content\/uploads\/2019\/03\/0148_Botox-in-der-Faltenbehandlung_01a.jpg 1000w, https:\/\/www.praxisklinik-goethe10.de\/wp-content\/uploads\/2019\/03\/0148_Botox-in-der-Faltenbehandlung_01a-300x150.jpg 300w, https:\/\/www.praxisklinik-goethe10.de\/wp-content\/uploads\/2019\/03\/0148_Botox-in-der-Faltenbehandlung_01a-768x384.jpg 768w, https:\/\/www.praxisklinik-goethe10.de\/wp-content\/uploads\/2019\/03\/0148_Botox-in-der-Faltenbehandlung_01a-18x9.jpg 18w, https:\/\/www.praxisklinik-goethe10.de\/wp-content\/uploads\/2019\/03\/0148_Botox-in-der-Faltenbehandlung_01a-700x350.jpg 700w\" sizes=\"auto, (max-width: 1000px) 100vw, 1000px\" \/>\t\t\t\t\t\t\t\t<\/a>\r\n\t\t\t\t\t\t\t<\/div>\r\n\t\t\t\t\t\t\t\t\t\t\t\t<div class=\"qode-bct-post-text\">\r\n\t\t\t\t\t\t\t<h5 class=\"qode-bct-post-title entry_title\" itemprop=\"name\">\r\n\t\t\t\t\t\t\t\t<a href=\"https:\/\/www.praxisklinik-goethe10.de\/en\/botox-in-wrinkle-treatment-these-are-the-advantages\/\" itemprop=\"url\">Botox in wrinkle treatment: these are the advantages<\/a>\r\n\t\t\t\t\t\t\t<\/h5>\r\n\t\t\t\t\t\t\t\t\t\t\t\t\t\t<p itemprop=\"description\" class = \"qode-bct-post-excerpt\"> There is hardly a person who is really happy about the signs of ageing on their face. Wrinkles on the forehead, between the eyebrows or around the mouth make us look tense, exhausted and unfortunately also old. One very effective method of treating wrinkles is the use of Botox\u00ae.<\/p>\r\n\t\t\t\t\t\t\t<div class=\"qode-bct-post-date entry_date updated\" itemprop=\"dateCreated\">\r\n\t\t\t\t\t\t\t\t11 March 2019\t\t\t\t\t\t\t\t<meta itemprop=\"interactionCount\" content=\"UserComments: 0\"\/>\r\n\t\t\t\t\t\t\t<\/div>\r\n\t\t\t\t\t\t<\/div>\r\n\t\t\t\t\t<\/div>\r\n\t\t\t\t\t\t\t\t\t\t\t\t<div class=\"qode-bct-post\">\r\n\t\t\t\t\t\t\t\t\t\t\t\t\t<div class=\"qode-bct-post-image\">\r\n\t\t\t\t\t\t\t\t<a href=\"https:\/\/www.praxisklinik-goethe10.de\/en\/at-what-age-to-have-your-ears-set\/\" itemprop=\"url\">\r\n\t\t\t\t\t\t\t\t\t<img loading=\"lazy\" decoding=\"async\" width=\"1000\" height=\"500\" src=\"https:\/\/www.praxisklinik-goethe10.de\/wp-content\/uploads\/2019\/01\/0148_Blog_Segelohren-Frankfurt_01a.jpg\" class=\"attachment-full size-full wp-post-image\" alt=\"Sail ears Frankfurt\" srcset=\"https:\/\/www.praxisklinik-goethe10.de\/wp-content\/uploads\/2019\/01\/0148_Blog_Segelohren-Frankfurt_01a.jpg 1000w, https:\/\/www.praxisklinik-goethe10.de\/wp-content\/uploads\/2019\/01\/0148_Blog_Segelohren-Frankfurt_01a-300x150.jpg 300w, https:\/\/www.praxisklinik-goethe10.de\/wp-content\/uploads\/2019\/01\/0148_Blog_Segelohren-Frankfurt_01a-768x384.jpg 768w, https:\/\/www.praxisklinik-goethe10.de\/wp-content\/uploads\/2019\/01\/0148_Blog_Segelohren-Frankfurt_01a-18x9.jpg 18w, https:\/\/www.praxisklinik-goethe10.de\/wp-content\/uploads\/2019\/01\/0148_Blog_Segelohren-Frankfurt_01a-700x350.jpg 700w\" sizes=\"auto, (max-width: 1000px) 100vw, 1000px\" \/>\t\t\t\t\t\t\t\t<\/a>\r\n\t\t\t\t\t\t\t<\/div>\r\n\t\t\t\t\t\t\t\t\t\t\t\t<div class=\"qode-bct-post-text\">\r\n\t\t\t\t\t\t\t<h5 class=\"qode-bct-post-title entry_title\" itemprop=\"name\">\r\n\t\t\t\t\t\t\t\t<a href=\"https:\/\/www.praxisklinik-goethe10.de\/en\/at-what-age-to-have-your-ears-set\/\" itemprop=\"url\">Sail ears: At what age should ears be pinned?<\/a>\r\n\t\t\t\t\t\t\t<\/h5>\r\n\t\t\t\t\t\t\t\t\t\t\t\t\t\t<p itemprop=\"description\" class = \"qode-bct-post-excerpt\"> Protruding ears (also known as sail ears) can lead to more and more teasing as you get older. In this article, we provide you with information on the topic of ear pinning in Frankfurt and tell you at what age the procedure is advisable.<\/p>\r\n\t\t\t\t\t\t\t<div class=\"qode-bct-post-date entry_date updated\" itemprop=\"dateCreated\">\r\n\t\t\t\t\t\t\t\t7 January 2019\t\t\t\t\t\t\t\t<meta itemprop=\"interactionCount\" content=\"UserComments: 0\"\/>\r\n\t\t\t\t\t\t\t<\/div>\r\n\t\t\t\t\t\t<\/div>\r\n\t\t\t\t\t<\/div>\r\n\t\t\t\t\t\t\t\t\t\t\t\t<div class=\"qode-bct-post\">\r\n\t\t\t\t\t\t\t\t\t\t\t\t\t<div class=\"qode-bct-post-image\">\r\n\t\t\t\t\t\t\t\t<a href=\"https:\/\/www.praxisklinik-goethe10.de\/en\/permanent-hair-removal-by-laser-dr-fischer\/\" itemprop=\"url\">\r\n\t\t\t\t\t\t\t\t\t<img loading=\"lazy\" decoding=\"async\" width=\"1000\" height=\"500\" src=\"https:\/\/www.praxisklinik-goethe10.de\/wp-content\/uploads\/2018\/12\/0148_Blog_Dauerhafte-Haarentfernung-Frankfurt_01a.jpg\" class=\"attachment-full size-full wp-post-image\" alt=\"Permanent hair removal in Frankfurt\" srcset=\"https:\/\/www.praxisklinik-goethe10.de\/wp-content\/uploads\/2018\/12\/0148_Blog_Dauerhafte-Haarentfernung-Frankfurt_01a.jpg 1000w, https:\/\/www.praxisklinik-goethe10.de\/wp-content\/uploads\/2018\/12\/0148_Blog_Dauerhafte-Haarentfernung-Frankfurt_01a-300x150.jpg 300w, https:\/\/www.praxisklinik-goethe10.de\/wp-content\/uploads\/2018\/12\/0148_Blog_Dauerhafte-Haarentfernung-Frankfurt_01a-768x384.jpg 768w, https:\/\/www.praxisklinik-goethe10.de\/wp-content\/uploads\/2018\/12\/0148_Blog_Dauerhafte-Haarentfernung-Frankfurt_01a-18x9.jpg 18w, https:\/\/www.praxisklinik-goethe10.de\/wp-content\/uploads\/2018\/12\/0148_Blog_Dauerhafte-Haarentfernung-Frankfurt_01a-700x350.jpg 700w\" sizes=\"auto, (max-width: 1000px) 100vw, 1000px\" \/>\t\t\t\t\t\t\t\t<\/a>\r\n\t\t\t\t\t\t\t<\/div>\r\n\t\t\t\t\t\t\t\t\t\t\t\t<div class=\"qode-bct-post-text\">\r\n\t\t\t\t\t\t\t<h5 class=\"qode-bct-post-title entry_title\" itemprop=\"name\">\r\n\t\t\t\t\t\t\t\t<a href=\"https:\/\/www.praxisklinik-goethe10.de\/en\/permanent-hair-removal-by-laser-dr-fischer\/\" itemprop=\"url\">Permanent hair removal<\/a>\r\n\t\t\t\t\t\t\t<\/h5>\r\n\t\t\t\t\t\t\t\t\t\t\t\t\t\t<p itemprop=\"description\" class = \"qode-bct-post-excerpt\"> Both women and men invest a lot of time and money in hair removal, waxing, shaving and epilating. For those who are tired of these procedures, permanent laser hair removal is a good alternative. We explain how it works in this blog post.<\/p>\r\n\t\t\t\t\t\t\t<div class=\"qode-bct-post-date entry_date updated\" itemprop=\"dateCreated\">\r\n\t\t\t\t\t\t\t\t14 December 2018\t\t\t\t\t\t\t\t<meta itemprop=\"interactionCount\" content=\"UserComments: 0\"\/>\r\n\t\t\t\t\t\t\t<\/div>\r\n\t\t\t\t\t\t<\/div>\r\n\t\t\t\t\t<\/div>\r\n\t\t\t\t\t\t\t\t\t\t\t\t<div class=\"qode-bct-post\">\r\n\t\t\t\t\t\t\t\t\t\t\t\t\t<div class=\"qode-bct-post-image\">\r\n\t\t\t\t\t\t\t\t<a href=\"https:\/\/www.praxisklinik-goethe10.de\/en\/5-possibilities-of-wrinkle-treatments-dr-fischer\/\" itemprop=\"url\">\r\n\t\t\t\t\t\t\t\t\t<img loading=\"lazy\" decoding=\"async\" width=\"1000\" height=\"500\" src=\"https:\/\/www.praxisklinik-goethe10.de\/wp-content\/uploads\/2018\/11\/0148_Moeglichkeiten-Faltenbehandlung_01a.jpg\" class=\"attachment-full size-full wp-post-image\" alt=\"Wrinkle treatment options\" srcset=\"https:\/\/www.praxisklinik-goethe10.de\/wp-content\/uploads\/2018\/11\/0148_Moeglichkeiten-Faltenbehandlung_01a.jpg 1000w, https:\/\/www.praxisklinik-goethe10.de\/wp-content\/uploads\/2018\/11\/0148_Moeglichkeiten-Faltenbehandlung_01a-300x150.jpg 300w, https:\/\/www.praxisklinik-goethe10.de\/wp-content\/uploads\/2018\/11\/0148_Moeglichkeiten-Faltenbehandlung_01a-768x384.jpg 768w, https:\/\/www.praxisklinik-goethe10.de\/wp-content\/uploads\/2018\/11\/0148_Moeglichkeiten-Faltenbehandlung_01a-18x9.jpg 18w, https:\/\/www.praxisklinik-goethe10.de\/wp-content\/uploads\/2018\/11\/0148_Moeglichkeiten-Faltenbehandlung_01a-700x350.jpg 700w\" sizes=\"auto, (max-width: 1000px) 100vw, 1000px\" \/>\t\t\t\t\t\t\t\t<\/a>\r\n\t\t\t\t\t\t\t<\/div>\r\n\t\t\t\t\t\t\t\t\t\t\t\t<div class=\"qode-bct-post-text\">\r\n\t\t\t\t\t\t\t<h5 class=\"qode-bct-post-title entry_title\" itemprop=\"name\">\r\n\t\t\t\t\t\t\t\t<a href=\"https:\/\/www.praxisklinik-goethe10.de\/en\/5-possibilities-of-wrinkle-treatments-dr-fischer\/\" itemprop=\"url\">4 options for wrinkle treatments<\/a>\r\n\t\t\t\t\t\t\t<\/h5>\r\n\t\t\t\t\t\t\t\t\t\t\t\t\t\t<p itemprop=\"description\" class = \"qode-bct-post-excerpt\"> When you look at Hollywood beauties, models and other VIPs, you often marvel at how young and fresh they look. But unfortunately, this is not a natural model - because they have usually had some help. No one is safe from the natural ageing process. Wrinkles form and the tissue gradually sags.<\/p>\r\n\t\t\t\t\t\t\t<div class=\"qode-bct-post-date entry_date updated\" itemprop=\"dateCreated\">\r\n\t\t\t\t\t\t\t\t22 November 2018\t\t\t\t\t\t\t\t<meta itemprop=\"interactionCount\" content=\"UserComments: 0\"\/>\r\n\t\t\t\t\t\t\t<\/div>\r\n\t\t\t\t\t\t<\/div>\r\n\t\t\t\t\t<\/div>\r\n\t\t\t\t\t\t\t\t\t\t\t\t<div class=\"qode-bct-post\">\r\n\t\t\t\t\t\t\t\t\t\t\t\t\t<div class=\"qode-bct-post-image\">\r\n\t\t\t\t\t\t\t\t<a href=\"https:\/\/www.praxisklinik-goethe10.de\/en\/enlarged-turbinates-and-their-treatment-options\/\" itemprop=\"url\">\r\n\t\t\t\t\t\t\t\t\t<img loading=\"lazy\" decoding=\"async\" width=\"1000\" height=\"500\" src=\"https:\/\/www.praxisklinik-goethe10.de\/wp-content\/uploads\/2018\/10\/0148_Blog_Vergroesserte-Nasenmuscheln_01a.jpg\" class=\"attachment-full size-full wp-post-image\" alt=\"Enlarged turbinates\" srcset=\"https:\/\/www.praxisklinik-goethe10.de\/wp-content\/uploads\/2018\/10\/0148_Blog_Vergroesserte-Nasenmuscheln_01a.jpg 1000w, https:\/\/www.praxisklinik-goethe10.de\/wp-content\/uploads\/2018\/10\/0148_Blog_Vergroesserte-Nasenmuscheln_01a-300x150.jpg 300w, https:\/\/www.praxisklinik-goethe10.de\/wp-content\/uploads\/2018\/10\/0148_Blog_Vergroesserte-Nasenmuscheln_01a-768x384.jpg 768w, https:\/\/www.praxisklinik-goethe10.de\/wp-content\/uploads\/2018\/10\/0148_Blog_Vergroesserte-Nasenmuscheln_01a-700x350.jpg 700w\" sizes=\"auto, (max-width: 1000px) 100vw, 1000px\" \/>\t\t\t\t\t\t\t\t<\/a>\r\n\t\t\t\t\t\t\t<\/div>\r\n\t\t\t\t\t\t\t\t\t\t\t\t<div class=\"qode-bct-post-text\">\r\n\t\t\t\t\t\t\t<h5 class=\"qode-bct-post-title entry_title\" itemprop=\"name\">\r\n\t\t\t\t\t\t\t\t<a href=\"https:\/\/www.praxisklinik-goethe10.de\/en\/enlarged-turbinates-and-their-treatment-options\/\" itemprop=\"url\">Enlarged turbinates and their treatment options<\/a>\r\n\t\t\t\t\t\t\t<\/h5>\r\n\t\t\t\t\t\t\t\t\t\t\t\t\t\t<p itemprop=\"description\" class = \"qode-bct-post-excerpt\"> The lateral wall of our nasal cavity is home to a lower, a middle and an upper turbinate. If the turbinates are enlarged or swollen, this is referred to as turbinate hyperplasia. We explain exactly what this means and how it can be treated in this blog post.<\/p>\r\n\t\t\t\t\t\t\t<div class=\"qode-bct-post-date entry_date updated\" itemprop=\"dateCreated\">\r\n\t\t\t\t\t\t\t\t15. October 2018\t\t\t\t\t\t\t\t<meta itemprop=\"interactionCount\" content=\"UserComments: 0\"\/>\r\n\t\t\t\t\t\t\t<\/div>\r\n\t\t\t\t\t\t<\/div>\r\n\t\t\t\t\t<\/div>\r\n\t\t\t\t\t\t\t\t\t\t\t\t<div class=\"qode-bct-post\">\r\n\t\t\t\t\t\t\t\t\t\t\t\t\t<div class=\"qode-bct-post-image\">\r\n\t\t\t\t\t\t\t\t<a href=\"https:\/\/www.praxisklinik-goethe10.de\/en\/causes-of-tinnitus-2\/\" itemprop=\"url\">\r\n\t\t\t\t\t\t\t\t\t<img loading=\"lazy\" decoding=\"async\" width=\"1000\" height=\"500\" src=\"https:\/\/www.praxisklinik-goethe10.de\/wp-content\/uploads\/2018\/10\/0148_Blog_Ursachen-Tinnitus_01a.jpg\" class=\"attachment-full size-full wp-post-image\" alt=\"Causes of tinnitus\" srcset=\"https:\/\/www.praxisklinik-goethe10.de\/wp-content\/uploads\/2018\/10\/0148_Blog_Ursachen-Tinnitus_01a.jpg 1000w, https:\/\/www.praxisklinik-goethe10.de\/wp-content\/uploads\/2018\/10\/0148_Blog_Ursachen-Tinnitus_01a-300x150.jpg 300w, https:\/\/www.praxisklinik-goethe10.de\/wp-content\/uploads\/2018\/10\/0148_Blog_Ursachen-Tinnitus_01a-768x384.jpg 768w, https:\/\/www.praxisklinik-goethe10.de\/wp-content\/uploads\/2018\/10\/0148_Blog_Ursachen-Tinnitus_01a-18x9.jpg 18w, https:\/\/www.praxisklinik-goethe10.de\/wp-content\/uploads\/2018\/10\/0148_Blog_Ursachen-Tinnitus_01a-700x350.jpg 700w\" sizes=\"auto, (max-width: 1000px) 100vw, 1000px\" \/>\t\t\t\t\t\t\t\t<\/a>\r\n\t\t\t\t\t\t\t<\/div>\r\n\t\t\t\t\t\t\t\t\t\t\t\t<div class=\"qode-bct-post-text\">\r\n\t\t\t\t\t\t\t<h5 class=\"qode-bct-post-title entry_title\" itemprop=\"name\">\r\n\t\t\t\t\t\t\t\t<a href=\"https:\/\/www.praxisklinik-goethe10.de\/en\/causes-of-tinnitus-2\/\" itemprop=\"url\">What causes tinnitus?<\/a>\r\n\t\t\t\t\t\t\t<\/h5>\r\n\t\t\t\t\t\t\t\t\t\t\t\t\t\t<p itemprop=\"description\" class = \"qode-bct-post-excerpt\"> Put simply, tinnitus is a permanent, unpleasant ringing, buzzing, hissing or whistling noise in the ear. The noise can have a variety of causes - it can disappear on its own or become chronic. You can find out about the possible causes of tinnitus here.<\/p>\r\n\t\t\t\t\t\t\t<div class=\"qode-bct-post-date entry_date updated\" itemprop=\"dateCreated\">\r\n\t\t\t\t\t\t\t\t5. October 2018\t\t\t\t\t\t\t\t<meta itemprop=\"interactionCount\" content=\"UserComments: 0\"\/>\r\n\t\t\t\t\t\t\t<\/div>\r\n\t\t\t\t\t\t<\/div>\r\n\t\t\t\t\t<\/div>\r\n\t\t\t\t\t\t\t\t\t\t\t\t<div class=\"qode-bct-post\">\r\n\t\t\t\t\t\t\t\t\t\t\t\t\t<div class=\"qode-bct-post-image\">\r\n\t\t\t\t\t\t\t\t<a href=\"https:\/\/www.praxisklinik-goethe10.de\/en\/what-are-the-consequences-of-nasal-spray-addiction\/\" itemprop=\"url\">\r\n\t\t\t\t\t\t\t\t\t<img loading=\"lazy\" decoding=\"async\" width=\"1000\" height=\"500\" src=\"https:\/\/www.praxisklinik-goethe10.de\/wp-content\/uploads\/2018\/09\/0148_Nasenspraysucht_01a.jpg\" class=\"attachment-full size-full wp-post-image\" alt=\"Nasal spray addiction\" srcset=\"https:\/\/www.praxisklinik-goethe10.de\/wp-content\/uploads\/2018\/09\/0148_Nasenspraysucht_01a.jpg 1000w, https:\/\/www.praxisklinik-goethe10.de\/wp-content\/uploads\/2018\/09\/0148_Nasenspraysucht_01a-300x150.jpg 300w, https:\/\/www.praxisklinik-goethe10.de\/wp-content\/uploads\/2018\/09\/0148_Nasenspraysucht_01a-768x384.jpg 768w, https:\/\/www.praxisklinik-goethe10.de\/wp-content\/uploads\/2018\/09\/0148_Nasenspraysucht_01a-18x9.jpg 18w, https:\/\/www.praxisklinik-goethe10.de\/wp-content\/uploads\/2018\/09\/0148_Nasenspraysucht_01a-700x350.jpg 700w\" sizes=\"auto, (max-width: 1000px) 100vw, 1000px\" \/>\t\t\t\t\t\t\t\t<\/a>\r\n\t\t\t\t\t\t\t<\/div>\r\n\t\t\t\t\t\t\t\t\t\t\t\t<div class=\"qode-bct-post-text\">\r\n\t\t\t\t\t\t\t<h5 class=\"qode-bct-post-title entry_title\" itemprop=\"name\">\r\n\t\t\t\t\t\t\t\t<a href=\"https:\/\/www.praxisklinik-goethe10.de\/en\/what-are-the-consequences-of-nasal-spray-addiction\/\" itemprop=\"url\">Nasal spray addiction: What are the consequences?<\/a>\r\n\t\t\t\t\t\t\t<\/h5>\r\n\t\t\t\t\t\t\t\t\t\t\t\t\t\t<p itemprop=\"description\" class = \"qode-bct-post-excerpt\"> Almost everyone has a vice, big or small: some people love to eat but don't exercise enough, others smoke and others drink too much alcohol. There are also people who are addicted to medication. Tens of thousands of Germans resort to nasal sprays because they are addicted.<\/p>\r\n\t\t\t\t\t\t\t<div class=\"qode-bct-post-date entry_date updated\" itemprop=\"dateCreated\">\r\n\t\t\t\t\t\t\t\t27 September 2018\t\t\t\t\t\t\t\t<meta itemprop=\"interactionCount\" content=\"UserComments: 0\"\/>\r\n\t\t\t\t\t\t\t<\/div>\r\n\t\t\t\t\t\t<\/div>\r\n\t\t\t\t\t<\/div>\r\n\t\t\t\t\t\t\t\t\t\t\t\t<div class=\"qode-bct-post\">\r\n\t\t\t\t\t\t\t\t\t\t\t\t\t<div class=\"qode-bct-post-image\">\r\n\t\t\t\t\t\t\t\t<a href=\"https:\/\/www.praxisklinik-goethe10.de\/en\/what-can-you-do-against-spider-veins-dr-fischer-frankfurt\/\" itemprop=\"url\">\r\n\t\t\t\t\t\t\t\t\t<img loading=\"lazy\" decoding=\"async\" width=\"1000\" height=\"500\" src=\"https:\/\/www.praxisklinik-goethe10.de\/wp-content\/uploads\/2018\/09\/0148_Blog_Besenreiser-entfernen-Frankfurt_01a.jpg\" class=\"attachment-full size-full wp-post-image\" alt=\"Spider vein removal Frankfurt\" srcset=\"https:\/\/www.praxisklinik-goethe10.de\/wp-content\/uploads\/2018\/09\/0148_Blog_Besenreiser-entfernen-Frankfurt_01a.jpg 1000w, https:\/\/www.praxisklinik-goethe10.de\/wp-content\/uploads\/2018\/09\/0148_Blog_Besenreiser-entfernen-Frankfurt_01a-300x150.jpg 300w, https:\/\/www.praxisklinik-goethe10.de\/wp-content\/uploads\/2018\/09\/0148_Blog_Besenreiser-entfernen-Frankfurt_01a-768x384.jpg 768w, https:\/\/www.praxisklinik-goethe10.de\/wp-content\/uploads\/2018\/09\/0148_Blog_Besenreiser-entfernen-Frankfurt_01a-18x9.jpg 18w, https:\/\/www.praxisklinik-goethe10.de\/wp-content\/uploads\/2018\/09\/0148_Blog_Besenreiser-entfernen-Frankfurt_01a-700x350.jpg 700w\" sizes=\"auto, (max-width: 1000px) 100vw, 1000px\" \/>\t\t\t\t\t\t\t\t<\/a>\r\n\t\t\t\t\t\t\t<\/div>\r\n\t\t\t\t\t\t\t\t\t\t\t\t<div class=\"qode-bct-post-text\">\r\n\t\t\t\t\t\t\t<h5 class=\"qode-bct-post-title entry_title\" itemprop=\"name\">\r\n\t\t\t\t\t\t\t\t<a href=\"https:\/\/www.praxisklinik-goethe10.de\/en\/what-can-you-do-against-spider-veins-dr-fischer-frankfurt\/\" itemprop=\"url\">What can you do against spider veins?<\/a>\r\n\t\t\t\t\t\t\t<\/h5>\r\n\t\t\t\t\t\t\t\t\t\t\t\t\t\t<p itemprop=\"description\" class = \"qode-bct-post-excerpt\"> Many women are familiar with spider veins. They are an aesthetic problem because they detract from the appearance of beautiful legs. Certain tips and tricks can help. Our laser therapy promises long-term improvement and removal. Find out more in this article.<\/p>\r\n\t\t\t\t\t\t\t<div class=\"qode-bct-post-date entry_date updated\" itemprop=\"dateCreated\">\r\n\t\t\t\t\t\t\t\t18 September 2018\t\t\t\t\t\t\t\t<meta itemprop=\"interactionCount\" content=\"UserComments: 0\"\/>\r\n\t\t\t\t\t\t\t<\/div>\r\n\t\t\t\t\t\t<\/div>\r\n\t\t\t\t\t<\/div>\r\n\t\t\t\t\t\t\t\t\t\t\t\t<div class=\"qode-bct-post\">\r\n\t\t\t\t\t\t\t\t\t\t\t\t\t<div class=\"qode-bct-post-image\">\r\n\t\t\t\t\t\t\t\t<a href=\"https:\/\/www.praxisklinik-goethe10.de\/en\/consequences-of-a-deviated-nasal-septum\/\" itemprop=\"url\">\r\n\t\t\t\t\t\t\t\t\t<img loading=\"lazy\" decoding=\"async\" width=\"1000\" height=\"500\" src=\"https:\/\/www.praxisklinik-goethe10.de\/wp-content\/uploads\/2018\/08\/0148_Blog_Folgen-Nasenscheidewandverkruemmung_01a.jpg\" class=\"attachment-full size-full wp-post-image\" alt=\"Consequences of deviated septum\" srcset=\"https:\/\/www.praxisklinik-goethe10.de\/wp-content\/uploads\/2018\/08\/0148_Blog_Folgen-Nasenscheidewandverkruemmung_01a.jpg 1000w, https:\/\/www.praxisklinik-goethe10.de\/wp-content\/uploads\/2018\/08\/0148_Blog_Folgen-Nasenscheidewandverkruemmung_01a-300x150.jpg 300w, https:\/\/www.praxisklinik-goethe10.de\/wp-content\/uploads\/2018\/08\/0148_Blog_Folgen-Nasenscheidewandverkruemmung_01a-768x384.jpg 768w, https:\/\/www.praxisklinik-goethe10.de\/wp-content\/uploads\/2018\/08\/0148_Blog_Folgen-Nasenscheidewandverkruemmung_01a-18x9.jpg 18w, https:\/\/www.praxisklinik-goethe10.de\/wp-content\/uploads\/2018\/08\/0148_Blog_Folgen-Nasenscheidewandverkruemmung_01a-700x350.jpg 700w\" sizes=\"auto, (max-width: 1000px) 100vw, 1000px\" \/>\t\t\t\t\t\t\t\t<\/a>\r\n\t\t\t\t\t\t\t<\/div>\r\n\t\t\t\t\t\t\t\t\t\t\t\t<div class=\"qode-bct-post-text\">\r\n\t\t\t\t\t\t\t<h5 class=\"qode-bct-post-title entry_title\" itemprop=\"name\">\r\n\t\t\t\t\t\t\t\t<a href=\"https:\/\/www.praxisklinik-goethe10.de\/en\/consequences-of-a-deviated-nasal-septum\/\" itemprop=\"url\">What are the consequences of a deviated septum?<\/a>\r\n\t\t\t\t\t\t\t<\/h5>\r\n\t\t\t\t\t\t\t\t\t\t\t\t\t\t<p itemprop=\"description\" class = \"qode-bct-post-excerpt\"> Patients who come to us are often unaware of their deviated nasal septum or the symptoms it can cause. Yet this phenomenon is not at all uncommon. You can find out more about the possible consequences and treatment approaches in this article.<\/p>\r\n\t\t\t\t\t\t\t<div class=\"qode-bct-post-date entry_date updated\" itemprop=\"dateCreated\">\r\n\t\t\t\t\t\t\t\t27 August 2018\t\t\t\t\t\t\t\t<meta itemprop=\"interactionCount\" content=\"UserComments: 0\"\/>\r\n\t\t\t\t\t\t\t<\/div>\r\n\t\t\t\t\t\t<\/div>\r\n\t\t\t\t\t<\/div>\r\n\t\t\t\t\t\t\t\t\t\t\t\t<div class=\"qode-bct-post\">\r\n\t\t\t\t\t\t\t\t\t\t\t\t\t<div class=\"qode-bct-post-image\">\r\n\t\t\t\t\t\t\t\t<a href=\"https:\/\/www.praxisklinik-goethe10.de\/en\/complaints-of-the-nose-when-is-an-operation-necessary\/\" itemprop=\"url\">\r\n\t\t\t\t\t\t\t\t\t<img loading=\"lazy\" decoding=\"async\" width=\"1000\" height=\"500\" src=\"https:\/\/www.praxisklinik-goethe10.de\/wp-content\/uploads\/2018\/07\/0148_Blog_Beschwerden-der-Nase_01a.jpg\" class=\"attachment-full size-full wp-post-image\" alt=\"Nasal complaints\" srcset=\"https:\/\/www.praxisklinik-goethe10.de\/wp-content\/uploads\/2018\/07\/0148_Blog_Beschwerden-der-Nase_01a.jpg 1000w, https:\/\/www.praxisklinik-goethe10.de\/wp-content\/uploads\/2018\/07\/0148_Blog_Beschwerden-der-Nase_01a-300x150.jpg 300w, https:\/\/www.praxisklinik-goethe10.de\/wp-content\/uploads\/2018\/07\/0148_Blog_Beschwerden-der-Nase_01a-768x384.jpg 768w, https:\/\/www.praxisklinik-goethe10.de\/wp-content\/uploads\/2018\/07\/0148_Blog_Beschwerden-der-Nase_01a-18x9.jpg 18w, https:\/\/www.praxisklinik-goethe10.de\/wp-content\/uploads\/2018\/07\/0148_Blog_Beschwerden-der-Nase_01a-700x350.jpg 700w\" sizes=\"auto, (max-width: 1000px) 100vw, 1000px\" \/>\t\t\t\t\t\t\t\t<\/a>\r\n\t\t\t\t\t\t\t<\/div>\r\n\t\t\t\t\t\t\t\t\t\t\t\t<div class=\"qode-bct-post-text\">\r\n\t\t\t\t\t\t\t<h5 class=\"qode-bct-post-title entry_title\" itemprop=\"name\">\r\n\t\t\t\t\t\t\t\t<a href=\"https:\/\/www.praxisklinik-goethe10.de\/en\/complaints-of-the-nose-when-is-an-operation-necessary\/\" itemprop=\"url\">Nasal complaints: when is surgery necessary?<\/a>\r\n\t\t\t\t\t\t\t<\/h5>\r\n\t\t\t\t\t\t\t\t\t\t\t\t\t\t<p itemprop=\"description\" class = \"qode-bct-post-excerpt\"> Our nose is a fascinating organ: it has a multitude of different tasks. This enormous performance can also lead to problems and limitations. Here you can find out what nasal complaints there are, how they affect the activity of the nose and when an operation is necessary.<\/p>\r\n\t\t\t\t\t\t\t<div class=\"qode-bct-post-date entry_date updated\" itemprop=\"dateCreated\">\r\n\t\t\t\t\t\t\t\t18. July 2018\t\t\t\t\t\t\t\t<meta itemprop=\"interactionCount\" content=\"UserComments: 0\"\/>\r\n\t\t\t\t\t\t\t<\/div>\r\n\t\t\t\t\t\t<\/div>\r\n\t\t\t\t\t<\/div>\r\n\t\t\t\t\t\t\t\t\t\t\t\t<div class=\"qode-bct-post\">\r\n\t\t\t\t\t\t\t\t\t\t\t\t\t<div class=\"qode-bct-post-image\">\r\n\t\t\t\t\t\t\t\t<a href=\"https:\/\/www.praxisklinik-goethe10.de\/en\/what-does-otorhinolaryngology-include\/\" itemprop=\"url\">\r\n\t\t\t\t\t\t\t\t\t<img loading=\"lazy\" decoding=\"async\" width=\"1000\" height=\"500\" src=\"https:\/\/www.praxisklinik-goethe10.de\/wp-content\/uploads\/2018\/01\/0148_Blog_HNO-Heilkunde-Frankfurt_01a.jpg\" class=\"attachment-full size-full wp-post-image\" alt=\"ENT Medicine Frankfurt\" srcset=\"https:\/\/www.praxisklinik-goethe10.de\/wp-content\/uploads\/2018\/01\/0148_Blog_HNO-Heilkunde-Frankfurt_01a.jpg 1000w, https:\/\/www.praxisklinik-goethe10.de\/wp-content\/uploads\/2018\/01\/0148_Blog_HNO-Heilkunde-Frankfurt_01a-300x150.jpg 300w, https:\/\/www.praxisklinik-goethe10.de\/wp-content\/uploads\/2018\/01\/0148_Blog_HNO-Heilkunde-Frankfurt_01a-768x384.jpg 768w, https:\/\/www.praxisklinik-goethe10.de\/wp-content\/uploads\/2018\/01\/0148_Blog_HNO-Heilkunde-Frankfurt_01a-18x9.jpg 18w, https:\/\/www.praxisklinik-goethe10.de\/wp-content\/uploads\/2018\/01\/0148_Blog_HNO-Heilkunde-Frankfurt_01a-700x350.jpg 700w\" sizes=\"auto, (max-width: 1000px) 100vw, 1000px\" \/>\t\t\t\t\t\t\t\t<\/a>\r\n\t\t\t\t\t\t\t<\/div>\r\n\t\t\t\t\t\t\t\t\t\t\t\t<div class=\"qode-bct-post-text\">\r\n\t\t\t\t\t\t\t<h5 class=\"qode-bct-post-title entry_title\" itemprop=\"name\">\r\n\t\t\t\t\t\t\t\t<a href=\"https:\/\/www.praxisklinik-goethe10.de\/en\/what-does-otorhinolaryngology-include\/\" itemprop=\"url\">What does ENT medicine include?<\/a>\r\n\t\t\t\t\t\t\t<\/h5>\r\n\t\t\t\t\t\t\t\t\t\t\t\t\t\t<p itemprop=\"description\" class = \"qode-bct-post-excerpt\"> In addition to preventive measures relevant to all ENT areas, such as endoscopies and sampling, we also carry out specific diagnostic and treatment measures in the area of the throat, nose and ears. In this article, we will show you which measures our ENT medicine includes in detail.<\/p>\r\n\t\t\t\t\t\t\t<div class=\"qode-bct-post-date entry_date updated\" itemprop=\"dateCreated\">\r\n\t\t\t\t\t\t\t\t20. January 2018\t\t\t\t\t\t\t\t<meta itemprop=\"interactionCount\" content=\"UserComments: 0\"\/>\r\n\t\t\t\t\t\t\t<\/div>\r\n\t\t\t\t\t\t<\/div>\r\n\t\t\t\t\t<\/div>\r\n\t\t\t\t\t\t\t\t\t\t\t\t<div class=\"qode-bct-post\">\r\n\t\t\t\t\t\t\t\t\t\t\t\t\t<div class=\"qode-bct-post-image\">\r\n\t\t\t\t\t\t\t\t<a href=\"https:\/\/www.praxisklinik-goethe10.de\/en\/possibilities-of-snoring-therapy\/\" itemprop=\"url\">\r\n\t\t\t\t\t\t\t\t\t<img loading=\"lazy\" decoding=\"async\" width=\"1000\" height=\"500\" src=\"https:\/\/www.praxisklinik-goethe10.de\/wp-content\/uploads\/2018\/01\/0148_Blog_Moeglichkeiten-Schnarchtherapie_01a.jpg\" class=\"attachment-full size-full wp-post-image\" alt=\"Snoring therapy options\" srcset=\"https:\/\/www.praxisklinik-goethe10.de\/wp-content\/uploads\/2018\/01\/0148_Blog_Moeglichkeiten-Schnarchtherapie_01a.jpg 1000w, https:\/\/www.praxisklinik-goethe10.de\/wp-content\/uploads\/2018\/01\/0148_Blog_Moeglichkeiten-Schnarchtherapie_01a-300x150.jpg 300w, https:\/\/www.praxisklinik-goethe10.de\/wp-content\/uploads\/2018\/01\/0148_Blog_Moeglichkeiten-Schnarchtherapie_01a-768x384.jpg 768w, https:\/\/www.praxisklinik-goethe10.de\/wp-content\/uploads\/2018\/01\/0148_Blog_Moeglichkeiten-Schnarchtherapie_01a-18x9.jpg 18w, https:\/\/www.praxisklinik-goethe10.de\/wp-content\/uploads\/2018\/01\/0148_Blog_Moeglichkeiten-Schnarchtherapie_01a-700x350.jpg 700w\" sizes=\"auto, (max-width: 1000px) 100vw, 1000px\" \/>\t\t\t\t\t\t\t\t<\/a>\r\n\t\t\t\t\t\t\t<\/div>\r\n\t\t\t\t\t\t\t\t\t\t\t\t<div class=\"qode-bct-post-text\">\r\n\t\t\t\t\t\t\t<h5 class=\"qode-bct-post-title entry_title\" itemprop=\"name\">\r\n\t\t\t\t\t\t\t\t<a href=\"https:\/\/www.praxisklinik-goethe10.de\/en\/possibilities-of-snoring-therapy\/\" itemprop=\"url\">Snoring therapy options: What you can do to stop snoring<\/a>\r\n\t\t\t\t\t\t\t<\/h5>\r\n\t\t\t\t\t\t\t\t\t\t\t\t\t\t<p itemprop=\"description\" class = \"qode-bct-post-excerpt\"> Have you ever wondered why the person who snores is always the first to fall asleep? This \"tree-sawing\" can have serious consequences for a partnership. If one person snores constantly, there is the threat of an unromantic consequence: separate beds.<\/p>\r\n\t\t\t\t\t\t\t<div class=\"qode-bct-post-date entry_date updated\" itemprop=\"dateCreated\">\r\n\t\t\t\t\t\t\t\t18. January 2018\t\t\t\t\t\t\t\t<meta itemprop=\"interactionCount\" content=\"UserComments: 0\"\/>\r\n\t\t\t\t\t\t\t<\/div>\r\n\t\t\t\t\t\t<\/div>\r\n\t\t\t\t\t<\/div>\r\n\t\t\t\t\t\t\t\t\t\t\t\t<div class=\"qode-bct-post\">\r\n\t\t\t\t\t\t\t\t\t\t\t\t\t<div class=\"qode-bct-post-image\">\r\n\t\t\t\t\t\t\t\t<a href=\"https:\/\/www.praxisklinik-goethe10.de\/en\/what-helps-against-tinnitus\/\" itemprop=\"url\">\r\n\t\t\t\t\t\t\t\t\t<img loading=\"lazy\" decoding=\"async\" width=\"1000\" height=\"500\" src=\"https:\/\/www.praxisklinik-goethe10.de\/wp-content\/uploads\/2017\/12\/0148_Blog_Was-hilft-gegen-Tinnitus_01a.jpg\" class=\"attachment-full size-full wp-post-image\" alt=\"What helps against tinnitus\" srcset=\"https:\/\/www.praxisklinik-goethe10.de\/wp-content\/uploads\/2017\/12\/0148_Blog_Was-hilft-gegen-Tinnitus_01a.jpg 1000w, https:\/\/www.praxisklinik-goethe10.de\/wp-content\/uploads\/2017\/12\/0148_Blog_Was-hilft-gegen-Tinnitus_01a-300x150.jpg 300w, https:\/\/www.praxisklinik-goethe10.de\/wp-content\/uploads\/2017\/12\/0148_Blog_Was-hilft-gegen-Tinnitus_01a-768x384.jpg 768w, https:\/\/www.praxisklinik-goethe10.de\/wp-content\/uploads\/2017\/12\/0148_Blog_Was-hilft-gegen-Tinnitus_01a-18x9.jpg 18w, https:\/\/www.praxisklinik-goethe10.de\/wp-content\/uploads\/2017\/12\/0148_Blog_Was-hilft-gegen-Tinnitus_01a-700x350.jpg 700w\" sizes=\"auto, (max-width: 1000px) 100vw, 1000px\" \/>\t\t\t\t\t\t\t\t<\/a>\r\n\t\t\t\t\t\t\t<\/div>\r\n\t\t\t\t\t\t\t\t\t\t\t\t<div class=\"qode-bct-post-text\">\r\n\t\t\t\t\t\t\t<h5 class=\"qode-bct-post-title entry_title\" itemprop=\"name\">\r\n\t\t\t\t\t\t\t\t<a href=\"https:\/\/www.praxisklinik-goethe10.de\/en\/what-helps-against-tinnitus\/\" itemprop=\"url\">What helps against tinnitus?<\/a>\r\n\t\t\t\t\t\t\t<\/h5>\r\n\t\t\t\t\t\t\t\t\t\t\t\t\t\t<p itemprop=\"description\" class = \"qode-bct-post-excerpt\"> Tinnitus can be categorised into acute, chronic, objective and subjective tinnitus. Acute tinnitus is when the ringing in the ears does not last longer than three months. If it has been ringing and buzzing for longer than three months, the tinnitus is described as chronic.<\/p>\r\n\t\t\t\t\t\t\t<div class=\"qode-bct-post-date entry_date updated\" itemprop=\"dateCreated\">\r\n\t\t\t\t\t\t\t\t20 December 2017\t\t\t\t\t\t\t\t<meta itemprop=\"interactionCount\" content=\"UserComments: 0\"\/>\r\n\t\t\t\t\t\t\t<\/div>\r\n\t\t\t\t\t\t<\/div>\r\n\t\t\t\t\t<\/div>\r\n\t\t\t\t\t\t\t\t\t\t\t\t<div class=\"qode-bct-post\">\r\n\t\t\t\t\t\t\t\t\t\t\t\t\t<div class=\"qode-bct-post-image\">\r\n\t\t\t\t\t\t\t\t<a href=\"https:\/\/www.praxisklinik-goethe10.de\/en\/wrinkle-injection-with-hyaluronic-acid\/\" itemprop=\"url\">\r\n\t\t\t\t\t\t\t\t\t<img loading=\"lazy\" decoding=\"async\" width=\"1000\" height=\"500\" src=\"https:\/\/www.praxisklinik-goethe10.de\/wp-content\/uploads\/2017\/11\/0148_Blog_Faltenunterspritzung-mit-Hyaluronsaeure_01a.jpg\" class=\"attachment-full size-full wp-post-image\" alt=\"Wrinkle injection with hyaluronic acid\" srcset=\"https:\/\/www.praxisklinik-goethe10.de\/wp-content\/uploads\/2017\/11\/0148_Blog_Faltenunterspritzung-mit-Hyaluronsaeure_01a.jpg 1000w, https:\/\/www.praxisklinik-goethe10.de\/wp-content\/uploads\/2017\/11\/0148_Blog_Faltenunterspritzung-mit-Hyaluronsaeure_01a-300x150.jpg 300w, https:\/\/www.praxisklinik-goethe10.de\/wp-content\/uploads\/2017\/11\/0148_Blog_Faltenunterspritzung-mit-Hyaluronsaeure_01a-768x384.jpg 768w, https:\/\/www.praxisklinik-goethe10.de\/wp-content\/uploads\/2017\/11\/0148_Blog_Faltenunterspritzung-mit-Hyaluronsaeure_01a-18x9.jpg 18w, https:\/\/www.praxisklinik-goethe10.de\/wp-content\/uploads\/2017\/11\/0148_Blog_Faltenunterspritzung-mit-Hyaluronsaeure_01a-700x350.jpg 700w\" sizes=\"auto, (max-width: 1000px) 100vw, 1000px\" \/>\t\t\t\t\t\t\t\t<\/a>\r\n\t\t\t\t\t\t\t<\/div>\r\n\t\t\t\t\t\t\t\t\t\t\t\t<div class=\"qode-bct-post-text\">\r\n\t\t\t\t\t\t\t<h5 class=\"qode-bct-post-title entry_title\" itemprop=\"name\">\r\n\t\t\t\t\t\t\t\t<a href=\"https:\/\/www.praxisklinik-goethe10.de\/en\/wrinkle-injection-with-hyaluronic-acid\/\" itemprop=\"url\">Wrinkle injection with hyaluronic acid<\/a>\r\n\t\t\t\t\t\t\t<\/h5>\r\n\t\t\t\t\t\t\t\t\t\t\t\t\t\t<p itemprop=\"description\" class = \"qode-bct-post-excerpt\"> Wrinkles on the eyes, forehead or around the mouth can make a person appear much older than they are. In addition, wrinkles also leave a tired facial expression. One method of combating wrinkles is to inject hyaluronic acid. This blog post explains more about this topic.<\/p>\r\n\t\t\t\t\t\t\t<div class=\"qode-bct-post-date entry_date updated\" itemprop=\"dateCreated\">\r\n\t\t\t\t\t\t\t\t19 November 2017\t\t\t\t\t\t\t\t<meta itemprop=\"interactionCount\" content=\"UserComments: 0\"\/>\r\n\t\t\t\t\t\t\t<\/div>\r\n\t\t\t\t\t\t<\/div>\r\n\t\t\t\t\t<\/div>\r\n\t\t\t\t\t\t\t\t\t\t\t\t<div class=\"qode-bct-post\">\r\n\t\t\t\t\t\t\t\t\t\t\t\t\t<div class=\"qode-bct-post-image\">\r\n\t\t\t\t\t\t\t\t<a href=\"https:\/\/www.praxisklinik-goethe10.de\/en\/what-happens-in-the-ear-during-a-hearing-loss\/\" itemprop=\"url\">\r\n\t\t\t\t\t\t\t\t\t<img loading=\"lazy\" decoding=\"async\" width=\"1000\" height=\"500\" src=\"https:\/\/www.praxisklinik-goethe10.de\/wp-content\/uploads\/2017\/10\/0148_Blog_Hoersturz-Frankfurt_01a.jpg\" class=\"attachment-full size-full wp-post-image\" alt=\"Hearing loss Frankfurt\" srcset=\"https:\/\/www.praxisklinik-goethe10.de\/wp-content\/uploads\/2017\/10\/0148_Blog_Hoersturz-Frankfurt_01a.jpg 1000w, https:\/\/www.praxisklinik-goethe10.de\/wp-content\/uploads\/2017\/10\/0148_Blog_Hoersturz-Frankfurt_01a-300x150.jpg 300w, https:\/\/www.praxisklinik-goethe10.de\/wp-content\/uploads\/2017\/10\/0148_Blog_Hoersturz-Frankfurt_01a-768x384.jpg 768w, https:\/\/www.praxisklinik-goethe10.de\/wp-content\/uploads\/2017\/10\/0148_Blog_Hoersturz-Frankfurt_01a-18x9.jpg 18w, https:\/\/www.praxisklinik-goethe10.de\/wp-content\/uploads\/2017\/10\/0148_Blog_Hoersturz-Frankfurt_01a-700x350.jpg 700w\" sizes=\"auto, (max-width: 1000px) 100vw, 1000px\" \/>\t\t\t\t\t\t\t\t<\/a>\r\n\t\t\t\t\t\t\t<\/div>\r\n\t\t\t\t\t\t\t\t\t\t\t\t<div class=\"qode-bct-post-text\">\r\n\t\t\t\t\t\t\t<h5 class=\"qode-bct-post-title entry_title\" itemprop=\"name\">\r\n\t\t\t\t\t\t\t\t<a href=\"https:\/\/www.praxisklinik-goethe10.de\/en\/what-happens-in-the-ear-during-a-hearing-loss\/\" itemprop=\"url\">What happens in the ear during a sudden hearing loss?<\/a>\r\n\t\t\t\t\t\t\t<\/h5>\r\n\t\t\t\t\t\t\t\t\t\t\t\t\t\t<p itemprop=\"description\" class = \"qode-bct-post-excerpt\"> If you suddenly can no longer hear properly in one or both ears and\/or the voice of the person you are talking to sounds far away, then you may have sudden deafness. In this article, we explain exactly how this happens and what you can do to prevent a sudden loss of hearing.<\/p>\r\n\t\t\t\t\t\t\t<div class=\"qode-bct-post-date entry_date updated\" itemprop=\"dateCreated\">\r\n\t\t\t\t\t\t\t\t25. October 2017\t\t\t\t\t\t\t\t<meta itemprop=\"interactionCount\" content=\"UserComments: 0\"\/>\r\n\t\t\t\t\t\t\t<\/div>\r\n\t\t\t\t\t\t<\/div>\r\n\t\t\t\t\t<\/div>\r\n\t\t\t\t\t\t\t\t\t\t\t\t<div class=\"qode-bct-post\">\r\n\t\t\t\t\t\t\t\t\t\t\t\t\t<div class=\"qode-bct-post-image\">\r\n\t\t\t\t\t\t\t\t<a href=\"https:\/\/www.praxisklinik-goethe10.de\/en\/which-nose-shapes-can-be-corrected\/\" itemprop=\"url\">\r\n\t\t\t\t\t\t\t\t\t<img loading=\"lazy\" decoding=\"async\" width=\"1000\" height=\"500\" src=\"https:\/\/www.praxisklinik-goethe10.de\/wp-content\/uploads\/2017\/08\/0148_Nasenformen-korrigieren_01a.jpg\" class=\"attachment-full size-full wp-post-image\" alt=\"Correcting nose shapes\" srcset=\"https:\/\/www.praxisklinik-goethe10.de\/wp-content\/uploads\/2017\/08\/0148_Nasenformen-korrigieren_01a.jpg 1000w, https:\/\/www.praxisklinik-goethe10.de\/wp-content\/uploads\/2017\/08\/0148_Nasenformen-korrigieren_01a-300x150.jpg 300w, https:\/\/www.praxisklinik-goethe10.de\/wp-content\/uploads\/2017\/08\/0148_Nasenformen-korrigieren_01a-768x384.jpg 768w, https:\/\/www.praxisklinik-goethe10.de\/wp-content\/uploads\/2017\/08\/0148_Nasenformen-korrigieren_01a-18x9.jpg 18w, https:\/\/www.praxisklinik-goethe10.de\/wp-content\/uploads\/2017\/08\/0148_Nasenformen-korrigieren_01a-700x350.jpg 700w\" sizes=\"auto, (max-width: 1000px) 100vw, 1000px\" \/>\t\t\t\t\t\t\t\t<\/a>\r\n\t\t\t\t\t\t\t<\/div>\r\n\t\t\t\t\t\t\t\t\t\t\t\t<div class=\"qode-bct-post-text\">\r\n\t\t\t\t\t\t\t<h5 class=\"qode-bct-post-title entry_title\" itemprop=\"name\">\r\n\t\t\t\t\t\t\t\t<a href=\"https:\/\/www.praxisklinik-goethe10.de\/en\/which-nose-shapes-can-be-corrected\/\" itemprop=\"url\">Which nose shapes can be corrected?<\/a>\r\n\t\t\t\t\t\t\t<\/h5>\r\n\t\t\t\t\t\t\t\t\t\t\t\t\t\t<p itemprop=\"description\" class = \"qode-bct-post-excerpt\"> Nowadays, nobody has to put up with a \"chunky tip\", as aesthetic plastic surgery offers all kinds of possibilities to give everyone a harmonious nose. This is also shown by the global trend: rhinoplasty is the fourth most popular cosmetic surgery worldwide.<\/p>\r\n\t\t\t\t\t\t\t<div class=\"qode-bct-post-date entry_date updated\" itemprop=\"dateCreated\">\r\n\t\t\t\t\t\t\t\t1 August 2017\t\t\t\t\t\t\t\t<meta itemprop=\"interactionCount\" content=\"UserComments: 0\"\/>\r\n\t\t\t\t\t\t\t<\/div>\r\n\t\t\t\t\t\t<\/div>\r\n\t\t\t\t\t<\/div>\r\n\t\t\t\t\t<\/div>\r\n\t\t<\/div>\r\n\t<\/div><\/div><\/div><\/div><\/div><\/div><\/div>","protected":false},"excerpt":{"rendered":"As early as 1895, Oscar Wilde wrote with some knowledge of human nature: \"Nothing is as difficult to accept as a big nose.\" Nowadays, nobody has to put up with a \"chunky nose\", because aesthetic plastic surgery offers all kinds of possibilities to give everyone a harmonious nose. This is also shown...","protected":false},"author":2,"featured_media":424,"parent":0,"menu_order":0,"comment_status":"closed","ping_status":"closed","template":"full_width.php","meta":{"footnotes":""},"class_list":["post-1457","page","type-page","status-publish","has-post-thumbnail","hentry"],"yoast_head":"<!-- This site is optimized with the Yoast SEO plugin v27.3 - https:\/\/yoast.com\/product\/yoast-seo-wordpress\/ -->\n<title>Metabolic Balance Frankfurt - HNO Frankfurt | Dr. Fischer<\/title>\n<meta name=\"description\" content=\"Metabolic Balance Frankfurt \u2713 Sie w\u00fcnschen sich Ihre Gewichtsprobleme dauerhaft zu l\u00f6sen und Ihre Gesundheit ganzheitlich zu f\u00f6rdern?\" \/>\n<meta name=\"robots\" content=\"index, follow, max-snippet:-1, max-image-preview:large, max-video-preview:-1\" \/>\n<link rel=\"canonical\" href=\"https:\/\/www.praxisklinik-goethe10.de\/en\/vitamins-food-supplement\/\" \/>\n<meta property=\"og:locale\" content=\"en_GB\" \/>\n<meta property=\"og:type\" content=\"article\" \/>\n<meta property=\"og:title\" content=\"Metabolic Balance Frankfurt - HNO Frankfurt | Dr. Fischer\" \/>\n<meta property=\"og:description\" content=\"Metabolic Balance Frankfurt \u2713 Sie w\u00fcnschen sich Ihre Gewichtsprobleme dauerhaft zu l\u00f6sen und Ihre Gesundheit ganzheitlich zu f\u00f6rdern?\" \/>\n<meta property=\"og:url\" content=\"https:\/\/www.praxisklinik-goethe10.de\/en\/vitamins-food-supplement\/\" \/>\n<meta property=\"og:site_name\" content=\"HNO Frankfurt | Dr. Thomas Fischer\" \/>\n<meta property=\"article:modified_time\" content=\"2024-05-06T11:59:54+00:00\" \/>\n<meta property=\"og:image\" content=\"https:\/\/www.praxisklinik-goethe10.de\/wp-content\/uploads\/2018\/03\/ZB159-12a.jpg\" \/>\n\t<meta property=\"og:image:width\" content=\"770\" \/>\n\t<meta property=\"og:image:height\" content=\"550\" \/>\n\t<meta property=\"og:image:type\" content=\"image\/jpeg\" \/>\n<meta name=\"twitter:card\" content=\"summary_large_image\" \/>\n<meta name=\"twitter:label1\" content=\"Estimated reading time\" \/>\n\t<meta name=\"twitter:data1\" content=\"7 minutes\" \/>\n<script type=\"application\/ld+json\" class=\"yoast-schema-graph\">{\"@context\":\"https:\\\/\\\/schema.org\",\"@graph\":[{\"@type\":\"WebPage\",\"@id\":\"https:\\\/\\\/www.praxisklinik-goethe10.de\\\/vitamine-nahrungsergaenzung\\\/\",\"url\":\"https:\\\/\\\/www.praxisklinik-goethe10.de\\\/vitamine-nahrungsergaenzung\\\/\",\"name\":\"Metabolic Balance Frankfurt - HNO Frankfurt | Dr. Fischer\",\"isPartOf\":{\"@id\":\"https:\\\/\\\/www.praxisklinik-goethe10.de\\\/#website\"},\"primaryImageOfPage\":{\"@id\":\"https:\\\/\\\/www.praxisklinik-goethe10.de\\\/vitamine-nahrungsergaenzung\\\/#primaryimage\"},\"image\":{\"@id\":\"https:\\\/\\\/www.praxisklinik-goethe10.de\\\/vitamine-nahrungsergaenzung\\\/#primaryimage\"},\"thumbnailUrl\":\"https:\\\/\\\/www.praxisklinik-goethe10.de\\\/wp-content\\\/uploads\\\/2018\\\/03\\\/ZB159-12a.jpg\",\"datePublished\":\"2019-01-07T12:50:00+00:00\",\"dateModified\":\"2024-05-06T11:59:54+00:00\",\"description\":\"Metabolic Balance Frankfurt \u2713 Sie w\u00fcnschen sich Ihre Gewichtsprobleme dauerhaft zu l\u00f6sen und Ihre Gesundheit ganzheitlich zu f\u00f6rdern?\",\"breadcrumb\":{\"@id\":\"https:\\\/\\\/www.praxisklinik-goethe10.de\\\/vitamine-nahrungsergaenzung\\\/#breadcrumb\"},\"inLanguage\":\"en-GB\",\"potentialAction\":[{\"@type\":\"ReadAction\",\"target\":[\"https:\\\/\\\/www.praxisklinik-goethe10.de\\\/vitamine-nahrungsergaenzung\\\/\"]}]},{\"@type\":\"ImageObject\",\"inLanguage\":\"en-GB\",\"@id\":\"https:\\\/\\\/www.praxisklinik-goethe10.de\\\/vitamine-nahrungsergaenzung\\\/#primaryimage\",\"url\":\"https:\\\/\\\/www.praxisklinik-goethe10.de\\\/wp-content\\\/uploads\\\/2018\\\/03\\\/ZB159-12a.jpg\",\"contentUrl\":\"https:\\\/\\\/www.praxisklinik-goethe10.de\\\/wp-content\\\/uploads\\\/2018\\\/03\\\/ZB159-12a.jpg\",\"width\":770,\"height\":550,\"caption\":\"HNO Arzt Frankfurt | Metabolic Balance Frankfurt\"},{\"@type\":\"BreadcrumbList\",\"@id\":\"https:\\\/\\\/www.praxisklinik-goethe10.de\\\/vitamine-nahrungsergaenzung\\\/#breadcrumb\",\"itemListElement\":[{\"@type\":\"ListItem\",\"position\":1,\"name\":\"Startseite\",\"item\":\"https:\\\/\\\/www.praxisklinik-goethe10.de\\\/\"},{\"@type\":\"ListItem\",\"position\":2,\"name\":\"Vitamine \\\/ Nahrungserg\u00e4nzung\"}]},{\"@type\":\"WebSite\",\"@id\":\"https:\\\/\\\/www.praxisklinik-goethe10.de\\\/#website\",\"url\":\"https:\\\/\\\/www.praxisklinik-goethe10.de\\\/\",\"name\":\"HNO Frankfurt | Dr. Thomas Fischer\",\"description\":\"HNO Arzt Frankfurt\",\"publisher\":{\"@id\":\"https:\\\/\\\/www.praxisklinik-goethe10.de\\\/#organization\"},\"potentialAction\":[{\"@type\":\"SearchAction\",\"target\":{\"@type\":\"EntryPoint\",\"urlTemplate\":\"https:\\\/\\\/www.praxisklinik-goethe10.de\\\/?s={search_term_string}\"},\"query-input\":{\"@type\":\"PropertyValueSpecification\",\"valueRequired\":true,\"valueName\":\"search_term_string\"}}],\"inLanguage\":\"en-GB\"},{\"@type\":\"Organization\",\"@id\":\"https:\\\/\\\/www.praxisklinik-goethe10.de\\\/#organization\",\"name\":\"Praxisklinik Goethe 10\",\"url\":\"https:\\\/\\\/www.praxisklinik-goethe10.de\\\/\",\"logo\":{\"@type\":\"ImageObject\",\"inLanguage\":\"en-GB\",\"@id\":\"https:\\\/\\\/www.praxisklinik-goethe10.de\\\/#\\\/schema\\\/logo\\\/image\\\/\",\"url\":\"https:\\\/\\\/www.praxisklinik-goethe10.de\\\/wp-content\\\/uploads\\\/2018\\\/03\\\/dr-fischer-hno-frankfurt-slider.png\",\"contentUrl\":\"https:\\\/\\\/www.praxisklinik-goethe10.de\\\/wp-content\\\/uploads\\\/2018\\\/03\\\/dr-fischer-hno-frankfurt-slider.png\",\"width\":400,\"height\":200,\"caption\":\"Praxisklinik Goethe 10\"},\"image\":{\"@id\":\"https:\\\/\\\/www.praxisklinik-goethe10.de\\\/#\\\/schema\\\/logo\\\/image\\\/\"}}]}<\/script>\n<!-- \/ Yoast SEO plugin. -->","yoast_head_json":{"title":"Metabolic Balance Frankfurt - HNO Frankfurt | Dr Fischer","description":"Metabolic Balance Frankfurt \u2713 Would you like to solve your weight problems permanently and promote your health holistically?","robots":{"index":"index","follow":"follow","max-snippet":"max-snippet:-1","max-image-preview":"max-image-preview:large","max-video-preview":"max-video-preview:-1"},"canonical":"https:\/\/www.praxisklinik-goethe10.de\/en\/vitamins-food-supplement\/","og_locale":"en_GB","og_type":"article","og_title":"Metabolic Balance Frankfurt - HNO Frankfurt | Dr. Fischer","og_description":"Metabolic Balance Frankfurt \u2713 Sie w\u00fcnschen sich Ihre Gewichtsprobleme dauerhaft zu l\u00f6sen und Ihre Gesundheit ganzheitlich zu f\u00f6rdern?","og_url":"https:\/\/www.praxisklinik-goethe10.de\/en\/vitamins-food-supplement\/","og_site_name":"HNO Frankfurt | Dr. Thomas Fischer","article_modified_time":"2024-05-06T11:59:54+00:00","og_image":[{"width":770,"height":550,"url":"https:\/\/www.praxisklinik-goethe10.de\/wp-content\/uploads\/2018\/03\/ZB159-12a.jpg","type":"image\/jpeg"}],"twitter_card":"summary_large_image","twitter_misc":{"Estimated reading time":"7 minutes"},"schema":{"@context":"https:\/\/schema.org","@graph":[{"@type":"WebPage","@id":"https:\/\/www.praxisklinik-goethe10.de\/vitamine-nahrungsergaenzung\/","url":"https:\/\/www.praxisklinik-goethe10.de\/vitamine-nahrungsergaenzung\/","name":"Metabolic Balance Frankfurt - HNO Frankfurt | Dr Fischer","isPartOf":{"@id":"https:\/\/www.praxisklinik-goethe10.de\/#website"},"primaryImageOfPage":{"@id":"https:\/\/www.praxisklinik-goethe10.de\/vitamine-nahrungsergaenzung\/#primaryimage"},"image":{"@id":"https:\/\/www.praxisklinik-goethe10.de\/vitamine-nahrungsergaenzung\/#primaryimage"},"thumbnailUrl":"https:\/\/www.praxisklinik-goethe10.de\/wp-content\/uploads\/2018\/03\/ZB159-12a.jpg","datePublished":"2019-01-07T12:50:00+00:00","dateModified":"2024-05-06T11:59:54+00:00","description":"Metabolic Balance Frankfurt \u2713 Would you like to solve your weight problems permanently and promote your health holistically?","breadcrumb":{"@id":"https:\/\/www.praxisklinik-goethe10.de\/vitamine-nahrungsergaenzung\/#breadcrumb"},"inLanguage":"en-GB","potentialAction":[{"@type":"ReadAction","target":["https:\/\/www.praxisklinik-goethe10.de\/vitamine-nahrungsergaenzung\/"]}]},{"@type":"ImageObject","inLanguage":"en-GB","@id":"https:\/\/www.praxisklinik-goethe10.de\/vitamine-nahrungsergaenzung\/#primaryimage","url":"https:\/\/www.praxisklinik-goethe10.de\/wp-content\/uploads\/2018\/03\/ZB159-12a.jpg","contentUrl":"https:\/\/www.praxisklinik-goethe10.de\/wp-content\/uploads\/2018\/03\/ZB159-12a.jpg","width":770,"height":550,"caption":"HNO Arzt Frankfurt | Metabolic Balance Frankfurt"},{"@type":"BreadcrumbList","@id":"https:\/\/www.praxisklinik-goethe10.de\/vitamine-nahrungsergaenzung\/#breadcrumb","itemListElement":[{"@type":"ListItem","position":1,"name":"Startseite","item":"https:\/\/www.praxisklinik-goethe10.de\/"},{"@type":"ListItem","position":2,"name":"Vitamine \/ Nahrungserg\u00e4nzung"}]},{"@type":"WebSite","@id":"https:\/\/www.praxisklinik-goethe10.de\/#website","url":"https:\/\/www.praxisklinik-goethe10.de\/","name":"ENT Frankfurt | Dr Thomas Fischer","description":"ENT doctor Frankfurt","publisher":{"@id":"https:\/\/www.praxisklinik-goethe10.de\/#organization"},"potentialAction":[{"@type":"SearchAction","target":{"@type":"EntryPoint","urlTemplate":"https:\/\/www.praxisklinik-goethe10.de\/?s={search_term_string}"},"query-input":{"@type":"PropertyValueSpecification","valueRequired":true,"valueName":"search_term_string"}}],"inLanguage":"en-GB"},{"@type":"Organization","@id":"https:\/\/www.praxisklinik-goethe10.de\/#organization","name":"Goethe Clinic 10","url":"https:\/\/www.praxisklinik-goethe10.de\/","logo":{"@type":"ImageObject","inLanguage":"en-GB","@id":"https:\/\/www.praxisklinik-goethe10.de\/#\/schema\/logo\/image\/","url":"https:\/\/www.praxisklinik-goethe10.de\/wp-content\/uploads\/2018\/03\/dr-fischer-hno-frankfurt-slider.png","contentUrl":"https:\/\/www.praxisklinik-goethe10.de\/wp-content\/uploads\/2018\/03\/dr-fischer-hno-frankfurt-slider.png","width":400,"height":200,"caption":"Praxisklinik Goethe 10"},"image":{"@id":"https:\/\/www.praxisklinik-goethe10.de\/#\/schema\/logo\/image\/"}}]}},"_links":{"self":[{"href":"https:\/\/www.praxisklinik-goethe10.de\/en\/wp-json\/wp\/v2\/pages\/1457","targetHints":{"allow":["GET"]}}],"collection":[{"href":"https:\/\/www.praxisklinik-goethe10.de\/en\/wp-json\/wp\/v2\/pages"}],"about":[{"href":"https:\/\/www.praxisklinik-goethe10.de\/en\/wp-json\/wp\/v2\/types\/page"}],"author":[{"embeddable":true,"href":"https:\/\/www.praxisklinik-goethe10.de\/en\/wp-json\/wp\/v2\/users\/2"}],"replies":[{"embeddable":true,"href":"https:\/\/www.praxisklinik-goethe10.de\/en\/wp-json\/wp\/v2\/comments?post=1457"}],"version-history":[{"count":25,"href":"https:\/\/www.praxisklinik-goethe10.de\/en\/wp-json\/wp\/v2\/pages\/1457\/revisions"}],"predecessor-version":[{"id":3705,"href":"https:\/\/www.praxisklinik-goethe10.de\/en\/wp-json\/wp\/v2\/pages\/1457\/revisions\/3705"}],"wp:featuredmedia":[{"embeddable":true,"href":"https:\/\/www.praxisklinik-goethe10.de\/en\/wp-json\/wp\/v2\/media\/424"}],"wp:attachment":[{"href":"https:\/\/www.praxisklinik-goethe10.de\/en\/wp-json\/wp\/v2\/media?parent=1457"}],"curies":[{"name":"wp","href":"https:\/\/api.w.org\/{rel}","templated":true}]}}