{"id":3071,"date":"2023-02-23T12:08:44","date_gmt":"2023-02-23T11:08:44","guid":{"rendered":"https:\/\/www.praxisklinik-goethe10.de\/?page_id=3071"},"modified":"2023-02-23T12:35:01","modified_gmt":"2023-02-23T11:35:01","slug":"ear-correction-frankfurt","status":"publish","type":"page","link":"https:\/\/www.praxisklinik-goethe10.de\/en\/ear-correction-frankfurt\/","title":{"rendered":"Ear correction Frankfurt"},"content":{"rendered":"<div     data-q_header_style=\"dark\" class=\"vc_row wpb_row section vc_row-fluid  vc_custom_1669621880966\" style=' padding-top:20%px; text-align:left;'><div class=\"full_section_inner clearfix\"><div class=\"wpb_column vc_column_container vc_col-sm-12\"><div class=\"vc_column-inner\"><div class=\"wpb_wrapper\">\t<div class=\"vc_empty_space\"  style=\"height: 7rem\" ><span\r\n\t\t\tclass=\"vc_empty_space_inner\">\r\n\t\t\t<span class=\"empty_space_image\"  ><\/span>\r\n\t\t<\/span><\/div>\r\n\n\n\t<div class=\"wpb_text_column wpb_content_element\">\n\t\t<div class=\"wpb_wrapper\">\n\t\t\t<h1 style=\"text-align: center;\"><span style=\"color: #ffffff;\">Ear correction Frankfurt<\/span><\/h1>\n\n\t\t<\/div> \n\t<\/div> \t<div class=\"vc_empty_space\"  style=\"height: 6rem\" ><span\r\n\t\t\tclass=\"vc_empty_space_inner\">\r\n\t\t\t<span class=\"empty_space_image\"  ><\/span>\r\n\t\t<\/span><\/div>\r\n\n<\/div><\/div><\/div><\/div><\/div><div      class=\"vc_row wpb_row section vc_row-fluid  vc_custom_1658995739204 grid_section\" style=' text-align:left;'><div class=\"section_inner clearfix\"><div class='section_inner_margin clearfix'><div class=\"wpb_column vc_column_container vc_col-sm-12\"><div class=\"vc_column-inner\"><div class=\"wpb_wrapper\"><div      class=\"vc_row wpb_row section vc_row-fluid vc_inner  grid_section\" style=' text-align:left;'><div class=\"section_inner clearfix\"><div class='section_inner_margin clearfix'><div class=\"wpb_column vc_column_container vc_col-sm-12 vc_col-md-6\"><div class=\"vc_column-inner\"><div class=\"wpb_wrapper\">\n\t<div class=\"wpb_text_column wpb_content_element\">\n\t\t<div class=\"wpb_wrapper\">\n\t\t\t<p>Protruding ears can be a striking feature - and can also give a distinctive and interesting appearance (in a positive sense). But not everyone reacts favourably and kindly to \"sail ears\". Unfortunately, women\/girls and men\/boys with protruding ears are often insulted. Especially in children and adolescents, such teasing can lead to great psychological stress. But teasing often leaves its mark on adults too. If you have protruding ears and feel uncomfortable as a result, we can help you with an ear correction at our practice clinic in Frankfurt. This is a corrective surgical procedure that normalises the position of the ear.<\/p>\n\n\t\t<\/div> \n\t<\/div> \t<div class=\"vc_empty_space\"  style=\"height: 20px\" ><span\r\n\t\t\tclass=\"vc_empty_space_inner\">\r\n\t\t\t<span class=\"empty_space_image\"  ><\/span>\r\n\t\t<\/span><\/div>\r\n\n\n\t<div class=\"wpb_text_column wpb_content_element\">\n\t\t<div class=\"wpb_wrapper\">\n\t\t\t<h6>In our <a href=\"https:\/\/www.praxisklinik-goethe10.de\/en\/\">ENT practice clinic Goeteh10 in Frankfurt<\/a>\u00a0we have a lot of experience with this so-called otopexy. As we also know your <a href=\"\/en\/earrings-frankfurt\/\">Put on your ears<\/a>\u00a0are explained below.<\/h6>\n\n\t\t<\/div> \n\t<\/div> \t<div class=\"vc_empty_space\"  style=\"height: 40px\" ><span\r\n\t\t\tclass=\"vc_empty_space_inner\">\r\n\t\t\t<span class=\"empty_space_image\"  ><\/span>\r\n\t\t<\/span><\/div>\r\n\n<\/div><\/div><\/div><div class=\"wpb_column vc_column_container vc_col-sm-12 vc_col-md-6\"><div class=\"vc_column-inner\"><div class=\"wpb_wrapper\">\r\n\t<div class=\"wpb_single_image wpb_content_element vc_align_left\">\r\n\t\t<div class=\"wpb_wrapper\">\r\n\t\t\t\r\n\t\t\t<div class=\"vc_single_image-wrapper   vc_box_border_grey\"><img loading=\"lazy\" decoding=\"async\" width=\"770\" height=\"550\" src=\"https:\/\/www.praxisklinik-goethe10.de\/wp-content\/uploads\/2023\/02\/0148_FP_Ohrenkorrektur-Frankfurt_01.jpg\" class=\"vc_single_image-img attachment-full\" alt=\"Ear correction Frankfurt\" srcset=\"https:\/\/www.praxisklinik-goethe10.de\/wp-content\/uploads\/2023\/02\/0148_FP_Ohrenkorrektur-Frankfurt_01.jpg 770w, https:\/\/www.praxisklinik-goethe10.de\/wp-content\/uploads\/2023\/02\/0148_FP_Ohrenkorrektur-Frankfurt_01-300x214.jpg 300w, https:\/\/www.praxisklinik-goethe10.de\/wp-content\/uploads\/2023\/02\/0148_FP_Ohrenkorrektur-Frankfurt_01-768x549.jpg 768w, https:\/\/www.praxisklinik-goethe10.de\/wp-content\/uploads\/2023\/02\/0148_FP_Ohrenkorrektur-Frankfurt_01-700x500.jpg 700w\" sizes=\"auto, (max-width: 770px) 100vw, 770px\" \/><\/div>\r\n\t\t<\/div>\r\n\t<\/div>\r\n\t<div class=\"vc_empty_space\"  style=\"height: 40px\" ><span\r\n\t\t\tclass=\"vc_empty_space_inner\">\r\n\t\t\t<span class=\"empty_space_image\"  ><\/span>\r\n\t\t<\/span><\/div>\r\n\n<\/div><\/div><\/div><div class=\"wpb_column vc_column_container vc_col-sm-12\"><div class=\"vc_column-inner\"><div class=\"wpb_wrapper\"><div class=\"separator  normal\" style=\"\"><\/div>\n<\/div><\/div><\/div><\/div><\/div><\/div><div      class=\"vc_row wpb_row section vc_row-fluid vc_inner\" style=' text-align:left;'><div class=\"full_section_inner clearfix\"><div class=\"wpb_column vc_column_container vc_col-sm-12 vc_col-md-6\"><div class=\"vc_column-inner\"><div class=\"wpb_wrapper\">\n\t<div class=\"wpb_text_column wpb_content_element\">\n\t\t<div class=\"wpb_wrapper\">\n\t\t\t<h3>How protruding ears can develop<\/h3>\n<p>There are two typical causes for the development of sail ears:<\/p>\n<ul>\n<li>If the angle between <a href=\"https:\/\/de.wikipedia.org\/wiki\/Ohrmuschel\">Auricle<\/a> and skull bones are greater than 30 degrees, the ear is said to be protruding.<\/li>\n<li>If the distance between the edge of the ear and the head is greater than 2.8 cm, the ears are also referred to as sail ears.<\/li>\n<\/ul>\n<p>There are several possible causes for this deviation. In most cases, the genetic component also plays a role. This means that the children inherit the shape and relief of the ears from their parents - as well as other characteristics such as the <a href=\"\/en\/which-nose-shapes-can-be-corrected\/\">Nose shape<\/a>.<\/p>\n\n\t\t<\/div> \n\t<\/div> \t<div class=\"vc_empty_space\"  style=\"height: 40px\" ><span\r\n\t\t\tclass=\"vc_empty_space_inner\">\r\n\t\t\t<span class=\"empty_space_image\"  ><\/span>\r\n\t\t<\/span><\/div>\r\n\n<\/div><\/div><\/div><div class=\"wpb_column vc_column_container vc_col-sm-12 vc_col-md-6\"><div class=\"vc_column-inner\"><div class=\"wpb_wrapper\">\n\t<div class=\"wpb_text_column wpb_content_element\">\n\t\t<div class=\"wpb_wrapper\">\n\t\t\t<h3>Ear correction Frankfurt: procedure of an otoplasty<\/h3>\n<p>At our ENT clinic in Frankfurt, we can correct protruding ears with an ear correction. During the procedure, you will lie on your back with your head slightly elevated. We disinfect your face and hairline and cover everything except the surgical area with a sterile cloth.<\/p>\n<p>To access the ear cartilage, we make an incision behind the ear. We use special surgical instruments to thin out the cartilage. This allows us to bring the ears into the correct position. We fix the newly formed cartilage with absorbable sutures and close the incision inconspicuously with a self-dissolving suture.<\/p>\n<p>We will be happy to discuss how ear correction can be performed in your individual case in a personal consultation.<\/p>\n\n\t\t<\/div> \n\t<\/div> \t<div class=\"vc_empty_space\"  style=\"height: 20px\" ><span\r\n\t\t\tclass=\"vc_empty_space_inner\">\r\n\t\t\t<span class=\"empty_space_image\"  ><\/span>\r\n\t\t<\/span><\/div>\r\n\n<\/div><\/div><\/div><div class=\"wpb_column vc_column_container vc_col-sm-12\"><div class=\"vc_column-inner\"><div class=\"wpb_wrapper\"><div class=\"separator  normal\" style=\"\"><\/div>\n<\/div><\/div><\/div><\/div><\/div><div      class=\"vc_row wpb_row section vc_row-fluid vc_inner\" style=' text-align:left;'><div class=\"full_section_inner clearfix\"><div class=\"wpb_column vc_column_container vc_col-sm-12 vc_col-md-6\"><div class=\"vc_column-inner\"><div class=\"wpb_wrapper\">\n\t<div class=\"wpb_text_column wpb_content_element\">\n\t\t<div class=\"wpb_wrapper\">\n\t\t\t<h3>Ear correction Frankfurt: At what age is it possible to have ears corrected?<\/h3>\n<p>Parents of children with protruding ears would like to protect them from teasing and verbal abuse. This is why they often consider having their daughter or son's ears pinned at pre-school age. Ear corrections can usually be carried out between the ages of four and six. By this time, the cartilage has reached a size of around 70 per cent. It is also firm enough to be operated on. Of course, ear correction can also be performed during puberty or later. In principle, there is no upper age limit if the patient is in good health.<\/p>\n\n\t\t<\/div> \n\t<\/div> \t<div class=\"vc_empty_space\"  style=\"height: 40px\" ><span\r\n\t\t\tclass=\"vc_empty_space_inner\">\r\n\t\t\t<span class=\"empty_space_image\"  ><\/span>\r\n\t\t<\/span><\/div>\r\n\n<\/div><\/div><\/div><div class=\"wpb_column vc_column_container vc_col-sm-12 vc_col-md-6\"><div class=\"vc_column-inner\"><div class=\"wpb_wrapper\">\n\t<div class=\"wpb_text_column wpb_content_element\">\n\t\t<div class=\"wpb_wrapper\">\n\t\t\t<h3>Ear correction for children: Please note!<\/h3>\n<p>Please do not decide over your child's head! Even if ear correction is possible at a young age, you should not have your child operated on because you want it. From a psychological point of view, surgery should only be performed if the child actively wants it. If the protruding ears do not bother the child, an otopexy is neither ethically justified nor legally permissible. This means that we do not operate on the child at the sole request of the parents.<\/p>\n\n\t\t<\/div> \n\t<\/div> \t<div class=\"vc_empty_space\"  style=\"height: 20px\" ><span\r\n\t\t\tclass=\"vc_empty_space_inner\">\r\n\t\t\t<span class=\"empty_space_image\"  ><\/span>\r\n\t\t<\/span><\/div>\r\n\n<\/div><\/div><\/div><\/div><\/div><div class=\"separator  normal\" style=\"\"><\/div>\n\t<div class=\"vc_empty_space\"  style=\"height: 20px\" ><span\r\n\t\t\tclass=\"vc_empty_space_inner\">\r\n\t\t\t<span class=\"empty_space_image\"  ><\/span>\r\n\t\t<\/span><\/div>\r\n\n<\/div><\/div><\/div><\/div><\/div><\/div><div      class=\"vc_row wpb_row section vc_row-fluid  vc_custom_1669622083564 grid_section\" style=' text-align:left;'><div class=\"section_inner clearfix\"><div class='section_inner_margin clearfix'><div class=\"wpb_column vc_column_container vc_col-sm-12 vc_col-md-6\"><div class=\"vc_column-inner\"><div class=\"wpb_wrapper\">\n\t<div class=\"wpb_text_column wpb_content_element\">\n\t\t<div class=\"wpb_wrapper\">\n\t\t\t<h3>Ear correction Frankfurt: Examination and treatment by your ENT specialist Dr Thomas Fischer<\/h3>\n<p>Our ENT clinic is located at Goethestra\u00dfe 10 in Frankfurt - right in the city centre and just a few minutes' walk from the Hauptwache stop. Goethestra\u00dfe runs parallel to Neue Rothofstra\u00dfe and Gro\u00dfe Bockenheimer Stra\u00dfe (also known as \"Fre\u00dfgass\"). The practice is managed by <a href=\"\/en\/dr-fischer\/\">Dr Thomas Fischer<\/a>. As an experienced <a href=\"\/en\/otolaryngologist-frankfurt\/\">Ear, nose and throat specialist<\/a>\u00a0As a renowned surgeon, he is a competent partner when it comes to ear corrections in Frankfurt.<\/p>\n\n\t\t<\/div> \n\t<\/div> \t<div class=\"vc_empty_space\"  style=\"height: 40px\" ><span\r\n\t\t\tclass=\"vc_empty_space_inner\">\r\n\t\t\t<span class=\"empty_space_image\"  ><\/span>\r\n\t\t<\/span><\/div>\r\n\n<\/div><\/div><\/div><div class=\"wpb_column vc_column_container vc_col-sm-12 vc_col-md-6\"><div class=\"vc_column-inner\"><div class=\"wpb_wrapper\"><div      class=\"vc_row wpb_row section vc_row-fluid vc_inner  vc_custom_1652768129858\" style=' text-align:left;'><div class=\"full_section_inner clearfix\"><div class=\"wpb_column vc_column_container vc_col-sm-12\"><div class=\"vc_column-inner vc_custom_1652768141385\"><div class=\"wpb_wrapper\">\t<div class=\"vc_empty_space\"  style=\"height: 20px\" ><span\r\n\t\t\tclass=\"vc_empty_space_inner\">\r\n\t\t\t<span class=\"empty_space_image\"  ><\/span>\r\n\t\t<\/span><\/div>\r\n\n\n\t<div class=\"wpb_text_column wpb_content_element\">\n\t\t<div class=\"wpb_wrapper\">\n\t\t\t<h3><span style=\"color: #ffffff;\">Make an appointment now<\/span><\/h3>\n<p><span style=\"color: #ffffff;\">Are you interested in a consultation? We will be happy to take the time to answer your questions in detail.<\/span><\/p>\n<p><span style=\"color: #ffffff;\">You can reach our practice at: <a style=\"color: #ffffff;\" href=\"tel:+496929924660\">069-2992466-0<\/a> or via our <a style=\"color: #ffffff;\" href=\"https:\/\/www.praxisklinik-goethe10.de\/en\/contact\/\">Contact form<\/a>. We usually reply within 1-2 working days.<\/span><\/p>\n\n\t\t<\/div> \n\t<\/div> \t<div class=\"vc_empty_space\"  style=\"height: 40px\" ><span\r\n\t\t\tclass=\"vc_empty_space_inner\">\r\n\t\t\t<span class=\"empty_space_image\"  ><\/span>\r\n\t\t<\/span><\/div>\r\n\n<a  itemprop=\"url\" href=\"https:\/\/www.doctolib.de\/praxis\/frankfurt-am-main\/praxisklinik-goethe10\" target=\"_blank\"  class=\"qbutton  white default\" style=\"\">Make an appointment<i class=\"qode_icon_font_awesome fa fa-angle-double-right qode_button_icon_element\" style=\"\" ><\/i><\/a>\t<div class=\"vc_empty_space\"  style=\"height: 20px\" ><span\r\n\t\t\tclass=\"vc_empty_space_inner\">\r\n\t\t\t<span class=\"empty_space_image\"  ><\/span>\r\n\t\t<\/span><\/div>\r\n\n<\/div><\/div><\/div><\/div><\/div><\/div><\/div><\/div><\/div><\/div><\/div><div      class=\"vc_row wpb_row section vc_row-fluid  grid_section\" style=' text-align:left;'><div class=\"section_inner clearfix\"><div class='section_inner_margin clearfix'><div class=\"wpb_column vc_column_container vc_col-sm-12\"><div class=\"vc_column-inner\"><div class=\"wpb_wrapper\">\n\t<div class=\"wpb_text_column wpb_content_element\">\n\t\t<div class=\"wpb_wrapper\">\n\t\t\t<p><small>\u00a9 \"a charming, handsome man stands on a beige background in a sweatshirt and pulls his ears to the sides with a pleasant smile\" by Tatiana, stock.adobe.com<\/small><\/p>\n\n\t\t<\/div> \n\t<\/div> \t<div class=\"vc_empty_space\"  style=\"height: 80px\" ><span\r\n\t\t\tclass=\"vc_empty_space_inner\">\r\n\t\t\t<span class=\"empty_space_image\"  ><\/span>\r\n\t\t<\/span><\/div>\r\n\n<\/div><\/div><\/div><\/div><\/div><\/div>","protected":false},"excerpt":{"rendered":"Ear correction Frankfurt Protruding ears can be a striking feature - and can also give a distinctive and interesting appearance (in a positive sense). But not everyone reacts favourably and kindly to \u201esail ears\u201c. Women\/girls and men\/boys with protruding ears are unfortunately often insulted. Especially with children and...","protected":false},"author":6,"featured_media":3084,"parent":0,"menu_order":0,"comment_status":"closed","ping_status":"closed","template":"full_width.php","meta":{"footnotes":""},"class_list":["post-3071","page","type-page","status-publish","has-post-thumbnail","hentry"],"yoast_head":"<!-- This site is optimized with the Yoast SEO plugin v27.3 - https:\/\/yoast.com\/product\/yoast-seo-wordpress\/ -->\n<title>Ohrenkorrektur Frankfurt | OP bei Dr Thomas Fischer<\/title>\n<meta name=\"description\" content=\"Ohrenkorrektur Frankfurt \u2713 Dabei handelt es sich um einen korrigierenden chirurgischen Eingriff, der die Stellung des Ohres normalisiert.\" \/>\n<meta name=\"robots\" content=\"index, follow, max-snippet:-1, max-image-preview:large, max-video-preview:-1\" \/>\n<link rel=\"canonical\" href=\"https:\/\/www.praxisklinik-goethe10.de\/en\/ear-correction-frankfurt\/\" \/>\n<meta property=\"og:locale\" content=\"en_GB\" \/>\n<meta property=\"og:type\" content=\"article\" \/>\n<meta property=\"og:title\" content=\"Ohrenkorrektur Frankfurt | OP bei Dr Thomas Fischer\" \/>\n<meta property=\"og:description\" content=\"Ohrenkorrektur Frankfurt \u2713 Dabei handelt es sich um einen korrigierenden chirurgischen Eingriff, der die Stellung des Ohres normalisiert.\" \/>\n<meta property=\"og:url\" content=\"https:\/\/www.praxisklinik-goethe10.de\/en\/ear-correction-frankfurt\/\" \/>\n<meta property=\"og:site_name\" content=\"HNO Frankfurt | Dr. Thomas Fischer\" \/>\n<meta property=\"article:modified_time\" content=\"2023-02-23T11:35:01+00:00\" \/>\n<meta property=\"og:image\" content=\"https:\/\/www.praxisklinik-goethe10.de\/wp-content\/uploads\/2023\/02\/0148_FP_Ohrenkorrektur-Frankfurt_01.jpg\" \/>\n\t<meta property=\"og:image:width\" content=\"770\" \/>\n\t<meta property=\"og:image:height\" content=\"550\" \/>\n\t<meta property=\"og:image:type\" content=\"image\/jpeg\" \/>\n<meta name=\"twitter:card\" content=\"summary_large_image\" \/>\n<meta name=\"twitter:label1\" content=\"Estimated reading time\" \/>\n\t<meta name=\"twitter:data1\" content=\"5 minutes\" \/>\n<script type=\"application\/ld+json\" class=\"yoast-schema-graph\">{\"@context\":\"https:\\\/\\\/schema.org\",\"@graph\":[{\"@type\":\"WebPage\",\"@id\":\"https:\\\/\\\/www.praxisklinik-goethe10.de\\\/ohrenkorrektur-frankfurt\\\/\",\"url\":\"https:\\\/\\\/www.praxisklinik-goethe10.de\\\/ohrenkorrektur-frankfurt\\\/\",\"name\":\"Ohrenkorrektur Frankfurt | OP bei Dr Thomas Fischer\",\"isPartOf\":{\"@id\":\"https:\\\/\\\/www.praxisklinik-goethe10.de\\\/#website\"},\"primaryImageOfPage\":{\"@id\":\"https:\\\/\\\/www.praxisklinik-goethe10.de\\\/ohrenkorrektur-frankfurt\\\/#primaryimage\"},\"image\":{\"@id\":\"https:\\\/\\\/www.praxisklinik-goethe10.de\\\/ohrenkorrektur-frankfurt\\\/#primaryimage\"},\"thumbnailUrl\":\"https:\\\/\\\/www.praxisklinik-goethe10.de\\\/wp-content\\\/uploads\\\/2023\\\/02\\\/0148_FP_Ohrenkorrektur-Frankfurt_01.jpg\",\"datePublished\":\"2023-02-23T11:08:44+00:00\",\"dateModified\":\"2023-02-23T11:35:01+00:00\",\"description\":\"Ohrenkorrektur Frankfurt \u2713 Dabei handelt es sich um einen korrigierenden chirurgischen Eingriff, der die Stellung des Ohres normalisiert.\",\"breadcrumb\":{\"@id\":\"https:\\\/\\\/www.praxisklinik-goethe10.de\\\/ohrenkorrektur-frankfurt\\\/#breadcrumb\"},\"inLanguage\":\"en-GB\",\"potentialAction\":[{\"@type\":\"ReadAction\",\"target\":[\"https:\\\/\\\/www.praxisklinik-goethe10.de\\\/ohrenkorrektur-frankfurt\\\/\"]}]},{\"@type\":\"ImageObject\",\"inLanguage\":\"en-GB\",\"@id\":\"https:\\\/\\\/www.praxisklinik-goethe10.de\\\/ohrenkorrektur-frankfurt\\\/#primaryimage\",\"url\":\"https:\\\/\\\/www.praxisklinik-goethe10.de\\\/wp-content\\\/uploads\\\/2023\\\/02\\\/0148_FP_Ohrenkorrektur-Frankfurt_01.jpg\",\"contentUrl\":\"https:\\\/\\\/www.praxisklinik-goethe10.de\\\/wp-content\\\/uploads\\\/2023\\\/02\\\/0148_FP_Ohrenkorrektur-Frankfurt_01.jpg\",\"width\":770,\"height\":550,\"caption\":\"Ohrenkorrektur Frankfurt\"},{\"@type\":\"BreadcrumbList\",\"@id\":\"https:\\\/\\\/www.praxisklinik-goethe10.de\\\/ohrenkorrektur-frankfurt\\\/#breadcrumb\",\"itemListElement\":[{\"@type\":\"ListItem\",\"position\":1,\"name\":\"Startseite\",\"item\":\"https:\\\/\\\/www.praxisklinik-goethe10.de\\\/\"},{\"@type\":\"ListItem\",\"position\":2,\"name\":\"Ohrenkorrektur Frankfurt\"}]},{\"@type\":\"WebSite\",\"@id\":\"https:\\\/\\\/www.praxisklinik-goethe10.de\\\/#website\",\"url\":\"https:\\\/\\\/www.praxisklinik-goethe10.de\\\/\",\"name\":\"HNO Frankfurt | Dr. Thomas Fischer\",\"description\":\"HNO Arzt Frankfurt\",\"publisher\":{\"@id\":\"https:\\\/\\\/www.praxisklinik-goethe10.de\\\/#organization\"},\"potentialAction\":[{\"@type\":\"SearchAction\",\"target\":{\"@type\":\"EntryPoint\",\"urlTemplate\":\"https:\\\/\\\/www.praxisklinik-goethe10.de\\\/?s={search_term_string}\"},\"query-input\":{\"@type\":\"PropertyValueSpecification\",\"valueRequired\":true,\"valueName\":\"search_term_string\"}}],\"inLanguage\":\"en-GB\"},{\"@type\":\"Organization\",\"@id\":\"https:\\\/\\\/www.praxisklinik-goethe10.de\\\/#organization\",\"name\":\"Praxisklinik Goethe 10\",\"url\":\"https:\\\/\\\/www.praxisklinik-goethe10.de\\\/\",\"logo\":{\"@type\":\"ImageObject\",\"inLanguage\":\"en-GB\",\"@id\":\"https:\\\/\\\/www.praxisklinik-goethe10.de\\\/#\\\/schema\\\/logo\\\/image\\\/\",\"url\":\"https:\\\/\\\/www.praxisklinik-goethe10.de\\\/wp-content\\\/uploads\\\/2018\\\/03\\\/dr-fischer-hno-frankfurt-slider.png\",\"contentUrl\":\"https:\\\/\\\/www.praxisklinik-goethe10.de\\\/wp-content\\\/uploads\\\/2018\\\/03\\\/dr-fischer-hno-frankfurt-slider.png\",\"width\":400,\"height\":200,\"caption\":\"Praxisklinik Goethe 10\"},\"image\":{\"@id\":\"https:\\\/\\\/www.praxisklinik-goethe10.de\\\/#\\\/schema\\\/logo\\\/image\\\/\"}}]}<\/script>\n<!-- \/ Yoast SEO plugin. -->","yoast_head_json":{"title":"Ear correction Frankfurt | OP with Dr Thomas Fischer","description":"Ear correction Frankfurt \u2713 This is a corrective surgical procedure that normalises the position of the ear.","robots":{"index":"index","follow":"follow","max-snippet":"max-snippet:-1","max-image-preview":"max-image-preview:large","max-video-preview":"max-video-preview:-1"},"canonical":"https:\/\/www.praxisklinik-goethe10.de\/en\/ear-correction-frankfurt\/","og_locale":"en_GB","og_type":"article","og_title":"Ohrenkorrektur Frankfurt | OP bei Dr Thomas Fischer","og_description":"Ohrenkorrektur Frankfurt \u2713 Dabei handelt es sich um einen korrigierenden chirurgischen Eingriff, der die Stellung des Ohres normalisiert.","og_url":"https:\/\/www.praxisklinik-goethe10.de\/en\/ear-correction-frankfurt\/","og_site_name":"HNO Frankfurt | Dr. Thomas Fischer","article_modified_time":"2023-02-23T11:35:01+00:00","og_image":[{"width":770,"height":550,"url":"https:\/\/www.praxisklinik-goethe10.de\/wp-content\/uploads\/2023\/02\/0148_FP_Ohrenkorrektur-Frankfurt_01.jpg","type":"image\/jpeg"}],"twitter_card":"summary_large_image","twitter_misc":{"Estimated reading time":"5 minutes"},"schema":{"@context":"https:\/\/schema.org","@graph":[{"@type":"WebPage","@id":"https:\/\/www.praxisklinik-goethe10.de\/ohrenkorrektur-frankfurt\/","url":"https:\/\/www.praxisklinik-goethe10.de\/ohrenkorrektur-frankfurt\/","name":"Ear correction Frankfurt | OP with Dr Thomas Fischer","isPartOf":{"@id":"https:\/\/www.praxisklinik-goethe10.de\/#website"},"primaryImageOfPage":{"@id":"https:\/\/www.praxisklinik-goethe10.de\/ohrenkorrektur-frankfurt\/#primaryimage"},"image":{"@id":"https:\/\/www.praxisklinik-goethe10.de\/ohrenkorrektur-frankfurt\/#primaryimage"},"thumbnailUrl":"https:\/\/www.praxisklinik-goethe10.de\/wp-content\/uploads\/2023\/02\/0148_FP_Ohrenkorrektur-Frankfurt_01.jpg","datePublished":"2023-02-23T11:08:44+00:00","dateModified":"2023-02-23T11:35:01+00:00","description":"Ear correction Frankfurt \u2713 This is a corrective surgical procedure that normalises the position of the ear.","breadcrumb":{"@id":"https:\/\/www.praxisklinik-goethe10.de\/ohrenkorrektur-frankfurt\/#breadcrumb"},"inLanguage":"en-GB","potentialAction":[{"@type":"ReadAction","target":["https:\/\/www.praxisklinik-goethe10.de\/ohrenkorrektur-frankfurt\/"]}]},{"@type":"ImageObject","inLanguage":"en-GB","@id":"https:\/\/www.praxisklinik-goethe10.de\/ohrenkorrektur-frankfurt\/#primaryimage","url":"https:\/\/www.praxisklinik-goethe10.de\/wp-content\/uploads\/2023\/02\/0148_FP_Ohrenkorrektur-Frankfurt_01.jpg","contentUrl":"https:\/\/www.praxisklinik-goethe10.de\/wp-content\/uploads\/2023\/02\/0148_FP_Ohrenkorrektur-Frankfurt_01.jpg","width":770,"height":550,"caption":"Ohrenkorrektur Frankfurt"},{"@type":"BreadcrumbList","@id":"https:\/\/www.praxisklinik-goethe10.de\/ohrenkorrektur-frankfurt\/#breadcrumb","itemListElement":[{"@type":"ListItem","position":1,"name":"Startseite","item":"https:\/\/www.praxisklinik-goethe10.de\/"},{"@type":"ListItem","position":2,"name":"Ohrenkorrektur Frankfurt"}]},{"@type":"WebSite","@id":"https:\/\/www.praxisklinik-goethe10.de\/#website","url":"https:\/\/www.praxisklinik-goethe10.de\/","name":"ENT Frankfurt | Dr Thomas Fischer","description":"ENT doctor Frankfurt","publisher":{"@id":"https:\/\/www.praxisklinik-goethe10.de\/#organization"},"potentialAction":[{"@type":"SearchAction","target":{"@type":"EntryPoint","urlTemplate":"https:\/\/www.praxisklinik-goethe10.de\/?s={search_term_string}"},"query-input":{"@type":"PropertyValueSpecification","valueRequired":true,"valueName":"search_term_string"}}],"inLanguage":"en-GB"},{"@type":"Organization","@id":"https:\/\/www.praxisklinik-goethe10.de\/#organization","name":"Goethe Clinic 10","url":"https:\/\/www.praxisklinik-goethe10.de\/","logo":{"@type":"ImageObject","inLanguage":"en-GB","@id":"https:\/\/www.praxisklinik-goethe10.de\/#\/schema\/logo\/image\/","url":"https:\/\/www.praxisklinik-goethe10.de\/wp-content\/uploads\/2018\/03\/dr-fischer-hno-frankfurt-slider.png","contentUrl":"https:\/\/www.praxisklinik-goethe10.de\/wp-content\/uploads\/2018\/03\/dr-fischer-hno-frankfurt-slider.png","width":400,"height":200,"caption":"Praxisklinik Goethe 10"},"image":{"@id":"https:\/\/www.praxisklinik-goethe10.de\/#\/schema\/logo\/image\/"}}]}},"_links":{"self":[{"href":"https:\/\/www.praxisklinik-goethe10.de\/en\/wp-json\/wp\/v2\/pages\/3071","targetHints":{"allow":["GET"]}}],"collection":[{"href":"https:\/\/www.praxisklinik-goethe10.de\/en\/wp-json\/wp\/v2\/pages"}],"about":[{"href":"https:\/\/www.praxisklinik-goethe10.de\/en\/wp-json\/wp\/v2\/types\/page"}],"author":[{"embeddable":true,"href":"https:\/\/www.praxisklinik-goethe10.de\/en\/wp-json\/wp\/v2\/users\/6"}],"replies":[{"embeddable":true,"href":"https:\/\/www.praxisklinik-goethe10.de\/en\/wp-json\/wp\/v2\/comments?post=3071"}],"version-history":[{"count":11,"href":"https:\/\/www.praxisklinik-goethe10.de\/en\/wp-json\/wp\/v2\/pages\/3071\/revisions"}],"predecessor-version":[{"id":3085,"href":"https:\/\/www.praxisklinik-goethe10.de\/en\/wp-json\/wp\/v2\/pages\/3071\/revisions\/3085"}],"wp:featuredmedia":[{"embeddable":true,"href":"https:\/\/www.praxisklinik-goethe10.de\/en\/wp-json\/wp\/v2\/media\/3084"}],"wp:attachment":[{"href":"https:\/\/www.praxisklinik-goethe10.de\/en\/wp-json\/wp\/v2\/media?parent=3071"}],"curies":[{"name":"wp","href":"https:\/\/api.w.org\/{rel}","templated":true}]}}