{"id":3295,"date":"2023-07-03T10:29:01","date_gmt":"2023-07-03T08:29:01","guid":{"rendered":"https:\/\/www.praxisklinik-goethe10.de\/?page_id=3295"},"modified":"2023-08-17T16:09:32","modified_gmt":"2023-08-17T14:09:32","slug":"ear-specialist-frankfurt","status":"publish","type":"page","link":"https:\/\/www.praxisklinik-goethe10.de\/en\/ear-specialist-frankfurt\/","title":{"rendered":"Ear specialist Frankfurt"},"content":{"rendered":"<div     data-q_header_style=\"dark\" class=\"vc_row wpb_row section vc_row-fluid  vc_custom_1599134390365\" style=' padding-top:20%px; text-align:left;'><div class=\"full_section_inner clearfix\"><div class=\"wpb_column vc_column_container vc_col-sm-12\"><div class=\"vc_column-inner\"><div class=\"wpb_wrapper\">\t<div class=\"vc_empty_space\"  style=\"height: 8rem\" ><span\r\n\t\t\tclass=\"vc_empty_space_inner\">\r\n\t\t\t<span class=\"empty_space_image\"  ><\/span>\r\n\t\t<\/span><\/div>\r\n\n\n\t<div class=\"wpb_text_column wpb_content_element\">\n\t\t<div class=\"wpb_wrapper\">\n\t\t\t<h1 style=\"text-align: center;\"><span style=\"color: #ffffff;\">Ear specialist Frankfurt<\/span><\/h1>\n\n\t\t<\/div> \n\t<\/div> \t<div class=\"vc_empty_space\"  style=\"height: 6rem\" ><span\r\n\t\t\tclass=\"vc_empty_space_inner\">\r\n\t\t\t<span class=\"empty_space_image\"  ><\/span>\r\n\t\t<\/span><\/div>\r\n\n<\/div><\/div><\/div><\/div><\/div><div      class=\"vc_row wpb_row section vc_row-fluid  vc_custom_1658995739204 grid_section\" style=' text-align:left;'><div class=\"section_inner clearfix\"><div class='section_inner_margin clearfix'><div class=\"wpb_column vc_column_container vc_col-sm-12\"><div class=\"vc_column-inner\"><div class=\"wpb_wrapper\"><div      class=\"vc_row wpb_row section vc_row-fluid vc_inner  grid_section\" style=' text-align:left;'><div class=\"section_inner clearfix\"><div class='section_inner_margin clearfix'><div class=\"wpb_column vc_column_container vc_col-sm-12 vc_col-md-6\"><div class=\"vc_column-inner\"><div class=\"wpb_wrapper\">\n\t<div class=\"wpb_text_column wpb_content_element\">\n\t\t<div class=\"wpb_wrapper\">\n\t\t\t<p>Our ears are fascinating and versatile. They play a crucial role in our lives. These amazing sensory organs enable us to experience the world in all its acoustic facets. However, our ears are not just for hearing, they also make a significant contribution to our balance and spatial perception. They also have an aesthetic aspect and characterise the attractiveness of the face. If the ears are protruding, many people can find this visually disturbing. If you have problems with your hearing, suffer from pain and dizziness or are bothered by the appearance of your ears, we are at your service in our <a href=\"https:\/\/www.praxisklinik-goethe10.de\/en\/\">ENT practice clinic Goethe10 in Frankfurt<\/a> there for you.<\/p>\n\n\t\t<\/div> \n\t<\/div> \t<div class=\"vc_empty_space\"  style=\"height: 20px\" ><span\r\n\t\t\tclass=\"vc_empty_space_inner\">\r\n\t\t\t<span class=\"empty_space_image\"  ><\/span>\r\n\t\t<\/span><\/div>\r\n\n\n\t<div class=\"wpb_text_column wpb_content_element\">\n\t\t<div class=\"wpb_wrapper\">\n\t\t\t<h6><a href=\"\/en\/dr-fischer\/\">Dr Thomas Fischer<\/a> specialises in the treatment of ear diseases and aesthetic surgery in the ear area. With his expertise and surgical skills, he is there for you.<\/h6>\n\n\t\t<\/div> \n\t<\/div> \t<div class=\"vc_empty_space\"  style=\"height: 40px\" ><span\r\n\t\t\tclass=\"vc_empty_space_inner\">\r\n\t\t\t<span class=\"empty_space_image\"  ><\/span>\r\n\t\t<\/span><\/div>\r\n\n<\/div><\/div><\/div><div class=\"wpb_column vc_column_container vc_col-sm-12 vc_col-md-6\"><div class=\"vc_column-inner\"><div class=\"wpb_wrapper\">\r\n\t<div class=\"wpb_single_image wpb_content_element vc_align_left\">\r\n\t\t<div class=\"wpb_wrapper\">\r\n\t\t\t\r\n\t\t\t<div class=\"vc_single_image-wrapper   vc_box_border_grey\"><img loading=\"lazy\" decoding=\"async\" width=\"770\" height=\"550\" src=\"https:\/\/www.praxisklinik-goethe10.de\/wp-content\/uploads\/2018\/03\/ZB159-01b.jpg\" class=\"vc_single_image-img attachment-full\" alt=\"ENT doctor Frankfurt | Experience ENT Frankfurt | Ear specialist Frankfurt\" srcset=\"https:\/\/www.praxisklinik-goethe10.de\/wp-content\/uploads\/2018\/03\/ZB159-01b.jpg 770w, https:\/\/www.praxisklinik-goethe10.de\/wp-content\/uploads\/2018\/03\/ZB159-01b-300x214.jpg 300w, https:\/\/www.praxisklinik-goethe10.de\/wp-content\/uploads\/2018\/03\/ZB159-01b-768x549.jpg 768w, https:\/\/www.praxisklinik-goethe10.de\/wp-content\/uploads\/2018\/03\/ZB159-01b-700x500.jpg 700w\" sizes=\"auto, (max-width: 770px) 100vw, 770px\" \/><\/div>\r\n\t\t<\/div>\r\n\t<\/div>\r\n\t<div class=\"vc_empty_space\"  style=\"height: 40px\" ><span\r\n\t\t\tclass=\"vc_empty_space_inner\">\r\n\t\t\t<span class=\"empty_space_image\"  ><\/span>\r\n\t\t<\/span><\/div>\r\n\n<\/div><\/div><\/div><div class=\"wpb_column vc_column_container vc_col-sm-12\"><div class=\"vc_column-inner\"><div class=\"wpb_wrapper\"><div class=\"separator  normal\" style=\"\"><\/div>\n<\/div><\/div><\/div><\/div><\/div><\/div><div      class=\"vc_row wpb_row section vc_row-fluid vc_inner\" style=' text-align:left;'><div class=\"full_section_inner clearfix\"><div class=\"wpb_column vc_column_container vc_col-sm-12 vc_col-md-6\"><div class=\"vc_column-inner\"><div class=\"wpb_wrapper\">\n\t<div class=\"wpb_text_column wpb_content_element\">\n\t\t<div class=\"wpb_wrapper\">\n\t\t\t<h3>Dr Thomas Fischer: Your ear specialist in Frankfurt<\/h3>\n<p>Dr Thomas Fischer completed his medical studies at the <a href=\"https:\/\/www.uni-frankfurt.de\/de?locale=de\" target=\"_blank\" rel=\"noopener\">Johann-Wolfgang-von-Goethe University in Frankfurt<\/a> and also completed his doctorate there. He then worked as a junior doctor and later as a senior consultant and acting head of the Clinic for Ear, Nose and Throat Diseases and Facial Plastic Surgery at the <a href=\"https:\/\/www.varisano.de\/klinikum-frankfurt-hoechst\/hals-nasen-ohrenheilkunde\" target=\"_blank\" rel=\"noopener\">Frankfurt Municipal Hospital<\/a>.<\/p>\n<p>In addition, Dr Thomas Fischer gained international experience during various guest doctor residencies in the USA, including at the <a href=\"https:\/\/illinois.edu\/\" target=\"_blank\" rel=\"noopener\">University of Illinois<\/a>, <a href=\"https:\/\/www.stanford.edu\/\" target=\"_blank\" rel=\"noopener\">Stanford University<\/a> and the <a href=\"http:\/\/www.laskyclinic.com\/\" target=\"_blank\" rel=\"noopener\">Lasky Clinic in Beverly Hills<\/a>.<\/p>\n\n\t\t<\/div> \n\t<\/div> \t<div class=\"vc_empty_space\"  style=\"height: 40px\" ><span\r\n\t\t\tclass=\"vc_empty_space_inner\">\r\n\t\t\t<span class=\"empty_space_image\"  ><\/span>\r\n\t\t<\/span><\/div>\r\n\n\n\t<div class=\"wpb_text_column wpb_content_element\">\n\t\t<div class=\"wpb_wrapper\">\n\t\t\t<h3>Interesting facts about ears and ear diseases<\/h3>\n<p>The ears play an important role in the perception of sounds, be it music, speech or other noises.<\/p>\n<p>The outer ear catches the sound waves and transmits them through the auditory canal to the eardrum. The three auditory ossicles - malleus, incus and stapes - transmit the sound waves to the inner ear, where the receptors for hearing and the organ of balance are located. The ear is a complex anatomical structure that is susceptible to various diseases.<\/p>\n\n\t\t<\/div> \n\t<\/div> \t<div class=\"vc_empty_space\"  style=\"height: 40px\" ><span\r\n\t\t\tclass=\"vc_empty_space_inner\">\r\n\t\t\t<span class=\"empty_space_image\"  ><\/span>\r\n\t\t<\/span><\/div>\r\n\n\r\n\t<div class=\"wpb_single_image wpb_content_element vc_align_left\">\r\n\t\t<div class=\"wpb_wrapper\">\r\n\t\t\t\r\n\t\t\t<div class=\"vc_single_image-wrapper   vc_box_border_grey\"><img loading=\"lazy\" decoding=\"async\" width=\"770\" height=\"550\" src=\"https:\/\/www.praxisklinik-goethe10.de\/wp-content\/uploads\/2022\/07\/0148_FP_Tinnitus-Behandlung-Frankfurt_01.jpg\" class=\"vc_single_image-img attachment-full\" alt=\"Tinnitus treatment Frankfurt\" srcset=\"https:\/\/www.praxisklinik-goethe10.de\/wp-content\/uploads\/2022\/07\/0148_FP_Tinnitus-Behandlung-Frankfurt_01.jpg 770w, https:\/\/www.praxisklinik-goethe10.de\/wp-content\/uploads\/2022\/07\/0148_FP_Tinnitus-Behandlung-Frankfurt_01-300x214.jpg 300w, https:\/\/www.praxisklinik-goethe10.de\/wp-content\/uploads\/2022\/07\/0148_FP_Tinnitus-Behandlung-Frankfurt_01-768x549.jpg 768w, https:\/\/www.praxisklinik-goethe10.de\/wp-content\/uploads\/2022\/07\/0148_FP_Tinnitus-Behandlung-Frankfurt_01-700x500.jpg 700w\" sizes=\"auto, (max-width: 770px) 100vw, 770px\" \/><\/div>\r\n\t\t<\/div>\r\n\t<\/div>\r\n\t<div class=\"vc_empty_space\"  style=\"height: 40px\" ><span\r\n\t\t\tclass=\"vc_empty_space_inner\">\r\n\t\t\t<span class=\"empty_space_image\"  ><\/span>\r\n\t\t<\/span><\/div>\r\n\n<\/div><\/div><\/div><div class=\"wpb_column vc_column_container vc_col-sm-12 vc_col-md-6\"><div class=\"vc_column-inner\"><div class=\"wpb_wrapper\">\n\t<div class=\"wpb_text_column wpb_content_element\">\n\t\t<div class=\"wpb_wrapper\">\n\t\t\t<h3>Typical ear diseases and complaints<\/h3>\n<p>You should consult Dr Thomas Fischer as your ear specialist in Frankfurt for the following diseases and complaints:<\/p>\n<ul>\n<li><strong>Inflammations<\/strong><br \/>\nViruses and bacteria can cause ear infections such as inner ear infections, middle ear infections and ear canal infections. The infections are usually accompanied by pain, hearing problems and tinnitus.<\/li>\n<li><strong>Cholesteatoma<\/strong><br \/>\nThis is a purulent inflammation of the middle ear caused by a benign tissue proliferation. Typical symptoms are earache and headache. As it progresses, cholesteatoma can damage other areas of the ear.<\/li>\n<li><strong>Otosclerosis<\/strong><br \/>\nHardening and new bone formations on the auditory ossicles hammer, anvil and stirrup can mean that sound is no longer transmitted properly in the ear. This can lead to ringing in the ears and hearing loss, particularly in the low frequencies.<\/li>\n<li><strong>Injuries to the eardrum<\/strong><br \/>\nAn accident, a fall, a loud bang or improper cleaning with a cotton bud can injure the eardrum.<\/li>\n<li><strong>Tympanic effusion<\/strong><br \/>\nThe tympanic cavity is a cavity behind the eardrum in the middle ear. Sometimes secretions can accumulate there and not drain away (e.g. during a cold). This can lead to an unpleasant feeling of pressure and\/or hearing loss. Sometimes viruses and bacteria enter the ear area via the secretions and also cause an inflammation of the middle ear.<\/li>\n<li><strong>Ear stones<\/strong><br \/>\nSudden head movements can release small particles in the ear that enter the semicircular canals of the vestibular system. This leads to dizziness, which is known as positional vertigo.<\/li>\n<li><strong>Barotrauma<\/strong><br \/>\nBarotrauma is caused by pressure changes in the middle ear, e.g. when diving or flying. It can lead to severe ear pain, dizziness and intense nausea. Particularly severe and sudden changes in pressure can also lead to a ruptured eardrum or even bleeding in the middle ear.<\/li>\n<\/ul>\n\n\t\t<\/div> \n\t<\/div> \t<div class=\"vc_empty_space\"  style=\"height: 40px\" ><span\r\n\t\t\tclass=\"vc_empty_space_inner\">\r\n\t\t\t<span class=\"empty_space_image\"  ><\/span>\r\n\t\t<\/span><\/div>\r\n\n<\/div><\/div><\/div><div class=\"wpb_column vc_column_container vc_col-sm-12\"><div class=\"vc_column-inner\"><div class=\"wpb_wrapper\"><div class=\"separator  normal\" style=\"\"><\/div>\n<\/div><\/div><\/div><\/div><\/div><div      class=\"vc_row wpb_row section vc_row-fluid vc_inner\" style=' text-align:left;'><div class=\"full_section_inner clearfix\"><div class=\"wpb_column vc_column_container vc_col-sm-12 vc_col-md-6\"><div class=\"vc_column-inner\"><div class=\"wpb_wrapper\">\n\t<div class=\"wpb_text_column wpb_content_element\">\n\t\t<div class=\"wpb_wrapper\">\n\t\t\t<h3>Things to know about tinnitus and sudden hearing loss<\/h3>\n<ul>\n<li><strong>Tinnitus<\/strong>\n<p style=\"margin-bottom: 20px;\">Whistling, hissing, beeping or ringing: These noises in the ear can either occur acutely or become chronic.<\/p>\n<p style=\"margin-bottom: 20px;\">Tinnitus is a typical symptom of some ear diseases such as middle ear infections, but it can also be triggered by noise pollution or stress.<\/p>\n<p>Read more: <a href=\"\/en\/tinnitus-therapy-frankfurt\/\">Tinnitus therapy Frankfurt<\/a><\/li>\n<li><strong>sudden deafness<\/strong>\n<p style=\"margin-bottom: 20px;\">Hearing loss is characterised by a sudden loss of hearing or a significant hearing loss in one ear or, more rarely, both ears.<\/p>\n<p style=\"margin-bottom: 20px;\">Those affected often complain of a feeling of pressure and the occurrence of ringing in the ears. Causes of sudden hearing loss can include insufficient blood flow to the inner ear or stress.<\/p>\n<p>Further information: <a href=\"\/en\/hubers-fall-therapy-frankfurt\/\">Hearing loss therapy Frankfurt<\/a><\/li>\n<\/ul>\n\n\t\t<\/div> \n\t<\/div> \t<div class=\"vc_empty_space\"  style=\"height: 40px\" ><span\r\n\t\t\tclass=\"vc_empty_space_inner\">\r\n\t\t\t<span class=\"empty_space_image\"  ><\/span>\r\n\t\t<\/span><\/div>\r\n\n<\/div><\/div><\/div><div class=\"wpb_column vc_column_container vc_col-sm-12 vc_col-md-6\"><div class=\"vc_column-inner\"><div class=\"wpb_wrapper\">\n\t<div class=\"wpb_text_column wpb_content_element\">\n\t\t<div class=\"wpb_wrapper\">\n\t\t\t<h3>Interesting facts about hearing loss<\/h3>\n<p>You should not only make an appointment at our ENT clinic in Frankfurt if you have the above-mentioned complaints. You should also be examined if you have hearing loss or hearing impairment:<\/p>\n<ul>\n<li><strong>Conductive hearing loss<\/strong><br \/>\nIn this case, the sound waves reach your inner ear in a reduced form or not at all. As a result, you perceive everyday noises much more quietly and have the feeling of hearing through cotton wool.<\/li>\n<li><strong>Sensorineural hearing loss<\/strong><br \/>\nThis usually affects the inner ear. Although the eardrum and ossicles continue to transmit sound, the inner ear cannot process and transmit it correctly. This form of hearing loss often occurs in old age (age-related hearing loss).<\/li>\n<\/ul>\n<p>It is also possible for both middle ear and inner ear impairments to occur simultaneously. In this context, we speak of a combined conductive sensorineural hearing loss.<\/p>\n<p>More on the topic: <a href=\"\/en\/hearing-and-vertigo-diagnostics-frankfurt\/\">Hearing and dizziness diagnostics<\/a><\/p>\n\n\t\t<\/div> \n\t<\/div> \t<div class=\"vc_empty_space\"  style=\"height: 40px\" ><span\r\n\t\t\tclass=\"vc_empty_space_inner\">\r\n\t\t\t<span class=\"empty_space_image\"  ><\/span>\r\n\t\t<\/span><\/div>\r\n\n<\/div><\/div><\/div><div class=\"wpb_column vc_column_container vc_col-sm-12\"><div class=\"vc_column-inner\"><div class=\"wpb_wrapper\"><div class=\"separator  normal\" style=\"\"><\/div>\n<\/div><\/div><\/div><\/div><\/div><div      class=\"vc_row wpb_row section vc_row-fluid vc_inner\" style=' text-align:left;'><div class=\"full_section_inner clearfix\"><div class=\"wpb_column vc_column_container vc_col-sm-12 vc_col-md-6\"><div class=\"vc_column-inner\"><div class=\"wpb_wrapper\">\n\t<div class=\"wpb_text_column wpb_content_element\">\n\t\t<div class=\"wpb_wrapper\">\n\t\t\t<h3>For dizziness: ear doctor in Frankfurt<\/h3>\n<p>Alongside headaches, dizziness is probably the most common neurological symptom. However, not all dizziness is the same. There are different forms:<\/p>\n<ul>\n<li><strong>Vertigo<\/strong><br \/>\nYou have the feeling that you are swaying and that your surroundings are rocking back and forth.<\/li>\n<li><strong>Lift vertigo<\/strong><br \/>\nYou think you are being pulled up.<\/li>\n<li><strong>Rotational vertigo<\/strong><br \/>\nIt feels to you as if the environment around you is spinning.<\/li>\n<li><strong>Dizziness dizziness<\/strong><br \/>\nYou may feel dizzy or groggy.<\/li>\n<li><strong>Dizziness with a tendency to fall<\/strong><br \/>\nYou think you are going to collapse and tip forwards or sideways.<\/li>\n<li><strong>Vertigo<\/strong><br \/>\nYou feel dizzy when you are in an elevated position.<\/li>\n<li><strong>Travel sickness<\/strong><br \/>\nTravelling by car, bus, train, plane or boat makes you feel dizzy.<\/li>\n<\/ul>\n\n\t\t<\/div> \n\t<\/div> \t<div class=\"vc_empty_space\"  style=\"height: 40px\" ><span\r\n\t\t\tclass=\"vc_empty_space_inner\">\r\n\t\t\t<span class=\"empty_space_image\"  ><\/span>\r\n\t\t<\/span><\/div>\r\n\n<\/div><\/div><\/div><div class=\"wpb_column vc_column_container vc_col-sm-12 vc_col-md-6\"><div class=\"vc_column-inner\"><div class=\"wpb_wrapper\">\n\t<div class=\"wpb_text_column wpb_content_element\">\n\t\t<div class=\"wpb_wrapper\">\n\t\t\t<h3>These different causes of dizziness are possible<\/h3>\n<p>Sometimes sudden rotatory vertigo occurs, which lasts for a few seconds and then disappears. This can be caused by ear stones in the semicircular canals of the inner ear, dysfunction of the vestibular system or the vestibular nerves.<\/p>\n<p>Seizure-like dizziness, accompanied by rotatory vertigo or vertigo that lasts for seconds, minutes or even hours, may be due to inflammation of the inner ear or middle ear as well as vascular changes.<\/p>\n<p>A sudden drop in blood pressure can also lead to spinning dizziness, which can even end in fainting, especially during puberty, in the case of nerve disorders or Parkinson's disease.<\/p>\n<p>If your spinning dizziness persists for several days, weeks or even longer, this may indicate a one-sided loss of the vestibular system.<\/p>\n<p>Middle ear infections, injuries to the base of the skull, barotrauma or damage to the cervical spine can also cause it, as they have a negative effect on the blood vessels and nerve tracts.<\/p>\n<p>Information on treatment options: <a href=\"\/en\/dizziness-therapy-frankfurt\/\">Dizziness therapy Frankfurt<\/a><\/p>\n\n\t\t<\/div> \n\t<\/div> \t<div class=\"vc_empty_space\"  style=\"height: 40px\" ><span\r\n\t\t\tclass=\"vc_empty_space_inner\">\r\n\t\t\t<span class=\"empty_space_image\"  ><\/span>\r\n\t\t<\/span><\/div>\r\n\n<\/div><\/div><\/div><div class=\"wpb_column vc_column_container vc_col-sm-12\"><div class=\"vc_column-inner\"><div class=\"wpb_wrapper\"><div class=\"separator  normal\" style=\"\"><\/div>\n<\/div><\/div><\/div><\/div><\/div><div      class=\"vc_row wpb_row section vc_row-fluid vc_inner\" style=' text-align:left;'><div class=\"full_section_inner clearfix\"><div class=\"wpb_column vc_column_container vc_col-sm-12 vc_col-md-6\"><div class=\"vc_column-inner\"><div class=\"wpb_wrapper\">\r\n\t<div class=\"wpb_single_image wpb_content_element vc_align_left\">\r\n\t\t<div class=\"wpb_wrapper\">\r\n\t\t\t\r\n\t\t\t<div class=\"vc_single_image-wrapper   vc_box_border_grey\"><img loading=\"lazy\" decoding=\"async\" width=\"770\" height=\"550\" src=\"https:\/\/www.praxisklinik-goethe10.de\/wp-content\/uploads\/2022\/09\/0148_FP_Otopexie-Frankfurt_01.jpg\" class=\"vc_single_image-img attachment-full\" alt=\"Otopexy Frankfurt\" srcset=\"https:\/\/www.praxisklinik-goethe10.de\/wp-content\/uploads\/2022\/09\/0148_FP_Otopexie-Frankfurt_01.jpg 770w, https:\/\/www.praxisklinik-goethe10.de\/wp-content\/uploads\/2022\/09\/0148_FP_Otopexie-Frankfurt_01-300x214.jpg 300w, https:\/\/www.praxisklinik-goethe10.de\/wp-content\/uploads\/2022\/09\/0148_FP_Otopexie-Frankfurt_01-768x549.jpg 768w, https:\/\/www.praxisklinik-goethe10.de\/wp-content\/uploads\/2022\/09\/0148_FP_Otopexie-Frankfurt_01-700x500.jpg 700w\" sizes=\"auto, (max-width: 770px) 100vw, 770px\" \/><\/div>\r\n\t\t<\/div>\r\n\t<\/div>\r\n\t<div class=\"vc_empty_space\"  style=\"height: 40px\" ><span\r\n\t\t\tclass=\"vc_empty_space_inner\">\r\n\t\t\t<span class=\"empty_space_image\"  ><\/span>\r\n\t\t<\/span><\/div>\r\n\n<\/div><\/div><\/div><div class=\"wpb_column vc_column_container vc_col-sm-12 vc_col-md-6\"><div class=\"vc_column-inner\"><div class=\"wpb_wrapper\">\n\t<div class=\"wpb_text_column wpb_content_element\">\n\t\t<div class=\"wpb_wrapper\">\n\t\t\t<h3>Have your ears pinned<\/h3>\n<p>If ears protrude from the head, they are colloquially referred to as sail ears. The cause is usually a congenital malformation. The inner fold of the ear (anthelix fold) is often barely present or not present at all. Another possible cause is a conchoidal or excessively large pinna, which holds the ear away from the head and causes the earlobe to protrude. In most cases, sail ears are genetic and are a natural variation.<\/p>\n<p>Many people find protruding ears unattractive and are even ashamed of them. Dr Fischer - your ear specialist in Frankfurt - can remove the protruding ears as part of the otopexy procedure.<\/p>\n<p>Further information: <a href=\"\/en\/earrings-frankfurt\/\">Earmould Frankfurt<\/a><\/p>\n\n\t\t<\/div> \n\t<\/div> \t<div class=\"vc_empty_space\"  style=\"height: 40px\" ><span\r\n\t\t\tclass=\"vc_empty_space_inner\">\r\n\t\t\t<span class=\"empty_space_image\"  ><\/span>\r\n\t\t<\/span><\/div>\r\n\n<\/div><\/div><\/div><div class=\"wpb_column vc_column_container vc_col-sm-12\"><div class=\"vc_column-inner\"><div class=\"wpb_wrapper\"><div class=\"separator  normal\" style=\"\"><\/div>\n<\/div><\/div><\/div><\/div><\/div><\/div><\/div><\/div><\/div><\/div><\/div><div      class=\"vc_row wpb_row section vc_row-fluid  vc_custom_1658995731431 grid_section\" style=' text-align:left;'><div class=\"section_inner clearfix\"><div class='section_inner_margin clearfix'><div class=\"wpb_column vc_column_container vc_col-sm-12 vc_col-md-6\"><div class=\"vc_column-inner\"><div class=\"wpb_wrapper\">\n\t<div class=\"wpb_text_column wpb_content_element\">\n\t\t<div class=\"wpb_wrapper\">\n\t\t\t<h3>Ear specialist Frankfurt: ENT practice clinic in Goethestrasse<\/h3>\n<p>Goethestrasse, one of the most prestigious shopping streets in Frankfurt city centre, is known for its exclusive luxury shopping. Here you will find first-class boutiques with international fashion collections from renowned labels such as Gucci, Chanel and Herm\u00e8s, as well as first-class jewellery brands such as Tiffany &amp; Co. and Cartier.<\/p>\n<p>Our ENT clinic is located in the immediate vicinity of this street, just a few minutes' walk from the Hauptwache bus stop. Goethestra\u00dfe stretches from Goetheplatz in the east to Opernplatz in the west of Frankfurt. It runs parallel to Neue Rothofstra\u00dfe and Fre\u00dfgass (Gro\u00dfe Bockenheimer Stra\u00dfe).<\/p>\n\n\t\t<\/div> \n\t<\/div> \t<div class=\"vc_empty_space\"  style=\"height: 40px\" ><span\r\n\t\t\tclass=\"vc_empty_space_inner\">\r\n\t\t\t<span class=\"empty_space_image\"  ><\/span>\r\n\t\t<\/span><\/div>\r\n\n<\/div><\/div><\/div><div class=\"wpb_column vc_column_container vc_col-sm-12 vc_col-md-6\"><div class=\"vc_column-inner\"><div class=\"wpb_wrapper\"><div      class=\"vc_row wpb_row section vc_row-fluid vc_inner  vc_custom_1652768129858\" style=' text-align:left;'><div class=\"full_section_inner clearfix\"><div class=\"wpb_column vc_column_container vc_col-sm-12\"><div class=\"vc_column-inner vc_custom_1652768141385\"><div class=\"wpb_wrapper\">\t<div class=\"vc_empty_space\"  style=\"height: 20px\" ><span\r\n\t\t\tclass=\"vc_empty_space_inner\">\r\n\t\t\t<span class=\"empty_space_image\"  ><\/span>\r\n\t\t<\/span><\/div>\r\n\n\n\t<div class=\"wpb_text_column wpb_content_element\">\n\t\t<div class=\"wpb_wrapper\">\n\t\t\t<h3><span style=\"color: #ffffff;\">Make an appointment now<\/span><\/h3>\n<p><span style=\"color: #ffffff;\">Are you interested in a consultation? We will be happy to take the time to answer your questions in detail.<\/span><\/p>\n<p><span style=\"color: #ffffff;\">You can reach our practice at: <a style=\"color: #ffffff;\" href=\"tel:+496929924660\">069-2992466-0<\/a> or via our <a style=\"color: #ffffff;\" href=\"https:\/\/www.praxisklinik-goethe10.de\/en\/contact\/\">Contact form<\/a>. We usually reply within 1-2 working days.<\/span><\/p>\n\n\t\t<\/div> \n\t<\/div> \t<div class=\"vc_empty_space\"  style=\"height: 40px\" ><span\r\n\t\t\tclass=\"vc_empty_space_inner\">\r\n\t\t\t<span class=\"empty_space_image\"  ><\/span>\r\n\t\t<\/span><\/div>\r\n\n<a  itemprop=\"url\" href=\"https:\/\/www.doctolib.de\/praxis\/frankfurt-am-main\/praxisklinik-goethe10\" target=\"_blank\"  class=\"qbutton  white default\" style=\"\">Make an appointment<i class=\"qode_icon_font_awesome fa fa-angle-double-right qode_button_icon_element\" style=\"\" ><\/i><\/a>\t<div class=\"vc_empty_space\"  style=\"height: 20px\" ><span\r\n\t\t\tclass=\"vc_empty_space_inner\">\r\n\t\t\t<span class=\"empty_space_image\"  ><\/span>\r\n\t\t<\/span><\/div>\r\n\n<\/div><\/div><\/div><\/div><\/div><\/div><\/div><\/div><\/div><\/div><\/div><div      class=\"vc_row wpb_row section vc_row-fluid  grid_section\" style=' text-align:left;'><div class=\"section_inner clearfix\"><div class='section_inner_margin clearfix'><div class=\"wpb_column vc_column_container vc_col-sm-12\"><div class=\"vc_column-inner\"><div class=\"wpb_wrapper\">\n\t<div class=\"wpb_text_column wpb_content_element\">\n\t\t<div class=\"wpb_wrapper\">\n\t\t\t<p><small>\u00a9 \"Girl with protruding ears, back view on a light background.\" by Alex, stock.adobe.com | \u00a9 \"close up professional otolaryngologist doctor use one point on on human ear anatomy about eardrum symptom for explain and diagnose about symptom and therapy concept\" by chinnarach, stock.adobe.com<\/small><\/p>\n\n\t\t<\/div> \n\t<\/div> \t<div class=\"vc_empty_space\"  style=\"height: 80px\" ><span\r\n\t\t\tclass=\"vc_empty_space_inner\">\r\n\t\t\t<span class=\"empty_space_image\"  ><\/span>\r\n\t\t<\/span><\/div>\r\n\n<\/div><\/div><\/div><\/div><\/div><\/div>","protected":false},"excerpt":{"rendered":"Ear doctor Frankfurt The ears are fascinating and versatile. They play a crucial role in our lives. These amazing sensory organs allow us to experience the world in all its acoustic facets. But the ears are not just for hearing, they also contribute significantly...","protected":false},"author":6,"featured_media":421,"parent":0,"menu_order":0,"comment_status":"closed","ping_status":"closed","template":"full_width.php","meta":{"footnotes":""},"class_list":["post-3295","page","type-page","status-publish","has-post-thumbnail","hentry"],"yoast_head":"<!-- This site is optimized with the Yoast SEO plugin v27.3 - https:\/\/yoast.com\/product\/yoast-seo-wordpress\/ -->\n<title>Ohrenarzt Frankfurt | Facharzt Dr. Thomas Fischer<\/title>\n<meta name=\"description\" content=\"Ohrenarzt Frankfurt \u2713 Dr. Fischer ist spezialisiert auf die Behandlung von Ohrenerkrankungen und \u00e4sthetische Eingriffe im Ohrenbereich.\" \/>\n<meta name=\"robots\" content=\"index, follow, max-snippet:-1, max-image-preview:large, max-video-preview:-1\" \/>\n<link rel=\"canonical\" href=\"https:\/\/www.praxisklinik-goethe10.de\/en\/ear-specialist-frankfurt\/\" \/>\n<meta property=\"og:locale\" content=\"en_GB\" \/>\n<meta property=\"og:type\" content=\"article\" \/>\n<meta property=\"og:title\" content=\"Ohrenarzt Frankfurt | Facharzt Dr. Thomas Fischer\" \/>\n<meta property=\"og:description\" content=\"Ohrenarzt Frankfurt \u2713 Dr. Fischer ist spezialisiert auf die Behandlung von Ohrenerkrankungen und \u00e4sthetische Eingriffe im Ohrenbereich.\" \/>\n<meta property=\"og:url\" content=\"https:\/\/www.praxisklinik-goethe10.de\/en\/ear-specialist-frankfurt\/\" \/>\n<meta property=\"og:site_name\" content=\"HNO Frankfurt | Dr. Thomas Fischer\" \/>\n<meta property=\"article:modified_time\" content=\"2023-08-17T14:09:32+00:00\" \/>\n<meta property=\"og:image\" content=\"https:\/\/www.praxisklinik-goethe10.de\/wp-content\/uploads\/2018\/03\/ZB159-01b.jpg\" \/>\n\t<meta property=\"og:image:width\" content=\"770\" \/>\n\t<meta property=\"og:image:height\" content=\"550\" \/>\n\t<meta property=\"og:image:type\" content=\"image\/jpeg\" \/>\n<meta name=\"twitter:card\" content=\"summary_large_image\" \/>\n<meta name=\"twitter:label1\" content=\"Estimated reading time\" \/>\n\t<meta name=\"twitter:data1\" content=\"9 minutes\" \/>\n<script type=\"application\/ld+json\" class=\"yoast-schema-graph\">{\"@context\":\"https:\\\/\\\/schema.org\",\"@graph\":[{\"@type\":\"WebPage\",\"@id\":\"https:\\\/\\\/www.praxisklinik-goethe10.de\\\/ohrenarzt-frankfurt\\\/\",\"url\":\"https:\\\/\\\/www.praxisklinik-goethe10.de\\\/ohrenarzt-frankfurt\\\/\",\"name\":\"Ohrenarzt Frankfurt | Facharzt Dr. Thomas Fischer\",\"isPartOf\":{\"@id\":\"https:\\\/\\\/www.praxisklinik-goethe10.de\\\/#website\"},\"primaryImageOfPage\":{\"@id\":\"https:\\\/\\\/www.praxisklinik-goethe10.de\\\/ohrenarzt-frankfurt\\\/#primaryimage\"},\"image\":{\"@id\":\"https:\\\/\\\/www.praxisklinik-goethe10.de\\\/ohrenarzt-frankfurt\\\/#primaryimage\"},\"thumbnailUrl\":\"https:\\\/\\\/www.praxisklinik-goethe10.de\\\/wp-content\\\/uploads\\\/2018\\\/03\\\/ZB159-01b.jpg\",\"datePublished\":\"2023-07-03T08:29:01+00:00\",\"dateModified\":\"2023-08-17T14:09:32+00:00\",\"description\":\"Ohrenarzt Frankfurt \u2713 Dr. Fischer ist spezialisiert auf die Behandlung von Ohrenerkrankungen und \u00e4sthetische Eingriffe im Ohrenbereich.\",\"breadcrumb\":{\"@id\":\"https:\\\/\\\/www.praxisklinik-goethe10.de\\\/ohrenarzt-frankfurt\\\/#breadcrumb\"},\"inLanguage\":\"en-GB\",\"potentialAction\":[{\"@type\":\"ReadAction\",\"target\":[\"https:\\\/\\\/www.praxisklinik-goethe10.de\\\/ohrenarzt-frankfurt\\\/\"]}]},{\"@type\":\"ImageObject\",\"inLanguage\":\"en-GB\",\"@id\":\"https:\\\/\\\/www.praxisklinik-goethe10.de\\\/ohrenarzt-frankfurt\\\/#primaryimage\",\"url\":\"https:\\\/\\\/www.praxisklinik-goethe10.de\\\/wp-content\\\/uploads\\\/2018\\\/03\\\/ZB159-01b.jpg\",\"contentUrl\":\"https:\\\/\\\/www.praxisklinik-goethe10.de\\\/wp-content\\\/uploads\\\/2018\\\/03\\\/ZB159-01b.jpg\",\"width\":770,\"height\":550,\"caption\":\"HNO Arzt Frankfurt | Erfahrungen HNO Frankfurt | Ohrenarzt Frankfurt\"},{\"@type\":\"BreadcrumbList\",\"@id\":\"https:\\\/\\\/www.praxisklinik-goethe10.de\\\/ohrenarzt-frankfurt\\\/#breadcrumb\",\"itemListElement\":[{\"@type\":\"ListItem\",\"position\":1,\"name\":\"Startseite\",\"item\":\"https:\\\/\\\/www.praxisklinik-goethe10.de\\\/\"},{\"@type\":\"ListItem\",\"position\":2,\"name\":\"Ohrenarzt Frankfurt\"}]},{\"@type\":\"WebSite\",\"@id\":\"https:\\\/\\\/www.praxisklinik-goethe10.de\\\/#website\",\"url\":\"https:\\\/\\\/www.praxisklinik-goethe10.de\\\/\",\"name\":\"HNO Frankfurt | Dr. Thomas Fischer\",\"description\":\"HNO Arzt Frankfurt\",\"publisher\":{\"@id\":\"https:\\\/\\\/www.praxisklinik-goethe10.de\\\/#organization\"},\"potentialAction\":[{\"@type\":\"SearchAction\",\"target\":{\"@type\":\"EntryPoint\",\"urlTemplate\":\"https:\\\/\\\/www.praxisklinik-goethe10.de\\\/?s={search_term_string}\"},\"query-input\":{\"@type\":\"PropertyValueSpecification\",\"valueRequired\":true,\"valueName\":\"search_term_string\"}}],\"inLanguage\":\"en-GB\"},{\"@type\":\"Organization\",\"@id\":\"https:\\\/\\\/www.praxisklinik-goethe10.de\\\/#organization\",\"name\":\"Praxisklinik Goethe 10\",\"url\":\"https:\\\/\\\/www.praxisklinik-goethe10.de\\\/\",\"logo\":{\"@type\":\"ImageObject\",\"inLanguage\":\"en-GB\",\"@id\":\"https:\\\/\\\/www.praxisklinik-goethe10.de\\\/#\\\/schema\\\/logo\\\/image\\\/\",\"url\":\"https:\\\/\\\/www.praxisklinik-goethe10.de\\\/wp-content\\\/uploads\\\/2018\\\/03\\\/dr-fischer-hno-frankfurt-slider.png\",\"contentUrl\":\"https:\\\/\\\/www.praxisklinik-goethe10.de\\\/wp-content\\\/uploads\\\/2018\\\/03\\\/dr-fischer-hno-frankfurt-slider.png\",\"width\":400,\"height\":200,\"caption\":\"Praxisklinik Goethe 10\"},\"image\":{\"@id\":\"https:\\\/\\\/www.praxisklinik-goethe10.de\\\/#\\\/schema\\\/logo\\\/image\\\/\"}}]}<\/script>\n<!-- \/ Yoast SEO plugin. -->","yoast_head_json":{"title":"Ear specialist Frankfurt | Specialist Dr Thomas Fischer","description":"Ear specialist Frankfurt \u2713 Dr Fischer specialises in the treatment of ear diseases and aesthetic procedures in the ear area.","robots":{"index":"index","follow":"follow","max-snippet":"max-snippet:-1","max-image-preview":"max-image-preview:large","max-video-preview":"max-video-preview:-1"},"canonical":"https:\/\/www.praxisklinik-goethe10.de\/en\/ear-specialist-frankfurt\/","og_locale":"en_GB","og_type":"article","og_title":"Ohrenarzt Frankfurt | Facharzt Dr. Thomas Fischer","og_description":"Ohrenarzt Frankfurt \u2713 Dr. Fischer ist spezialisiert auf die Behandlung von Ohrenerkrankungen und \u00e4sthetische Eingriffe im Ohrenbereich.","og_url":"https:\/\/www.praxisklinik-goethe10.de\/en\/ear-specialist-frankfurt\/","og_site_name":"HNO Frankfurt | Dr. Thomas Fischer","article_modified_time":"2023-08-17T14:09:32+00:00","og_image":[{"width":770,"height":550,"url":"https:\/\/www.praxisklinik-goethe10.de\/wp-content\/uploads\/2018\/03\/ZB159-01b.jpg","type":"image\/jpeg"}],"twitter_card":"summary_large_image","twitter_misc":{"Estimated reading time":"9 minutes"},"schema":{"@context":"https:\/\/schema.org","@graph":[{"@type":"WebPage","@id":"https:\/\/www.praxisklinik-goethe10.de\/ohrenarzt-frankfurt\/","url":"https:\/\/www.praxisklinik-goethe10.de\/ohrenarzt-frankfurt\/","name":"Ear specialist Frankfurt | Specialist Dr Thomas Fischer","isPartOf":{"@id":"https:\/\/www.praxisklinik-goethe10.de\/#website"},"primaryImageOfPage":{"@id":"https:\/\/www.praxisklinik-goethe10.de\/ohrenarzt-frankfurt\/#primaryimage"},"image":{"@id":"https:\/\/www.praxisklinik-goethe10.de\/ohrenarzt-frankfurt\/#primaryimage"},"thumbnailUrl":"https:\/\/www.praxisklinik-goethe10.de\/wp-content\/uploads\/2018\/03\/ZB159-01b.jpg","datePublished":"2023-07-03T08:29:01+00:00","dateModified":"2023-08-17T14:09:32+00:00","description":"Ear specialist Frankfurt \u2713 Dr Fischer specialises in the treatment of ear diseases and aesthetic procedures in the ear area.","breadcrumb":{"@id":"https:\/\/www.praxisklinik-goethe10.de\/ohrenarzt-frankfurt\/#breadcrumb"},"inLanguage":"en-GB","potentialAction":[{"@type":"ReadAction","target":["https:\/\/www.praxisklinik-goethe10.de\/ohrenarzt-frankfurt\/"]}]},{"@type":"ImageObject","inLanguage":"en-GB","@id":"https:\/\/www.praxisklinik-goethe10.de\/ohrenarzt-frankfurt\/#primaryimage","url":"https:\/\/www.praxisklinik-goethe10.de\/wp-content\/uploads\/2018\/03\/ZB159-01b.jpg","contentUrl":"https:\/\/www.praxisklinik-goethe10.de\/wp-content\/uploads\/2018\/03\/ZB159-01b.jpg","width":770,"height":550,"caption":"HNO Arzt Frankfurt | Erfahrungen HNO Frankfurt | Ohrenarzt Frankfurt"},{"@type":"BreadcrumbList","@id":"https:\/\/www.praxisklinik-goethe10.de\/ohrenarzt-frankfurt\/#breadcrumb","itemListElement":[{"@type":"ListItem","position":1,"name":"Startseite","item":"https:\/\/www.praxisklinik-goethe10.de\/"},{"@type":"ListItem","position":2,"name":"Ohrenarzt Frankfurt"}]},{"@type":"WebSite","@id":"https:\/\/www.praxisklinik-goethe10.de\/#website","url":"https:\/\/www.praxisklinik-goethe10.de\/","name":"ENT Frankfurt | Dr Thomas Fischer","description":"ENT doctor Frankfurt","publisher":{"@id":"https:\/\/www.praxisklinik-goethe10.de\/#organization"},"potentialAction":[{"@type":"SearchAction","target":{"@type":"EntryPoint","urlTemplate":"https:\/\/www.praxisklinik-goethe10.de\/?s={search_term_string}"},"query-input":{"@type":"PropertyValueSpecification","valueRequired":true,"valueName":"search_term_string"}}],"inLanguage":"en-GB"},{"@type":"Organization","@id":"https:\/\/www.praxisklinik-goethe10.de\/#organization","name":"Goethe Clinic 10","url":"https:\/\/www.praxisklinik-goethe10.de\/","logo":{"@type":"ImageObject","inLanguage":"en-GB","@id":"https:\/\/www.praxisklinik-goethe10.de\/#\/schema\/logo\/image\/","url":"https:\/\/www.praxisklinik-goethe10.de\/wp-content\/uploads\/2018\/03\/dr-fischer-hno-frankfurt-slider.png","contentUrl":"https:\/\/www.praxisklinik-goethe10.de\/wp-content\/uploads\/2018\/03\/dr-fischer-hno-frankfurt-slider.png","width":400,"height":200,"caption":"Praxisklinik Goethe 10"},"image":{"@id":"https:\/\/www.praxisklinik-goethe10.de\/#\/schema\/logo\/image\/"}}]}},"_links":{"self":[{"href":"https:\/\/www.praxisklinik-goethe10.de\/en\/wp-json\/wp\/v2\/pages\/3295","targetHints":{"allow":["GET"]}}],"collection":[{"href":"https:\/\/www.praxisklinik-goethe10.de\/en\/wp-json\/wp\/v2\/pages"}],"about":[{"href":"https:\/\/www.praxisklinik-goethe10.de\/en\/wp-json\/wp\/v2\/types\/page"}],"author":[{"embeddable":true,"href":"https:\/\/www.praxisklinik-goethe10.de\/en\/wp-json\/wp\/v2\/users\/6"}],"replies":[{"embeddable":true,"href":"https:\/\/www.praxisklinik-goethe10.de\/en\/wp-json\/wp\/v2\/comments?post=3295"}],"version-history":[{"count":23,"href":"https:\/\/www.praxisklinik-goethe10.de\/en\/wp-json\/wp\/v2\/pages\/3295\/revisions"}],"predecessor-version":[{"id":3355,"href":"https:\/\/www.praxisklinik-goethe10.de\/en\/wp-json\/wp\/v2\/pages\/3295\/revisions\/3355"}],"wp:featuredmedia":[{"embeddable":true,"href":"https:\/\/www.praxisklinik-goethe10.de\/en\/wp-json\/wp\/v2\/media\/421"}],"wp:attachment":[{"href":"https:\/\/www.praxisklinik-goethe10.de\/en\/wp-json\/wp\/v2\/media?parent=3295"}],"curies":[{"name":"wp","href":"https:\/\/api.w.org\/{rel}","templated":true}]}}